{"id":25,"date":"2020-02-13T13:17:50","date_gmt":"2020-02-13T18:17:50","guid":{"rendered":"https:\/\/gpsites.co\/read\/?page_id=25"},"modified":"2024-02-01T22:44:08","modified_gmt":"2024-02-01T21:44:08","slug":"home","status":"publish","type":"page","link":"https:\/\/ccoo.app\/ics\/","title":{"rendered":"Home"},"content":{"rendered":"\n<div class=\"wp-block-group is-vertical is-layout-flex wp-container-core-group-is-layout-8cf370e7 wp-block-group-is-layout-flex\">\n<figure class=\"wp-block-image size-full\"><img loading=\"lazy\" decoding=\"async\" width=\"948\" height=\"237\" src=\"https:\/\/ccoo.app\/ics\/wp-content\/blogs.dir\/6\/files\/sites\/200\/2023\/03\/banner-portada-2.jpg\" alt=\"Banner Portada 2\" class=\"wp-image-31703\" srcset=\"https:\/\/ccoo.app\/ics\/wp-content\/blogs.dir\/6\/files\/sites\/200\/2023\/03\/banner-portada-2.jpg 948w, https:\/\/ccoo.app\/ics\/wp-content\/blogs.dir\/6\/files\/sites\/200\/2023\/03\/banner-portada-2-300x75.jpg 300w, https:\/\/ccoo.app\/ics\/wp-content\/blogs.dir\/6\/files\/sites\/200\/2023\/03\/banner-portada-2-768x192.jpg 768w\" sizes=\"auto, (max-width: 948px) 100vw, 948px\" \/><\/figure>\n\n\n\n<div class=\"wp-block-columns primera is-layout-flex wp-container-core-columns-is-layout-9d6595d7 wp-block-columns-is-layout-flex\">\n<div class=\"wp-block-column is-layout-flow wp-block-column-is-layout-flow\" style=\"flex-basis:66.66%\">\n<h1 class=\"wp-block-heading\">CCOO a l&#8217;ICS<\/h1>\n\n\n\n<figure class=\"wp-block-image size-large\"><img decoding=\"async\" src=\"https:\/\/ccoo.app\/wp-content\/blogs.dir\/6\/files\/2021\/01\/barra-roja.svg\" alt=\"Barra Roja\" class=\"wp-image-2449\" \/><\/figure>\n\n\n\n<h2 class=\"wp-block-heading has-text-color\" style=\"color:#080808\">Nous temps, noves necessitats, noves vies i les CCOO de sempre.<\/h2>\n<\/div>\n\n\n\n<div class=\"wp-block-column is-layout-flow wp-block-column-is-layout-flow\" style=\"flex-basis:33.33%\"><\/div>\n<\/div>\n<\/div>\n\n\n\n<figure class=\"wp-block-image is-resized\"><img decoding=\"async\" src=\"https:\/\/www.ccoo.cat\/sanitat\/wp-content\/uploads\/sites\/130\/2024\/01\/baner-3r-acord-ics-institut-catala-salut-1.jpg\" alt=\"Baner 3r Acord Ics Institut Catala Salut\" style=\"width:958px;height:auto\" \/><\/figure>\n\n\n\n<div class=\"wp-block-group\"><div class=\"wp-block-group__inner-container is-layout-constrained wp-block-group-is-layout-constrained\">\n<div class=\"wp-block-columns is-layout-flex wp-container-core-columns-is-layout-9d6595d7 wp-block-columns-is-layout-flex\">\n<div class=\"wp-block-column is-layout-flow wp-block-column-is-layout-flow\">\n<figure class=\"wp-block-image size-large\"><a href=\"https:\/\/ccoo.app\/ics\/noticies\/\"><img loading=\"lazy\" decoding=\"async\" width=\"1024\" height=\"1024\" src=\"http:\/\/ccoo.app\/ics\/wp-content\/blogs.dir\/6\/files\/sites\/200\/2023\/03\/noticies-ics-1024x1024.png\" alt=\"Noticies Ics\" class=\"wp-image-31717\" srcset=\"https:\/\/ccoo.app\/ics\/wp-content\/blogs.dir\/6\/files\/sites\/200\/2023\/03\/noticies-ics-1024x1024.png 1024w, https:\/\/ccoo.app\/ics\/wp-content\/blogs.dir\/6\/files\/sites\/200\/2023\/03\/noticies-ics-300x300.png 300w, https:\/\/ccoo.app\/ics\/wp-content\/blogs.dir\/6\/files\/sites\/200\/2023\/03\/noticies-ics-150x150.png 150w, https:\/\/ccoo.app\/ics\/wp-content\/blogs.dir\/6\/files\/sites\/200\/2023\/03\/noticies-ics-768x768.png 768w, https:\/\/ccoo.app\/ics\/wp-content\/blogs.dir\/6\/files\/sites\/200\/2023\/03\/noticies-ics.png 1080w\" sizes=\"auto, (max-width: 1024px) 100vw, 1024px\" \/><\/a><\/figure>\n<\/div>\n\n\n\n<div class=\"wp-block-column is-layout-flow wp-block-column-is-layout-flow\">\n<figure class=\"wp-block-image size-large\"><a href=\"https:\/\/ccoo.app\/ics\/category\/noticies\/convocatories\"><img loading=\"lazy\" decoding=\"async\" width=\"1024\" height=\"1024\" src=\"http:\/\/ccoo.app\/ics\/wp-content\/blogs.dir\/6\/files\/sites\/200\/2023\/03\/convocatories-ics-1024x1024.png\" alt=\"Convocatories Ics\" class=\"wp-image-31713\" srcset=\"https:\/\/ccoo.app\/ics\/wp-content\/blogs.dir\/6\/files\/sites\/200\/2023\/03\/convocatories-ics-1024x1024.png 1024w, https:\/\/ccoo.app\/ics\/wp-content\/blogs.dir\/6\/files\/sites\/200\/2023\/03\/convocatories-ics-300x300.png 300w, https:\/\/ccoo.app\/ics\/wp-content\/blogs.dir\/6\/files\/sites\/200\/2023\/03\/convocatories-ics-150x150.png 150w, https:\/\/ccoo.app\/ics\/wp-content\/blogs.dir\/6\/files\/sites\/200\/2023\/03\/convocatories-ics-768x768.png 768w, https:\/\/ccoo.app\/ics\/wp-content\/blogs.dir\/6\/files\/sites\/200\/2023\/03\/convocatories-ics.png 1080w\" sizes=\"auto, (max-width: 1024px) 100vw, 1024px\" \/><\/a><\/figure>\n<\/div>\n\n\n\n<div class=\"wp-block-column is-layout-flow wp-block-column-is-layout-flow\">\n<figure class=\"wp-block-image size-large\"><a href=\"https:\/\/ccoo.app\/ics\/category\/noticies\/mobilitzacions\/\"><img loading=\"lazy\" decoding=\"async\" width=\"1024\" height=\"1024\" src=\"http:\/\/ccoo.app\/ics\/wp-content\/blogs.dir\/6\/files\/sites\/200\/2023\/03\/mobilitzacions-1024x1024.png\" alt=\"Mobilitzacions\" class=\"wp-image-31716\" srcset=\"https:\/\/ccoo.app\/ics\/wp-content\/blogs.dir\/6\/files\/sites\/200\/2023\/03\/mobilitzacions-1024x1024.png 1024w, https:\/\/ccoo.app\/ics\/wp-content\/blogs.dir\/6\/files\/sites\/200\/2023\/03\/mobilitzacions-300x300.png 300w, https:\/\/ccoo.app\/ics\/wp-content\/blogs.dir\/6\/files\/sites\/200\/2023\/03\/mobilitzacions-150x150.png 150w, https:\/\/ccoo.app\/ics\/wp-content\/blogs.dir\/6\/files\/sites\/200\/2023\/03\/mobilitzacions-768x768.png 768w, https:\/\/ccoo.app\/ics\/wp-content\/blogs.dir\/6\/files\/sites\/200\/2023\/03\/mobilitzacions.png 1080w\" sizes=\"auto, (max-width: 1024px) 100vw, 1024px\" \/><\/a><\/figure>\n<\/div>\n<\/div>\n\n\n\n<div class=\"wp-block-columns is-layout-flex wp-container-core-columns-is-layout-9d6595d7 wp-block-columns-is-layout-flex\">\n<div class=\"wp-block-column is-layout-flow wp-block-column-is-layout-flow\">\n<figure class=\"wp-block-image size-large\"><a href=\"https:\/\/ccoo.app\/ics\/category\/noticies\/salut-laboral\/\"><img loading=\"lazy\" decoding=\"async\" width=\"1024\" height=\"1024\" src=\"http:\/\/ccoo.app\/ics\/wp-content\/blogs.dir\/6\/files\/sites\/200\/2023\/03\/salut-laboral-1024x1024.png\" alt=\"Salut Laboral\" class=\"wp-image-31718\" srcset=\"https:\/\/ccoo.app\/ics\/wp-content\/blogs.dir\/6\/files\/sites\/200\/2023\/03\/salut-laboral-1024x1024.png 1024w, https:\/\/ccoo.app\/ics\/wp-content\/blogs.dir\/6\/files\/sites\/200\/2023\/03\/salut-laboral-300x300.png 300w, https:\/\/ccoo.app\/ics\/wp-content\/blogs.dir\/6\/files\/sites\/200\/2023\/03\/salut-laboral-150x150.png 150w, https:\/\/ccoo.app\/ics\/wp-content\/blogs.dir\/6\/files\/sites\/200\/2023\/03\/salut-laboral-768x768.png 768w, https:\/\/ccoo.app\/ics\/wp-content\/blogs.dir\/6\/files\/sites\/200\/2023\/03\/salut-laboral.png 1080w\" sizes=\"auto, (max-width: 1024px) 100vw, 1024px\" \/><\/a><\/figure>\n<\/div>\n\n\n\n<div class=\"wp-block-column is-layout-flow wp-block-column-is-layout-flow\">\n<figure class=\"wp-block-image size-large\"><a href=\"https:\/\/ccoo.app\/ics\/category\/noticies\/igualtat\/\"><img loading=\"lazy\" decoding=\"async\" width=\"1024\" height=\"1024\" src=\"http:\/\/ccoo.app\/ics\/wp-content\/blogs.dir\/6\/files\/sites\/200\/2023\/03\/igualtat-1024x1024.png\" alt=\"Igualtat\" class=\"wp-image-31715\" srcset=\"https:\/\/ccoo.app\/ics\/wp-content\/blogs.dir\/6\/files\/sites\/200\/2023\/03\/igualtat-1024x1024.png 1024w, https:\/\/ccoo.app\/ics\/wp-content\/blogs.dir\/6\/files\/sites\/200\/2023\/03\/igualtat-300x300.png 300w, https:\/\/ccoo.app\/ics\/wp-content\/blogs.dir\/6\/files\/sites\/200\/2023\/03\/igualtat-150x150.png 150w, https:\/\/ccoo.app\/ics\/wp-content\/blogs.dir\/6\/files\/sites\/200\/2023\/03\/igualtat-768x768.png 768w, https:\/\/ccoo.app\/ics\/wp-content\/blogs.dir\/6\/files\/sites\/200\/2023\/03\/igualtat.png 1080w\" sizes=\"auto, (max-width: 1024px) 100vw, 1024px\" \/><\/a><\/figure>\n<\/div>\n\n\n\n<div class=\"wp-block-column is-layout-flow wp-block-column-is-layout-flow\">\n<figure class=\"wp-block-image size-large\"><a href=\"https:\/\/ccoo.app\/ics\/category\/noticies\/comunicats\/\"><img loading=\"lazy\" decoding=\"async\" width=\"1024\" height=\"1024\" src=\"http:\/\/ccoo.app\/ics\/wp-content\/blogs.dir\/6\/files\/sites\/200\/2023\/03\/comunicats-1024x1024.png\" alt=\"Comunicats\" class=\"wp-image-31712\" srcset=\"https:\/\/ccoo.app\/ics\/wp-content\/blogs.dir\/6\/files\/sites\/200\/2023\/03\/comunicats-1024x1024.png 1024w, https:\/\/ccoo.app\/ics\/wp-content\/blogs.dir\/6\/files\/sites\/200\/2023\/03\/comunicats-300x300.png 300w, https:\/\/ccoo.app\/ics\/wp-content\/blogs.dir\/6\/files\/sites\/200\/2023\/03\/comunicats-150x150.png 150w, https:\/\/ccoo.app\/ics\/wp-content\/blogs.dir\/6\/files\/sites\/200\/2023\/03\/comunicats-768x768.png 768w, https:\/\/ccoo.app\/ics\/wp-content\/blogs.dir\/6\/files\/sites\/200\/2023\/03\/comunicats.png 1080w\" sizes=\"auto, (max-width: 1024px) 100vw, 1024px\" \/><\/a><\/figure>\n<\/div>\n<\/div>\n\n\n\n<div class=\"wp-block-columns is-layout-flex wp-container-core-columns-is-layout-9d6595d7 wp-block-columns-is-layout-flex\">\n<div class=\"wp-block-column is-layout-flow wp-block-column-is-layout-flow\">\n<figure class=\"wp-block-image size-large\"><a href=\"https:\/\/ccoo.app\/ics\/category\/noticies\/formacio\/\"><img loading=\"lazy\" decoding=\"async\" width=\"1024\" height=\"1024\" src=\"http:\/\/ccoo.app\/ics\/wp-content\/blogs.dir\/6\/files\/sites\/200\/2023\/03\/formacio-1024x1024.png\" alt=\"Formacio\" class=\"wp-image-31714\" srcset=\"https:\/\/ccoo.app\/ics\/wp-content\/blogs.dir\/6\/files\/sites\/200\/2023\/03\/formacio-1024x1024.png 1024w, https:\/\/ccoo.app\/ics\/wp-content\/blogs.dir\/6\/files\/sites\/200\/2023\/03\/formacio-300x300.png 300w, https:\/\/ccoo.app\/ics\/wp-content\/blogs.dir\/6\/files\/sites\/200\/2023\/03\/formacio-150x150.png 150w, https:\/\/ccoo.app\/ics\/wp-content\/blogs.dir\/6\/files\/sites\/200\/2023\/03\/formacio-768x768.png 768w, https:\/\/ccoo.app\/ics\/wp-content\/blogs.dir\/6\/files\/sites\/200\/2023\/03\/formacio.png 1080w\" sizes=\"auto, (max-width: 1024px) 100vw, 1024px\" \/><\/a><\/figure>\n<\/div>\n\n\n\n<div class=\"wp-block-column is-layout-flow wp-block-column-is-layout-flow\">\n<figure class=\"wp-block-image size-large\"><a href=\"https:\/\/ccoo.app\/ics\/category\/noticies\/actualitat\/\"><img loading=\"lazy\" decoding=\"async\" width=\"1024\" height=\"1024\" src=\"http:\/\/ccoo.app\/ics\/wp-content\/blogs.dir\/6\/files\/sites\/200\/2023\/03\/actualitat-1024x1024.png\" alt=\"Actualitat\" class=\"wp-image-31711\" srcset=\"https:\/\/ccoo.app\/ics\/wp-content\/blogs.dir\/6\/files\/sites\/200\/2023\/03\/actualitat-1024x1024.png 1024w, https:\/\/ccoo.app\/ics\/wp-content\/blogs.dir\/6\/files\/sites\/200\/2023\/03\/actualitat-300x300.png 300w, https:\/\/ccoo.app\/ics\/wp-content\/blogs.dir\/6\/files\/sites\/200\/2023\/03\/actualitat-150x150.png 150w, https:\/\/ccoo.app\/ics\/wp-content\/blogs.dir\/6\/files\/sites\/200\/2023\/03\/actualitat-768x768.png 768w, https:\/\/ccoo.app\/ics\/wp-content\/blogs.dir\/6\/files\/sites\/200\/2023\/03\/actualitat.png 1080w\" sizes=\"auto, (max-width: 1024px) 100vw, 1024px\" \/><\/a><\/figure>\n<\/div>\n\n\n\n<div class=\"wp-block-column is-layout-flow wp-block-column-is-layout-flow\">\n<figure class=\"wp-block-image size-large\"><a href=\"https:\/\/ccoo.app\/ics\/category\/noticies\/accions-sindicals\/\"><img loading=\"lazy\" decoding=\"async\" width=\"1024\" height=\"1024\" src=\"http:\/\/ccoo.app\/ics\/wp-content\/blogs.dir\/6\/files\/sites\/200\/2023\/03\/accions-sindicals-1024x1024.png\" alt=\"Accions Sindicals\" class=\"wp-image-31710\" srcset=\"https:\/\/ccoo.app\/ics\/wp-content\/blogs.dir\/6\/files\/sites\/200\/2023\/03\/accions-sindicals-1024x1024.png 1024w, https:\/\/ccoo.app\/ics\/wp-content\/blogs.dir\/6\/files\/sites\/200\/2023\/03\/accions-sindicals-300x300.png 300w, https:\/\/ccoo.app\/ics\/wp-content\/blogs.dir\/6\/files\/sites\/200\/2023\/03\/accions-sindicals-150x150.png 150w, https:\/\/ccoo.app\/ics\/wp-content\/blogs.dir\/6\/files\/sites\/200\/2023\/03\/accions-sindicals-768x768.png 768w, https:\/\/ccoo.app\/ics\/wp-content\/blogs.dir\/6\/files\/sites\/200\/2023\/03\/accions-sindicals.png 1080w\" sizes=\"auto, (max-width: 1024px) 100vw, 1024px\" \/><\/a><\/figure>\n<\/div>\n<\/div>\n<\/div><\/div>\n\n\n\n<h4 class=\"wp-block-heading\"><strong>DESTAQUEM<\/strong><\/h4>\n\n\n\n<figure class=\"wp-block-image size-large\"><a href=\"https:\/\/www.ccoo.cat\/sanitat\/ics-institut-catala-de-la-salut\/acord-en-materia-de-temporalitat\/\"><img loading=\"lazy\" decoding=\"async\" width=\"1024\" height=\"256\" src=\"https:\/\/ccoo.app\/ics\/wp-content\/blogs.dir\/6\/files\/sites\/200\/2023\/03\/banner-acord-temporalitat-1024x256.png\" alt=\"Banner Acord Temporalitat\" class=\"wp-image-31656\" srcset=\"https:\/\/ccoo.app\/ics\/wp-content\/blogs.dir\/6\/files\/sites\/200\/2023\/03\/banner-acord-temporalitat-1024x256.png 1024w, https:\/\/ccoo.app\/ics\/wp-content\/blogs.dir\/6\/files\/sites\/200\/2023\/03\/banner-acord-temporalitat-300x75.png 300w, https:\/\/ccoo.app\/ics\/wp-content\/blogs.dir\/6\/files\/sites\/200\/2023\/03\/banner-acord-temporalitat-768x192.png 768w, https:\/\/ccoo.app\/ics\/wp-content\/blogs.dir\/6\/files\/sites\/200\/2023\/03\/banner-acord-temporalitat-1536x384.png 1536w, https:\/\/ccoo.app\/ics\/wp-content\/blogs.dir\/6\/files\/sites\/200\/2023\/03\/banner-acord-temporalitat.png 1584w\" sizes=\"auto, (max-width: 1024px) 100vw, 1024px\" \/><\/a><\/figure>\n\n\n\n<figure class=\"wp-block-image size-large\"><a href=\"https:\/\/ccoo.app\/ics\/noticies\/normativa\/documents\/\"><img loading=\"lazy\" decoding=\"async\" width=\"1024\" height=\"256\" src=\"https:\/\/ccoo.app\/ics\/wp-content\/blogs.dir\/6\/files\/sites\/200\/2023\/04\/banner-acord-temporalitat-1-1024x256.png\" alt=\"Banner Acord Temporalitat 1\" class=\"wp-image-32007\" srcset=\"https:\/\/ccoo.app\/ics\/wp-content\/blogs.dir\/6\/files\/sites\/200\/2023\/04\/banner-acord-temporalitat-1-1024x256.png 1024w, https:\/\/ccoo.app\/ics\/wp-content\/blogs.dir\/6\/files\/sites\/200\/2023\/04\/banner-acord-temporalitat-1-300x75.png 300w, https:\/\/ccoo.app\/ics\/wp-content\/blogs.dir\/6\/files\/sites\/200\/2023\/04\/banner-acord-temporalitat-1-768x192.png 768w, https:\/\/ccoo.app\/ics\/wp-content\/blogs.dir\/6\/files\/sites\/200\/2023\/04\/banner-acord-temporalitat-1-1536x384.png 1536w, https:\/\/ccoo.app\/ics\/wp-content\/blogs.dir\/6\/files\/sites\/200\/2023\/04\/banner-acord-temporalitat-1.png 1584w\" sizes=\"auto, (max-width: 1024px) 100vw, 1024px\" \/><\/a><\/figure>\n\n\n\n<p><\/p>\n\n\n\n<p><\/p>\n\n\n\n<h2 class=\"wp-block-heading\">Not\u00edcies<\/h2>\n\n\n<ul class=\"wp-block-latest-posts__list is-grid columns-3 has-dates wp-block-latest-posts\"><li><div class=\"wp-block-latest-posts__featured-image aligncenter\"><a href=\"https:\/\/ccoo.app\/ics\/noticies\/sobre-nou-termini-per-sollicitar-lacces-extraordinari-al-titol-despecialista-en-medicina-durgencies-i-emergencies\/\" aria-label=\"Sobre nou termini per sol\u00b7licitar l\u2019acc\u00e9s extraordinari al t\u00edtol d\u2019especialista en Medicina d\u2019Urg\u00e8ncies i Emerg\u00e8ncies\"><img loading=\"lazy\" decoding=\"async\" width=\"1024\" height=\"583\" src=\"https:\/\/ccoo.app\/ics\/wp-content\/blogs.dir\/6\/files\/sites\/200\/2026\/03\/urgencies-1-1024x583-1.png\" class=\"attachment-large size-large wp-post-image\" alt=\"\" style=\"\" srcset=\"https:\/\/ccoo.app\/ics\/wp-content\/blogs.dir\/6\/files\/sites\/200\/2026\/03\/urgencies-1-1024x583-1.png 1024w, https:\/\/ccoo.app\/ics\/wp-content\/blogs.dir\/6\/files\/sites\/200\/2026\/03\/urgencies-1-1024x583-1-300x171.png 300w, https:\/\/ccoo.app\/ics\/wp-content\/blogs.dir\/6\/files\/sites\/200\/2026\/03\/urgencies-1-1024x583-1-768x437.png 768w\" sizes=\"auto, (max-width: 1024px) 100vw, 1024px\" \/><\/a><\/div><a class=\"wp-block-latest-posts__post-title\" href=\"https:\/\/ccoo.app\/ics\/noticies\/sobre-nou-termini-per-sollicitar-lacces-extraordinari-al-titol-despecialista-en-medicina-durgencies-i-emergencies\/\">Sobre nou termini per sol\u00b7licitar l\u2019acc\u00e9s extraordinari al t\u00edtol d\u2019especialista en Medicina d\u2019Urg\u00e8ncies i Emerg\u00e8ncies<\/a><time datetime=\"2026-03-13T08:53:14+01:00\" class=\"wp-block-latest-posts__post-date\">13 de mar\u00e7 de 2026<\/time><div class=\"wp-block-latest-posts__post-excerpt\">QUI POT SOL\u00b7LICITAR L\u2019ACC\u00c9S? Els metges i metgesses i les persones habilitades per a l\u2019exercici de la medicina general que compleixen els requisits establerts en la disposici\u00f3 transit\u00f2ria primera del&nbsp;Real Decret 610\/2024, de 2 juliol. NOVETAT: Per les sent\u00e8ncies 552\/2025 &#8230; <a title=\"Sobre nou termini per sol\u00b7licitar l\u2019acc\u00e9s extraordinari al t\u00edtol d\u2019especialista en Medicina d\u2019Urg\u00e8ncies i Emerg\u00e8ncies\" class=\"read-more\" href=\"https:\/\/ccoo.app\/ics\/noticies\/sobre-nou-termini-per-sollicitar-lacces-extraordinari-al-titol-despecialista-en-medicina-durgencies-i-emergencies\/\" aria-label=\"M\u00e9s informaci\u00f3 sobre Sobre nou termini per sol\u00b7licitar l\u2019acc\u00e9s extraordinari al t\u00edtol d\u2019especialista en Medicina d\u2019Urg\u00e8ncies i Emerg\u00e8ncies\">Read more<\/a><\/div><\/li>\n<li><div class=\"wp-block-latest-posts__featured-image aligncenter\"><a href=\"https:\/\/ccoo.app\/ics\/noticies\/dia-europeu-contra-les-agressions-en-lambit-sanitari\/\" aria-label=\"Dia Europeu contra les Agressions en l\u2019\u00c0mbit Sanitari\"><img loading=\"lazy\" decoding=\"async\" width=\"1024\" height=\"616\" src=\"https:\/\/ccoo.app\/ics\/wp-content\/blogs.dir\/6\/files\/sites\/200\/2026\/03\/ccoontigo-frente-a-las-agresiones-e1773319346226-1024x616-1.jpg\" class=\"attachment-large size-large wp-post-image\" alt=\"\" style=\"\" srcset=\"https:\/\/ccoo.app\/ics\/wp-content\/blogs.dir\/6\/files\/sites\/200\/2026\/03\/ccoontigo-frente-a-las-agresiones-e1773319346226-1024x616-1.jpg 1024w, https:\/\/ccoo.app\/ics\/wp-content\/blogs.dir\/6\/files\/sites\/200\/2026\/03\/ccoontigo-frente-a-las-agresiones-e1773319346226-1024x616-1-300x180.jpg 300w, https:\/\/ccoo.app\/ics\/wp-content\/blogs.dir\/6\/files\/sites\/200\/2026\/03\/ccoontigo-frente-a-las-agresiones-e1773319346226-1024x616-1-768x462.jpg 768w\" sizes=\"auto, (max-width: 1024px) 100vw, 1024px\" \/><\/a><\/div><a class=\"wp-block-latest-posts__post-title\" href=\"https:\/\/ccoo.app\/ics\/noticies\/dia-europeu-contra-les-agressions-en-lambit-sanitari\/\">Dia Europeu contra les Agressions en l\u2019\u00c0mbit Sanitari<\/a><time datetime=\"2026-03-12T08:51:34+01:00\" class=\"wp-block-latest-posts__post-date\">12 de mar\u00e7 de 2026<\/time><div class=\"wp-block-latest-posts__post-excerpt\">CCOO reclama mesures integrals per a tot el personal dels centres sanitaris i sociosanitaris. Amb la signatura del nou&nbsp;Estatut Marc, per fi es reconeix la gravetat de les agressions que sofreixen les i els professionals del Sistema Nacional de Salut &#8230; <a title=\"Dia Europeu contra les Agressions en l\u2019\u00c0mbit Sanitari\" class=\"read-more\" href=\"https:\/\/ccoo.app\/ics\/noticies\/dia-europeu-contra-les-agressions-en-lambit-sanitari\/\" aria-label=\"M\u00e9s informaci\u00f3 sobre Dia Europeu contra les Agressions en l\u2019\u00c0mbit Sanitari\">Read more<\/a><\/div><\/li>\n<li><div class=\"wp-block-latest-posts__featured-image aligncenter\"><a href=\"https:\/\/ccoo.app\/ics\/noticies\/ccoo-exigeix-al-ministeri-dhisenda-que-compleixi-lacord-del-segle-xxi-i-reconegui-la-qualificacio-professional-de-les-i-els-tecnics-sanitaris\/\" aria-label=\"CCOO exigeix al Ministeri d\u2019Hisenda que compleixi l\u2019Acord del segle XXI i reconegui la qualificaci\u00f3 professional de les i els t\u00e8cnics sanitaris\"><img loading=\"lazy\" decoding=\"async\" width=\"1024\" height=\"768\" src=\"https:\/\/ccoo.app\/ics\/wp-content\/blogs.dir\/6\/files\/sites\/200\/2026\/03\/concentracio-celebrada-avui-a-madrid-1024x768-1.jpg\" class=\"attachment-large size-large wp-post-image\" alt=\"\" style=\"\" srcset=\"https:\/\/ccoo.app\/ics\/wp-content\/blogs.dir\/6\/files\/sites\/200\/2026\/03\/concentracio-celebrada-avui-a-madrid-1024x768-1.jpg 1024w, https:\/\/ccoo.app\/ics\/wp-content\/blogs.dir\/6\/files\/sites\/200\/2026\/03\/concentracio-celebrada-avui-a-madrid-1024x768-1-300x225.jpg 300w, https:\/\/ccoo.app\/ics\/wp-content\/blogs.dir\/6\/files\/sites\/200\/2026\/03\/concentracio-celebrada-avui-a-madrid-1024x768-1-768x576.jpg 768w\" sizes=\"auto, (max-width: 1024px) 100vw, 1024px\" \/><\/a><\/div><a class=\"wp-block-latest-posts__post-title\" href=\"https:\/\/ccoo.app\/ics\/noticies\/ccoo-exigeix-al-ministeri-dhisenda-que-compleixi-lacord-del-segle-xxi-i-reconegui-la-qualificacio-professional-de-les-i-els-tecnics-sanitaris\/\">CCOO exigeix al Ministeri d\u2019Hisenda que compleixi l\u2019Acord del segle XXI i reconegui la qualificaci\u00f3 professional de les i els t\u00e8cnics sanitaris<\/a><time datetime=\"2026-02-19T08:47:42+01:00\" class=\"wp-block-latest-posts__post-date\">19 de febrer de 2026<\/time><div class=\"wp-block-latest-posts__post-excerpt\">La Federaci\u00f3 de Sanitat i Sectors Sociosanitaris de CCOO de Madrid convoca una concentraci\u00f3 aquest 19 de febrer enfront del Ministeri d\u2019Hisenda per a reclamar el desbloqueig immediat del reconeixement professional i el pagament dels pactes La Federaci\u00f3 de Sanitat &#8230; <a title=\"CCOO exigeix al Ministeri d\u2019Hisenda que compleixi l\u2019Acord del segle XXI i reconegui la qualificaci\u00f3 professional de les i els t\u00e8cnics sanitaris\" class=\"read-more\" href=\"https:\/\/ccoo.app\/ics\/noticies\/ccoo-exigeix-al-ministeri-dhisenda-que-compleixi-lacord-del-segle-xxi-i-reconegui-la-qualificacio-professional-de-les-i-els-tecnics-sanitaris\/\" aria-label=\"M\u00e9s informaci\u00f3 sobre CCOO exigeix al Ministeri d\u2019Hisenda que compleixi l\u2019Acord del segle XXI i reconegui la qualificaci\u00f3 professional de les i els t\u00e8cnics sanitaris\">Read more<\/a><\/div><\/li>\n<li><div class=\"wp-block-latest-posts__featured-image aligncenter\"><a href=\"https:\/\/ccoo.app\/ics\/noticies\/ccoo-exigim-la-retirada-immediata-de-la-mesura-que-condiciona-el-financament-dels-cap-a-la-reduccio-de-baixes-laborals\/\" aria-label=\"CCOO exigim la retirada immediata de la mesura que condiciona el finan\u00e7ament dels CAP a la reducci\u00f3 de baixes laborals\"><img loading=\"lazy\" decoding=\"async\" width=\"300\" height=\"225\" src=\"https:\/\/ccoo.app\/ics\/wp-content\/blogs.dir\/6\/files\/sites\/200\/2026\/03\/salut-infermera_.png\" class=\"attachment-large size-large wp-post-image\" alt=\"\" style=\"\" \/><\/a><\/div><a class=\"wp-block-latest-posts__post-title\" href=\"https:\/\/ccoo.app\/ics\/noticies\/ccoo-exigim-la-retirada-immediata-de-la-mesura-que-condiciona-el-financament-dels-cap-a-la-reduccio-de-baixes-laborals\/\">CCOO exigim la retirada immediata de la mesura que condiciona el finan\u00e7ament dels CAP a la reducci\u00f3 de baixes laborals<\/a><time datetime=\"2026-02-16T08:45:03+01:00\" class=\"wp-block-latest-posts__post-date\">16 de febrer de 2026<\/time><div class=\"wp-block-latest-posts__post-excerpt\">El Departament de Salut de la Generalitat de Catalunya pret\u00e9n condicionar part del finan\u00e7ament dels centres d\u2019atenci\u00f3 prim\u00e0ria a la reducci\u00f3 de les baixes laborals.&nbsp;CCOO de Catalunya exigim que aquesta mesura es retiri immediatament, perqu\u00e8 coacciona el criteri m\u00e8dic i &#8230; <a title=\"CCOO exigim la retirada immediata de la mesura que condiciona el finan\u00e7ament dels CAP a la reducci\u00f3 de baixes laborals\" class=\"read-more\" href=\"https:\/\/ccoo.app\/ics\/noticies\/ccoo-exigim-la-retirada-immediata-de-la-mesura-que-condiciona-el-financament-dels-cap-a-la-reduccio-de-baixes-laborals\/\" aria-label=\"M\u00e9s informaci\u00f3 sobre CCOO exigim la retirada immediata de la mesura que condiciona el finan\u00e7ament dels CAP a la reducci\u00f3 de baixes laborals\">Read more<\/a><\/div><\/li>\n<li><div class=\"wp-block-latest-posts__featured-image aligncenter\"><a href=\"https:\/\/ccoo.app\/ics\/noticies\/comunicats\/ccoo-manifesta-el-seu-total-desacord-amb-el-nou-criteri-de-lics-sobre-el-personal-collaborador-docent\/\" aria-label=\"CCOO manifesta el seu total desacord amb el nou criteri de l\u2019ICS sobre el personal col\u00b7laborador docent\"><img loading=\"lazy\" decoding=\"async\" width=\"1024\" height=\"1024\" src=\"https:\/\/ccoo.app\/ics\/wp-content\/blogs.dir\/6\/files\/sites\/200\/2026\/02\/Copia-de-Copia-de-Increment.insta1_-1024x1024.png\" class=\"attachment-large size-large wp-post-image\" alt=\"\" style=\"\" srcset=\"https:\/\/ccoo.app\/ics\/wp-content\/blogs.dir\/6\/files\/sites\/200\/2026\/02\/Copia-de-Copia-de-Increment.insta1_-1024x1024.png 1024w, https:\/\/ccoo.app\/ics\/wp-content\/blogs.dir\/6\/files\/sites\/200\/2026\/02\/Copia-de-Copia-de-Increment.insta1_-300x300.png 300w, https:\/\/ccoo.app\/ics\/wp-content\/blogs.dir\/6\/files\/sites\/200\/2026\/02\/Copia-de-Copia-de-Increment.insta1_-150x150.png 150w, https:\/\/ccoo.app\/ics\/wp-content\/blogs.dir\/6\/files\/sites\/200\/2026\/02\/Copia-de-Copia-de-Increment.insta1_-768x768.png 768w, https:\/\/ccoo.app\/ics\/wp-content\/blogs.dir\/6\/files\/sites\/200\/2026\/02\/Copia-de-Copia-de-Increment.insta1_.png 1080w\" sizes=\"auto, (max-width: 1024px) 100vw, 1024px\" \/><\/a><\/div><a class=\"wp-block-latest-posts__post-title\" href=\"https:\/\/ccoo.app\/ics\/noticies\/comunicats\/ccoo-manifesta-el-seu-total-desacord-amb-el-nou-criteri-de-lics-sobre-el-personal-collaborador-docent\/\">CCOO manifesta el seu total desacord amb el nou criteri de l\u2019ICS sobre el personal col\u00b7laborador docent<\/a><time datetime=\"2026-02-06T20:48:00+01:00\" class=\"wp-block-latest-posts__post-date\">6 de febrer de 2026<\/time><div class=\"wp-block-latest-posts__post-excerpt\">La Federaci\u00f3 de Sanitat de CCOO de Catalunya vol expressar el seu rotund desacord amb les directrius que han rebut els col\u00b7laboradors docents respecte a qu\u00e8 a partir de l\u20191 de gener de 2026, els professionals que cobraven una remuneraci\u00f3 &#8230; <a title=\"CCOO manifesta el seu total desacord amb el nou criteri de l\u2019ICS sobre el personal col\u00b7laborador docent\" class=\"read-more\" href=\"https:\/\/ccoo.app\/ics\/noticies\/comunicats\/ccoo-manifesta-el-seu-total-desacord-amb-el-nou-criteri-de-lics-sobre-el-personal-collaborador-docent\/\" aria-label=\"M\u00e9s informaci\u00f3 sobre CCOO manifesta el seu total desacord amb el nou criteri de l\u2019ICS sobre el personal col\u00b7laborador docent\">Read more<\/a><\/div><\/li>\n<li><div class=\"wp-block-latest-posts__featured-image aligncenter\"><a href=\"https:\/\/ccoo.app\/ics\/noticies\/els-sindicats-de-lambit-de-negociacio-acorden-amb-el-ministeri-de-sanitat-iniciar-la-tramitacio-de-lavantprojecte-de-llei-de-lestatut-marc\/\" aria-label=\"Els sindicats de l\u2019\u00c0mbit de Negociaci\u00f3 acorden amb el Ministeri de Sanitat iniciar la tramitaci\u00f3 de l\u2019avantprojecte de Llei de l\u2019Estatut Marc\"><img loading=\"lazy\" decoding=\"async\" width=\"794\" height=\"1024\" src=\"https:\/\/ccoo.app\/ics\/wp-content\/blogs.dir\/6\/files\/sites\/200\/2026\/01\/La-Ministra-de-Sanitat-i-el-Secretari-General-de-la-FSS-CCOO-Humberto-Munoz-en-la-signatura-de-lacord-sobre-el-text-de-lAvantprojecte-de-Llei-de-lEstatut-Marc-794x1024.jpg\" class=\"attachment-large size-large wp-post-image\" alt=\"\" style=\"\" srcset=\"https:\/\/ccoo.app\/ics\/wp-content\/blogs.dir\/6\/files\/sites\/200\/2026\/01\/La-Ministra-de-Sanitat-i-el-Secretari-General-de-la-FSS-CCOO-Humberto-Munoz-en-la-signatura-de-lacord-sobre-el-text-de-lAvantprojecte-de-Llei-de-lEstatut-Marc-794x1024.jpg 794w, https:\/\/ccoo.app\/ics\/wp-content\/blogs.dir\/6\/files\/sites\/200\/2026\/01\/La-Ministra-de-Sanitat-i-el-Secretari-General-de-la-FSS-CCOO-Humberto-Munoz-en-la-signatura-de-lacord-sobre-el-text-de-lAvantprojecte-de-Llei-de-lEstatut-Marc-233x300.jpg 233w, https:\/\/ccoo.app\/ics\/wp-content\/blogs.dir\/6\/files\/sites\/200\/2026\/01\/La-Ministra-de-Sanitat-i-el-Secretari-General-de-la-FSS-CCOO-Humberto-Munoz-en-la-signatura-de-lacord-sobre-el-text-de-lAvantprojecte-de-Llei-de-lEstatut-Marc-768x990.jpg 768w, https:\/\/ccoo.app\/ics\/wp-content\/blogs.dir\/6\/files\/sites\/200\/2026\/01\/La-Ministra-de-Sanitat-i-el-Secretari-General-de-la-FSS-CCOO-Humberto-Munoz-en-la-signatura-de-lacord-sobre-el-text-de-lAvantprojecte-de-Llei-de-lEstatut-Marc-1191x1536.jpg 1191w, https:\/\/ccoo.app\/ics\/wp-content\/blogs.dir\/6\/files\/sites\/200\/2026\/01\/La-Ministra-de-Sanitat-i-el-Secretari-General-de-la-FSS-CCOO-Humberto-Munoz-en-la-signatura-de-lacord-sobre-el-text-de-lAvantprojecte-de-Llei-de-lEstatut-Marc.jpg 1200w\" sizes=\"auto, (max-width: 794px) 100vw, 794px\" \/><\/a><\/div><a class=\"wp-block-latest-posts__post-title\" href=\"https:\/\/ccoo.app\/ics\/noticies\/els-sindicats-de-lambit-de-negociacio-acorden-amb-el-ministeri-de-sanitat-iniciar-la-tramitacio-de-lavantprojecte-de-llei-de-lestatut-marc\/\">Els sindicats de l\u2019\u00c0mbit de Negociaci\u00f3 acorden amb el Ministeri de Sanitat iniciar la tramitaci\u00f3 de l\u2019avantprojecte de Llei de l\u2019Estatut Marc<\/a><time datetime=\"2026-01-27T17:39:29+01:00\" class=\"wp-block-latest-posts__post-date\">27 de gener de 2026<\/time><div class=\"wp-block-latest-posts__post-excerpt\">Les organitzacions sindicals amb representaci\u00f3 en l\u2019\u00c0mbit de Negociaci\u00f3, FSS-CCOO, SATSE-FSES, UGT i CSIF, han aconseguit un acord amb el Ministeri de Sanitat sobre l\u2019avantprojecte de Llei de l\u2019Estatut Marc del personal estatutari dels serveis de salut despr\u00e9s d\u2019haver aconseguit &#8230; <a title=\"Els sindicats de l\u2019\u00c0mbit de Negociaci\u00f3 acorden amb el Ministeri de Sanitat iniciar la tramitaci\u00f3 de l\u2019avantprojecte de Llei de l\u2019Estatut Marc\" class=\"read-more\" href=\"https:\/\/ccoo.app\/ics\/noticies\/els-sindicats-de-lambit-de-negociacio-acorden-amb-el-ministeri-de-sanitat-iniciar-la-tramitacio-de-lavantprojecte-de-llei-de-lestatut-marc\/\" aria-label=\"M\u00e9s informaci\u00f3 sobre Els sindicats de l\u2019\u00c0mbit de Negociaci\u00f3 acorden amb el Ministeri de Sanitat iniciar la tramitaci\u00f3 de l\u2019avantprojecte de Llei de l\u2019Estatut Marc\">Read more<\/a><\/div><\/li>\n<\/ul>\n\n\n<div class=\"wp-block-buttons is-layout-flex wp-block-buttons-is-layout-flex\">\n<div class=\"wp-block-button is-style-outline is-style-outline--1\"><a class=\"wp-block-button__link has-base-3-color has-text-color wp-element-button\" href=\"https:\/\/ccoo.app\/ics\/noticies\/\" style=\"border-radius:0px\">M\u00e9s not\u00edcies \u00bb<\/a><\/div>\n<\/div>\n\n\n\n<div style=\"height:25px\" aria-hidden=\"true\" class=\"wp-block-spacer\"><\/div>\n\n\n\n<div class=\"wp-block-columns destacats-portada is-layout-flex wp-container-core-columns-is-layout-9d6595d7 wp-block-columns-is-layout-flex\">\n<div class=\"wp-block-column efect-done-bottom1 is-layout-flow wp-block-column-is-layout-flow\">\n<h2 class=\"wp-block-heading\"><a href=\"https:\/\/atriportal.gencat.cat\/\">ATRI<\/a><\/h2>\n<\/div>\n\n\n\n<div class=\"wp-block-column is-layout-flow wp-block-column-is-layout-flow\">\n<h2 class=\"wp-block-heading\"><a href=\"https:\/\/dogc.gencat.cat\/\">DOGC<\/a><\/h2>\n<\/div>\n\n\n\n<div class=\"wp-block-column is-layout-flow wp-block-column-is-layout-flow\">\n<h2 class=\"wp-block-heading\"><a href=\"https:\/\/www.boe.es\/\">BOE<\/a><\/h2>\n<\/div>\n<\/div>\n\n\n\n<div class=\"wp-block-columns destacats-portada is-layout-flex wp-container-core-columns-is-layout-9d6595d7 wp-block-columns-is-layout-flex\">\n<div class=\"wp-block-column efect-done-bottom1 is-layout-flow wp-block-column-is-layout-flow\">\n<h2 class=\"wp-block-heading\"><a href=\"http:\/\/ics.gencat.cat\/\">ICS\/GENCAT<\/a><\/h2>\n<\/div>\n\n\n\n<div class=\"wp-block-column is-layout-flow wp-block-column-is-layout-flow\">\n<h2 class=\"wp-block-heading\"><a href=\"https:\/\/catsalut.gencat.cat\/\">CATSALUT\/GENCAT<\/a><\/h2>\n<\/div>\n\n\n\n<div class=\"wp-block-column is-layout-flow wp-block-column-is-layout-flow\">\n<h2 class=\"wp-block-heading\"><a href=\"https:\/\/web.gencat.cat\/ca\/temes\/salut\/\">SALUT\/GENCAT<\/a><\/h2>\n<\/div>\n<\/div>\n\n\n\n<div style=\"height:25px\" aria-hidden=\"true\" class=\"wp-block-spacer\"><\/div>\n\n\n\n<div class=\"wp-block-columns alignwide is-layout-flex wp-container-core-columns-is-layout-9d6595d7 wp-block-columns-is-layout-flex\">\n<div class=\"wp-block-column bloque-img is-layout-flow wp-block-column-is-layout-flow\">\n<div class=\"wp-block-cover is-light\" style=\"min-height:590px;aspect-ratio:unset;\"><span aria-hidden=\"true\" class=\"wp-block-cover__background has-background-dim-0 has-background-dim\"><\/span><img decoding=\"async\" class=\"wp-block-cover__image-background wp-image-2471\" alt=\"\" src=\"https:\/\/www.ccoo.cat\/wp-content\/uploads\/2020\/10\/fond-comisiones-obreras-4.svg\" data-object-fit=\"cover\" \/><div class=\"wp-block-cover__inner-container is-layout-flow wp-block-cover-is-layout-flow\">\n<figure class=\"wp-block-image size-large\"><img decoding=\"async\" src=\"https:\/\/www.ccoo.cat\/wp-content\/uploads\/2020\/10\/comisiones-obreras-fot8.png\" alt=\"\" class=\"wp-image-2464\" \/><\/figure>\n<\/div><\/div>\n<\/div>\n\n\n\n<div class=\"wp-block-column grupo-1 is-layout-flow wp-block-column-is-layout-flow\">\n<div style=\"height:100px\" aria-hidden=\"true\" class=\"wp-block-spacer\"><\/div>\n\n\n\n<div class=\"wp-block-columns is-layout-flex wp-container-core-columns-is-layout-9d6595d7 wp-block-columns-is-layout-flex\">\n<div class=\"wp-block-column grupo-uno is-layout-flow wp-block-column-is-layout-flow\"><div class=\"wp-block-image\">\n<figure class=\"aligncenter size-large\"><a href=\"https:\/\/www.ccoo.cat\/salut-laboral\/\"><img decoding=\"async\" src=\"https:\/\/www.ccoo.cat\/wp-content\/uploads\/2020\/10\/icono-asesoramiento.svg\" alt=\"\" class=\"wp-image-2474\" \/><\/a><\/figure>\n<\/div>\n\n\n<h2 class=\"wp-block-heading has-text-align-center\">Salut laboral<\/h2>\n\n\n\n<p class=\"has-text-align-left\">Vols <a href=\"https:\/\/www.ccoo.cat\/assessorament\/\" class=\"ek-link\">resoldre dubtes<\/a> i q\u00fcestions personals que tinguin a veure amb la teva feina?<\/p>\n<\/div>\n\n\n\n<div class=\"wp-block-column grupo-dos is-layout-flow wp-block-column-is-layout-flow\"><div class=\"wp-block-image\">\n<figure class=\"aligncenter size-large\"><a href=\"https:\/\/www.ccoo.cat\/dones\/\"><img decoding=\"async\" src=\"https:\/\/www.ccoo.cat\/wp-content\/uploads\/2020\/10\/icono-convenios.svg\" alt=\"\" class=\"wp-image-2475\" \/><\/a><\/figure>\n<\/div>\n\n\n<h2 class=\"wp-block-heading has-text-align-center\">Dona<\/h2>\n\n\n\n<p class=\"has-text-align-left\">Trobareu assessorament i orientaci\u00f3 en les q\u00fcestions relacionades amb la <a href=\"https:\/\/ccoo.cat\/dones\">discriminaci\u00f3 per ra\u00f3 de g\u00e8nere<\/a><\/p>\n<\/div>\n<\/div>\n\n\n\n<div class=\"wp-block-columns is-layout-flex wp-container-core-columns-is-layout-9d6595d7 wp-block-columns-is-layout-flex\">\n<div class=\"wp-block-column grupo-tres is-layout-flow wp-block-column-is-layout-flow\"><div class=\"wp-block-image\">\n<figure class=\"aligncenter size-large\"><a href=\"https:\/\/www.ccoo.cat\/socioeconomia\/\"><img decoding=\"async\" src=\"https:\/\/www.ccoo.cat\/wp-content\/uploads\/2020\/10\/icono-formacion.svg\" alt=\"\" class=\"wp-image-2481\" \/><\/a><\/figure>\n<\/div>\n\n\n<h2 class=\"wp-block-heading has-text-align-center\">Socioeconomia<\/h2>\n\n\n\n<p>Trobareu informaci\u00f3 de demografia, economia o treball, que proporcionen una amplia visi\u00f3 de la situaci\u00f3 socioecon\u00f2mica<\/p>\n<\/div>\n\n\n\n<div class=\"wp-block-column is-layout-flow wp-block-column-is-layout-flow\"><div class=\"wp-block-image\">\n<figure class=\"aligncenter size-large\"><a href=\"https:\/\/www.ccoo.cat\/descomptes\/\"><img decoding=\"async\" src=\"https:\/\/www.ccoo.cat\/wp-content\/uploads\/2020\/10\/descuentos.svg\" alt=\"\" class=\"wp-image-2480\" \/><\/a><\/figure>\n<\/div>\n\n\n<h2 class=\"wp-block-heading has-text-align-center\">Descomptes<\/h2>\n\n\n\n<p>Si ets de CCOO pots gaudir de <a href=\"https:\/\/www.ccoo.cat\/descomptes\/\" class=\"ek-link\">descomptes <\/a>en tot tipus d\u2019establiments i serveis.<\/p>\n<\/div>\n<\/div>\n<\/div>\n<\/div>\n\n\n\n<h2 class=\"wp-block-heading has-accent-color has-text-color\">Twitter @CCOOICSsanitat<\/h2>\n\n\n\n<figure class=\"wp-block-embed is-type-rich is-provider-twitter wp-block-embed-twitter\"><div class=\"wp-block-embed__wrapper\">\n<a class=\"twitter-timeline\" data-width=\"1200\" data-height=\"1000\" data-dnt=\"true\" href=\"https:\/\/twitter.com\/ccooicssanitat?ref_src=twsrc%5Etfw\">Tweets by ccooicssanitat<\/a><script async src=\"https:\/\/platform.twitter.com\/widgets.js\" charset=\"utf-8\"><\/script>\n<\/div><\/figure>\n\n\n\n<p><\/p>\n\n\n\n<div style=\"height:0px\" aria-hidden=\"true\" class=\"wp-block-spacer\"><\/div>\n\n\n\n<p><\/p>\n","protected":false},"excerpt":{"rendered":"<p>CCOO a l&#8217;ICS Nous temps, noves necessitats, noves vies i les CCOO de sempre. DESTAQUEM Not\u00edcies ATRI DOGC BOE ICS\/GENCAT CATSALUT\/GENCAT SALUT\/GENCAT Salut laboral Vols resoldre dubtes i q\u00fcestions personals &#8230; <a title=\"Home\" class=\"read-more\" href=\"https:\/\/ccoo.app\/ics\/\" aria-label=\"M\u00e9s informaci\u00f3 sobre Home\">Read more<\/a><\/p>\n","protected":false},"author":12,"featured_media":0,"parent":0,"menu_order":0,"comment_status":"closed","ping_status":"closed","template":"","meta":{"footnotes":""},"class_list":["post-25","page","type-page","status-publish"],"_links":{"self":[{"href":"https:\/\/ccoo.app\/ics\/wp-json\/wp\/v2\/pages\/25","targetHints":{"allow":["GET"]}}],"collection":[{"href":"https:\/\/ccoo.app\/ics\/wp-json\/wp\/v2\/pages"}],"about":[{"href":"https:\/\/ccoo.app\/ics\/wp-json\/wp\/v2\/types\/page"}],"author":[{"embeddable":true,"href":"https:\/\/ccoo.app\/ics\/wp-json\/wp\/v2\/users\/12"}],"replies":[{"embeddable":true,"href":"https:\/\/ccoo.app\/ics\/wp-json\/wp\/v2\/comments?post=25"}],"version-history":[{"count":4,"href":"https:\/\/ccoo.app\/ics\/wp-json\/wp\/v2\/pages\/25\/revisions"}],"predecessor-version":[{"id":32237,"href":"https:\/\/ccoo.app\/ics\/wp-json\/wp\/v2\/pages\/25\/revisions\/32237"}],"wp:attachment":[{"href":"https:\/\/ccoo.app\/ics\/wp-json\/wp\/v2\/media?parent=25"}],"curies":[{"name":"wp","href":"https:\/\/api.w.org\/{rel}","templated":true}]}}