{"id":519,"date":"2018-09-05T11:42:32","date_gmt":"2018-09-05T09:42:32","guid":{"rendered":"http:\/\/fsc-local.ccoo.cat\/?page_id=519"},"modified":"2024-07-24T11:56:58","modified_gmt":"2024-07-24T09:56:58","slug":"fitxes-sindicals","status":"publish","type":"page","link":"https:\/\/ccoo.app\/fsc-administracio-local\/fitxes-sindicals\/","title":{"rendered":""},"content":{"rendered":"<div id=\"pl-519\" class=\"panel-layout\">\n<div class=\"so-panel widget widget_sow-image panel-first-child panel-last-child\" data-index=\"0\" data-style=\"{&quot;background_image_attachment&quot;:false,&quot;background_display&quot;:&quot;tile&quot;,&quot;background_image_size&quot;:&quot;full&quot;,&quot;border_thickness&quot;:&quot;1px&quot;}\"><img loading=\"lazy\" decoding=\"async\" class=\"wp-image-2010 aligncenter\" src=\"http:\/\/ccoo.app\/fsc-administracio-local\/wp-content\/blogs.dir\/6\/files\/sites\/219\/2021\/09\/fitxes-300x92.jpg\" alt=\"\" width=\"649\" height=\"199\" srcset=\"https:\/\/ccoo.app\/fsc-administracio-local\/wp-content\/blogs.dir\/6\/files\/sites\/219\/2021\/09\/fitxes-300x92.jpg 300w, https:\/\/ccoo.app\/fsc-administracio-local\/wp-content\/blogs.dir\/6\/files\/sites\/219\/2021\/09\/fitxes-768x235.jpg 768w, https:\/\/ccoo.app\/fsc-administracio-local\/wp-content\/blogs.dir\/6\/files\/sites\/219\/2021\/09\/fitxes.jpg 983w\" sizes=\"auto, (max-width: 649px) 100vw, 649px\" \/><\/div>\n<div id=\"pg-519-1\" class=\"panel-grid panel-no-style\" data-style=\"{&quot;background_image_attachment&quot;:false,&quot;background_display&quot;:&quot;tile&quot;,&quot;background_image_size&quot;:&quot;full&quot;,&quot;border_thickness&quot;:&quot;1px&quot;,&quot;full_height&quot;:&quot;&quot;,&quot;cell_alignment&quot;:&quot;flex-start&quot;}\" data-ratio=\"1\" data-ratio-direction=\"right\">\n<div id=\"pgc-519-1-0\" class=\"panel-grid-cell panel-grid-cell-empty\" data-weight=\"1\"><\/div>\n<\/div>\n<div id=\"pg-519-2\" class=\"panel-grid panel-no-style\" data-style=\"{&quot;background_image_attachment&quot;:false,&quot;background_display&quot;:&quot;tile&quot;,&quot;full_height&quot;:&quot;&quot;,&quot;cell_alignment&quot;:&quot;flex-start&quot;}\" data-ratio=\"1\" data-ratio-direction=\"right\">\n<div id=\"pgc-519-2-0\" class=\"panel-grid-cell\" data-weight=\"1\">\n<div id=\"panel-519-2-0-0\" class=\"so-panel widget widget_sow-editor panel-first-child panel-last-child\" data-index=\"1\" data-style=\"{&quot;background_image_attachment&quot;:false,&quot;background_display&quot;:&quot;tile&quot;,&quot;background_image_size&quot;:&quot;full&quot;,&quot;border_thickness&quot;:&quot;1px&quot;}\">\n<div class=\"so-widget-sow-editor so-widget-sow-editor-base\">\n<div class=\"siteorigin-widget-tinymce textwidget\">\n<h2><strong>2023<\/strong><\/h2>\n<pre><a href=\"https:\/\/ccoo.app\/fsc-administracio-local\/dades-personals-a-lambit-laboral\/\">FSC23-09<\/a>.Efectes laborals de la regulaci\u00f3 de protecci\u00f3 de dades personals i garanties dels drets digitals\nFSC23-<a href=\"https:\/\/ccoo.app\/fsc-administracio-local\/informe-ccoo-digitalitzacio\/\">08.<\/a>Nova eina sindical: informe sobre digitalitzaci\u00f3 de les administracions p\u00fabliques\n<a href=\"https:\/\/ccoo.app\/fsc-administracio-local\/representativitat-mesa-negociacio-materies-comunes\/\">FSC23-07.Representativitat a les administracions p\u00fabliques, qui pot estar a una mesa de negociaci\u00f3?<\/a>\n<a href=\"https:\/\/ccoo.app\/fsc-administracio-local\/rd-llei-4-2023-condicions-climatiques-extremes\/\">FSC23-06.Mesures de protecci\u00f3 front a fen\u00f2mens meteorol\u00f2gics adversos<\/a>\n<a href=\"https:\/\/ccoo.app\/fsc-administracio-local\/jornada-prevencio-sal_powerpoint\/\">FSC23-05.Canvi de conting\u00e8ncia: com s\u2019ha d\u2019actuar?<\/a>\n<a href=\"https:\/\/ccoo.app\/fsc-administracio-local\/fitxa-it-menstruacio\/\">FSC23-04<\/a>.Situaci\u00f3 d\u2019incapacitat per menstruaci\u00f3 i d\u2019altres\n<a href=\"https:\/\/ccoo.app\/fsc-administracio-local\/acces-informacio-gaip_2023-2\/\">FSC23-03.<\/a>Transpar\u00e8ncia: t\u2019expliquem com aconseguir la informaci\u00f3 que necessites d\u2019una administraci\u00f3\n<a href=\"https:\/\/ccoo.app\/fsc-administracio-local\/lpge-2023\/\">FSC23-02<\/a><a href=\"https:\/\/fsc-local.ccoo.cat\/lpge-2023\/\">.<\/a>Llei de pressupostos generals de l\u2019estat 2023\n<a href=\"https:\/\/ccoo.app\/fsc-administracio-local\/derogacio-retallades-2012\/\">FSC23-01<\/a>.Derogaci\u00f3 del RD20\/2012 en la LPGE de 2023<\/pre>\n<h2><strong>2021<\/strong><\/h2>\n<pre><a href=\"https:\/\/fsc-local.ccoo.cat\/wp-content\/uploads\/sites\/110\/2021\/11\/202111_f2.pdf\">FS2021-02.<\/a>Text comparat Projecte de llei de temporalitat\n<a href=\"https:\/\/fsc-local.ccoo.cat\/wp-content\/uploads\/sites\/110\/2021\/11\/20211116_pressupostos.pdf\">FS2021-01.<\/a>Projecte de llei de pressupostos generals \u00a02022<\/pre>\n<h2><strong>2019<\/strong><\/h2>\n<pre><a href=\"https:\/\/www.ccoo.cat\/pdf_documents\/FITXA%208-2019%20JUNY%20Increment%20Retribucions%20EP.pdf\">FS2019-08.<\/a>Increment salarial del 2019 per al personal de les administracions p\u00fabliques\n<a href=\"https:\/\/fsc-local.ccoo.cat\/wp-content\/uploads\/sites\/110\/2019\/05\/FITXA-6-Progenitors-comprimido.pdf\">FS2019-06.<\/a>Drets dels progenitors\/es\n<a href=\"https:\/\/www.ccoo.cat\/pdf_documents\/FITXAsindical%205.pdf\">FS2019-01.<\/a>Drets de les persones treballadores en jornada electoral<\/pre>\n<h2><strong>2018<\/strong><\/h2>\n<pre><a href=\"https:\/\/fsc-local.ccoo.cat\/wp-content\/uploads\/sites\/110\/2019\/01\/FS11_2018-RD-24_2018-INCREMENTS-SALARIALS-225.pdf\">FS2018-07.<\/a>Increment salarial 2019.\n<a href=\"https:\/\/docs.google.com\/a\/ccoo.cat\/viewer?a=v&amp;pid=sites&amp;srcid=Y2Nvby5jYXR8ZnNjX3NlY3Rvcl9sb2NhbHxneDoyODdiOTZiNjQ0Y2IxZDNl\">FS2018-06.<\/a>Calendari laboral 2019 SAL.\n<a href=\"https:\/\/docs.google.com\/a\/ccoo.cat\/viewer?a=v&amp;pid=sites&amp;srcid=Y2Nvby5jYXR8ZnNjX3NlY3Rvcl9sb2NhbHxneDoyOWVjZWRmMzI5ODEzNTky\">FS2018-05.<\/a>Reclamaci\u00f3 davant la GAIP.\n<a href=\"https:\/\/docs.google.com\/a\/ccoo.cat\/viewer?a=v&amp;pid=sites&amp;srcid=Y2Nvby5jYXR8ZnNjX3NlY3Rvcl9sb2NhbHxneDo0MjM3MDcyOWEwZDRlN2M2\">FS2018-04.<\/a>Llei General de Pressupostos de l'Estat.\n<a href=\"https:\/\/docs.google.com\/a\/ccoo.cat\/viewer?a=v&amp;pid=sites&amp;srcid=Y2Nvby5jYXR8ZnNjX3NlY3Rvcl9sb2NhbHxneDo2YTdkYTRmZGNjNDJiZmRi\">FS2018-01.<\/a>Recursos administratius (Llei PAC 2017).<\/pre>\n<h2><strong>2017<\/strong><\/h2>\n<pre><a href=\"https:\/\/docs.google.com\/a\/ccoo.cat\/viewer?a=v&amp;pid=sites&amp;srcid=Y2Nvby5jYXR8ZnNjX3NlY3Rvcl9sb2NhbHxneDo0OTcyYzg3Y2YxZDZjNGRi\">FS2017-04.<\/a>Llei de Pressupostos Generals de l'Estat 2017.\n<a href=\"https:\/\/docs.google.com\/a\/ccoo.cat\/viewer?a=v&amp;pid=sites&amp;srcid=Y2Nvby5jYXR8ZnNjX3NlY3Rvcl9sb2NhbHxneDoxYmYzYjY4MTk3ZmEzYzUy\">FS2017-03.<\/a>Projecte de Llei Pressupostos Generals de l'Estat.\n<a href=\"https:\/\/docs.google.com\/a\/ccoo.cat\/viewer?a=v&amp;pid=sites&amp;srcid=Y2Nvby5jYXR8ZnNjX3NlY3Rvcl9sb2NhbHxneDozNWM0MzkzYWRkNGMwYjcy\">FS2017-02.<\/a>Limitacions de l'Oferta P\u00fablic.\n<a href=\"https:\/\/docs.google.com\/a\/ccoo.cat\/viewer?a=v&amp;pid=sites&amp;srcid=Y2Nvby5jYXR8ZnNjX3NlY3Rvcl9sb2NhbHxneDoxNzMwMmEyZWI2ZTY0YzM2\">FS2017-01.<\/a>Ampliaci\u00f3 Perm\u00eds de Paternitat.<\/pre>\n<h2><strong>2016<\/strong><\/h2>\n<pre><a href=\"https:\/\/docs.google.com\/a\/ccoo.cat\/viewer?a=v&amp;pid=sites&amp;srcid=Y2Nvby5jYXR8ZnNjX3NlY3Rvcl9sb2NhbHxneDoyNTM3YTRlY2FkYmY4ODJj\">FS2016-04.<\/a>Calendari Laboral.\n<a href=\"https:\/\/docs.google.com\/a\/ccoo.cat\/viewer?a=v&amp;pid=sites&amp;srcid=Y2Nvby5jYXR8ZnNjX3NlY3Rvcl9sb2NhbHxneDoyNDE5OTdlZjRlODI4NzUz\">FS2016-03.<\/a>Volem Relaci\u00f3 Llocs de Treball.\n<a href=\"https:\/\/docs.google.com\/a\/ccoo.cat\/viewer?a=v&amp;pid=sites&amp;srcid=Y2Nvby5jYXR8ZnNjX3NlY3Rvcl9sb2NhbHxneDo1ODM5NjhhMWU1ZWM4ODNh\">FS2016-02.<\/a>Llei de transpar\u00e8ncia i Bon Govern.\n<a href=\"https:\/\/docs.google.com\/a\/ccoo.cat\/viewer?a=v&amp;pid=sites&amp;srcid=Y2Nvby5jYXR8ZnNjX3NlY3Rvcl9sb2NhbHxneDo0YTBhOTFlNTg3ZTU0NWEw\">FS2017-01.<\/a>Nova regulaci\u00f3: altes i baixes m\u00e8diques.<\/pre>\n<h2><strong>2015<\/strong><\/h2>\n<pre><a href=\"https:\/\/docs.google.com\/a\/ccoo.cat\/viewer?a=v&amp;pid=sites&amp;srcid=Y2Nvby5jYXR8ZnNjX3NlY3Rvcl9sb2NhbHxneDo0YTBhOTFlNTg3ZTU0NWEw\">FS2015-12.<\/a>Complement pensions per Maternitat.\n<a href=\"https:\/\/docs.google.com\/a\/ccoo.cat\/viewer?a=v&amp;pid=sites&amp;srcid=Y2Nvby5jYXR8ZnNjX3NlY3Rvcl9sb2NhbHxneDoyMWMyNzNjM2Y5MWQ3ZWM3\">FS2015-11.<\/a>Drets treballadors\/es Eleccions Generals 20D.\n<a href=\"https:\/\/docs.google.com\/a\/ccoo.cat\/viewer?a=v&amp;pid=sites&amp;srcid=Y2Nvby5jYXR8ZnNjX3NlY3Rvcl9sb2NhbHxneDo2ZTdlN2Q5ZmY2MjM0M2Qz\">FS2015-10.<\/a>Canvis legislatius.\n<a href=\"https:\/\/docs.google.com\/a\/ccoo.cat\/viewer?a=v&amp;pid=sites&amp;srcid=Y2Nvby5jYXR8ZnNjX3NlY3Rvcl9sb2NhbHxneDozNGJmNGI1OTllZTVjMzFi\">FS2015-09.<\/a>Recuperaci\u00f3 paga extra, AP i dies addicionals VAC.\n<a href=\"https:\/\/docs.google.com\/a\/ccoo.cat\/viewer?a=v&amp;pid=sites&amp;srcid=Y2Nvby5jYXR8ZnNjX3NlY3Rvcl9sb2NhbHxneDozZWRlYmQ0ODViNjg5Yzgy\">FS2015-08.<\/a>Drets dels treballadors\/es a participar eleccions auton\u00f2miques.\n<a href=\"https:\/\/docs.google.com\/a\/ccoo.cat\/viewer?a=v&amp;pid=sites&amp;srcid=Y2Nvby5jYXR8ZnNjX3NlY3Rvcl9sb2NhbHxneDoxOTI4NmE3YTdhNzkzMGE5\">FS2015-07.<\/a>Repercussions projecte llei PGE 2016.\n<a href=\"https:\/\/docs.google.com\/a\/ccoo.cat\/viewer?a=v&amp;pid=sites&amp;srcid=Y2Nvby5jYXR8ZnNjX3NlY3Rvcl9sb2NhbHxneDo2YTNkNzkzZTIwNjhmYjMy\">FS2015-06.<\/a>Modificacions EBEP, ET i LPGE 2015.\n<a href=\"https:\/\/docs.google.com\/a\/ccoo.cat\/viewer?a=v&amp;pid=sites&amp;srcid=Y2Nvby5jYXR8ZnNjX3NlY3Rvcl9sb2NhbHxneDo2YTNkNzkzZTIwNjhmYjMy\">FS2015-05.<\/a>Calendari laboral 2016.\n<a href=\"https:\/\/docs.google.com\/a\/ccoo.cat\/viewer?a=v&amp;pid=sites&amp;srcid=Y2Nvby5jYXR8ZnNjX3NlY3Rvcl9sb2NhbHxneDoxNDAxZDc1YzAzOGVjNDRl\">FS2015-04.<\/a>\u00d2rgans Representaci\u00f3 i Negociaci\u00f3 AAPP.\n<a href=\"http:\/\/portaldogc.gencat.cat\/utilsEADOP\/PDF\/6868\/1423832.pdf\">FS2015-03.<\/a>Drets participaci\u00f3 Eleccions Municipals.\n<a href=\"https:\/\/docs.google.com\/a\/ccoo.cat\/viewer?a=v&amp;pid=sites&amp;srcid=Y2Nvby5jYXR8ZnNjX3NlY3Rvcl9sb2NhbHxneDo2ZTdkNjM5YWZmMGQxYzU2\">FS2015-02.<\/a>Seguretat Social part meritada paga extra 2012.\n<a href=\"https:\/\/docs.google.com\/a\/ccoo.cat\/viewer?a=v&amp;pid=sites&amp;srcid=Y2Nvby5jYXR8ZnNjX3NlY3Rvcl9sb2NhbHxneDpjOTQ2NDQyMzVjN2JmZGU\">FS2015-01.<\/a>Llei General Pressupostos Estat 2015.<\/pre>\n<h2><strong>2014<\/strong><\/h2>\n<pre><a href=\"https:\/\/docs.google.com\/a\/ccoo.cat\/viewer?a=v&amp;pid=sites&amp;srcid=Y2Nvby5jYXR8ZnNjX3NlY3Rvcl9sb2NhbHxneDo1NGQ3OTVlYTVmOGE1NTE3\">FS2014-06.<\/a>Avantprojecte LGPE 2015.\n<a href=\"https:\/\/docs.google.com\/a\/ccoo.cat\/viewer?a=v&amp;pid=sites&amp;srcid=Y2Nvby5jYXR8ZnNjX3NlY3Rvcl9sb2NhbHxneDoxOTFkYjkxMDk4YWYwMGM5\">FS2014-04.<\/a>Modificacions Llei Racionalitzaci\u00f3 Sector P\u00fablic.\n<a href=\"https:\/\/docs.google.com\/a\/ccoo.cat\/viewer?a=v&amp;pid=sites&amp;srcid=Y2Nvby5jYXR8ZnNjX3NlY3Rvcl9sb2NhbHxneDoxYThiZmI3MDg1NTFkYjU5\">FS2014-03.<\/a>Drets participaci\u00f3 eleccions europees.\n<a href=\"https:\/\/docs.google.com\/a\/ccoo.cat\/viewer?a=v&amp;pid=sites&amp;srcid=Y2Nvby5jYXR8ZnNjX3NlY3Rvcl9sb2NhbHxneDo2YWRjYmU4Yjg4ZGY4MmY1\">FS2014-02.<\/a>Calendari Laboral 2015.\n<a href=\"https:\/\/docs.google.com\/a\/ccoo.cat\/viewer?a=v&amp;pid=sites&amp;srcid=Y2Nvby5jYXR8ZnNjX3NlY3Rvcl9sb2NhbHxneDo3ODNhMzEwYTY1NGQxYzZj\">FS2014-01.<\/a>Resum canvis reforma local estatal.<\/pre>\n<h2><strong>2013<\/strong><\/h2>\n<pre><a href=\"https:\/\/docs.google.com\/a\/ccoo.cat\/viewer?a=v&amp;pid=sites&amp;srcid=Y2Nvby5jYXR8ZnNjX3NlY3Rvcl9sb2NhbHxneDo3MmE1OGM3YmM1MWJmZjYw\">FS2013-06.<\/a>Meritaci\u00f3 pagues extraordin\u00e0ries.\n<a href=\"https:\/\/docs.google.com\/a\/ccoo.cat\/viewer?a=v&amp;pid=sites&amp;srcid=Y2Nvby5jYXR8ZnNjX3NlY3Rvcl9sb2NhbHxneDo0OGZiYWNjMmZjYzY5ZWUw\">FS2013-05.<\/a>Projecte Reforma local Estatal.\n<a href=\"https:\/\/docs.google.com\/a\/ccoo.cat\/viewer?a=v&amp;pid=sites&amp;srcid=Y2Nvby5jYXR8ZnNjX3NlY3Rvcl9sb2NhbHxneDozMDUyMzRjYzAzNTZkYjAy\">FS2013-04.<\/a>Calendari Laboral\u00a0 2014.\n<a href=\"https:\/\/docs.google.com\/a\/ccoo.cat\/viewer?a=v&amp;pid=sites&amp;srcid=Y2Nvby5jYXR8ZnNjX3NlY3Rvcl9sb2NhbHxneDo0MzUxZGIwNDcxOWIxZGVk\">FS2013-03.<\/a>Jubilacions.\n<a href=\"https:\/\/docs.google.com\/a\/ccoo.cat\/viewer?a=v&amp;pid=sites&amp;srcid=Y2Nvby5jYXR8ZnNjX3NlY3Rvcl9sb2NhbHxneDo3ZWEyMjA4YjJhYzJlZWE3\">FS2013-02.<\/a>Futura llei de Governs Locals de Catalunya.\n<a href=\"https:\/\/docs.google.com\/a\/ccoo.cat\/viewer?a=v&amp;pid=sites&amp;srcid=Y2Nvby5jYXR8ZnNjX3NlY3Rvcl9sb2NhbHxneDo2M2JjNmJkZTQwMDU5ZTE4\">FS2013-01.<\/a>Avantprojecte reforma estatal d'administracions locals.<\/pre>\n<\/div>\n<\/div>\n<\/div>\n<\/div>\n<\/div>\n<\/div>\n","protected":false},"excerpt":{"rendered":"<p>2023 FSC23-09.Efectes laborals de la regulaci\u00f3 de protecci\u00f3 de dades personals i garanties dels drets digitals FSC23-08.Nova eina sindical: informe sobre digitalitzaci\u00f3 de les administracions p\u00fabliques FSC23-07.Representativitat a les administracions &#8230; <a title=\"\" class=\"read-more\" href=\"https:\/\/ccoo.app\/fsc-administracio-local\/fitxes-sindicals\/\" aria-label=\"Leer m\u00e1s sobre \">Leer m\u00e1s<\/a><\/p>\n","protected":false},"author":4519,"featured_media":0,"parent":0,"menu_order":0,"comment_status":"closed","ping_status":"closed","template":"","meta":{"footnotes":""},"class_list":["post-519","page","type-page","status-publish"],"_links":{"self":[{"href":"https:\/\/ccoo.app\/fsc-administracio-local\/wp-json\/wp\/v2\/pages\/519","targetHints":{"allow":["GET"]}}],"collection":[{"href":"https:\/\/ccoo.app\/fsc-administracio-local\/wp-json\/wp\/v2\/pages"}],"about":[{"href":"https:\/\/ccoo.app\/fsc-administracio-local\/wp-json\/wp\/v2\/types\/page"}],"author":[{"embeddable":true,"href":"https:\/\/ccoo.app\/fsc-administracio-local\/wp-json\/wp\/v2\/users\/4519"}],"replies":[{"embeddable":true,"href":"https:\/\/ccoo.app\/fsc-administracio-local\/wp-json\/wp\/v2\/comments?post=519"}],"version-history":[{"count":3,"href":"https:\/\/ccoo.app\/fsc-administracio-local\/wp-json\/wp\/v2\/pages\/519\/revisions"}],"predecessor-version":[{"id":4736,"href":"https:\/\/ccoo.app\/fsc-administracio-local\/wp-json\/wp\/v2\/pages\/519\/revisions\/4736"}],"wp:attachment":[{"href":"https:\/\/ccoo.app\/fsc-administracio-local\/wp-json\/wp\/v2\/media?parent=519"}],"curies":[{"name":"wp","href":"https:\/\/api.w.org\/{rel}","templated":true}]}}