{"id":4449,"date":"2024-04-16T13:35:16","date_gmt":"2024-04-16T11:35:16","guid":{"rendered":"https:\/\/ccoo.app\/fsc-administracio-local\/?page_id=4449"},"modified":"2024-04-16T13:49:56","modified_gmt":"2024-04-16T11:49:56","slug":"dones-2","status":"publish","type":"page","link":"https:\/\/ccoo.app\/fsc-administracio-local\/dones-2\/","title":{"rendered":"Dones"},"content":{"rendered":"\n<p>Al 12\u00e8 Congr\u00e8s de CCOO de Catalunya ens vam declarar <strong>sindicat feminista<\/strong>, de dones i homes. Comissions Obreres volem fer del feminisme el motor necessari per la construcci\u00f3 d\u2019un m\u00f3n m\u00e9s just, igualitari i lliure de viol\u00e8ncies, a la feina i a tot arreu. El sindicat es compromet a defensar la igualtat d\u2019oportunitats entre dones i homes, a treballar per eliminar qualsevol tipus de discriminaci\u00f3, directa o indirecta, per ra\u00f3 de g\u00e8nere en l\u2019\u00e0mbit laboral i a avan\u00e7ar cap a la paritat en els \u00f2rgans de direcci\u00f3.<\/p>\n\n\n\n<div class=\"wp-block-columns is-layout-flex wp-container-core-columns-is-layout-9d6595d7 wp-block-columns-is-layout-flex\">\n<div class=\"wp-block-column is-layout-flow wp-block-column-is-layout-flow\">\n<h2 class=\"wp-block-heading\"><strong>Guies<\/strong><\/h2>\n\n\n\n<div style=\"height:25px\" aria-hidden=\"true\" class=\"wp-block-spacer\"><\/div>\n\n\n\n<ul class=\"wp-block-list\">\n<li style=\"text-decoration:underline\" class=\"has-medium-font-size\"><a href=\"https:\/\/www.ccoo.cat\/noticies\/portes-violetes\/\" class=\"ek-link\"><strong>Portes violetes<\/strong><\/a><\/li>\n\n\n\n<li style=\"text-decoration:underline\" class=\"has-medium-font-size\"><a href=\"https:\/\/www.ccoo.cat\/noticies\/plans-digualtat-a-les-empreses\/\" class=\"ek-link\"><strong>Guia sobre plans d\u2019igualtat a les empreses<\/strong><\/a><\/li>\n<\/ul>\n\n\n\n<div style=\"height:25px\" aria-hidden=\"true\" class=\"wp-block-spacer\"><\/div>\n\n\n\n<h2 class=\"wp-block-heading\"><strong>Revistes violetes<\/strong><\/h2>\n\n\n\n<div style=\"height:22px\" aria-hidden=\"true\" class=\"wp-block-spacer\"><\/div>\n<\/div>\n<\/div>\n\n\n<div class=\"gb-container gb-container-274aca60\">\n\n<div class=\"wp-block-columns is-layout-flex wp-container-core-columns-is-layout-9d6595d7 wp-block-columns-is-layout-flex\">\n<div class=\"wp-block-column is-vertically-aligned-center is-layout-flow wp-block-column-is-layout-flow\"><div class=\"gb-container gb-container-1641aeeb\">\n\n<h2 class=\"wp-block-heading has-text-align-center\"><a href=\"https:\/\/www.ccoo.cat\/publicacions\/?_sft_collection=treballadora\" target=\"_blank\" aria-label=\" (opens in a new tab)\" rel=\"noreferrer noopener\" class=\"ek-link\">Revista Treballadora<\/a><\/h2>\n\n<\/div><\/div>\n\n\n\n<div class=\"wp-block-column is-layout-flow wp-block-column-is-layout-flow\"><div class=\"gb-container gb-container-749f61f6\">\n\n<h2 class=\"wp-block-heading has-text-align-center\"><a aria-label=\" (opens in a new tab)\" href=\"https:\/\/www.ccoo.es\/Publicaciones%C2%B7y_documentos\/Publicaciones_de_las_secretar%C3%ADas\/Mujeres_e_Igualdad\/Revista_Trabajadora\" target=\"_blank\" rel=\"noreferrer noopener\" class=\"ek-link\">Revista Trabajadora<\/a><\/h2>\n\n<\/div><\/div>\n<\/div>\n\n<\/div>\n\n\n<div style=\"height:41px\" aria-hidden=\"true\" class=\"wp-block-spacer\"><\/div>\n\n\n\n<h2 class=\"wp-block-heading\"><strong>\u00daltimes not\u00edcies <\/strong><\/h2>\n\n\n<ul class=\"wp-block-latest-posts__list is-grid columns-3 has-dates wp-block-latest-posts\"><li><div class=\"wp-block-latest-posts__featured-image aligncenter\"><img loading=\"lazy\" decoding=\"async\" width=\"150\" height=\"150\" src=\"https:\/\/ccoo.app\/fsc-administracio-local\/wp-content\/blogs.dir\/6\/files\/sites\/219\/2025\/10\/Mare-i-nado-150x150.jpg\" class=\"attachment-thumbnail size-thumbnail wp-post-image\" alt=\"\" style=\"\" \/><\/div><a class=\"wp-block-latest-posts__post-title\" href=\"https:\/\/ccoo.app\/fsc-administracio-local\/fitxa-dones-igualtat-1-nous-permisos-de-naixement-i-per-adopcio-guarda-o-acolliment\/\">Fitxa Dones\/Igualtat 1. Nous permisos de naixement i per adopci\u00f3, guarda o acolliment.<\/a><time datetime=\"2025-10-08T14:50:35+02:00\" class=\"wp-block-latest-posts__post-date\">8 de octubre de 2025<\/time><\/li>\n<li><div class=\"wp-block-latest-posts__featured-image aligncenter\"><img loading=\"lazy\" decoding=\"async\" width=\"150\" height=\"150\" src=\"https:\/\/ccoo.app\/fsc-administracio-local\/wp-content\/blogs.dir\/6\/files\/sites\/219\/2024\/11\/unnamed-150x150.png\" class=\"attachment-thumbnail size-thumbnail wp-post-image\" alt=\"\" style=\"\" srcset=\"https:\/\/ccoo.app\/fsc-administracio-local\/wp-content\/blogs.dir\/6\/files\/sites\/219\/2024\/11\/unnamed-150x150.png 150w, https:\/\/ccoo.app\/fsc-administracio-local\/wp-content\/blogs.dir\/6\/files\/sites\/219\/2024\/11\/unnamed-300x300.png 300w, https:\/\/ccoo.app\/fsc-administracio-local\/wp-content\/blogs.dir\/6\/files\/sites\/219\/2024\/11\/unnamed-1024x1024.png 1024w, https:\/\/ccoo.app\/fsc-administracio-local\/wp-content\/blogs.dir\/6\/files\/sites\/219\/2024\/11\/unnamed-768x768.png 768w, https:\/\/ccoo.app\/fsc-administracio-local\/wp-content\/blogs.dir\/6\/files\/sites\/219\/2024\/11\/unnamed.png 1080w\" sizes=\"auto, (max-width: 150px) 100vw, 150px\" \/><\/div><a class=\"wp-block-latest-posts__post-title\" href=\"https:\/\/ccoo.app\/fsc-administracio-local\/25n-dia-internacional-per-a-leliminacio-de-la-violencia-envers-les-dones\/\">25N Dia internacional per a l&#8217;Eliminaci\u00f3 de la Viol\u00e8ncia envers les Dones<\/a><time datetime=\"2024-11-18T13:36:06+01:00\" class=\"wp-block-latest-posts__post-date\">18 de noviembre de 2024<\/time><\/li>\n<li><div class=\"wp-block-latest-posts__featured-image aligncenter\"><img loading=\"lazy\" decoding=\"async\" width=\"150\" height=\"150\" src=\"https:\/\/ccoo.app\/fsc-administracio-local\/wp-content\/blogs.dir\/6\/files\/sites\/219\/2024\/05\/pantalla-16-9-8m2024-1536x864-1-150x150.jpg\" class=\"attachment-thumbnail size-thumbnail wp-post-image\" alt=\"\" style=\"\" \/><\/div><a class=\"wp-block-latest-posts__post-title\" href=\"https:\/\/ccoo.app\/fsc-administracio-local\/8m-amb-la-corresponsabilitat-tothom-hi-guanya\/\">8M &#8211; Amb la corresponsabilitat tothom hi guanya!<\/a><time datetime=\"2024-05-03T11:08:26+02:00\" class=\"wp-block-latest-posts__post-date\">3 de mayo de 2024<\/time><\/li>\n<li><div class=\"wp-block-latest-posts__featured-image aligncenter\"><img loading=\"lazy\" decoding=\"async\" width=\"150\" height=\"150\" src=\"https:\/\/ccoo.app\/fsc-administracio-local\/wp-content\/blogs.dir\/6\/files\/sites\/219\/2023\/11\/baner-25n-eliminacio-violencia-envers-dones-2023-150x150.jpg\" class=\"attachment-thumbnail size-thumbnail wp-post-image\" alt=\"\" style=\"\" \/><\/div><a class=\"wp-block-latest-posts__post-title\" href=\"https:\/\/ccoo.app\/fsc-administracio-local\/25n-ccoo\/\">AMB MOTIU DEL 25N, DIA INTERNACIONAL PER A L\u2019ELIMINACI\u00d3 DE LES VIOL\u00c8NCIES CONTRA LES DONES, CELEBREM LA JORNADA EXPLIQUEM-HO<\/a><time datetime=\"2023-11-23T10:26:00+01:00\" class=\"wp-block-latest-posts__post-date\">23 de noviembre de 2023<\/time><\/li>\n<li><div class=\"wp-block-latest-posts__featured-image aligncenter\"><img loading=\"lazy\" decoding=\"async\" width=\"150\" height=\"150\" src=\"https:\/\/ccoo.app\/fsc-administracio-local\/wp-content\/blogs.dir\/6\/files\/sites\/219\/2023\/06\/a-la-feina-amb-orgull-150x150.jpg\" class=\"attachment-thumbnail size-thumbnail wp-post-image\" alt=\"\" style=\"\" \/><\/div><a class=\"wp-block-latest-posts__post-title\" href=\"https:\/\/ccoo.app\/fsc-administracio-local\/dia-orgull-lgtbi-2023\/\">28 DE JUNY DIA INTERNACIONAL DE L&#8217;ORGULL LGTBI+<\/a><time datetime=\"2023-06-22T10:44:42+02:00\" class=\"wp-block-latest-posts__post-date\">22 de junio de 2023<\/time><\/li>\n<\/ul>","protected":false},"excerpt":{"rendered":"<p>Al 12\u00e8 Congr\u00e8s de CCOO de Catalunya ens vam declarar sindicat feminista, de dones i homes. Comissions Obreres volem fer del feminisme el motor necessari per la construcci\u00f3 d\u2019un m\u00f3n &#8230; <a title=\"Dones\" class=\"read-more\" href=\"https:\/\/ccoo.app\/fsc-administracio-local\/dones-2\/\" aria-label=\"Leer m\u00e1s sobre Dones\">Leer m\u00e1s<\/a><\/p>\n","protected":false},"author":4519,"featured_media":4452,"parent":0,"menu_order":0,"comment_status":"closed","ping_status":"closed","template":"","meta":{"footnotes":""},"class_list":["post-4449","page","type-page","status-publish","has-post-thumbnail"],"_links":{"self":[{"href":"https:\/\/ccoo.app\/fsc-administracio-local\/wp-json\/wp\/v2\/pages\/4449","targetHints":{"allow":["GET"]}}],"collection":[{"href":"https:\/\/ccoo.app\/fsc-administracio-local\/wp-json\/wp\/v2\/pages"}],"about":[{"href":"https:\/\/ccoo.app\/fsc-administracio-local\/wp-json\/wp\/v2\/types\/page"}],"author":[{"embeddable":true,"href":"https:\/\/ccoo.app\/fsc-administracio-local\/wp-json\/wp\/v2\/users\/4519"}],"replies":[{"embeddable":true,"href":"https:\/\/ccoo.app\/fsc-administracio-local\/wp-json\/wp\/v2\/comments?post=4449"}],"version-history":[{"count":3,"href":"https:\/\/ccoo.app\/fsc-administracio-local\/wp-json\/wp\/v2\/pages\/4449\/revisions"}],"predecessor-version":[{"id":4466,"href":"https:\/\/ccoo.app\/fsc-administracio-local\/wp-json\/wp\/v2\/pages\/4449\/revisions\/4466"}],"wp:featuredmedia":[{"embeddable":true,"href":"https:\/\/ccoo.app\/fsc-administracio-local\/wp-json\/wp\/v2\/media\/4452"}],"wp:attachment":[{"href":"https:\/\/ccoo.app\/fsc-administracio-local\/wp-json\/wp\/v2\/media?parent=4449"}],"curies":[{"name":"wp","href":"https:\/\/api.w.org\/{rel}","templated":true}]}}