{"id":3034,"date":"2023-02-24T11:26:50","date_gmt":"2023-02-24T10:26:50","guid":{"rendered":"https:\/\/fsc-local.ccoo.cat\/?page_id=3034"},"modified":"2024-04-16T16:52:30","modified_gmt":"2024-04-16T14:52:30","slug":"qui-som","status":"publish","type":"page","link":"https:\/\/ccoo.app\/fsc-administracio-local\/qui-som\/","title":{"rendered":"Qui som el Sector de l&#8217;Administraci\u00f3 Local (SAL) ?Com estem organitzats ?"},"content":{"rendered":"\n<p>El Sector de l\u2019Administraci\u00f3 Local (SAL) forma part de la FSC, la qual representa entorn a 32.000 treballadors i treballadores i a m\u00e9s de 6.000 delegades i delegats escollits sota les sigles de CCOO. Sota el paraigua de <strong>la FSC, s&#8217;organitza fins a 13 Sectors <\/strong>productius amb diferents problem\u00e0tiques professionals per\u00f2 amb un element com\u00fa: el servei a la ciutadania.<br><\/p>\n\n\n\n<h2 class=\"wp-block-heading\"><strong>Sectors<\/strong><\/h2>\n\n\n\n<p>Els Sectors s\u00f3n estructures que <strong>agrupen i articulen l&#8217;organitzaci\u00f3 <\/strong>dels treballadors i treballadores professionalment pertanyents a empreses, administracions i\/o organismes <strong>del mateix sector d&#8217;activitat<\/strong>.<\/p>\n\n\n\n<p><strong>S\u00f3n estructures<\/strong> per a l&#8217;acci\u00f3 sindical que canalitzen <strong>la seva actuaci\u00f3 en el territori a trav\u00e9s de les organitzacions territorials federals<\/strong> amb les quals mant\u00e9 una coordinaci\u00f3.<\/p>\n\n\n\n<h2 class=\"wp-block-heading\"><strong>Agrupacions<\/strong><\/h2>\n\n\n\n<p>Dins dels Sectors, trobem tamb\u00e9 les Agrupacions, les quals, organitzen a determinats col\u00b7lectius professionals molt espec\u00edfics. Per exemple, dins del SAL, est\u00e0 constitu\u00eft l&#8217;Agrupaci\u00f3 de Policies Locals (APL).<\/p>\n\n\n\n<h2 class=\"wp-block-heading\"><strong>Organitzacions territorials<\/strong><\/h2>\n\n\n\n<div style=\"height:30px\" aria-hidden=\"true\" class=\"wp-block-spacer\"><\/div>\n\n\n\n<figure class=\"wp-block-image size-large is-resized\"><img loading=\"lazy\" decoding=\"async\" width=\"1024\" height=\"141\" src=\"https:\/\/ccoo.app\/fsc-administracio-local\/wp-content\/blogs.dir\/6\/files\/sites\/219\/2024\/02\/ad-1024x141.png\" alt=\"\" class=\"wp-image-4331\" style=\"width:960px;height:auto\" srcset=\"https:\/\/ccoo.app\/fsc-administracio-local\/wp-content\/blogs.dir\/6\/files\/sites\/219\/2024\/02\/ad-1024x141.png 1024w, https:\/\/ccoo.app\/fsc-administracio-local\/wp-content\/blogs.dir\/6\/files\/sites\/219\/2024\/02\/ad-300x41.png 300w, https:\/\/ccoo.app\/fsc-administracio-local\/wp-content\/blogs.dir\/6\/files\/sites\/219\/2024\/02\/ad-768x106.png 768w, https:\/\/ccoo.app\/fsc-administracio-local\/wp-content\/blogs.dir\/6\/files\/sites\/219\/2024\/02\/ad.png 1052w\" sizes=\"auto, (max-width: 1024px) 100vw, 1024px\" \/><\/figure>\n\n\n\n<p>L&#8217;organitzaci\u00f3 territorial \u00e9s la representaci\u00f3 de la FSC en el territori. Els sindicats comarcals i intercomarcals integran totes les seccions sindicals d&#8217;empresa del seu \u00e0mbit territorial:<\/p>\n\n\n\n<h2 class=\"wp-block-heading\"><strong>\u00d2rgans de Direcci\u00f3 del SAL i la seva composici\u00f3<\/strong><\/h2>\n\n\n\n<p>El <em>Sector de l\u2019Administraci\u00f3 Local<\/em> agrupa i <strong>articula l\u2019organitzaci\u00f3 de les persones treballadores de les administracions p\u00fabliques locals<\/strong> i el seu Sector P\u00fablic. Com hem dit abans, inclou tamb\u00e9 <em>l\u2019Agrupaci\u00f3 de Policia Loca<\/em>l de CCOO.<\/p>\n\n\n\n<p>La direcci\u00f3 del Sector de l\u2019Administraci\u00f3 Local de Catalunya (SAL) es compon per:<\/p>\n\n\n\n<ul class=\"wp-block-list\">\n<li>Un \u00d2rgan de Coordinaci\u00f3 (inclou persona Coordinadora i de l\u2019APL)<\/li>\n\n\n\n<li>Un Plenari<\/li>\n<\/ul>\n\n\n\n<p>Totes les persones, a tots els nivells de l\u2019organitzaci\u00f3, s\u00f3n <strong>escollides democr\u00e0ticament<\/strong> complint amb els estatuts del sindicat.<\/p>\n\n\n\n<h2 class=\"wp-block-heading\"><strong>\u00d2rgan de Coordinaci\u00f3<\/strong><\/h2>\n\n\n\n<p>Es reuneix de manera ordin\u00e0ria mensualment.<\/p>\n\n\n\n<p>Els objectius de <em>l\u2019\u00d2rgan de Coordinaci\u00f3<\/em> \u00e9s establir les <strong>directrius i orientacions necess\u00e0ries per a la negociaci\u00f3 col\u00b7lectiva a les administracions locals coordinant les l\u00ednies d\u2019actuaci\u00f3<\/strong> de CCOO a Catalunya.<\/p>\n\n\n\n<p>A cada \u201c<em>Organitzaci\u00f3 territorial<\/em>\u201d (veure apartat anterior) hi treballen la majoria dels membres de <em>l\u2019\u00d2rgan de Coordinaci\u00f3<\/em> com a responsables de canalitzar l\u2019acci\u00f3 sindical del SAL fent difusi\u00f3 entre els delegats i delegades de les seves comarques.<\/p>\n\n\n\n<h2 class=\"wp-block-heading\"><strong>Plenari Sectorial<\/strong><\/h2>\n\n\n\n<p>Es reuneix de manera ordin\u00e0ria quadrimestralment.<\/p>\n\n\n\n<p>\u00c9s el m\u00e0xim \u00d2rgan de direcci\u00f3 sectorial entre congressos. Est\u00e0 compost per l\u2019\u00d2rgan de Coordinaci\u00f3, les persones responsables sectorial escollits per les comissions executives dels sindicats intercomarcals de la FSC-CCOO de Catalunya i persones de les seccions sindicals amb m\u00e9s representativitat a Catalunya.<\/p>\n\n\n\n<p>Tenint en compte l\u2019anterior, el nombre de persones a cada territori al <em>Plenari <\/em>\u00e9s la seg\u00fcent:<\/p>\n\n\n\n<figure class=\"wp-block-table is-style-stripes\"><table><tbody><tr><td><strong>Barcelon\u00e8s<\/strong>   <\/td><td>8<\/td><\/tr><tr><td><strong>Baix Llobregat-Alt Pened\u00e8s-Anoia-Garraf. BLLAPAG<\/strong><\/td><td>4<\/td><\/tr><tr><td><strong>Vall\u00e8s Occidental-Catalunya Central<\/strong> &nbsp;<\/td><td>4<\/td><\/tr><tr><td><strong>Vall\u00e8s Oriental \u2013 Maresme \u2013 Osona. Vormaros<\/strong> <\/td><td>3<\/td><\/tr><tr><td><strong>Comarques Gironines<\/strong><\/td><td>2<\/td><\/tr><tr><td><strong>Tarragona&nbsp;&nbsp;&nbsp;<\/strong><\/td><td>2<\/td><\/tr><tr><td><strong>Terres de Lleida &nbsp;&nbsp;<\/strong><\/td><td>2<\/td><\/tr><\/tbody><\/table><\/figure>\n\n\n\n<p><strong>Aquests \u00f2rgans conformen la primera xarxa sindical del pa\u00eds interconnectant milers de delegats i delegades de CCOO. Aix\u00f2 suposa una capacitat d\u2019intercanvi d\u2019informaci\u00f3 i de coneixement que enforteix la nostra acci\u00f3 sindical als ens locals.<\/strong><\/p>\n\n\n\n<h2 class=\"wp-block-heading\"><strong>Com pots posar-te en contacte amb el SAL?<\/strong><\/h2>\n\n\n<div class=\"wp-block-image\">\n<figure class=\"aligncenter size-full\"><img loading=\"lazy\" decoding=\"async\" width=\"680\" height=\"382\" src=\"https:\/\/ccoo.app\/fsc-administracio-local\/wp-content\/blogs.dir\/6\/files\/sites\/219\/2024\/02\/SAL-edited.jpg\" alt=\"\" class=\"wp-image-4333\" srcset=\"https:\/\/ccoo.app\/fsc-administracio-local\/wp-content\/blogs.dir\/6\/files\/sites\/219\/2024\/02\/SAL-edited.jpg 680w, https:\/\/ccoo.app\/fsc-administracio-local\/wp-content\/blogs.dir\/6\/files\/sites\/219\/2024\/02\/SAL-edited-300x169.jpg 300w\" sizes=\"auto, (max-width: 680px) 100vw, 680px\" \/><\/figure>\n<\/div>\n\n\n<div class=\"wp-block-media-text has-media-on-the-right is-stacked-on-mobile\" style=\"grid-template-columns:auto 27%\"><div class=\"wp-block-media-text__content\">\n<p>Treballes a un ens local? Vols afiliar-te? Vols ser delegat o delegada de CCOO? O potser necessites assessorament o suport?<\/p>\n\n\n\n<ul class=\"wp-block-list\">\n<li>Enviar mail a <a href=\"mailto:sal@ccoo.cat\">sal@ccoo.cat<\/a><\/li>\n<\/ul>\n\n\n\n<ul class=\"wp-block-list\">\n<li>Dirigir-te a qualsevol local de CCOO a Catalunya sol\u00b7licitant ser at\u00e8s per una persona responsable del Sector de l\u2019Administraci\u00f3 Local<\/li>\n<\/ul>\n\n\n\n<ul class=\"wp-block-list\">\n<li>Posar-te en contacte amb la centraleta de CCOO Catalunya per tel\u00e8fon o amb un missatge per <a href=\"https:\/\/api.whatsapp.com\/send?phone=34689586414&amp;text=Hola%20CCOO!\"><strong><em>WhatApp<\/em><\/strong><\/a> <\/li>\n<\/ul>\n\n\n\n<ul class=\"wp-block-list\">\n<li><a href=\"https:\/\/www.ccoo.cat\/contacta\/\"><strong>https:\/\/www.ccoo.cat\/contacta\/<\/strong><\/a><\/li>\n<\/ul>\n<\/div><figure class=\"wp-block-media-text__media\"><img loading=\"lazy\" decoding=\"async\" width=\"658\" height=\"1007\" src=\"https:\/\/ccoo.app\/fsc-administracio-local\/wp-content\/blogs.dir\/6\/files\/sites\/219\/2024\/02\/telf-sal.jpg\" alt=\"\" class=\"wp-image-4334 size-full\" srcset=\"https:\/\/ccoo.app\/fsc-administracio-local\/wp-content\/blogs.dir\/6\/files\/sites\/219\/2024\/02\/telf-sal.jpg 658w, https:\/\/ccoo.app\/fsc-administracio-local\/wp-content\/blogs.dir\/6\/files\/sites\/219\/2024\/02\/telf-sal-196x300.jpg 196w\" sizes=\"auto, (max-width: 658px) 100vw, 658px\" \/><\/figure><\/div>\n\n\n\n<p><strong>A CCOO, organitzem la lluita per a millorar les condicions de treball i de vida de les persones treballadores dels ens local.<\/strong><strong><\/strong><\/p>\n\n\n\n<h2 class=\"wp-block-heading has-text-align-center\"><strong>SUMA\u2019T A LES PERSONES QUE NO ES RESIGNEN!<\/strong><\/h2>\n\n\n\n<h2 class=\"wp-block-heading has-text-align-center\"><strong>REIVIDIQUEM, LLUITEM, ARRIBEM A ACORDS!<\/strong><\/h2>\n","protected":false},"excerpt":{"rendered":"<p>El Sector de l\u2019Administraci\u00f3 Local (SAL) forma part de la FSC, la qual representa entorn a 32.000 treballadors i treballadores i a m\u00e9s de 6.000 delegades i delegats escollits sota &#8230; <a title=\"Qui som el Sector de l&#8217;Administraci\u00f3 Local (SAL) ?Com estem organitzats ?\" class=\"read-more\" href=\"https:\/\/ccoo.app\/fsc-administracio-local\/qui-som\/\" aria-label=\"Leer m\u00e1s sobre Qui som el Sector de l&#8217;Administraci\u00f3 Local (SAL) ?Com estem organitzats ?\">Leer m\u00e1s<\/a><\/p>\n","protected":false},"author":85552,"featured_media":0,"parent":0,"menu_order":0,"comment_status":"closed","ping_status":"closed","template":"","meta":{"footnotes":""},"class_list":["post-3034","page","type-page","status-publish"],"_links":{"self":[{"href":"https:\/\/ccoo.app\/fsc-administracio-local\/wp-json\/wp\/v2\/pages\/3034","targetHints":{"allow":["GET"]}}],"collection":[{"href":"https:\/\/ccoo.app\/fsc-administracio-local\/wp-json\/wp\/v2\/pages"}],"about":[{"href":"https:\/\/ccoo.app\/fsc-administracio-local\/wp-json\/wp\/v2\/types\/page"}],"author":[{"embeddable":true,"href":"https:\/\/ccoo.app\/fsc-administracio-local\/wp-json\/wp\/v2\/users\/85552"}],"replies":[{"embeddable":true,"href":"https:\/\/ccoo.app\/fsc-administracio-local\/wp-json\/wp\/v2\/comments?post=3034"}],"version-history":[{"count":4,"href":"https:\/\/ccoo.app\/fsc-administracio-local\/wp-json\/wp\/v2\/pages\/3034\/revisions"}],"predecessor-version":[{"id":4474,"href":"https:\/\/ccoo.app\/fsc-administracio-local\/wp-json\/wp\/v2\/pages\/3034\/revisions\/4474"}],"wp:attachment":[{"href":"https:\/\/ccoo.app\/fsc-administracio-local\/wp-json\/wp\/v2\/media?parent=3034"}],"curies":[{"name":"wp","href":"https:\/\/api.w.org\/{rel}","templated":true}]}}