{"id":2892,"date":"2023-02-06T10:47:57","date_gmt":"2023-02-06T09:47:57","guid":{"rendered":"https:\/\/fsc-local.ccoo.cat\/?page_id=2892"},"modified":"2023-02-06T10:47:57","modified_gmt":"2023-02-06T09:47:57","slug":"increments-economics","status":"publish","type":"page","link":"https:\/\/ccoo.app\/fsc-administracio-local\/increments-economics\/","title":{"rendered":"INCREMENTS ECON\u00d2MICS"},"content":{"rendered":"\n<h2 class=\"wp-block-heading\"><strong>PROPOSTES SINDICALS DE CCOO PEL PERSONAL&nbsp;<\/strong><strong>QUE TREBALLA A LES ADMINSTRACIONS LOCALS&nbsp;<\/strong><strong>(INCLOU SECTOR P\u00daBLIC*)<\/strong><\/h2>\n\n\n\n<h6 class=\"wp-block-heading\">*LPGE 2023&nbsp;<em>T\u00cdTULO III \u2013 CAP\u00cdTULO I De los gastos de personal al servicio del sector p\u00fablico. Art\u00edculo 19. Uno<\/em>.<\/h6>\n\n\n\n<figure class=\"wp-block-gallery aligncenter has-nested-images columns-default is-cropped wp-block-gallery-1 is-layout-flex wp-block-gallery-is-layout-flex\">\n<figure class=\"wp-block-image size-large is-style-default\"><a href=\"https:\/\/fsc-local.ccoo.cat\/wp-content\/uploads\/sites\/110\/2023\/04\/6.-INCREMENTS-ECONOMICS-2.jpg\"><img loading=\"lazy\" decoding=\"async\" width=\"727\" height=\"1024\" data-id=\"3238\" src=\"https:\/\/fsc-local.ccoo.cat\/wp-content\/uploads\/sites\/110\/2023\/04\/6.-INCREMENTS-ECONOMICS-2-727x1024.jpg\" alt=\"\" class=\"wp-image-3238\" srcset=\"https:\/\/ccoo.app\/fsc-administracio-local\/wp-content\/blogs.dir\/6\/files\/sites\/219\/2023\/04\/6.-INCREMENTS-ECONOMICS-2-727x1024.jpg 727w, https:\/\/ccoo.app\/fsc-administracio-local\/wp-content\/blogs.dir\/6\/files\/sites\/219\/2023\/04\/6.-INCREMENTS-ECONOMICS-2-213x300.jpg 213w, https:\/\/ccoo.app\/fsc-administracio-local\/wp-content\/blogs.dir\/6\/files\/sites\/219\/2023\/04\/6.-INCREMENTS-ECONOMICS-2-768x1082.jpg 768w, https:\/\/ccoo.app\/fsc-administracio-local\/wp-content\/blogs.dir\/6\/files\/sites\/219\/2023\/04\/6.-INCREMENTS-ECONOMICS-2-1090x1536.jpg 1090w, https:\/\/ccoo.app\/fsc-administracio-local\/wp-content\/blogs.dir\/6\/files\/sites\/219\/2023\/04\/6.-INCREMENTS-ECONOMICS-2.jpg 1419w\" sizes=\"auto, (max-width: 727px) 100vw, 727px\" \/><\/a><\/figure>\n<figcaption class=\"blocks-gallery-caption wp-element-caption\"><span style=\"font-family: Lora, serif;font-size: 18px;text-align: start\">RESUM de totes les nostres propostes al Qr<\/span><\/figcaption><\/figure>\n\n\n\n<p>A m\u00e9s de l\u2019increment del 9,5 % incl\u00f2s a l\u2019Acord Marc estatal del 19 d\u2019octubre de 2022 assolit per a CCOO, proposem <a><\/a>treballar per aconseguir m\u00e9s millores salarials:<\/p>\n\n\n\n<ul class=\"wp-block-list\">\n<li>Exigir la modificaci\u00f3 de <em>Taules Retributives<\/em> per a cobrar de manera \u00edntegra les <strong>pagues extres i dels triennis retallats<\/strong> des del 2011 (article 26.seis.1 i 2 de la\u00a0 LPGE 2011)<\/li>\n<\/ul>\n\n\n\n<p><\/p>\n\n\n\n<p><strong>Taules retributives 2023<\/strong> &#8211;&gt;<\/p>\n\n\n<div class=\"wp-block-image\">\n<figure class=\"aligncenter size-full\"><img loading=\"lazy\" decoding=\"async\" width=\"641\" height=\"216\" src=\"https:\/\/fsc-local.ccoo.cat\/wp-content\/uploads\/sites\/110\/2023\/04\/image.png\" alt=\"\" class=\"wp-image-3284\" srcset=\"https:\/\/ccoo.app\/fsc-administracio-local\/wp-content\/blogs.dir\/6\/files\/sites\/219\/2023\/04\/image.png 641w, https:\/\/ccoo.app\/fsc-administracio-local\/wp-content\/blogs.dir\/6\/files\/sites\/219\/2023\/04\/image-300x101.png 300w\" sizes=\"auto, (max-width: 641px) 100vw, 641px\" \/><\/figure>\n<\/div>\n\n\n<div class=\"wp-block-columns is-layout-flex wp-container-core-columns-is-layout-9d6595d7 wp-block-columns-is-layout-flex\">\n<div class=\"wp-block-column is-layout-flow wp-block-column-is-layout-flow\" style=\"flex-basis:100%\"><\/div>\n<\/div>\n\n\n\n<ul class=\"wp-block-list\">\n<li>Incentivar la realitzaci\u00f3 de <strong><em>Valoracions de Llocs de Treball<\/em> <\/strong>per adequar les retribucions del personal a les funcions que realment es realitzen. Aix\u00f2 permet augments per sobre dels l\u00edmits de les lleis de Pressupostos anuals.<\/li>\n<\/ul>\n\n\n\n<ul class=\"wp-block-list\">\n<li>Implementaci\u00f3 d\u2019una <strong>Carrera Professional<\/strong> que garanteixi la progressi\u00f3 a tots els grups de classificaci\u00f3 (veure punt de Carrera).<\/li>\n<\/ul>\n\n\n\n<ul class=\"wp-block-list\">\n<li>Aconseguir que, a m\u00e9s dels increments salarials (diferents a les contraprestacions pel treballa), es pugui modificar les LPGE per a \u00a0realitzar aportacions suplement\u00e0ries per a \u201c<strong>Millores socials<\/strong>\u201d (ajuts per infants o familiars a c\u00e0rrec, despeses sanit\u00e0ries, per conciliaci\u00f3, cultural, esportives o d\u2019incentiu a la mobilitat sostenible. Tamb\u00e9 l\u2019administraci\u00f3 faci aportacions als Plans de Pensions dins de la Previsi\u00f3 Social Complement\u00e0ria.<\/li>\n<\/ul>\n    \t","protected":false},"excerpt":{"rendered":"<p>PROPOSTES SINDICALS DE CCOO PEL PERSONAL&nbsp;QUE TREBALLA A LES ADMINSTRACIONS LOCALS&nbsp;(INCLOU SECTOR P\u00daBLIC*) *LPGE 2023&nbsp;T\u00cdTULO III \u2013 CAP\u00cdTULO I De los gastos de personal al servicio del sector p\u00fablico. Art\u00edculo &#8230; <a title=\"INCREMENTS ECON\u00d2MICS\" class=\"read-more\" href=\"https:\/\/ccoo.app\/fsc-administracio-local\/increments-economics\/\" aria-label=\"Leer m\u00e1s sobre INCREMENTS ECON\u00d2MICS\">Leer m\u00e1s<\/a><\/p>\n","protected":false},"author":4519,"featured_media":0,"parent":0,"menu_order":0,"comment_status":"closed","ping_status":"closed","template":"","meta":{"footnotes":""},"class_list":["post-2892","page","type-page","status-publish"],"_links":{"self":[{"href":"https:\/\/ccoo.app\/fsc-administracio-local\/wp-json\/wp\/v2\/pages\/2892","targetHints":{"allow":["GET"]}}],"collection":[{"href":"https:\/\/ccoo.app\/fsc-administracio-local\/wp-json\/wp\/v2\/pages"}],"about":[{"href":"https:\/\/ccoo.app\/fsc-administracio-local\/wp-json\/wp\/v2\/types\/page"}],"author":[{"embeddable":true,"href":"https:\/\/ccoo.app\/fsc-administracio-local\/wp-json\/wp\/v2\/users\/4519"}],"replies":[{"embeddable":true,"href":"https:\/\/ccoo.app\/fsc-administracio-local\/wp-json\/wp\/v2\/comments?post=2892"}],"version-history":[{"count":0,"href":"https:\/\/ccoo.app\/fsc-administracio-local\/wp-json\/wp\/v2\/pages\/2892\/revisions"}],"wp:attachment":[{"href":"https:\/\/ccoo.app\/fsc-administracio-local\/wp-json\/wp\/v2\/media?parent=2892"}],"curies":[{"name":"wp","href":"https:\/\/api.w.org\/{rel}","templated":true}]}}