{"id":2888,"date":"2023-02-06T10:47:05","date_gmt":"2023-02-06T09:47:05","guid":{"rendered":"https:\/\/fsc-local.ccoo.cat\/?page_id=2888"},"modified":"2026-02-26T12:54:29","modified_gmt":"2026-02-26T11:54:29","slug":"35-hores","status":"publish","type":"page","link":"https:\/\/ccoo.app\/fsc-administracio-local\/35-hores\/","title":{"rendered":"35 HORES"},"content":{"rendered":"\n<div class=\"wp-block-media-text is-stacked-on-mobile\" style=\"grid-template-columns:39% auto\"><figure class=\"wp-block-media-text__media\"><img loading=\"lazy\" decoding=\"async\" width=\"1024\" height=\"555\" src=\"http:\/\/ccoo.app\/fsc-administracio-local\/wp-content\/blogs.dir\/6\/files\/sites\/219\/2026\/02\/banner-35h-1024x555.jpg\" alt=\"\" class=\"wp-image-8021 size-full\" srcset=\"https:\/\/ccoo.app\/fsc-administracio-local\/wp-content\/blogs.dir\/6\/files\/sites\/219\/2026\/02\/banner-35h-1024x555.jpg 1024w, https:\/\/ccoo.app\/fsc-administracio-local\/wp-content\/blogs.dir\/6\/files\/sites\/219\/2026\/02\/banner-35h-300x163.jpg 300w, https:\/\/ccoo.app\/fsc-administracio-local\/wp-content\/blogs.dir\/6\/files\/sites\/219\/2026\/02\/banner-35h-768x416.jpg 768w, https:\/\/ccoo.app\/fsc-administracio-local\/wp-content\/blogs.dir\/6\/files\/sites\/219\/2026\/02\/banner-35h-1536x832.jpg 1536w, https:\/\/ccoo.app\/fsc-administracio-local\/wp-content\/blogs.dir\/6\/files\/sites\/219\/2026\/02\/banner-35h.jpg 1600w\" sizes=\"auto, (max-width: 1024px) 100vw, 1024px\" \/><\/figure><div class=\"wp-block-media-text__content\">\n<p>El Sector de l\u2019Administraci\u00f3 Local (SAL) de la FSC de la&nbsp;<em>Comissi\u00f3 Obrera Nacional de Catalunya<\/em>&nbsp;iniciem una campanya per EXIGIR la implantaci\u00f3 de les 35 HORES A TOTES LES ADMINISTRACIONS LOCALS (incl\u00f3s el seu Sector P\u00fablic).<\/p>\n<\/div><\/div>\n\n\n\n<p>A l\u2019apartat segon de l\u2019<strong>Acord estatal<\/strong>&nbsp;anomenat \u201c<strong><em>Por una administraci\u00f3n p\u00fablica del siglo XXI<\/em><\/strong>\u201d (cliqueu&nbsp;<a href=\"https:\/\/fsc-local.ccoo.cat\/wp-content\/uploads\/sites\/110\/2022\/10\/ACORD-SALARIAL-SIGNAT.pdf\">aqu\u00ed<\/a>), s\u2019estableix que \u201c<em><strong>s\u2019eliminaran les limitacions actuals<\/strong>, previstes a la disposici\u00f3 addicional 144 de la Llei de Pressupostos Generals de l\u2019Estat per al 2018 perqu\u00e8, cada Administraci\u00f3 P\u00fablica, en l\u2019exercici de les seves compet\u00e8ncies d\u2019autoorganitzaci\u00f3, estableixi, pr\u00e8via negociaci\u00f3 col\u00b7lectiva a la taula o \u00f2rgan que correspongui, una jornada de 35 hores setmanals per al personal al seu servei i al del seu sector p\u00fablic institucional\u201d.<\/em><\/p>\n\n\n\n<p>Per tant aquest acord&nbsp;<strong>ens habilita a recuperar i NEGOCIAR JA<\/strong>&nbsp;, la jornada setmanal ordin\u00e0ria de 35 hores. CCOO ja ho estem&nbsp;<strong>demanant a totes les administraccions en el sentit que aquest tema s\u2019incorpori a l\u2019ordre del dia i es tracti a les reunions de Mesa General de Negociaci\u00f3.&nbsp;<\/strong><\/p>\n\n\n\n<p>A m\u00e9s, cal tenir en compte que el comprom\u00eds adquirit \u00e9s implantar de manera immediata la&nbsp;<strong>Jornada de 35 hores a l\u2019Administraci\u00f3 General de l\u2019Estat<\/strong>, sent aquesta una mesura molt important per al m\u00f3n local, ja que a l\u2019article 94 de la&nbsp;<em>Llei 7\/1985, de 2 d\u2019abril, reguladora de les bases del r\u00e8gim local<\/em>: \u201c<em>La&nbsp;<strong>jornada de treball dels funcionaris de l\u2019Administraci\u00f3 local \u00e9s en c\u00f2mput anual la mateixa que es fixa per als funcionaris de l\u2019Administraci\u00f3 civil de l\u2019Estat\u201d.<\/strong><\/em><\/p>\n\n\n\n<p>Per tant,&nbsp;<strong>la resoluci\u00f3 que es preveu que en breu es faci a l\u2019AGE en relaci\u00f3 a les 35 hores, establir\u00e0 tamb\u00e9 pels ens locals de Catalunya, una norma d\u2019obligat compliment.<\/strong><\/p>\n\n\n\n<p>En qualsevol cas, CCOO estarem molt pendents d\u2019all\u00f2 que els ens locals facin al respecte.&nbsp;<strong>Exigirem de manera immediata,<\/strong>&nbsp;mitja\u00e7ant la negociaci\u00f3 col\u00b7lectiva,&nbsp;<strong>l\u2019equiparaci\u00f3 amb l\u2019AGE<\/strong>, sense descartar la resta d\u2019eines sindicals que tenim al noste abast (el conflicte, judicialitzaci\u00f3, entre d\u2019altres) per a que s\u2019estableixi les 35 hores ja.<\/p>\n\n\n\n<p>El SAL de CCOO no ens resignem. Lluitem i lluitarem per a millorar les condicions de treball i de vida del personal que treballa a les administracions p\u00fablics locals.<\/p>\n\n\n\n<div class=\"wp-block-group is-content-justification-center is-nowrap is-layout-flex wp-container-core-group-is-layout-94bc23d7 wp-block-group-is-layout-flex\">\n<h2 class=\"wp-block-heading\">CCOO LLUITEM &#8211; ARRIBEM A ACORDS &#8211; MILLOREM CONDICIONS<\/h2>\n<\/div>\n\n\n\n<a class=\"gb-button gb-button-13b75e48 gb-button-text\" href=\"http:\/\/ccoo.app\/fsc-administracio-local\/wp-content\/blogs.dir\/6\/files\/sites\/219\/2026\/02\/3.-35-HORES.pdf\" target=\"_blank\" rel=\"noopener noreferrer\">Descarrega el cartell<\/a>\n\n\n\n<p><\/p>\n","protected":false},"excerpt":{"rendered":"<p>El Sector de l\u2019Administraci\u00f3 Local (SAL) de la FSC de la&nbsp;Comissi\u00f3 Obrera Nacional de Catalunya&nbsp;iniciem una campanya per EXIGIR la implantaci\u00f3 de les 35 HORES A TOTES LES ADMINISTRACIONS LOCALS &#8230; <a title=\"35 HORES\" class=\"read-more\" href=\"https:\/\/ccoo.app\/fsc-administracio-local\/35-hores\/\" aria-label=\"Leer m\u00e1s sobre 35 HORES\">Leer m\u00e1s<\/a><\/p>\n","protected":false},"author":4519,"featured_media":0,"parent":0,"menu_order":0,"comment_status":"closed","ping_status":"closed","template":"","meta":{"footnotes":""},"class_list":["post-2888","page","type-page","status-publish"],"_links":{"self":[{"href":"https:\/\/ccoo.app\/fsc-administracio-local\/wp-json\/wp\/v2\/pages\/2888","targetHints":{"allow":["GET"]}}],"collection":[{"href":"https:\/\/ccoo.app\/fsc-administracio-local\/wp-json\/wp\/v2\/pages"}],"about":[{"href":"https:\/\/ccoo.app\/fsc-administracio-local\/wp-json\/wp\/v2\/types\/page"}],"author":[{"embeddable":true,"href":"https:\/\/ccoo.app\/fsc-administracio-local\/wp-json\/wp\/v2\/users\/4519"}],"replies":[{"embeddable":true,"href":"https:\/\/ccoo.app\/fsc-administracio-local\/wp-json\/wp\/v2\/comments?post=2888"}],"version-history":[{"count":3,"href":"https:\/\/ccoo.app\/fsc-administracio-local\/wp-json\/wp\/v2\/pages\/2888\/revisions"}],"predecessor-version":[{"id":8026,"href":"https:\/\/ccoo.app\/fsc-administracio-local\/wp-json\/wp\/v2\/pages\/2888\/revisions\/8026"}],"wp:attachment":[{"href":"https:\/\/ccoo.app\/fsc-administracio-local\/wp-json\/wp\/v2\/media?parent=2888"}],"curies":[{"name":"wp","href":"https:\/\/api.w.org\/{rel}","templated":true}]}}