{"id":25,"date":"2020-02-13T13:17:50","date_gmt":"2020-02-13T18:17:50","guid":{"rendered":"https:\/\/gpsites.co\/read\/?page_id=25"},"modified":"2026-04-22T16:43:00","modified_gmt":"2026-04-22T14:43:00","slug":"home","status":"publish","type":"page","link":"https:\/\/ccoo.app\/fsc-administracio-local\/","title":{"rendered":"Inicio"},"content":{"rendered":"\n<div class=\"wp-block-cover alignfull is-light is-style-default\" style=\"min-height:338px;aspect-ratio:unset;\" id=\"http:\/\/ccoo.app\/fsc-administracio-local\/wp-content\/blogs.dir\/6\/files\/sites\/178\/2021\/01\/imagen-prueba-entradas.jpg\"><img loading=\"lazy\" decoding=\"async\" width=\"1358\" height=\"368\" class=\"wp-block-cover__image-background wp-image-4470\" alt=\"\" src=\"https:\/\/ccoo.app\/fsc-administracio-local\/wp-content\/blogs.dir\/6\/files\/sites\/219\/2024\/04\/portada-SAL_05.png\" data-object-fit=\"cover\" srcset=\"https:\/\/ccoo.app\/fsc-administracio-local\/wp-content\/blogs.dir\/6\/files\/sites\/219\/2024\/04\/portada-SAL_05.png 1358w, https:\/\/ccoo.app\/fsc-administracio-local\/wp-content\/blogs.dir\/6\/files\/sites\/219\/2024\/04\/portada-SAL_05-300x81.png 300w, https:\/\/ccoo.app\/fsc-administracio-local\/wp-content\/blogs.dir\/6\/files\/sites\/219\/2024\/04\/portada-SAL_05-1024x277.png 1024w, https:\/\/ccoo.app\/fsc-administracio-local\/wp-content\/blogs.dir\/6\/files\/sites\/219\/2024\/04\/portada-SAL_05-768x208.png 768w\" sizes=\"auto, (max-width: 1358px) 100vw, 1358px\" \/><span aria-hidden=\"true\" class=\"wp-block-cover__background has-background-dim-0 has-background-dim\" style=\"background-color:#ded8d8\"><\/span><div class=\"wp-block-cover__inner-container is-layout-flow wp-block-cover-is-layout-flow\">\n<p class=\"has-text-align-center has-large-font-size\"><\/p>\n<\/div><\/div>\n\n\n\n<div style=\"height:42px\" aria-hidden=\"true\" class=\"wp-block-spacer\"><\/div>\n\n\n\n<div class=\"wp-block-columns alignfull are-vertically-aligned-top has-base-background-color has-background is-layout-flex wp-container-core-columns-is-layout-9d6595d7 wp-block-columns-is-layout-flex\">\n<div class=\"wp-block-column is-vertically-aligned-top is-layout-flow wp-block-column-is-layout-flow\"><div class=\"wp-block-image\">\n<figure class=\"aligncenter size-full is-resized\"><a href=\"https:\/\/www.acordcomu2015.com\/\" target=\"_blank\" rel=\"noreferrer noopener\"><img loading=\"lazy\" decoding=\"async\" width=\"130\" height=\"130\" src=\"https:\/\/ccoo.app\/fsc-administracio-local\/wp-content\/blogs.dir\/6\/files\/sites\/219\/2024\/02\/Captura-300x130-1-edited-1.jpg\" alt=\"\" class=\"wp-image-4324\" style=\"width:200px;height:auto\"\/><\/a><\/figure>\n<\/div>\n\n\n<div style=\"height:30px\" aria-hidden=\"true\" class=\"wp-block-spacer\"><\/div>\n\n\n\n<h2 class=\"wp-block-heading has-text-align-center\" id=\"acuerdos-y-convenios\"><a href=\"https:\/\/www.acordcomu2015.com\/\" target=\"_blank\" aria-label=\"Acord (opens in a new tab)\" rel=\"noreferrer noopener\" class=\"ek-link\">Acord<\/a><\/h2>\n\n\n\n<p><a href=\"https:\/\/www.acordcomu2015.com\/\" target=\"_blank\" aria-label=\"Acord com\u00fa de condicions per als empleats p\u00fablics dels ens locals de Catalunya de menys de 20.000 habitants (2015-2019) (opens in a new tab)\" rel=\"noreferrer noopener\" class=\"ek-link\">Acord com\u00fa de condicions per als empleats p\u00fablics dels ens locals de Catalunya de menys de 20.000 habitants (2015-2019)<\/a><\/p>\n<\/div>\n\n\n\n<div class=\"wp-block-column is-vertically-aligned-top is-layout-flow wp-block-column-is-layout-flow\"><div class=\"wp-block-image\">\n<figure class=\"aligncenter size-full is-resized\"><a href=\"https:\/\/ccoo.app\/agrupacio-policialocal\/\" target=\"_blank\" rel=\"noreferrer noopener\"><img loading=\"lazy\" decoding=\"async\" width=\"300\" height=\"300\" src=\"http:\/\/ccoo.app\/fsc-administracio-local\/wp-content\/blogs.dir\/6\/files\/sites\/219\/2023\/01\/logo-agrupacio_300.jpg\" alt=\"\" class=\"wp-image-2843\" style=\"width:197px;height:auto\" srcset=\"https:\/\/ccoo.app\/fsc-administracio-local\/wp-content\/blogs.dir\/6\/files\/sites\/219\/2023\/01\/logo-agrupacio_300.jpg 300w, https:\/\/ccoo.app\/fsc-administracio-local\/wp-content\/blogs.dir\/6\/files\/sites\/219\/2023\/01\/logo-agrupacio_300-150x150.jpg 150w\" sizes=\"auto, (max-width: 300px) 100vw, 300px\" \/><\/a><\/figure>\n<\/div>\n\n\n<div style=\"height:30px\" aria-hidden=\"true\" class=\"wp-block-spacer\"><\/div>\n\n\n\n<h2 class=\"wp-block-heading has-text-align-center\" id=\"permisos\"><a aria-label=\"AGRUPACI\u00d3 POLICIA LOCAL DE CATALUNYA (opens in a new tab)\" href=\"https:\/\/ccoo.app\/agrupacio-policialocal\/\" target=\"_blank\" rel=\"noreferrer noopener\" class=\"ek-link\">APLC<\/a><\/h2>\n\n\n\n<p class=\"has-text-align-center\"><a aria-label=\"AGRUPACI\u00d3 POLICIA LOCAL DE CATALUNYA (opens in a new tab)\" href=\"https:\/\/ccoo.app\/agrupacio-policialocal\/\" target=\"_blank\" rel=\"noreferrer noopener\" class=\"ek-link\">Agrupaci\u00f3 Policia local de Catalunya<\/a><\/p>\n<\/div>\n\n\n\n<div class=\"wp-block-column is-vertically-aligned-top is-layout-flow wp-block-column-is-layout-flow\"><div class=\"wp-block-image\">\n<figure class=\"aligncenter size-full is-resized\"><a href=\"https:\/\/ccoo.app\/fsc-administracio-local\/brigades-municipals\/\" target=\"_blank\" rel=\"noreferrer noopener\"><img loading=\"lazy\" decoding=\"async\" width=\"1200\" height=\"675\" src=\"https:\/\/ccoo.app\/fsc-administracio-local\/wp-content\/blogs.dir\/6\/files\/sites\/219\/2026\/04\/BRIGADES-XARXES-SOCIALS.jpg\" alt=\"\" class=\"wp-image-8081\" style=\"aspect-ratio:1.7778753054185916;width:359px;height:auto\" srcset=\"https:\/\/ccoo.app\/fsc-administracio-local\/wp-content\/blogs.dir\/6\/files\/sites\/219\/2026\/04\/BRIGADES-XARXES-SOCIALS.jpg 1200w, https:\/\/ccoo.app\/fsc-administracio-local\/wp-content\/blogs.dir\/6\/files\/sites\/219\/2026\/04\/BRIGADES-XARXES-SOCIALS-300x169.jpg 300w, https:\/\/ccoo.app\/fsc-administracio-local\/wp-content\/blogs.dir\/6\/files\/sites\/219\/2026\/04\/BRIGADES-XARXES-SOCIALS-1024x576.jpg 1024w, https:\/\/ccoo.app\/fsc-administracio-local\/wp-content\/blogs.dir\/6\/files\/sites\/219\/2026\/04\/BRIGADES-XARXES-SOCIALS-768x432.jpg 768w\" sizes=\"auto, (max-width: 1200px) 100vw, 1200px\" \/><\/a><\/figure>\n<\/div>\n\n\n<div style=\"height:30px\" aria-hidden=\"true\" class=\"wp-block-spacer\"><\/div>\n\n\n\n<h2 class=\"wp-block-heading has-text-align-center\" id=\"permisos\"><a href=\"https:\/\/ccoo.app\/fsc-administracio-local\/brigades-municipals\/\">Campanya<\/a><\/h2>\n\n\n\n<p class=\"has-text-align-center\"><a aria-label=\"AGRUPACI\u00d3 POLICIA LOCAL DE CATALUNYA (opens in a new tab)\" href=\"https:\/\/ccoo.app\/agrupacio-policialocal\/\" target=\"_blank\" rel=\"noreferrer noopener\" class=\"ek-link\">Brigades municipals<\/a><\/p>\n<\/div>\n<\/div>\n\n\n\n<div class=\"wp-block-cover alignfull is-light\" style=\"min-height:1323px;aspect-ratio:unset;\"><img decoding=\"async\" class=\"wp-block-cover__image-background wp-image-2356\" alt=\"\" src=\"https:\/\/ccoo.app\/wp-content\/blogs.dir\/6\/files\/2021\/01\/fond-hero.svg\" data-object-fit=\"cover\"\/><span aria-hidden=\"true\" class=\"wp-block-cover__background has-background-dim-0 has-background-dim\"><\/span><div class=\"wp-block-cover__inner-container is-layout-flow wp-block-cover-is-layout-flow\">\n<div class=\"wp-block-group\"><div class=\"wp-block-group__inner-container is-layout-flow wp-block-group-is-layout-flow\">\n<div class=\"wp-block-columns is-layout-flex wp-container-core-columns-is-layout-9d6595d7 wp-block-columns-is-layout-flex\">\n<div class=\"wp-block-column is-layout-flow wp-block-column-is-layout-flow\">\n<h2 class=\"wp-block-heading titulo-noticias has-black-color has-text-color\" id=\"descubre-nuestrasultimas-noticias\">Darreres not\u00edcies<\/h2>\n<\/div>\n<\/div>\n\n\n<ul class=\"wp-block-latest-posts__list is-grid columns-3 has-dates wp-block-latest-posts\"><li><div class=\"wp-block-latest-posts__featured-image\"><img loading=\"lazy\" decoding=\"async\" width=\"150\" height=\"150\" src=\"https:\/\/ccoo.app\/fsc-administracio-local\/wp-content\/blogs.dir\/6\/files\/sites\/219\/2026\/04\/Cartell-Vaga-Bressol-07-05-2026-150x150.jpeg\" class=\"attachment-thumbnail size-thumbnail wp-post-image\" alt=\"\" style=\"\" \/><\/div><a class=\"wp-block-latest-posts__post-title\" href=\"https:\/\/ccoo.app\/fsc-administracio-local\/vagues-i-mobilitzacions-per-la-dignitat-del-0-3-solucions-ja\/\">Vagues i mobilitzacions: per la dignitat del 0-3, solucions ja!<\/a><time datetime=\"2026-04-28T13:16:02+02:00\" class=\"wp-block-latest-posts__post-date\">28 de abril de 2026<\/time><div class=\"wp-block-latest-posts__post-excerpt\">Prou fragmentaci\u00f3! Per un model p\u00fablic i amb drets laborals &#8230; <a title=\"Vagues i mobilitzacions: per la dignitat del 0-3, solucions ja!\" class=\"read-more\" href=\"https:\/\/ccoo.app\/fsc-administracio-local\/vagues-i-mobilitzacions-per-la-dignitat-del-0-3-solucions-ja\/\" aria-label=\"Leer m\u00e1s sobre Vagues i mobilitzacions: per la dignitat del 0-3, solucions ja!\">Leer m\u00e1s<\/a><\/div><\/li>\n<li><div class=\"wp-block-latest-posts__featured-image\"><img loading=\"lazy\" decoding=\"async\" width=\"150\" height=\"150\" src=\"https:\/\/ccoo.app\/fsc-administracio-local\/wp-content\/blogs.dir\/6\/files\/sites\/219\/2026\/04\/examen-aula-150x150.jpg\" class=\"attachment-thumbnail size-thumbnail wp-post-image\" alt=\"\" style=\"\" \/><\/div><a class=\"wp-block-latest-posts__post-title\" href=\"https:\/\/ccoo.app\/fsc-administracio-local\/ccoo-demana-prudencia-despres-del-pronunciament-del-tjue-sobre-labus-de-temporalitat-en-el-sector-public-i-reclama-una-resposta-legal-efectiva\/\">CCOO demana prud\u00e8ncia despr\u00e9s del pronunciament del\u00a0TJUE\u00a0sobre l&#8217;ab\u00fas de temporalitat en el sector p\u00fablic i reclama una resposta legal efectiva<\/a><time datetime=\"2026-04-21T17:12:53+02:00\" class=\"wp-block-latest-posts__post-date\">21 de abril de 2026<\/time><div class=\"wp-block-latest-posts__post-excerpt\">La just\u00edcia europea torna a q\u00fcestionar que l&#8217;ordenament espanyol disposi &#8230; <a title=\"CCOO demana prud\u00e8ncia despr\u00e9s del pronunciament del\u00a0TJUE\u00a0sobre l&#8217;ab\u00fas de temporalitat en el sector p\u00fablic i reclama una resposta legal efectiva\" class=\"read-more\" href=\"https:\/\/ccoo.app\/fsc-administracio-local\/ccoo-demana-prudencia-despres-del-pronunciament-del-tjue-sobre-labus-de-temporalitat-en-el-sector-public-i-reclama-una-resposta-legal-efectiva\/\" aria-label=\"Leer m\u00e1s sobre CCOO demana prud\u00e8ncia despr\u00e9s del pronunciament del\u00a0TJUE\u00a0sobre l&#8217;ab\u00fas de temporalitat en el sector p\u00fablic i reclama una resposta legal efectiva\">Leer m\u00e1s<\/a><\/div><\/li>\n<li><div class=\"wp-block-latest-posts__featured-image\"><img loading=\"lazy\" decoding=\"async\" width=\"150\" height=\"150\" src=\"https:\/\/ccoo.app\/fsc-administracio-local\/wp-content\/blogs.dir\/6\/files\/sites\/219\/2026\/02\/banner-35h-150x150.jpg\" class=\"attachment-thumbnail size-thumbnail wp-post-image\" alt=\"\" style=\"\" \/><\/div><a class=\"wp-block-latest-posts__post-title\" href=\"https:\/\/ccoo.app\/fsc-administracio-local\/fitxa-sindical-2-per-les-35h-a-ladministracio-local\/\">Fitxa Sindical 2. Per les 35h a l\u2019Administraci\u00f3 Local<\/a><time datetime=\"2026-04-14T15:33:26+02:00\" class=\"wp-block-latest-posts__post-date\">14 de abril de 2026<\/time><div class=\"wp-block-latest-posts__post-excerpt\">D\u2019on venim? Com afecta a l\u2019Administraci\u00f3 Local? L&#8217;art. 94 de &#8230; <a title=\"Fitxa Sindical 2. Per les 35h a l\u2019Administraci\u00f3 Local\" class=\"read-more\" href=\"https:\/\/ccoo.app\/fsc-administracio-local\/fitxa-sindical-2-per-les-35h-a-ladministracio-local\/\" aria-label=\"Leer m\u00e1s sobre Fitxa Sindical 2. Per les 35h a l\u2019Administraci\u00f3 Local\">Leer m\u00e1s<\/a><\/div><\/li>\n<li><div class=\"wp-block-latest-posts__featured-image\"><img loading=\"lazy\" decoding=\"async\" width=\"150\" height=\"150\" src=\"https:\/\/ccoo.app\/fsc-administracio-local\/wp-content\/blogs.dir\/6\/files\/sites\/219\/2026\/03\/jubilacio-parcial-logo-150x150.jpg\" class=\"attachment-thumbnail size-thumbnail wp-post-image\" alt=\"\" style=\"\" \/><\/div><a class=\"wp-block-latest-posts__post-title\" href=\"https:\/\/ccoo.app\/fsc-administracio-local\/ccoo-i-ugt-esperen-que-proximament-sacordi-la-jubilacio-parcial-en-el-sector-public\/\">CCOO i UGT esperen que pr\u00f2ximament s&#8217;acordi la jubilaci\u00f3 parcial en el sector p\u00fablic<\/a><time datetime=\"2026-03-19T15:15:43+01:00\" class=\"wp-block-latest-posts__post-date\">19 de marzo de 2026<\/time><div class=\"wp-block-latest-posts__post-excerpt\">Davant les not\u00edcies que estan publicant en mitjans de comunicaci\u00f3 &#8230; <a title=\"CCOO i UGT esperen que pr\u00f2ximament s&#8217;acordi la jubilaci\u00f3 parcial en el sector p\u00fablic\" class=\"read-more\" href=\"https:\/\/ccoo.app\/fsc-administracio-local\/ccoo-i-ugt-esperen-que-proximament-sacordi-la-jubilacio-parcial-en-el-sector-public\/\" aria-label=\"Leer m\u00e1s sobre CCOO i UGT esperen que pr\u00f2ximament s&#8217;acordi la jubilaci\u00f3 parcial en el sector p\u00fablic\">Leer m\u00e1s<\/a><\/div><\/li>\n<li><div class=\"wp-block-latest-posts__featured-image\"><img loading=\"lazy\" decoding=\"async\" width=\"150\" height=\"150\" src=\"https:\/\/ccoo.app\/fsc-administracio-local\/wp-content\/blogs.dir\/6\/files\/sites\/219\/2025\/12\/firma-acord-marc-scaled-e1764933571223-150x150.jpeg\" class=\"attachment-thumbnail size-thumbnail wp-post-image\" alt=\"\" style=\"\" \/><\/div><a class=\"wp-block-latest-posts__post-title\" href=\"https:\/\/ccoo.app\/fsc-administracio-local\/ccoo-signa-lacord-marc-per-a-la-millora-de-locupacio-publica-i-el-servei-a-la-ciutadania-que-recull-moltes-de-les-seves-propostes-i-romandra-vigilant-per-a-assegurar-el-seu-complimen\/\">CCOO signa l\u2019Acord marc per a la Millora de l\u2019Ocupaci\u00f3 P\u00fablica i el Servei a la Ciutadania que recull moltes de les seves propostes i romandr\u00e0 vigilant per a assegurar el seu compliment<\/a><time datetime=\"2025-12-09T13:31:34+01:00\" class=\"wp-block-latest-posts__post-date\">9 de diciembre de 2025<\/time><div class=\"wp-block-latest-posts__post-excerpt\">El document est\u00e0 confeccionat en la seva major part amb &#8230; <a title=\"CCOO signa l\u2019Acord marc per a la Millora de l\u2019Ocupaci\u00f3 P\u00fablica i el Servei a la Ciutadania que recull moltes de les seves propostes i romandr\u00e0 vigilant per a assegurar el seu compliment\" class=\"read-more\" href=\"https:\/\/ccoo.app\/fsc-administracio-local\/ccoo-signa-lacord-marc-per-a-la-millora-de-locupacio-publica-i-el-servei-a-la-ciutadania-que-recull-moltes-de-les-seves-propostes-i-romandra-vigilant-per-a-assegurar-el-seu-complimen\/\" aria-label=\"Leer m\u00e1s sobre CCOO signa l\u2019Acord marc per a la Millora de l\u2019Ocupaci\u00f3 P\u00fablica i el Servei a la Ciutadania que recull moltes de les seves propostes i romandr\u00e0 vigilant per a assegurar el seu compliment\">Leer m\u00e1s<\/a><\/div><\/li>\n<li><div class=\"wp-block-latest-posts__featured-image\"><img loading=\"lazy\" decoding=\"async\" width=\"150\" height=\"150\" src=\"https:\/\/ccoo.app\/fsc-administracio-local\/wp-content\/blogs.dir\/6\/files\/sites\/219\/2025\/10\/Mobilitzat-150x150.png\" class=\"attachment-thumbnail size-thumbnail wp-post-image\" alt=\"\" style=\"\" \/><\/div><a class=\"wp-block-latest-posts__post-title\" href=\"https:\/\/ccoo.app\/fsc-administracio-local\/tardor-calenta-al-sector-public-millors-salaris-i-mes-ocupacio\/\">Tardor calenta al sector p\u00fablic. Millors salaris i m\u00e9s ocupaci\u00f3!<\/a><time datetime=\"2025-10-24T16:01:45+02:00\" class=\"wp-block-latest-posts__post-date\">24 de octubre de 2025<\/time><div class=\"wp-block-latest-posts__post-excerpt\">El dia 30 d\u2019octubre comencen les protestes coordinades arreu de &#8230; <a title=\"Tardor calenta al sector p\u00fablic. Millors salaris i m\u00e9s ocupaci\u00f3!\" class=\"read-more\" href=\"https:\/\/ccoo.app\/fsc-administracio-local\/tardor-calenta-al-sector-public-millors-salaris-i-mes-ocupacio\/\" aria-label=\"Leer m\u00e1s sobre Tardor calenta al sector p\u00fablic. Millors salaris i m\u00e9s ocupaci\u00f3!\">Leer m\u00e1s<\/a><\/div><\/li>\n<\/ul>\n\n\n<a class=\"gb-button gb-button-eea89fbf gb-button-text\" href=\"https:\/\/ccoo.app\/fsc-administracio-local\/category\/noticias\/\">Llegir m\u00e9s..<\/a>\n<\/div><\/div>\n<\/div><\/div>\n\n\n\n<h3 class=\"wp-block-heading has-text-align-center\">Amb la col\u00b7laboracio de:<\/h3>\n\n\n\n<figure class=\"wp-block-table aligncenter is-style-stripes\"><table><tbody><tr><td><a href=\"https:\/\/www.amb.cat\/s\/es\/home.html\" target=\"_blank\" aria-label=\" (opens in a new tab)\" rel=\"noreferrer noopener\" class=\"ek-link\"><img loading=\"lazy\" decoding=\"async\" width=\"1280\" height=\"184\" class=\"wp-image-4340\" style=\"width: 220px\" src=\"http:\/\/ccoo.app\/fsc-administracio-local\/wp-content\/blogs.dir\/6\/files\/sites\/219\/2024\/02\/Logotip_de_lAMB.svg.png\" alt=\"\" srcset=\"https:\/\/ccoo.app\/fsc-administracio-local\/wp-content\/blogs.dir\/6\/files\/sites\/219\/2024\/02\/Logotip_de_lAMB.svg.png 1280w, https:\/\/ccoo.app\/fsc-administracio-local\/wp-content\/blogs.dir\/6\/files\/sites\/219\/2024\/02\/Logotip_de_lAMB.svg-300x43.png 300w, https:\/\/ccoo.app\/fsc-administracio-local\/wp-content\/blogs.dir\/6\/files\/sites\/219\/2024\/02\/Logotip_de_lAMB.svg-1024x147.png 1024w, https:\/\/ccoo.app\/fsc-administracio-local\/wp-content\/blogs.dir\/6\/files\/sites\/219\/2024\/02\/Logotip_de_lAMB.svg-768x110.png 768w\" sizes=\"auto, (max-width: 1280px) 100vw, 1280px\" \/><\/a><\/td><td><a href=\"https:\/\/www.diba.cat\/\" target=\"_blank\" aria-label=\" (opens in a new tab)\" rel=\"noreferrer noopener\" class=\"ek-link\"><img loading=\"lazy\" decoding=\"async\" width=\"1671\" height=\"684\" class=\"wp-image-4341\" style=\"width: 200px\" src=\"http:\/\/ccoo.app\/fsc-administracio-local\/wp-content\/blogs.dir\/6\/files\/sites\/219\/2024\/02\/Diputacio-Barcelona.png\" alt=\"\" srcset=\"https:\/\/ccoo.app\/fsc-administracio-local\/wp-content\/blogs.dir\/6\/files\/sites\/219\/2024\/02\/Diputacio-Barcelona.png 1671w, https:\/\/ccoo.app\/fsc-administracio-local\/wp-content\/blogs.dir\/6\/files\/sites\/219\/2024\/02\/Diputacio-Barcelona-300x123.png 300w, https:\/\/ccoo.app\/fsc-administracio-local\/wp-content\/blogs.dir\/6\/files\/sites\/219\/2024\/02\/Diputacio-Barcelona-1024x419.png 1024w, https:\/\/ccoo.app\/fsc-administracio-local\/wp-content\/blogs.dir\/6\/files\/sites\/219\/2024\/02\/Diputacio-Barcelona-768x314.png 768w, https:\/\/ccoo.app\/fsc-administracio-local\/wp-content\/blogs.dir\/6\/files\/sites\/219\/2024\/02\/Diputacio-Barcelona-1536x629.png 1536w\" sizes=\"auto, (max-width: 1671px) 100vw, 1671px\" \/><\/a><\/td><\/tr><\/tbody><\/table><\/figure>\n\n\n\n<div style=\"height:40px\" aria-hidden=\"true\" class=\"wp-block-spacer\"><\/div>\n\n\n\n<p><\/p>\n","protected":false},"excerpt":{"rendered":"<p>Acord Acord com\u00fa de condicions per als empleats p\u00fablics dels ens locals de Catalunya de menys de 20.000 habitants (2015-2019) APLC Agrupaci\u00f3 Policia local de Catalunya Campanya Brigades municipals Amb &#8230; <a title=\"Inicio\" class=\"read-more\" href=\"https:\/\/ccoo.app\/fsc-administracio-local\/\" aria-label=\"Leer m\u00e1s sobre Inicio\">Leer m\u00e1s<\/a><\/p>\n","protected":false},"author":6,"featured_media":0,"parent":0,"menu_order":0,"comment_status":"closed","ping_status":"closed","template":"","meta":{"footnotes":""},"class_list":["post-25","page","type-page","status-publish"],"_links":{"self":[{"href":"https:\/\/ccoo.app\/fsc-administracio-local\/wp-json\/wp\/v2\/pages\/25","targetHints":{"allow":["GET"]}}],"collection":[{"href":"https:\/\/ccoo.app\/fsc-administracio-local\/wp-json\/wp\/v2\/pages"}],"about":[{"href":"https:\/\/ccoo.app\/fsc-administracio-local\/wp-json\/wp\/v2\/types\/page"}],"author":[{"embeddable":true,"href":"https:\/\/ccoo.app\/fsc-administracio-local\/wp-json\/wp\/v2\/users\/6"}],"replies":[{"embeddable":true,"href":"https:\/\/ccoo.app\/fsc-administracio-local\/wp-json\/wp\/v2\/comments?post=25"}],"version-history":[{"count":5,"href":"https:\/\/ccoo.app\/fsc-administracio-local\/wp-json\/wp\/v2\/pages\/25\/revisions"}],"predecessor-version":[{"id":8086,"href":"https:\/\/ccoo.app\/fsc-administracio-local\/wp-json\/wp\/v2\/pages\/25\/revisions\/8086"}],"wp:attachment":[{"href":"https:\/\/ccoo.app\/fsc-administracio-local\/wp-json\/wp\/v2\/media?parent=25"}],"curies":[{"name":"wp","href":"https:\/\/api.w.org\/{rel}","templated":true}]}}