{"id":1877,"date":"2021-09-10T15:04:11","date_gmt":"2021-09-10T13:04:11","guid":{"rendered":"https:\/\/fsc-local.ccoo.cat\/?page_id=1877"},"modified":"2024-05-03T13:14:07","modified_gmt":"2024-05-03T11:14:07","slug":"interins","status":"publish","type":"page","link":"https:\/\/ccoo.app\/fsc-administracio-local\/interins\/","title":{"rendered":"Personal Inter\u00ed"},"content":{"rendered":"<div class=\"wp-block-image\">\n<figure class=\"aligncenter size-large is-resized\"><img loading=\"lazy\" decoding=\"async\" width=\"1024\" height=\"461\" src=\"http:\/\/ccoo.app\/fsc-administracio-local\/wp-content\/blogs.dir\/6\/files\/sites\/219\/2022\/05\/FRrHpYKXsAAPhlC-1024x461.jpg\" alt=\"\" class=\"wp-image-2440\" style=\"width:693px;height:auto\" srcset=\"https:\/\/ccoo.app\/fsc-administracio-local\/wp-content\/blogs.dir\/6\/files\/sites\/219\/2022\/05\/FRrHpYKXsAAPhlC-1024x461.jpg 1024w, https:\/\/ccoo.app\/fsc-administracio-local\/wp-content\/blogs.dir\/6\/files\/sites\/219\/2022\/05\/FRrHpYKXsAAPhlC-300x135.jpg 300w, https:\/\/ccoo.app\/fsc-administracio-local\/wp-content\/blogs.dir\/6\/files\/sites\/219\/2022\/05\/FRrHpYKXsAAPhlC-768x346.jpg 768w, https:\/\/ccoo.app\/fsc-administracio-local\/wp-content\/blogs.dir\/6\/files\/sites\/219\/2022\/05\/FRrHpYKXsAAPhlC.jpg 1280w\" sizes=\"auto, (max-width: 1024px) 100vw, 1024px\" \/><\/figure>\n<\/div>\n\n\n<div class=\"wp-block-siteorigin-panels-layout-block\"><div id=\"pl-1877\" class=\"panel-layout\"><div id=\"pg-1877-0\" class=\"panel-grid panel-no-style\"><div id=\"pgc-1877-0-0\" class=\"panel-grid-cell\"><div id=\"panel-1877-0-0-0\" class=\"so-panel widget widget_text panel-first-child panel-last-child\" data-index=\"0\"><h3 class=\"widget-title\">NOTICIES<\/h3>\t\t\t<div class=\"textwidget\"><p><a href=\"https:\/\/fsc-local.ccoo.cat\/recull-documents_abus-temporalitat\/\"><b>CAP INTERINA AL CARRER!<\/b><\/a><\/p>\n<p><a href=\"https:\/\/www.ccoo.cat\/noticies\/area-publica\/situacio-juridica-respecte-el-personal-temporal-a-les-administracions-publiques\/\"><b>QU\u00c8 HAN DIT ELS TRIBUNALS?<\/b><\/a><\/p>\n<p><a href=\"https:\/\/fsc-local.ccoo.cat\/sentencia_diba_abus_temporalitat\/\"><b>SENT\u00c8NCIA DIPUTACI\u00d3 BCN<\/b><\/a><\/p>\n<p><a href=\"https:\/\/www.ccoo.cat\/noticies\/area-publica\/destacats-area-publica\/acabem-amb-la-temporalitat-a-les-administracions-publiques\/\"><b>SITUACI\u00d3 TEMPORALITAT<\/b><\/a><\/p>\n<p><a href=\"https:\/\/fsc-local.ccoo.cat\/_acord_estabilitzacio_interins\/\"><b>LLUITEM I ARRIBEM A ACORDS<\/b><\/a><\/p>\n<p><a href=\"https:\/\/fsc-local.ccoo.cat\/acord-estabilitzacio-ens-sense-rlt\/\"><b>ACORD PER ENS LOCALS SENSE REPRESENTACI\u00d3 SINDICAL<\/b><\/a><\/p>\n<\/div>\n\t\t<\/div><\/div><\/div><\/div><\/div>\n\n\n<ul class=\"wp-block-latest-posts__list is-grid columns-3 has-dates wp-block-latest-posts\"><li><div class=\"wp-block-latest-posts__featured-image\"><img loading=\"lazy\" decoding=\"async\" width=\"150\" height=\"150\" src=\"https:\/\/ccoo.app\/fsc-administracio-local\/wp-content\/blogs.dir\/6\/files\/sites\/219\/2026\/04\/examen-aula-150x150.jpg\" class=\"attachment-thumbnail size-thumbnail wp-post-image\" alt=\"\" style=\"\" \/><\/div><a class=\"wp-block-latest-posts__post-title\" href=\"https:\/\/ccoo.app\/fsc-administracio-local\/ccoo-demana-prudencia-despres-del-pronunciament-del-tjue-sobre-labus-de-temporalitat-en-el-sector-public-i-reclama-una-resposta-legal-efectiva\/\">CCOO demana prud\u00e8ncia despr\u00e9s del pronunciament del\u00a0TJUE\u00a0sobre l&#8217;ab\u00fas de temporalitat en el sector p\u00fablic i reclama una resposta legal efectiva<\/a><time datetime=\"2026-04-21T17:12:53+02:00\" class=\"wp-block-latest-posts__post-date\">21 de abril de 2026<\/time><div class=\"wp-block-latest-posts__post-excerpt\">La just\u00edcia europea torna a q\u00fcestionar que l&#8217;ordenament espanyol disposi de mesures realment eficaces, dissuasives i proporcionades enfront de l&#8217;ab\u00fas en la contractaci\u00f3 temporal. L&#8217;\u00c0rea P\u00fablica de CCOO considera que el pronunciament del Tribunal de Just\u00edcia de la Uni\u00f3 Europea sobre l&#8217;ab\u00fas de la temporalitat en l&#8217;ocupaci\u00f3 p\u00fablica confirma, una vegada m\u00e9s, una idea essencial: &#8230; <a title=\"CCOO demana prud\u00e8ncia despr\u00e9s del pronunciament del\u00a0TJUE\u00a0sobre l&#8217;ab\u00fas de temporalitat en el sector p\u00fablic i reclama una resposta legal efectiva\" class=\"read-more\" href=\"https:\/\/ccoo.app\/fsc-administracio-local\/ccoo-demana-prudencia-despres-del-pronunciament-del-tjue-sobre-labus-de-temporalitat-en-el-sector-public-i-reclama-una-resposta-legal-efectiva\/\" aria-label=\"Leer m\u00e1s sobre CCOO demana prud\u00e8ncia despr\u00e9s del pronunciament del\u00a0TJUE\u00a0sobre l&#8217;ab\u00fas de temporalitat en el sector p\u00fablic i reclama una resposta legal efectiva\">Leer m\u00e1s<\/a><\/div><\/li>\n<li><div class=\"wp-block-latest-posts__featured-image\"><img loading=\"lazy\" decoding=\"async\" width=\"150\" height=\"150\" src=\"https:\/\/ccoo.app\/fsc-administracio-local\/wp-content\/blogs.dir\/6\/files\/sites\/219\/2021\/09\/gb75e3a8223ff5b3b2f09ddd9029d5b7960f3a8634fbf9d1abf0b52f5005f7c902765bd6198c6f70ddc87955dc10ffab9_1920-150x150.jpg\" class=\"attachment-thumbnail size-thumbnail wp-post-image\" alt=\"\" style=\"\" \/><\/div><a class=\"wp-block-latest-posts__post-title\" href=\"https:\/\/ccoo.app\/fsc-administracio-local\/exigim-excedencia-per-incompatibilitats-per-a-tothom\/\">EXCED\u00c8NCIA VOLUNT\u00c0RIA PER INCOMPATIBILITATS PER A TOTHOM!<\/a><time datetime=\"2023-02-20T13:58:04+01:00\" class=\"wp-block-latest-posts__post-date\">20 de febrero de 2023<\/time><div class=\"wp-block-latest-posts__post-excerpt\">Assemblees territorials sobre temporalitat a les administracions.<\/div><\/li>\n<li><div class=\"wp-block-latest-posts__featured-image\"><img loading=\"lazy\" decoding=\"async\" width=\"150\" height=\"150\" src=\"https:\/\/ccoo.app\/fsc-administracio-local\/wp-content\/blogs.dir\/6\/files\/sites\/219\/2022\/07\/FXaHwArXwAIYTLc-150x150.jpg\" class=\"attachment-thumbnail size-thumbnail wp-post-image\" alt=\"\" style=\"\" \/><\/div><a class=\"wp-block-latest-posts__post-title\" href=\"https:\/\/ccoo.app\/fsc-administracio-local\/assemblees-sal_ccoo_temporalitat-2022b-2\/\">2022: 22 ASSEMBLEES REALITZADES SOBRE L&#8217;ESTABILITZACI\u00d3 DEL PERSONAL INTER\u00cd<\/a><time datetime=\"2022-07-19T10:04:38+02:00\" class=\"wp-block-latest-posts__post-date\">19 de julio de 2022<\/time><div class=\"wp-block-latest-posts__post-excerpt\">Assemblees territorials sobre temporalitat a les administracions.<\/div><\/li>\n<li><div class=\"wp-block-latest-posts__featured-image\"><img loading=\"lazy\" decoding=\"async\" width=\"150\" height=\"150\" src=\"https:\/\/ccoo.app\/fsc-administracio-local\/wp-content\/blogs.dir\/6\/files\/sites\/219\/2022\/05\/FRrHpYKXsAAPhlC-150x150.jpg\" class=\"attachment-thumbnail size-thumbnail wp-post-image\" alt=\"\" style=\"\" \/><\/div><a class=\"wp-block-latest-posts__post-title\" href=\"https:\/\/ccoo.app\/fsc-administracio-local\/estabilitzacio-lluitem-i-arribem-a-acords_2\/\">ESTABILITZACI\u00d3 DEL PERSONAL INTER\u00cd: LLUITEM I ARRIBEM A ACORDS!<\/a><time datetime=\"2022-07-19T09:58:33+02:00\" class=\"wp-block-latest-posts__post-date\">19 de julio de 2022<\/time><div class=\"wp-block-latest-posts__post-excerpt\">Assemblees territorials sobre temporalitat a les administracions.<\/div><\/li>\n<li><div class=\"wp-block-latest-posts__featured-image\"><img loading=\"lazy\" decoding=\"async\" width=\"150\" height=\"150\" src=\"https:\/\/ccoo.app\/fsc-administracio-local\/wp-content\/blogs.dir\/6\/files\/sites\/219\/2022\/07\/FWWAzz7XkAAMSF_-150x150.jpg\" class=\"attachment-thumbnail size-thumbnail wp-post-image\" alt=\"\" style=\"\" \/><\/div><a class=\"wp-block-latest-posts__post-title\" href=\"https:\/\/ccoo.app\/fsc-administracio-local\/6-de-juliol_sortim-al-carrer\/\">JA N&#8217;HI HA PROU DE P\u00c8RDUA DE PODER ADQUISITIU DEL PERSONAL DELS SERVEIS P\u00daBLICS ! DIMECRES 6 DE JULIOL TOTHOM AL CARRER<\/a><time datetime=\"2022-07-04T15:50:29+02:00\" class=\"wp-block-latest-posts__post-date\">4 de julio de 2022<\/time><div class=\"wp-block-latest-posts__post-excerpt\">Assemblees territorials sobre temporalitat a les administracions.<\/div><\/li>\n<li><div class=\"wp-block-latest-posts__featured-image\"><img loading=\"lazy\" decoding=\"async\" width=\"150\" height=\"150\" src=\"https:\/\/ccoo.app\/fsc-administracio-local\/wp-content\/blogs.dir\/6\/files\/sites\/219\/2022\/07\/FWZi8VjXoAAVnjA-150x150.jpg\" class=\"attachment-thumbnail size-thumbnail wp-post-image\" alt=\"\" style=\"\" \/><\/div><a class=\"wp-block-latest-posts__post-title\" href=\"https:\/\/ccoo.app\/fsc-administracio-local\/salaris-dignes-ja_salari-o-conflicte\/\">EXIGIM AUGMENTS SALARIALS QUE COMPENSIN LA P\u00c8RDUA DE PODER ADQUISITIU DEL PERSONAL DELS SERVEIS P\u00daBLICS<\/a><time datetime=\"2022-07-04T13:30:49+02:00\" class=\"wp-block-latest-posts__post-date\">4 de julio de 2022<\/time><div class=\"wp-block-latest-posts__post-excerpt\">Assemblees territorials sobre temporalitat a les administracions.<\/div><\/li>\n<\/ul>","protected":false},"excerpt":{"rendered":"<p>NOTICIES CAP INTERINA AL CARRER! QU\u00c8 HAN DIT ELS TRIBUNALS? SENT\u00c8NCIA DIPUTACI\u00d3 BCN SITUACI\u00d3 TEMPORALITAT LLUITEM I ARRIBEM A ACORDS ACORD PER ENS LOCALS SENSE REPRESENTACI\u00d3 SINDICAL<\/p>\n","protected":false},"author":4519,"featured_media":0,"parent":0,"menu_order":0,"comment_status":"closed","ping_status":"closed","template":"","meta":{"footnotes":""},"class_list":["post-1877","page","type-page","status-publish"],"_links":{"self":[{"href":"https:\/\/ccoo.app\/fsc-administracio-local\/wp-json\/wp\/v2\/pages\/1877","targetHints":{"allow":["GET"]}}],"collection":[{"href":"https:\/\/ccoo.app\/fsc-administracio-local\/wp-json\/wp\/v2\/pages"}],"about":[{"href":"https:\/\/ccoo.app\/fsc-administracio-local\/wp-json\/wp\/v2\/types\/page"}],"author":[{"embeddable":true,"href":"https:\/\/ccoo.app\/fsc-administracio-local\/wp-json\/wp\/v2\/users\/4519"}],"replies":[{"embeddable":true,"href":"https:\/\/ccoo.app\/fsc-administracio-local\/wp-json\/wp\/v2\/comments?post=1877"}],"version-history":[{"count":2,"href":"https:\/\/ccoo.app\/fsc-administracio-local\/wp-json\/wp\/v2\/pages\/1877\/revisions"}],"predecessor-version":[{"id":4570,"href":"https:\/\/ccoo.app\/fsc-administracio-local\/wp-json\/wp\/v2\/pages\/1877\/revisions\/4570"}],"wp:attachment":[{"href":"https:\/\/ccoo.app\/fsc-administracio-local\/wp-json\/wp\/v2\/media?parent=1877"}],"curies":[{"name":"wp","href":"https:\/\/api.w.org\/{rel}","templated":true}]}}