{"id":51547,"date":"2023-02-01T12:42:58","date_gmt":"2023-02-01T11:42:58","guid":{"rendered":"https:\/\/ccoo.app\/diputacio-de-barcelona\/?page_id=51547"},"modified":"2024-06-21T09:35:44","modified_gmt":"2024-06-21T07:35:44","slug":"comunicats-2","status":"publish","type":"page","link":"https:\/\/ccoo.app\/diputacio-de-barcelona\/comunicats-2\/","title":{"rendered":"Comunicats"},"content":{"rendered":"\n<h4 class=\"gb-headline gb-headline-c89048c9 gb-headline-text\">COMUNICATS<\/h4>\n\n\n\n<div class=\"wp-block-query is-layout-flow wp-block-query-is-layout-flow\">\n<div class=\"wp-block-group has-base-background-color has-background\"><div class=\"wp-block-group__inner-container is-layout-flow wp-block-group-is-layout-flow\"><ul class=\"wp-block-post-template has-small-font-size is-layout-flow wp-block-post-template-is-layout-flow\"><li class=\"wp-block-post post-57607 post type-post status-publish format-standard has-post-thumbnail hentry category-a-tot-el-personal category-comunicats generate-columns tablet-grid-50 mobile-grid-100 grid-parent grid-50\">\n\n<div class=\"wp-block-columns is-layout-flex wp-container-core-columns-is-layout-9d6595d7 wp-block-columns-is-layout-flex\" style=\"font-size:10px\">\n<div class=\"wp-block-column is-layout-flow wp-block-column-is-layout-flow\" style=\"flex-basis:32%\">\n<div style=\"height:15px\" aria-hidden=\"true\" class=\"wp-block-spacer\"><\/div>\n\n\n<figure class=\"aligncenter wp-block-post-featured-image\"><a href=\"https:\/\/ccoo.app\/diputacio-de-barcelona\/informacions-mesa-general-de-negociacio-4\/\" target=\"_self\"  ><img loading=\"lazy\" decoding=\"async\" width=\"390\" height=\"390\" src=\"https:\/\/ccoo.app\/diputacio-de-barcelona\/wp-content\/blogs.dir\/6\/files\/sites\/186\/2025\/03\/informacio-mesa-de-negociacio.png\" class=\"attachment-post-thumbnail size-post-thumbnail wp-post-image\" alt=\"INFORMACIONS MESA GENERAL DE NEGOCIACI\u00d3\" style=\"object-fit:contain;\" srcset=\"https:\/\/ccoo.app\/diputacio-de-barcelona\/wp-content\/blogs.dir\/6\/files\/sites\/186\/2025\/03\/informacio-mesa-de-negociacio.png 390w, https:\/\/ccoo.app\/diputacio-de-barcelona\/wp-content\/blogs.dir\/6\/files\/sites\/186\/2025\/03\/informacio-mesa-de-negociacio-300x300.png 300w, https:\/\/ccoo.app\/diputacio-de-barcelona\/wp-content\/blogs.dir\/6\/files\/sites\/186\/2025\/03\/informacio-mesa-de-negociacio-150x150.png 150w\" sizes=\"auto, (max-width: 390px) 100vw, 390px\" \/><\/a><\/figure><\/div>\n\n\n\n<div class=\"wp-block-column is-layout-flow wp-block-column-is-layout-flow\" style=\"flex-basis:30%\">\n<div style=\"height:15px\" aria-hidden=\"true\" class=\"wp-block-spacer\"><\/div>\n\n\n<div class=\"has-text-align-left wp-block-post-date has-small-font-size\"><time datetime=\"2026-04-22T13:40:23+02:00\">22 de abril de 2026<\/time><\/div>\n\n<h4 class=\"has-text-align-left wp-block-post-title has-large-font-size\"><a href=\"https:\/\/ccoo.app\/diputacio-de-barcelona\/informacions-mesa-general-de-negociacio-4\/\" target=\"_self\" >INFORMACIONS MESA GENERAL DE NEGOCIACI\u00d3<\/a><\/h4><\/div>\n\n\n\n<div class=\"wp-block-column has-medium-font-size is-layout-flow wp-block-column-is-layout-flow\" style=\"flex-basis:34%\">\n<div style=\"height:15px\" aria-hidden=\"true\" class=\"wp-block-spacer\"><\/div>\n\n\n<div class=\"wp-block-post-excerpt has-medium-font-size\"><p class=\"wp-block-post-excerpt__excerpt\">MESA GENERAL DE NEGOCIACI\u00d322 D&#8217;ABRIL DE 2026 MODIFICACI\u00d3 ACORD MILLORES SOCIALS 2025 Tal com us hem informat en comunicats anteriors,&nbsp;des de CCOO vam sol\u00b7licitar&nbsp;a la corporaci\u00f3 la convocat\u00f2ria de la &#8230; Continuar llegint <\/p><\/div><\/div>\n<\/div>\n\n<\/li><li class=\"wp-block-post post-57586 post type-post status-publish format-standard has-post-thumbnail hentry category-a-tot-el-personal category-comunicats generate-columns tablet-grid-50 mobile-grid-100 grid-parent grid-50\">\n\n<div class=\"wp-block-columns is-layout-flex wp-container-core-columns-is-layout-9d6595d7 wp-block-columns-is-layout-flex\" style=\"font-size:10px\">\n<div class=\"wp-block-column is-layout-flow wp-block-column-is-layout-flow\" style=\"flex-basis:32%\">\n<div style=\"height:15px\" aria-hidden=\"true\" class=\"wp-block-spacer\"><\/div>\n\n\n<figure class=\"aligncenter wp-block-post-featured-image\"><a href=\"https:\/\/ccoo.app\/diputacio-de-barcelona\/avancem-en-el-grup-b-a-la-diputacio-de-barcelona\/\" target=\"_self\"  ><img loading=\"lazy\" decoding=\"async\" width=\"390\" height=\"390\" src=\"https:\/\/ccoo.app\/diputacio-de-barcelona\/wp-content\/blogs.dir\/6\/files\/sites\/186\/2026\/04\/informacio-comunicat-GRUP-B.jpg\" class=\"attachment-post-thumbnail size-post-thumbnail wp-post-image\" alt=\"AVANCEM EN EL GRUP B A LA DIPUTACI\u00d3 DE BARCELONA\" style=\"object-fit:contain;\" srcset=\"https:\/\/ccoo.app\/diputacio-de-barcelona\/wp-content\/blogs.dir\/6\/files\/sites\/186\/2026\/04\/informacio-comunicat-GRUP-B.jpg 390w, https:\/\/ccoo.app\/diputacio-de-barcelona\/wp-content\/blogs.dir\/6\/files\/sites\/186\/2026\/04\/informacio-comunicat-GRUP-B-300x300.jpg 300w, https:\/\/ccoo.app\/diputacio-de-barcelona\/wp-content\/blogs.dir\/6\/files\/sites\/186\/2026\/04\/informacio-comunicat-GRUP-B-150x150.jpg 150w\" sizes=\"auto, (max-width: 390px) 100vw, 390px\" \/><\/a><\/figure><\/div>\n\n\n\n<div class=\"wp-block-column is-layout-flow wp-block-column-is-layout-flow\" style=\"flex-basis:30%\">\n<div style=\"height:15px\" aria-hidden=\"true\" class=\"wp-block-spacer\"><\/div>\n\n\n<div class=\"has-text-align-left wp-block-post-date has-small-font-size\"><time datetime=\"2026-04-14T12:32:27+02:00\">14 de abril de 2026<\/time><\/div>\n\n<h4 class=\"has-text-align-left wp-block-post-title has-large-font-size\"><a href=\"https:\/\/ccoo.app\/diputacio-de-barcelona\/avancem-en-el-grup-b-a-la-diputacio-de-barcelona\/\" target=\"_self\" >AVANCEM EN EL GRUP B A LA DIPUTACI\u00d3 DE BARCELONA<\/a><\/h4><\/div>\n\n\n\n<div class=\"wp-block-column has-medium-font-size is-layout-flow wp-block-column-is-layout-flow\" style=\"flex-basis:34%\">\n<div style=\"height:15px\" aria-hidden=\"true\" class=\"wp-block-spacer\"><\/div>\n\n\n<div class=\"wp-block-post-excerpt has-medium-font-size\"><p class=\"wp-block-post-excerpt__excerpt\">Des de CCOO volem informar-vos de la creaci\u00f3 i posada en marxa del Grup B de classificaci\u00f3 professional: ja \u00e9s una realitat. Aquest assoliment no \u00e9s fruit de la casualitat. &#8230; Continuar llegint <\/p><\/div><\/div>\n<\/div>\n\n<\/li><li class=\"wp-block-post post-57571 post type-post status-publish format-standard has-post-thumbnail hentry category-a-tot-el-personal category-comunicats generate-columns tablet-grid-50 mobile-grid-100 grid-parent grid-50\">\n\n<div class=\"wp-block-columns is-layout-flex wp-container-core-columns-is-layout-9d6595d7 wp-block-columns-is-layout-flex\" style=\"font-size:10px\">\n<div class=\"wp-block-column is-layout-flow wp-block-column-is-layout-flow\" style=\"flex-basis:32%\">\n<div style=\"height:15px\" aria-hidden=\"true\" class=\"wp-block-spacer\"><\/div>\n\n\n<figure class=\"aligncenter wp-block-post-featured-image\"><a href=\"https:\/\/ccoo.app\/diputacio-de-barcelona\/comunicat-biblioteques-%c2%b7-ccoo-ugt-intersindical\/\" target=\"_self\"  ><img loading=\"lazy\" decoding=\"async\" width=\"390\" height=\"390\" src=\"https:\/\/ccoo.app\/diputacio-de-barcelona\/wp-content\/blogs.dir\/6\/files\/sites\/186\/2026\/03\/informacio-comunicat-XMB.jpg\" class=\"attachment-post-thumbnail size-post-thumbnail wp-post-image\" alt=\"Comunicat Biblioteques \u00b7 CCOO, UGT, Intersindical\" style=\"object-fit:contain;\" srcset=\"https:\/\/ccoo.app\/diputacio-de-barcelona\/wp-content\/blogs.dir\/6\/files\/sites\/186\/2026\/03\/informacio-comunicat-XMB.jpg 390w, https:\/\/ccoo.app\/diputacio-de-barcelona\/wp-content\/blogs.dir\/6\/files\/sites\/186\/2026\/03\/informacio-comunicat-XMB-300x300.jpg 300w, https:\/\/ccoo.app\/diputacio-de-barcelona\/wp-content\/blogs.dir\/6\/files\/sites\/186\/2026\/03\/informacio-comunicat-XMB-150x150.jpg 150w\" sizes=\"auto, (max-width: 390px) 100vw, 390px\" \/><\/a><\/figure><\/div>\n\n\n\n<div class=\"wp-block-column is-layout-flow wp-block-column-is-layout-flow\" style=\"flex-basis:30%\">\n<div style=\"height:15px\" aria-hidden=\"true\" class=\"wp-block-spacer\"><\/div>\n\n\n<div class=\"has-text-align-left wp-block-post-date has-small-font-size\"><time datetime=\"2026-03-26T16:23:37+01:00\">26 de marzo de 2026<\/time><\/div>\n\n<h4 class=\"has-text-align-left wp-block-post-title has-large-font-size\"><a href=\"https:\/\/ccoo.app\/diputacio-de-barcelona\/comunicat-biblioteques-%c2%b7-ccoo-ugt-intersindical\/\" target=\"_self\" >Comunicat Biblioteques \u00b7 CCOO, UGT, Intersindical<\/a><\/h4><\/div>\n\n\n\n<div class=\"wp-block-column has-medium-font-size is-layout-flow wp-block-column-is-layout-flow\" style=\"flex-basis:34%\">\n<div style=\"height:15px\" aria-hidden=\"true\" class=\"wp-block-spacer\"><\/div>\n\n\n<div class=\"wp-block-post-excerpt has-medium-font-size\"><p class=\"wp-block-post-excerpt__excerpt\">REUNI\u00d3 AMB EL DIPUTAT DE CULTURA i GERENTA XBM (24\/3) REUNI\u00d3 INFORMATIVA BIBLIOTEQUES-RH (25\/3) Dimarts 24 vam reunir-nos amb el Diputat de Cultura, Pau Gonz\u00e1lez Val. Assistirem les tres seccions &#8230; Continuar llegint <\/p><\/div><\/div>\n<\/div>\n\n<\/li><li class=\"wp-block-post post-57528 post type-post status-publish format-standard has-post-thumbnail hentry category-a-tot-el-personal category-comunicats category-salut-laboral generate-columns tablet-grid-50 mobile-grid-100 grid-parent grid-50\">\n\n<div class=\"wp-block-columns is-layout-flex wp-container-core-columns-is-layout-9d6595d7 wp-block-columns-is-layout-flex\" style=\"font-size:10px\">\n<div class=\"wp-block-column is-layout-flow wp-block-column-is-layout-flow\" style=\"flex-basis:32%\">\n<div style=\"height:15px\" aria-hidden=\"true\" class=\"wp-block-spacer\"><\/div>\n\n\n<figure class=\"aligncenter wp-block-post-featured-image\"><a href=\"https:\/\/ccoo.app\/diputacio-de-barcelona\/comite-de-seguretat-i-salut-7\/\" target=\"_self\"  ><img loading=\"lazy\" decoding=\"async\" width=\"390\" height=\"390\" src=\"https:\/\/ccoo.app\/diputacio-de-barcelona\/wp-content\/blogs.dir\/6\/files\/sites\/186\/2023\/03\/informacio-salud-laboral.png\" class=\"attachment-post-thumbnail size-post-thumbnail wp-post-image\" alt=\"COMIT\u00c8 DE SEGURETAT I SALUT\" style=\"object-fit:contain;\" srcset=\"https:\/\/ccoo.app\/diputacio-de-barcelona\/wp-content\/blogs.dir\/6\/files\/sites\/186\/2023\/03\/informacio-salud-laboral.png 390w, https:\/\/ccoo.app\/diputacio-de-barcelona\/wp-content\/blogs.dir\/6\/files\/sites\/186\/2023\/03\/informacio-salud-laboral-300x300.png 300w, https:\/\/ccoo.app\/diputacio-de-barcelona\/wp-content\/blogs.dir\/6\/files\/sites\/186\/2023\/03\/informacio-salud-laboral-150x150.png 150w\" sizes=\"auto, (max-width: 390px) 100vw, 390px\" \/><\/a><\/figure><\/div>\n\n\n\n<div class=\"wp-block-column is-layout-flow wp-block-column-is-layout-flow\" style=\"flex-basis:30%\">\n<div style=\"height:15px\" aria-hidden=\"true\" class=\"wp-block-spacer\"><\/div>\n\n\n<div class=\"has-text-align-left wp-block-post-date has-small-font-size\"><time datetime=\"2026-03-19T13:19:00+01:00\">19 de marzo de 2026<\/time><\/div>\n\n<h4 class=\"has-text-align-left wp-block-post-title has-large-font-size\"><a href=\"https:\/\/ccoo.app\/diputacio-de-barcelona\/comite-de-seguretat-i-salut-7\/\" target=\"_self\" >COMIT\u00c8 DE SEGURETAT I SALUT<\/a><\/h4><\/div>\n\n\n\n<div class=\"wp-block-column has-medium-font-size is-layout-flow wp-block-column-is-layout-flow\" style=\"flex-basis:34%\">\n<div style=\"height:15px\" aria-hidden=\"true\" class=\"wp-block-spacer\"><\/div>\n\n\n<div class=\"wp-block-post-excerpt has-medium-font-size\"><p class=\"wp-block-post-excerpt__excerpt\">A la darrera reuni\u00f3 del Comit\u00e8 de Seguretat i Salut de la Diputaci\u00f3 de Barcelona des de CCOO vam tractar els seg\u00fcents punts que afecten les condicions de seguretat i &#8230; Continuar llegint <\/p><\/div><\/div>\n<\/div>\n\n<\/li><li class=\"wp-block-post post-57557 post type-post status-publish format-standard has-post-thumbnail hentry category-a-tot-el-personal category-comunicats generate-columns tablet-grid-50 mobile-grid-100 grid-parent grid-50\">\n\n<div class=\"wp-block-columns is-layout-flex wp-container-core-columns-is-layout-9d6595d7 wp-block-columns-is-layout-flex\" style=\"font-size:10px\">\n<div class=\"wp-block-column is-layout-flow wp-block-column-is-layout-flow\" style=\"flex-basis:32%\">\n<div style=\"height:15px\" aria-hidden=\"true\" class=\"wp-block-spacer\"><\/div>\n\n\n<figure class=\"aligncenter wp-block-post-featured-image\"><a href=\"https:\/\/ccoo.app\/diputacio-de-barcelona\/informacions-mesa-general-de-negociacio-3\/\" target=\"_self\"  ><img loading=\"lazy\" decoding=\"async\" width=\"390\" height=\"390\" src=\"https:\/\/ccoo.app\/diputacio-de-barcelona\/wp-content\/blogs.dir\/6\/files\/sites\/186\/2025\/03\/informacio-mesa-de-negociacio.png\" class=\"attachment-post-thumbnail size-post-thumbnail wp-post-image\" alt=\"INFORMACIONS MESA GENERAL DE NEGOCIACI\u00d3\" style=\"object-fit:contain;\" srcset=\"https:\/\/ccoo.app\/diputacio-de-barcelona\/wp-content\/blogs.dir\/6\/files\/sites\/186\/2025\/03\/informacio-mesa-de-negociacio.png 390w, https:\/\/ccoo.app\/diputacio-de-barcelona\/wp-content\/blogs.dir\/6\/files\/sites\/186\/2025\/03\/informacio-mesa-de-negociacio-300x300.png 300w, https:\/\/ccoo.app\/diputacio-de-barcelona\/wp-content\/blogs.dir\/6\/files\/sites\/186\/2025\/03\/informacio-mesa-de-negociacio-150x150.png 150w\" sizes=\"auto, (max-width: 390px) 100vw, 390px\" \/><\/a><\/figure><\/div>\n\n\n\n<div class=\"wp-block-column is-layout-flow wp-block-column-is-layout-flow\" style=\"flex-basis:30%\">\n<div style=\"height:15px\" aria-hidden=\"true\" class=\"wp-block-spacer\"><\/div>\n\n\n<div class=\"has-text-align-left wp-block-post-date has-small-font-size\"><time datetime=\"2026-03-18T11:14:55+01:00\">18 de marzo de 2026<\/time><\/div>\n\n<h4 class=\"has-text-align-left wp-block-post-title has-large-font-size\"><a href=\"https:\/\/ccoo.app\/diputacio-de-barcelona\/informacions-mesa-general-de-negociacio-3\/\" target=\"_self\" >INFORMACIONS MESA GENERAL DE NEGOCIACI\u00d3<\/a><\/h4><\/div>\n\n\n\n<div class=\"wp-block-column has-medium-font-size is-layout-flow wp-block-column-is-layout-flow\" style=\"flex-basis:34%\">\n<div style=\"height:15px\" aria-hidden=\"true\" class=\"wp-block-spacer\"><\/div>\n\n\n<div class=\"wp-block-post-excerpt has-medium-font-size\"><p class=\"wp-block-post-excerpt__excerpt\">MESA GENERAL DE NEGOCIACI\u00d312 DE MAR\u00c7 DE 2026 RETRIBUCIONS FESTIUS A la darrera sessi\u00f3 de Mesa General de Negociaci\u00f3, i despr\u00e9s de mesos esperant proposta per part de RH, se\u2019ns &#8230; Continuar llegint <\/p><\/div><\/div>\n<\/div>\n\n<\/li><li class=\"wp-block-post post-57512 post type-post status-publish format-standard has-post-thumbnail hentry category-a-tot-el-personal category-comunicats category-igualtat category-app-diba-push generate-columns tablet-grid-50 mobile-grid-100 grid-parent grid-50\">\n\n<div class=\"wp-block-columns is-layout-flex wp-container-core-columns-is-layout-9d6595d7 wp-block-columns-is-layout-flex\" style=\"font-size:10px\">\n<div class=\"wp-block-column is-layout-flow wp-block-column-is-layout-flow\" style=\"flex-basis:32%\">\n<div style=\"height:15px\" aria-hidden=\"true\" class=\"wp-block-spacer\"><\/div>\n\n\n<figure class=\"aligncenter wp-block-post-featured-image\"><a href=\"https:\/\/ccoo.app\/diputacio-de-barcelona\/dia-internacional-de-les-dones-treballadores-2026\/\" target=\"_self\"  ><img loading=\"lazy\" decoding=\"async\" width=\"1024\" height=\"1024\" src=\"https:\/\/ccoo.app\/diputacio-de-barcelona\/wp-content\/blogs.dir\/6\/files\/sites\/186\/2026\/03\/8M2026.jpg\" class=\"attachment-post-thumbnail size-post-thumbnail wp-post-image\" alt=\"Dia Internacional de les Dones Treballadores 2026\" style=\"object-fit:contain;\" srcset=\"https:\/\/ccoo.app\/diputacio-de-barcelona\/wp-content\/blogs.dir\/6\/files\/sites\/186\/2026\/03\/8M2026.jpg 1024w, https:\/\/ccoo.app\/diputacio-de-barcelona\/wp-content\/blogs.dir\/6\/files\/sites\/186\/2026\/03\/8M2026-300x300.jpg 300w, https:\/\/ccoo.app\/diputacio-de-barcelona\/wp-content\/blogs.dir\/6\/files\/sites\/186\/2026\/03\/8M2026-150x150.jpg 150w, https:\/\/ccoo.app\/diputacio-de-barcelona\/wp-content\/blogs.dir\/6\/files\/sites\/186\/2026\/03\/8M2026-768x768.jpg 768w\" sizes=\"auto, (max-width: 1024px) 100vw, 1024px\" \/><\/a><\/figure><\/div>\n\n\n\n<div class=\"wp-block-column is-layout-flow wp-block-column-is-layout-flow\" style=\"flex-basis:30%\">\n<div style=\"height:15px\" aria-hidden=\"true\" class=\"wp-block-spacer\"><\/div>\n\n\n<div class=\"has-text-align-left wp-block-post-date has-small-font-size\"><time datetime=\"2026-03-05T10:36:54+01:00\">5 de marzo de 2026<\/time><\/div>\n\n<h4 class=\"has-text-align-left wp-block-post-title has-large-font-size\"><a href=\"https:\/\/ccoo.app\/diputacio-de-barcelona\/dia-internacional-de-les-dones-treballadores-2026\/\" target=\"_self\" >Dia Internacional de les Dones Treballadores 2026<\/a><\/h4><\/div>\n\n\n\n<div class=\"wp-block-column has-medium-font-size is-layout-flow wp-block-column-is-layout-flow\" style=\"flex-basis:34%\">\n<div style=\"height:15px\" aria-hidden=\"true\" class=\"wp-block-spacer\"><\/div>\n\n\n<div class=\"wp-block-post-excerpt has-medium-font-size\"><p class=\"wp-block-post-excerpt__excerpt\">Ni p\u00fabliques ni privades: dones lliures d\u2019opressi\u00f3 Davant l\u2019embat reaccionari actual, que fa emergir l\u2019ombra d\u2019un retroc\u00e9s de drets, hem de llan\u00e7ar una mirada retrospectiva als or\u00edgens d\u2019aquestes posicions. Saber &#8230; Continuar llegint <\/p><\/div><\/div>\n<\/div>\n\n<\/li><li class=\"wp-block-post post-57502 post type-post status-publish format-standard has-post-thumbnail hentry category-a-tot-el-personal category-comunicats generate-columns tablet-grid-50 mobile-grid-100 grid-parent grid-50\">\n\n<div class=\"wp-block-columns is-layout-flex wp-container-core-columns-is-layout-9d6595d7 wp-block-columns-is-layout-flex\" style=\"font-size:10px\">\n<div class=\"wp-block-column is-layout-flow wp-block-column-is-layout-flow\" style=\"flex-basis:32%\">\n<div style=\"height:15px\" aria-hidden=\"true\" class=\"wp-block-spacer\"><\/div>\n\n\n<figure class=\"aligncenter wp-block-post-featured-image\"><a href=\"https:\/\/ccoo.app\/diputacio-de-barcelona\/ccoo-es-mobilitza-davant-la-crisi-ferroviaria\/\" target=\"_self\"  ><img loading=\"lazy\" decoding=\"async\" width=\"390\" height=\"390\" src=\"https:\/\/ccoo.app\/diputacio-de-barcelona\/wp-content\/blogs.dir\/6\/files\/sites\/186\/2026\/01\/informacio-crisi-ferroviaria.jpg\" class=\"attachment-post-thumbnail size-post-thumbnail wp-post-image\" alt=\"CCOO es mobilitza davant la crisi ferrovi\u00e0ria\" style=\"object-fit:contain;\" srcset=\"https:\/\/ccoo.app\/diputacio-de-barcelona\/wp-content\/blogs.dir\/6\/files\/sites\/186\/2026\/01\/informacio-crisi-ferroviaria.jpg 390w, https:\/\/ccoo.app\/diputacio-de-barcelona\/wp-content\/blogs.dir\/6\/files\/sites\/186\/2026\/01\/informacio-crisi-ferroviaria-300x300.jpg 300w, https:\/\/ccoo.app\/diputacio-de-barcelona\/wp-content\/blogs.dir\/6\/files\/sites\/186\/2026\/01\/informacio-crisi-ferroviaria-150x150.jpg 150w\" sizes=\"auto, (max-width: 390px) 100vw, 390px\" \/><\/a><\/figure><\/div>\n\n\n\n<div class=\"wp-block-column is-layout-flow wp-block-column-is-layout-flow\" style=\"flex-basis:30%\">\n<div style=\"height:15px\" aria-hidden=\"true\" class=\"wp-block-spacer\"><\/div>\n\n\n<div class=\"has-text-align-left wp-block-post-date has-small-font-size\"><time datetime=\"2026-01-28T14:23:19+01:00\">28 de enero de 2026<\/time><\/div>\n\n<h4 class=\"has-text-align-left wp-block-post-title has-large-font-size\"><a href=\"https:\/\/ccoo.app\/diputacio-de-barcelona\/ccoo-es-mobilitza-davant-la-crisi-ferroviaria\/\" target=\"_self\" >CCOO es mobilitza davant la crisi ferrovi\u00e0ria<\/a><\/h4><\/div>\n\n\n\n<div class=\"wp-block-column has-medium-font-size is-layout-flow wp-block-column-is-layout-flow\" style=\"flex-basis:34%\">\n<div style=\"height:15px\" aria-hidden=\"true\" class=\"wp-block-spacer\"><\/div>\n\n\n<div class=\"wp-block-post-excerpt has-medium-font-size\"><p class=\"wp-block-post-excerpt__excerpt\">Davant la crisi ferrovi\u00e0ria que viu el pa\u00eds, CCOO vol fer una crida perqu\u00e8 la situaci\u00f3 no la paguin els treballadors i treballadores i per anar m\u00e9s enll\u00e0 del relat &#8230; Continuar llegint <\/p><\/div><\/div>\n<\/div>\n\n<\/li><li class=\"wp-block-post post-57496 post type-post status-publish format-standard has-post-thumbnail hentry category-a-tot-el-personal category-comunicats generate-columns tablet-grid-50 mobile-grid-100 grid-parent grid-50\">\n\n<div class=\"wp-block-columns is-layout-flex wp-container-core-columns-is-layout-9d6595d7 wp-block-columns-is-layout-flex\" style=\"font-size:10px\">\n<div class=\"wp-block-column is-layout-flow wp-block-column-is-layout-flow\" style=\"flex-basis:32%\">\n<div style=\"height:15px\" aria-hidden=\"true\" class=\"wp-block-spacer\"><\/div>\n\n\n<figure class=\"aligncenter wp-block-post-featured-image\"><a href=\"https:\/\/ccoo.app\/diputacio-de-barcelona\/servei-de-rodalies\/\" target=\"_self\"  ><img loading=\"lazy\" decoding=\"async\" width=\"390\" height=\"390\" src=\"https:\/\/ccoo.app\/diputacio-de-barcelona\/wp-content\/blogs.dir\/6\/files\/sites\/186\/2026\/01\/informacio-servei-de-rodalies.jpg\" class=\"attachment-post-thumbnail size-post-thumbnail wp-post-image\" alt=\"SERVEI DE RODALIES\" style=\"object-fit:contain;\" srcset=\"https:\/\/ccoo.app\/diputacio-de-barcelona\/wp-content\/blogs.dir\/6\/files\/sites\/186\/2026\/01\/informacio-servei-de-rodalies.jpg 390w, https:\/\/ccoo.app\/diputacio-de-barcelona\/wp-content\/blogs.dir\/6\/files\/sites\/186\/2026\/01\/informacio-servei-de-rodalies-300x300.jpg 300w, https:\/\/ccoo.app\/diputacio-de-barcelona\/wp-content\/blogs.dir\/6\/files\/sites\/186\/2026\/01\/informacio-servei-de-rodalies-150x150.jpg 150w\" sizes=\"auto, (max-width: 390px) 100vw, 390px\" \/><\/a><\/figure><\/div>\n\n\n\n<div class=\"wp-block-column is-layout-flow wp-block-column-is-layout-flow\" style=\"flex-basis:30%\">\n<div style=\"height:15px\" aria-hidden=\"true\" class=\"wp-block-spacer\"><\/div>\n\n\n<div class=\"has-text-align-left wp-block-post-date has-small-font-size\"><time datetime=\"2026-01-22T08:00:00+01:00\">22 de enero de 2026<\/time><\/div>\n\n<h4 class=\"has-text-align-left wp-block-post-title has-large-font-size\"><a href=\"https:\/\/ccoo.app\/diputacio-de-barcelona\/servei-de-rodalies\/\" target=\"_self\" >SERVEI DE RODALIES<\/a><\/h4><\/div>\n\n\n\n<div class=\"wp-block-column has-medium-font-size is-layout-flow wp-block-column-is-layout-flow\" style=\"flex-basis:34%\">\n<div style=\"height:15px\" aria-hidden=\"true\" class=\"wp-block-spacer\"><\/div>\n\n\n<div class=\"wp-block-post-excerpt has-medium-font-size\"><p class=\"wp-block-post-excerpt__excerpt\">Us informem que&nbsp;la Direcci\u00f3 de Serveis de Recursos Humans&nbsp;ens ha comunicat que, despr\u00e9s de la reuni\u00f3 del Centre de Coordinaci\u00f3 Operativa de Catalunya (CECAT), s\u2019ha aixecat la suspensi\u00f3 del servei &#8230; Continuar llegint <\/p><\/div><\/div>\n<\/div>\n\n<\/li><li class=\"wp-block-post post-57045 post type-post status-publish format-standard has-post-thumbnail hentry category-a-tot-el-personal category-comunicats generate-columns tablet-grid-50 mobile-grid-100 grid-parent grid-50\">\n\n<div class=\"wp-block-columns is-layout-flex wp-container-core-columns-is-layout-9d6595d7 wp-block-columns-is-layout-flex\" style=\"font-size:10px\">\n<div class=\"wp-block-column is-layout-flow wp-block-column-is-layout-flow\" style=\"flex-basis:32%\">\n<div style=\"height:15px\" aria-hidden=\"true\" class=\"wp-block-spacer\"><\/div>\n\n\n<figure class=\"aligncenter wp-block-post-featured-image\"><a href=\"https:\/\/ccoo.app\/diputacio-de-barcelona\/bones-festes-2025-2026-increment-de-les-retribucions\/\" target=\"_self\"  ><img loading=\"lazy\" decoding=\"async\" width=\"1600\" height=\"1600\" src=\"https:\/\/ccoo.app\/diputacio-de-barcelona\/wp-content\/blogs.dir\/6\/files\/sites\/186\/2025\/12\/NADAL2025.png\" class=\"attachment-post-thumbnail size-post-thumbnail wp-post-image\" alt=\"Bones festes 2025-2026 &#8230; Increment de les retribucions\" style=\"object-fit:contain;\" srcset=\"https:\/\/ccoo.app\/diputacio-de-barcelona\/wp-content\/blogs.dir\/6\/files\/sites\/186\/2025\/12\/NADAL2025.png 1600w, https:\/\/ccoo.app\/diputacio-de-barcelona\/wp-content\/blogs.dir\/6\/files\/sites\/186\/2025\/12\/NADAL2025-300x300.png 300w, https:\/\/ccoo.app\/diputacio-de-barcelona\/wp-content\/blogs.dir\/6\/files\/sites\/186\/2025\/12\/NADAL2025-1024x1024.png 1024w, https:\/\/ccoo.app\/diputacio-de-barcelona\/wp-content\/blogs.dir\/6\/files\/sites\/186\/2025\/12\/NADAL2025-150x150.png 150w, https:\/\/ccoo.app\/diputacio-de-barcelona\/wp-content\/blogs.dir\/6\/files\/sites\/186\/2025\/12\/NADAL2025-768x768.png 768w, https:\/\/ccoo.app\/diputacio-de-barcelona\/wp-content\/blogs.dir\/6\/files\/sites\/186\/2025\/12\/NADAL2025-1536x1536.png 1536w\" sizes=\"auto, (max-width: 1600px) 100vw, 1600px\" \/><\/a><\/figure><\/div>\n\n\n\n<div class=\"wp-block-column is-layout-flow wp-block-column-is-layout-flow\" style=\"flex-basis:30%\">\n<div style=\"height:15px\" aria-hidden=\"true\" class=\"wp-block-spacer\"><\/div>\n\n\n<div class=\"has-text-align-left wp-block-post-date has-small-font-size\"><time datetime=\"2025-12-23T13:48:02+01:00\">23 de diciembre de 2025<\/time><\/div>\n\n<h4 class=\"has-text-align-left wp-block-post-title has-large-font-size\"><a href=\"https:\/\/ccoo.app\/diputacio-de-barcelona\/bones-festes-2025-2026-increment-de-les-retribucions\/\" target=\"_self\" >Bones festes 2025-2026 &#8230; Increment de les retribucions<\/a><\/h4><\/div>\n\n\n\n<div class=\"wp-block-column has-medium-font-size is-layout-flow wp-block-column-is-layout-flow\" style=\"flex-basis:34%\">\n<div style=\"height:15px\" aria-hidden=\"true\" class=\"wp-block-spacer\"><\/div>\n\n\n<div class=\"wp-block-post-excerpt has-medium-font-size\"><p class=\"wp-block-post-excerpt__excerpt\">CCOO us desitja un BON NADALi un BON ANY 2026 Hem aconseguit incrementar les quantitatsi incloure les ulleres progressives! Sol\u00b7licituds a partir de l&#8217;1 de gener del 2026 <\/p><\/div><\/div>\n<\/div>\n\n<\/li><li class=\"wp-block-post post-57461 post type-post status-publish format-standard has-post-thumbnail hentry category-a-tot-el-personal category-comunicats category-salut-laboral generate-columns tablet-grid-50 mobile-grid-100 grid-parent grid-50\">\n\n<div class=\"wp-block-columns is-layout-flex wp-container-core-columns-is-layout-9d6595d7 wp-block-columns-is-layout-flex\" style=\"font-size:10px\">\n<div class=\"wp-block-column is-layout-flow wp-block-column-is-layout-flow\" style=\"flex-basis:32%\">\n<div style=\"height:15px\" aria-hidden=\"true\" class=\"wp-block-spacer\"><\/div>\n\n\n<figure class=\"aligncenter wp-block-post-featured-image\"><a href=\"https:\/\/ccoo.app\/diputacio-de-barcelona\/comite-de-seguretat-i-salut-6\/\" target=\"_self\"  ><img loading=\"lazy\" decoding=\"async\" width=\"390\" height=\"390\" src=\"https:\/\/ccoo.app\/diputacio-de-barcelona\/wp-content\/blogs.dir\/6\/files\/sites\/186\/2023\/03\/informacio-salud-laboral.png\" class=\"attachment-post-thumbnail size-post-thumbnail wp-post-image\" alt=\"COMIT\u00c8 DE SEGURETAT I SALUT\" style=\"object-fit:contain;\" srcset=\"https:\/\/ccoo.app\/diputacio-de-barcelona\/wp-content\/blogs.dir\/6\/files\/sites\/186\/2023\/03\/informacio-salud-laboral.png 390w, https:\/\/ccoo.app\/diputacio-de-barcelona\/wp-content\/blogs.dir\/6\/files\/sites\/186\/2023\/03\/informacio-salud-laboral-300x300.png 300w, https:\/\/ccoo.app\/diputacio-de-barcelona\/wp-content\/blogs.dir\/6\/files\/sites\/186\/2023\/03\/informacio-salud-laboral-150x150.png 150w\" sizes=\"auto, (max-width: 390px) 100vw, 390px\" \/><\/a><\/figure><\/div>\n\n\n\n<div class=\"wp-block-column is-layout-flow wp-block-column-is-layout-flow\" style=\"flex-basis:30%\">\n<div style=\"height:15px\" aria-hidden=\"true\" class=\"wp-block-spacer\"><\/div>\n\n\n<div class=\"has-text-align-left wp-block-post-date has-small-font-size\"><time datetime=\"2025-12-23T09:22:57+01:00\">23 de diciembre de 2025<\/time><\/div>\n\n<h4 class=\"has-text-align-left wp-block-post-title has-large-font-size\"><a href=\"https:\/\/ccoo.app\/diputacio-de-barcelona\/comite-de-seguretat-i-salut-6\/\" target=\"_self\" >COMIT\u00c8 DE SEGURETAT I SALUT<\/a><\/h4><\/div>\n\n\n\n<div class=\"wp-block-column has-medium-font-size is-layout-flow wp-block-column-is-layout-flow\" style=\"flex-basis:34%\">\n<div style=\"height:15px\" aria-hidden=\"true\" class=\"wp-block-spacer\"><\/div>\n\n\n<div class=\"wp-block-post-excerpt has-medium-font-size\"><p class=\"wp-block-post-excerpt__excerpt\">12 DE DESEMBRE DE 2025 A la darrera reuni\u00f3 del Comit\u00e8 de Seguretat i Salut de la Diputaci\u00f3 de Barcelona del dia 12 de desembre&nbsp;des de CCOO vam tractar els &#8230; Continuar llegint <\/p><\/div><\/div>\n<\/div>\n\n<\/li><\/ul>\n\n<nav class=\"wp-block-query-pagination is-content-justification-center is-layout-flex wp-container-core-query-pagination-is-layout-16018d1d wp-block-query-pagination-is-layout-flex\" aria-label=\"Paginaci\u00f3n\">\n\n\n<div style=\"font-size:17px;\" class=\"wp-block-query-pagination-numbers\"><span aria-current=\"page\" class=\"page-numbers current\">1<\/span>\n<a class=\"page-numbers\" href=\"?query-21-page=2\">2<\/a>\n<a class=\"page-numbers\" href=\"?query-21-page=3\">3<\/a>\n<span class=\"page-numbers dots\">&hellip;<\/span>\n<a class=\"page-numbers\" href=\"?query-21-page=72\">72<\/a><\/div>\n\n<a href=\"\/diputacio-de-barcelona\/wp-json\/wp\/v2\/pages\/51547?query-21-page=2\" style=\"font-size:17px;\" class=\"wp-block-query-pagination-next\">Seg\u00fcent &gt;&gt;<\/a>\n<\/nav>\n\n<\/div><\/div>\n<\/div>\n\n\n\n<hr class=\"wp-block-separator has-text-color has-alpha-channel-opacity has-background is-style-default\" style=\"background-color:#d42e12;color:#d42e12\" \/>\n\n\n\n<div style=\"height:80px\" aria-hidden=\"true\" class=\"wp-block-spacer\"><\/div>\n","protected":false},"excerpt":{"rendered":"<p>COMUNICATS<\/p>\n","protected":false},"author":34224,"featured_media":0,"parent":0,"menu_order":0,"comment_status":"closed","ping_status":"closed","template":"","meta":{"footnotes":""},"class_list":["post-51547","page","type-page","status-publish"],"_links":{"self":[{"href":"https:\/\/ccoo.app\/diputacio-de-barcelona\/wp-json\/wp\/v2\/pages\/51547","targetHints":{"allow":["GET"]}}],"collection":[{"href":"https:\/\/ccoo.app\/diputacio-de-barcelona\/wp-json\/wp\/v2\/pages"}],"about":[{"href":"https:\/\/ccoo.app\/diputacio-de-barcelona\/wp-json\/wp\/v2\/types\/page"}],"author":[{"embeddable":true,"href":"https:\/\/ccoo.app\/diputacio-de-barcelona\/wp-json\/wp\/v2\/users\/34224"}],"replies":[{"embeddable":true,"href":"https:\/\/ccoo.app\/diputacio-de-barcelona\/wp-json\/wp\/v2\/comments?post=51547"}],"version-history":[{"count":4,"href":"https:\/\/ccoo.app\/diputacio-de-barcelona\/wp-json\/wp\/v2\/pages\/51547\/revisions"}],"predecessor-version":[{"id":53662,"href":"https:\/\/ccoo.app\/diputacio-de-barcelona\/wp-json\/wp\/v2\/pages\/51547\/revisions\/53662"}],"wp:attachment":[{"href":"https:\/\/ccoo.app\/diputacio-de-barcelona\/wp-json\/wp\/v2\/media?parent=51547"}],"curies":[{"name":"wp","href":"https:\/\/api.w.org\/{rel}","templated":true}]}}