{"id":51130,"date":"2022-12-19T21:59:05","date_gmt":"2022-12-19T20:59:05","guid":{"rendered":"https:\/\/ccoo.app\/diputacio-de-barcelona\/?page_id=51130"},"modified":"2023-07-04T18:04:53","modified_gmt":"2023-07-04T16:04:53","slug":"pindoles-informatives","status":"publish","type":"page","link":"https:\/\/ccoo.app\/diputacio-de-barcelona\/pindoles-informatives\/","title":{"rendered":"P\u00edndoles informatives"},"content":{"rendered":"\n<h4 class=\"wp-block-heading has-text-color\" style=\"color:#d42e12\">SALUT LABORAL<\/h4>\n\n\n\n<div style=\"height:30px\" aria-hidden=\"true\" class=\"wp-block-spacer\"><\/div>\n\n\n\n<div class=\"wp-block-columns is-layout-flex wp-container-core-columns-is-layout-9d6595d7 wp-block-columns-is-layout-flex\">\n<div class=\"wp-block-column is-vertically-aligned-top is-layout-flow wp-block-column-is-layout-flow\">\n<figure class=\"wp-block-image size-full\"><img loading=\"lazy\" decoding=\"async\" width=\"768\" height=\"432\" src=\"https:\/\/ccoo.app\/diputacio-de-barcelona\/wp-content\/blogs.dir\/6\/files\/sites\/186\/2023\/01\/baner-pindola-algorismes-i-salut-laboral-768x432-1.jpg\" alt=\"pindola-Informativa-salut-laboral\" class=\"wp-image-51239\" srcset=\"https:\/\/ccoo.app\/diputacio-de-barcelona\/wp-content\/blogs.dir\/6\/files\/sites\/186\/2023\/01\/baner-pindola-algorismes-i-salut-laboral-768x432-1.jpg 768w, https:\/\/ccoo.app\/diputacio-de-barcelona\/wp-content\/blogs.dir\/6\/files\/sites\/186\/2023\/01\/baner-pindola-algorismes-i-salut-laboral-768x432-1-300x169.jpg 300w\" sizes=\"auto, (max-width: 768px) 100vw, 768px\" \/><\/figure>\n\n\n\n<div style=\"height:80px\" aria-hidden=\"true\" class=\"wp-block-spacer\"><\/div>\n<\/div>\n\n\n\n<div class=\"wp-block-column is-layout-flow wp-block-column-is-layout-flow\">\n<h4 class=\"gb-headline gb-headline-1286392e gb-headline-text\"><a href=\"https:\/\/www.ccoo.cat\/noticies\/algorismes-i-salut-laboral\/\" class=\"ek-link\">Algorismes i salut laboral<\/a><\/h4>\n\n\n\n<p class=\"has-text-color\" style=\"color:#d42e12\"><strong>19 de desembre de 2022<\/strong><\/p>\n\n\n\n<div class=\"wp-block-buttons is-content-justification-left is-layout-flex wp-container-core-buttons-is-layout-fdcfc74e wp-block-buttons-is-layout-flex\">\n<div class=\"wp-block-button is-style-fill\" style=\"font-style:normal;font-weight:900\"><a class=\"wp-block-button__link wp-element-button\" href=\"https:\/\/www.ccoo.cat\/noticies\/algorismes-i-salut-laboral\/\" style=\"border-top-left-radius:3px;border-top-right-radius:3px;border-bottom-left-radius:3px;border-bottom-right-radius:3px\"><strong>ACCEDIR A LA P\u00cdNDOLA INFORMATIVA<\/strong><\/a><\/div>\n<\/div>\n\n\n\n<div style=\"height:10px\" aria-hidden=\"true\" class=\"wp-block-spacer\"><\/div>\n\n\n\n<p><a href=\"https:\/\/www.ccoo.cat\/wp-content\/uploads\/2022\/12\/infografia-algorismes-i-salut-laboral.pdf\" class=\"ek-link\">[ PDF CATAL\u00c0 ]<\/a><a href=\"https:\/\/www.ccoo.cat\/wp-content\/uploads\/2022\/12\/infografia-algoritmos-y-salud-laboral.pdf\" class=\"ek-link\"> [ PDF CASTELL\u00c0]<\/a><\/p>\n<\/div>\n<\/div>\n\n\n\n<div class=\"wp-block-columns is-layout-flex wp-container-core-columns-is-layout-9d6595d7 wp-block-columns-is-layout-flex\">\n<div class=\"wp-block-column is-vertically-aligned-top is-layout-flow wp-block-column-is-layout-flow\">\n<figure class=\"wp-block-image size-full\"><img loading=\"lazy\" decoding=\"async\" width=\"768\" height=\"432\" src=\"https:\/\/ccoo.app\/diputacio-de-barcelona\/wp-content\/blogs.dir\/6\/files\/sites\/186\/2023\/01\/baner-pindola-incident-laboral-768x432-1.jpg\" alt=\"Baner Pindola Incident Laboral 768x432\" class=\"wp-image-51236\" srcset=\"https:\/\/ccoo.app\/diputacio-de-barcelona\/wp-content\/blogs.dir\/6\/files\/sites\/186\/2023\/01\/baner-pindola-incident-laboral-768x432-1.jpg 768w, https:\/\/ccoo.app\/diputacio-de-barcelona\/wp-content\/blogs.dir\/6\/files\/sites\/186\/2023\/01\/baner-pindola-incident-laboral-768x432-1-300x169.jpg 300w\" sizes=\"auto, (max-width: 768px) 100vw, 768px\" \/><\/figure>\n\n\n\n<div style=\"height:80px\" aria-hidden=\"true\" class=\"wp-block-spacer\"><\/div>\n<\/div>\n\n\n\n<div class=\"wp-block-column is-layout-flow wp-block-column-is-layout-flow\">\n<h4 class=\"gb-headline gb-headline-cdd99e00 gb-headline-text\"><a href=\"https:\/\/www.ccoo.cat\/noticies\/incident-de-treball-o-accident-de-treball\/\" class=\"ek-link\">Incident de treball o accident de treball?<\/a><\/h4>\n\n\n\n<p class=\"has-text-color\" style=\"color:#d42e12\"><strong>29 de novembre de 2022<\/strong><\/p>\n\n\n\n<div class=\"wp-block-buttons is-content-justification-left is-layout-flex wp-container-core-buttons-is-layout-fdcfc74e wp-block-buttons-is-layout-flex\">\n<div class=\"wp-block-button is-style-fill\" style=\"font-style:normal;font-weight:900\"><a class=\"wp-block-button__link wp-element-button\" href=\"https:\/\/www.ccoo.cat\/noticies\/incident-de-treball-o-accident-de-treball\/\" style=\"border-top-left-radius:3px;border-top-right-radius:3px;border-bottom-left-radius:3px;border-bottom-right-radius:3px\"><strong>ACCEDIR A LA P\u00cdNDOLA INFORMATIVA<\/strong><\/a><\/div>\n<\/div>\n\n\n\n<div style=\"height:10px\" aria-hidden=\"true\" class=\"wp-block-spacer\"><\/div>\n\n\n\n<p><a href=\"https:\/\/www.ccoo.cat\/wp-content\/uploads\/2022\/11\/infografia-incident-o-accident-de-treball.pdf\" class=\"ek-link\">[ PDF CATAL\u00c0 ]<\/a><a href=\"https:\/\/www.ccoo.cat\/wp-content\/uploads\/2022\/11\/infografia-incidente-o-accidente-de-trabajo.pdf\" class=\"ek-link\"> [ PDF CASTELL\u00c0]<\/a><\/p>\n<\/div>\n<\/div>\n\n\n\n<div class=\"wp-block-columns is-layout-flex wp-container-core-columns-is-layout-9d6595d7 wp-block-columns-is-layout-flex\">\n<div class=\"wp-block-column is-vertically-aligned-top is-layout-flow wp-block-column-is-layout-flow\">\n<figure class=\"wp-block-image size-full\"><img loading=\"lazy\" decoding=\"async\" width=\"768\" height=\"432\" src=\"https:\/\/ccoo.app\/diputacio-de-barcelona\/wp-content\/blogs.dir\/6\/files\/sites\/186\/2023\/01\/baner-jovent-salut-mental-i-drets-laborals-768x432-1.jpg\" alt=\"Pindola Informativa Salut Laboral\" class=\"wp-image-51232\" srcset=\"https:\/\/ccoo.app\/diputacio-de-barcelona\/wp-content\/blogs.dir\/6\/files\/sites\/186\/2023\/01\/baner-jovent-salut-mental-i-drets-laborals-768x432-1.jpg 768w, https:\/\/ccoo.app\/diputacio-de-barcelona\/wp-content\/blogs.dir\/6\/files\/sites\/186\/2023\/01\/baner-jovent-salut-mental-i-drets-laborals-768x432-1-300x169.jpg 300w\" sizes=\"auto, (max-width: 768px) 100vw, 768px\" \/><\/figure>\n\n\n\n<div style=\"height:80px\" aria-hidden=\"true\" class=\"wp-block-spacer\"><\/div>\n<\/div>\n\n\n\n<div class=\"wp-block-column is-layout-flow wp-block-column-is-layout-flow\">\n<h4 class=\"gb-headline gb-headline-9985d3cd gb-headline-text\"><a href=\"https:\/\/www.ccoo.cat\/noticies\/jovent-salut-mental-i-drets-laborals\/\" class=\"ek-link\">Jovent, salut mental i drets laborals<\/a><\/h4>\n\n\n\n<p class=\"has-text-color\" style=\"color:#d42e12\"><strong>17 d&#8217;octubre de 2022<\/strong><\/p>\n\n\n\n<div class=\"wp-block-buttons is-content-justification-left is-layout-flex wp-container-core-buttons-is-layout-fdcfc74e wp-block-buttons-is-layout-flex\">\n<div class=\"wp-block-button is-style-fill\" style=\"font-style:normal;font-weight:900\"><a class=\"wp-block-button__link wp-element-button\" href=\"https:\/\/www.ccoo.cat\/noticies\/jovent-salut-mental-i-drets-laborals\/\" style=\"border-top-left-radius:3px;border-top-right-radius:3px;border-bottom-left-radius:3px;border-bottom-right-radius:3px\"><strong>ACCEDIR A LA P\u00cdNDOLA INFORMATIVA<\/strong><\/a><\/div>\n<\/div>\n\n\n\n<div style=\"height:10px\" aria-hidden=\"true\" class=\"wp-block-spacer\"><\/div>\n\n\n\n<p><a href=\"https:\/\/www.ccoo.cat\/wp-content\/uploads\/2022\/10\/infografia-jovenes-salud-mental-y-derechos-laborales.pdf\" class=\"ek-link\">[ PDF CATAL\u00c0 ]<\/a><a href=\"https:\/\/www.ccoo.cat\/wp-content\/uploads\/2022\/09\/infografia-exoesqueletos-ambito-laboral.pdf\" class=\"ek-link\"> [ PDF CASTELL\u00c0]<\/a><\/p>\n<\/div>\n<\/div>\n\n\n\n<div class=\"wp-block-columns is-layout-flex wp-container-core-columns-is-layout-9d6595d7 wp-block-columns-is-layout-flex\">\n<div class=\"wp-block-column is-vertically-aligned-top is-layout-flow wp-block-column-is-layout-flow\">\n<figure class=\"wp-block-image size-full\"><img loading=\"lazy\" decoding=\"async\" width=\"768\" height=\"432\" src=\"https:\/\/ccoo.app\/diputacio-de-barcelona\/wp-content\/blogs.dir\/6\/files\/sites\/186\/2023\/01\/baner-exoesquelets-ambit-laboral-768x432-1.jpg\" alt=\"pindola-informativa-salut-laboral\" class=\"wp-image-51223\" srcset=\"https:\/\/ccoo.app\/diputacio-de-barcelona\/wp-content\/blogs.dir\/6\/files\/sites\/186\/2023\/01\/baner-exoesquelets-ambit-laboral-768x432-1.jpg 768w, https:\/\/ccoo.app\/diputacio-de-barcelona\/wp-content\/blogs.dir\/6\/files\/sites\/186\/2023\/01\/baner-exoesquelets-ambit-laboral-768x432-1-300x169.jpg 300w\" sizes=\"auto, (max-width: 768px) 100vw, 768px\" \/><\/figure>\n\n\n\n<div style=\"height:80px\" aria-hidden=\"true\" class=\"wp-block-spacer\"><\/div>\n<\/div>\n\n\n\n<div class=\"wp-block-column is-layout-flow wp-block-column-is-layout-flow\">\n<h4 class=\"gb-headline gb-headline-1c0a2f83 gb-headline-text\"><a href=\"https:\/\/www.ccoo.cat\/noticies\/els-exoesquelets-en-lambit-laboral\/\" class=\"ek-link\"><\/a><a href=\"https:\/\/www.ccoo.cat\/noticies\/els-exoesquelets-en-lambit-laboral\/\" class=\"ek-link\">Els exoesquelets en l\u2019\u00e0mbit laboral<\/a><\/h4>\n\n\n\n<p class=\"has-text-color\" style=\"color:#d42e12\"><strong>29 de setembre de 2022<\/strong><\/p>\n\n\n\n<div class=\"wp-block-buttons is-content-justification-left is-layout-flex wp-container-core-buttons-is-layout-fdcfc74e wp-block-buttons-is-layout-flex\">\n<div class=\"wp-block-button is-style-fill\" style=\"font-style:normal;font-weight:900\"><a class=\"wp-block-button__link wp-element-button\" href=\"https:\/\/www.ccoo.cat\/noticies\/els-exoesquelets-en-lambit-laboral\/\" style=\"border-top-left-radius:3px;border-top-right-radius:3px;border-bottom-left-radius:3px;border-bottom-right-radius:3px\"><strong>ACCEDIR A LA P\u00cdNDOLA INFORMATIVA<\/strong><\/a><\/div>\n<\/div>\n\n\n\n<div style=\"height:10px\" aria-hidden=\"true\" class=\"wp-block-spacer\"><\/div>\n\n\n\n<p><a href=\"https:\/\/www.ccoo.cat\/wp-content\/uploads\/2022\/09\/infografia-exoesquelets-ambit-laboral.pdf\" class=\"ek-link\">[ PDF CATAL\u00c0 ]<\/a><a href=\"https:\/\/www.ccoo.cat\/wp-content\/uploads\/2022\/09\/infografia-exoesqueletos-ambito-laboral.pdf\" class=\"ek-link\"> [ PDF CASTELL\u00c0]<\/a><\/p>\n<\/div>\n<\/div>\n\n\n\n<div class=\"wp-block-columns is-layout-flex wp-container-core-columns-is-layout-9d6595d7 wp-block-columns-is-layout-flex\">\n<div class=\"wp-block-column is-vertically-aligned-top is-layout-flow wp-block-column-is-layout-flow\">\n<figure class=\"wp-block-image size-full\"><img loading=\"lazy\" decoding=\"async\" width=\"768\" height=\"432\" src=\"https:\/\/ccoo.app\/diputacio-de-barcelona\/wp-content\/blogs.dir\/6\/files\/sites\/186\/2023\/01\/pindola-informativa-salut-laboral-malaties-professionals-768x432-1.jpg\" alt=\"pindola-informativa-salut-saboral\" class=\"wp-image-51218\" srcset=\"https:\/\/ccoo.app\/diputacio-de-barcelona\/wp-content\/blogs.dir\/6\/files\/sites\/186\/2023\/01\/pindola-informativa-salut-laboral-malaties-professionals-768x432-1.jpg 768w, https:\/\/ccoo.app\/diputacio-de-barcelona\/wp-content\/blogs.dir\/6\/files\/sites\/186\/2023\/01\/pindola-informativa-salut-laboral-malaties-professionals-768x432-1-300x169.jpg 300w\" sizes=\"auto, (max-width: 768px) 100vw, 768px\" \/><\/figure>\n\n\n\n<div style=\"height:80px\" aria-hidden=\"true\" class=\"wp-block-spacer\"><\/div>\n<\/div>\n\n\n\n<div class=\"wp-block-column is-layout-flow wp-block-column-is-layout-flow\">\n<h4 class=\"gb-headline gb-headline-b42af115 gb-headline-text\"><a href=\"https:\/\/www.ccoo.cat\/noticies\/malalties-professionals-els-danys-a-la-salut-mes-invisibles\/\" class=\"ek-link\">Malalties professionals: els danys a la salut m\u00e9s invisibles<\/a><\/h4>\n\n\n\n<p class=\"has-text-color\" style=\"color:#d42e12\"><strong>5 d&#8217;agost de 2022<\/strong><\/p>\n\n\n\n<div class=\"wp-block-buttons is-content-justification-left is-layout-flex wp-container-core-buttons-is-layout-fdcfc74e wp-block-buttons-is-layout-flex\">\n<div class=\"wp-block-button is-style-fill\" style=\"font-style:normal;font-weight:900\"><a class=\"wp-block-button__link wp-element-button\" href=\"https:\/\/www.ccoo.cat\/noticies\/malalties-professionals-els-danys-a-la-salut-mes-invisibles\/\" style=\"border-top-left-radius:3px;border-top-right-radius:3px;border-bottom-left-radius:3px;border-bottom-right-radius:3px\"><strong>ACCEDIR A LA P\u00cdNDOLA INFORMATIVA<\/strong><\/a><\/div>\n<\/div>\n\n\n\n<div style=\"height:10px\" aria-hidden=\"true\" class=\"wp-block-spacer\"><\/div>\n\n\n\n<p><a href=\"https:\/\/www.ccoo.cat\/wp-content\/uploads\/2022\/07\/infografia-malalties-professionals-danys-salut-mes-invisibles.pdf\" class=\"ek-link\">[ PDF CATAL\u00c0 ]<\/a><a href=\"https:\/\/www.ccoo.cat\/wp-content\/uploads\/2022\/07\/infografia-enfermedades-profesionales-danos-salud-mas-invisibles.pdf\" class=\"ek-link\"> [ PDF CASTELL\u00c0]<\/a><\/p>\n<\/div>\n<\/div>\n\n\n\n<div class=\"wp-block-columns is-layout-flex wp-container-core-columns-is-layout-9d6595d7 wp-block-columns-is-layout-flex\">\n<div class=\"wp-block-column is-vertically-aligned-top is-layout-flow wp-block-column-is-layout-flow\">\n<figure class=\"wp-block-image size-full\"><img loading=\"lazy\" decoding=\"async\" width=\"768\" height=\"432\" src=\"https:\/\/ccoo.app\/diputacio-de-barcelona\/wp-content\/blogs.dir\/6\/files\/sites\/186\/2023\/01\/pindola-salut-laboral-treballadors-temporers-768x432-1.jpg\" alt=\"pindola-informativa-salut-laboral\" class=\"wp-image-51212\" srcset=\"https:\/\/ccoo.app\/diputacio-de-barcelona\/wp-content\/blogs.dir\/6\/files\/sites\/186\/2023\/01\/pindola-salut-laboral-treballadors-temporers-768x432-1.jpg 768w, https:\/\/ccoo.app\/diputacio-de-barcelona\/wp-content\/blogs.dir\/6\/files\/sites\/186\/2023\/01\/pindola-salut-laboral-treballadors-temporers-768x432-1-300x169.jpg 300w\" sizes=\"auto, (max-width: 768px) 100vw, 768px\" \/><\/figure>\n\n\n\n<div style=\"height:80px\" aria-hidden=\"true\" class=\"wp-block-spacer\"><\/div>\n<\/div>\n\n\n\n<div class=\"wp-block-column is-layout-flow wp-block-column-is-layout-flow\">\n<h4 class=\"gb-headline gb-headline-9f920a1e gb-headline-text\"><a href=\"https:\/\/www.ccoo.cat\/noticies\/sabies-que-els-treballadors-i-treballadores-temporers-tenen-els-mateixos-drets-que-els-fixos\/\" class=\"ek-link\">Sabies que els treballadors i treballadores temporers tenen els mateixos drets que els fixos?<\/a><\/h4>\n\n\n\n<p class=\"has-text-color\" style=\"color:#d42e12\"><strong>11 de juliol de 2022<\/strong><\/p>\n\n\n\n<div class=\"wp-block-buttons is-content-justification-left is-layout-flex wp-container-core-buttons-is-layout-fdcfc74e wp-block-buttons-is-layout-flex\">\n<div class=\"wp-block-button is-style-fill\" style=\"font-style:normal;font-weight:900\"><a class=\"wp-block-button__link wp-element-button\" href=\"https:\/\/www.ccoo.cat\/noticies\/salut-laboral\/pindoles-salut-laboral\/Sabies-que-els-treballadors-i-treballadores-temporers-tenen-els-mateixos-drets-que-els-fixos\/\" style=\"border-top-left-radius:3px;border-top-right-radius:3px;border-bottom-left-radius:3px;border-bottom-right-radius:3px\"><strong>ACCEDIR A LA P\u00cdNDOLA INFORMATIVA<\/strong><\/a><\/div>\n<\/div>\n\n\n\n<div style=\"height:10px\" aria-hidden=\"true\" class=\"wp-block-spacer\"><\/div>\n\n\n\n<p><a href=\"https:\/\/www.ccoo.cat\/wp-content\/uploads\/2022\/07\/drets-treballadors-temporers.pdf\" class=\"ek-link\">[ PDF CATAL\u00c0 ]<\/a><a href=\"https:\/\/www.ccoo.cat\/wp-content\/uploads\/2022\/07\/derechos-trabajadores-temporeros.pdf\" class=\"ek-link\"> [ PDF CASTELL\u00c0]<\/a><\/p>\n<\/div>\n<\/div>\n\n\n\n<div class=\"wp-block-columns is-layout-flex wp-container-core-columns-is-layout-9d6595d7 wp-block-columns-is-layout-flex\">\n<div class=\"wp-block-column is-vertically-aligned-top is-layout-flow wp-block-column-is-layout-flow\">\n<figure class=\"wp-block-image size-full\"><img loading=\"lazy\" decoding=\"async\" width=\"768\" height=\"432\" src=\"https:\/\/ccoo.app\/diputacio-de-barcelona\/wp-content\/blogs.dir\/6\/files\/sites\/186\/2022\/12\/pindola-informativa-dona-embarassada-768x432-1.jpg\" alt=\"pindola-informativa-dona-embarassada\" class=\"wp-image-51172\" srcset=\"https:\/\/ccoo.app\/diputacio-de-barcelona\/wp-content\/blogs.dir\/6\/files\/sites\/186\/2022\/12\/pindola-informativa-dona-embarassada-768x432-1.jpg 768w, https:\/\/ccoo.app\/diputacio-de-barcelona\/wp-content\/blogs.dir\/6\/files\/sites\/186\/2022\/12\/pindola-informativa-dona-embarassada-768x432-1-300x169.jpg 300w\" sizes=\"auto, (max-width: 768px) 100vw, 768px\" \/><\/figure>\n\n\n\n<div style=\"height:80px\" aria-hidden=\"true\" class=\"wp-block-spacer\"><\/div>\n<\/div>\n\n\n\n<div class=\"wp-block-column is-layout-flow wp-block-column-is-layout-flow\">\n<h4 class=\"gb-headline gb-headline-99cd5a16 gb-headline-text\"><a href=\"https:\/\/www.ccoo.cat\/noticies\/dret-de-proteccio-de-la-treballadora-embarassada-i-o-lactant-natural-davant-dels-riscos-laborals-a-la-feina\/\" class=\"ek-link\">Dret de protecci\u00f3 de la treballadora embarassada i\/o lactant natural davant dels riscos laborals a la feina<\/a><\/h4>\n\n\n\n<p class=\"has-text-color\" style=\"color:#d42e12\"><strong>30 de maig de 2022<\/strong><\/p>\n\n\n\n<div class=\"wp-block-buttons is-content-justification-left is-layout-flex wp-container-core-buttons-is-layout-fdcfc74e wp-block-buttons-is-layout-flex\">\n<div class=\"wp-block-button is-style-fill\" style=\"font-style:normal;font-weight:900\"><a class=\"wp-block-button__link wp-element-button\" href=\"https:\/\/www.ccoo.cat\/noticies\/dret-de-proteccio-de-la-treballadora-embarassada-i-o-lactant-natural-davant-dels-riscos-laborals-a-la-feina\/\" style=\"border-top-left-radius:3px;border-top-right-radius:3px;border-bottom-left-radius:3px;border-bottom-right-radius:3px\"><strong>ACCEDIR A LA P\u00cdNDOLA INFORMATIVA<\/strong><\/a><\/div>\n<\/div>\n\n\n\n<div style=\"height:10px\" aria-hidden=\"true\" class=\"wp-block-spacer\"><\/div>\n\n\n\n<p><a href=\"https:\/\/ccoo.cat\/wp-content\/uploads\/2022\/05\/infografia-dret-proteccio-treballadora-embarassada-i-lactant-riscos-laborals.pdf\" class=\"ek-link\">[ PDF CATAL\u00c0 ]<\/a> <a href=\"https:\/\/www.ccoo.cat\/wp-content\/uploads\/2022\/06\/infografia-derecho-proteccion-trabajadora-embarazada-y-lactante-risgos-laborales.pdf\" class=\"ek-link\">[ PDF CASTELL\u00c0]<\/a><\/p>\n<\/div>\n<\/div>\n\n\n\n<div class=\"wp-block-columns is-layout-flex wp-container-core-columns-is-layout-9d6595d7 wp-block-columns-is-layout-flex\">\n<div class=\"wp-block-column is-vertically-aligned-top is-layout-flow wp-block-column-is-layout-flow\">\n<figure class=\"wp-block-image size-full\"><img loading=\"lazy\" decoding=\"async\" width=\"768\" height=\"432\" src=\"https:\/\/ccoo.app\/diputacio-de-barcelona\/wp-content\/blogs.dir\/6\/files\/sites\/186\/2022\/12\/pindola-informativa-mal-de-cap-768x432-1.jpg\" alt=\"pindola-informativa-mal-de-cap\" class=\"wp-image-51168\" srcset=\"https:\/\/ccoo.app\/diputacio-de-barcelona\/wp-content\/blogs.dir\/6\/files\/sites\/186\/2022\/12\/pindola-informativa-mal-de-cap-768x432-1.jpg 768w, https:\/\/ccoo.app\/diputacio-de-barcelona\/wp-content\/blogs.dir\/6\/files\/sites\/186\/2022\/12\/pindola-informativa-mal-de-cap-768x432-1-300x169.jpg 300w\" sizes=\"auto, (max-width: 768px) 100vw, 768px\" \/><\/figure>\n\n\n\n<div style=\"height:80px\" aria-hidden=\"true\" class=\"wp-block-spacer\"><\/div>\n<\/div>\n\n\n\n<div class=\"wp-block-column is-layout-flow wp-block-column-is-layout-flow\">\n<h4 class=\"gb-headline gb-headline-fabfad55 gb-headline-text\"><a href=\"https:\/\/www.ccoo.cat\/noticies\/treballar-sense-prevencio-danys-a-la-salut\/\" class=\"ek-link\">Treballar sense prevenci\u00f3: danys a la salut<\/a><\/h4>\n\n\n\n<p class=\"has-text-color\" style=\"color:#d42e12\"><strong>24 de mar\u00e7 de 2022<\/strong><\/p>\n\n\n\n<div class=\"wp-block-buttons is-content-justification-left is-layout-flex wp-container-core-buttons-is-layout-fdcfc74e wp-block-buttons-is-layout-flex\">\n<div class=\"wp-block-button is-style-fill\" style=\"font-style:normal;font-weight:900\"><a class=\"wp-block-button__link wp-element-button\" href=\"https:\/\/www.ccoo.cat\/noticies\/treballar-sense-prevencio-danys-a-la-salut\/\" style=\"border-top-left-radius:3px;border-top-right-radius:3px;border-bottom-left-radius:3px;border-bottom-right-radius:3px\"><strong>ACCEDIR A LA P\u00cdNDOLA INFORMATIVA<\/strong><\/a><\/div>\n<\/div>\n\n\n\n<div style=\"height:10px\" aria-hidden=\"true\" class=\"wp-block-spacer\"><\/div>\n\n\n\n<p><a href=\"https:\/\/www.ccoo.cat\/wp-content\/uploads\/2022\/03\/treballar-sense-prevencio-danys-a-la-salut.pdf\" class=\"ek-link\">[ PDF CATAL\u00c0 ]<\/a> <a href=\"https:\/\/www.ccoo.cat\/wp-content\/uploads\/2022\/05\/pildora-trabajar-sin-prevencion-danos-a-la-salud.pdf\" class=\"ek-link\">[ PDF CASTELL\u00c0]<\/a><\/p>\n<\/div>\n<\/div>\n\n\n\n<div class=\"wp-block-columns is-layout-flex wp-container-core-columns-is-layout-9d6595d7 wp-block-columns-is-layout-flex\">\n<div class=\"wp-block-column is-vertically-aligned-top is-layout-flow wp-block-column-is-layout-flow\">\n<figure class=\"wp-block-image size-full\"><img loading=\"lazy\" decoding=\"async\" width=\"1024\" height=\"1024\" src=\"https:\/\/ccoo.app\/diputacio-de-barcelona\/wp-content\/blogs.dir\/6\/files\/sites\/186\/2023\/06\/05-pindola-informativa-salut-laboral-estres-termic-num.jpg\" alt=\"Pindola Informativa Salut Laboral\" class=\"wp-image-52977\" srcset=\"https:\/\/ccoo.app\/diputacio-de-barcelona\/wp-content\/blogs.dir\/6\/files\/sites\/186\/2023\/06\/05-pindola-informativa-salut-laboral-estres-termic-num.jpg 1024w, https:\/\/ccoo.app\/diputacio-de-barcelona\/wp-content\/blogs.dir\/6\/files\/sites\/186\/2023\/06\/05-pindola-informativa-salut-laboral-estres-termic-num-300x300.jpg 300w, https:\/\/ccoo.app\/diputacio-de-barcelona\/wp-content\/blogs.dir\/6\/files\/sites\/186\/2023\/06\/05-pindola-informativa-salut-laboral-estres-termic-num-150x150.jpg 150w, https:\/\/ccoo.app\/diputacio-de-barcelona\/wp-content\/blogs.dir\/6\/files\/sites\/186\/2023\/06\/05-pindola-informativa-salut-laboral-estres-termic-num-768x768.jpg 768w\" sizes=\"auto, (max-width: 1024px) 100vw, 1024px\" \/><\/figure>\n\n\n\n<div style=\"height:80px\" aria-hidden=\"true\" class=\"wp-block-spacer\"><\/div>\n<\/div>\n\n\n\n<div class=\"wp-block-column is-layout-flow wp-block-column-is-layout-flow\">\n<h4 class=\"gb-headline gb-headline-917f9896 gb-headline-text\"><a href=\"https:\/\/ccoo.app\/diputacio-de-barcelona\/exposicio-laboral-a-la-calor-estres-termic-i-incomoditat-termica\/\" class=\"ek-link\">Exposici\u00f3 laboral a la calor: estr\u00e8s t\u00e8rmic i incomoditat t\u00e8rmica<\/a><\/h4>\n\n\n\n<p class=\"has-text-color\" style=\"color:#d42e12\"><strong>21 de juny de 2022<\/strong><\/p>\n\n\n\n<div class=\"wp-block-buttons is-content-justification-left is-layout-flex wp-container-core-buttons-is-layout-fdcfc74e wp-block-buttons-is-layout-flex\">\n<div class=\"wp-block-button is-style-fill\" style=\"font-style:normal;font-weight:900\"><a class=\"wp-block-button__link wp-element-button\" href=\"https:\/\/ccoo.app\/diputacio-de-barcelona\/exposicio-laboral-a-la-calor-estres-termic-i-incomoditat-termica\/\" style=\"border-top-left-radius:3px;border-top-right-radius:3px;border-bottom-left-radius:3px;border-bottom-right-radius:3px\"><strong>ACCEDIR A LA P\u00cdNDOLA INFORMATIVA<\/strong><\/a><\/div>\n<\/div>\n\n\n\n<div style=\"height:10px\" aria-hidden=\"true\" class=\"wp-block-spacer\"><\/div>\n\n\n\n<p><a href=\"https:\/\/www.ccoo.cat\/wp-content\/uploads\/2022\/06\/pindola-estres-termic.pdf\" class=\"ek-link\">[ PDF CATAL\u00c0 ]<\/a>  <a href=\"https:\/\/www.ccoo.cat\/wp-content\/uploads\/2022\/05\/pildora-el-reconocimiento-del-accidente-de-trabajo-o-enfermedad-profesional.pdf\" class=\"ek-link\">[ PDF CASTE<\/a><a href=\"https:\/\/www.ccoo.cat\/wp-content\/uploads\/2023\/02\/infografia-exposicion-laboral-al-calor.pdf\" class=\"ek-link\">L<\/a><a href=\"https:\/\/www.ccoo.cat\/wp-content\/uploads\/2022\/05\/pildora-el-reconocimiento-del-accidente-de-trabajo-o-enfermedad-profesional.pdf\" class=\"ek-link\">L\u00c0]<\/a><\/p>\n\n\n\n<h4 class=\"gb-headline gb-headline-b940c865 gb-headline-text\"><a href=\"https:\/\/ccoo.app\/diputacio-de-barcelona\/exposicio-laboral-a-la-calor-estres-termic-i-incomoditat-termica#05B\" class=\"ek-link\">Els canvis recents en la normativa sobre les condicions ambientals<\/a><\/h4>\n\n\n\n<p><a href=\"https:\/\/www.ccoo.cat\/wp-content\/uploads\/2023\/06\/infografia-canvis-normativa-condicions-ambientals.pdf\" class=\"ek-link\">[ PDF CATAL\u00c0 ]<\/a>  <a href=\"https:\/\/www.ccoo.cat\/wp-content\/uploads\/2022\/05\/pildora-el-reconocimiento-del-accidente-de-trabajo-o-enfermedad-profesional.pdf\" class=\"ek-link\">[ PDF CASTE<\/a><a href=\"https:\/\/www.ccoo.cat\/wp-content\/uploads\/2023\/06\/infografia-cambios-normativa-condiciones-ambientales.pdf\" class=\"ek-link\">L<\/a><a href=\"https:\/\/www.ccoo.cat\/wp-content\/uploads\/2022\/05\/pildora-el-reconocimiento-del-accidente-de-trabajo-o-enfermedad-profesional.pdf\" class=\"ek-link\">L\u00c0]<\/a><\/p>\n<\/div>\n<\/div>\n\n\n\n<div class=\"wp-block-columns is-layout-flex wp-container-core-columns-is-layout-9d6595d7 wp-block-columns-is-layout-flex\">\n<div class=\"wp-block-column is-vertically-aligned-top is-layout-flow wp-block-column-is-layout-flow\">\n<figure class=\"wp-block-image size-full\"><img loading=\"lazy\" decoding=\"async\" width=\"1024\" height=\"1024\" src=\"https:\/\/ccoo.app\/diputacio-de-barcelona\/wp-content\/blogs.dir\/6\/files\/sites\/186\/2023\/05\/04-pindola-informativa-reconeixement-accident-laboral-num.jpg\" alt=\"Pindola Informativa Salut Laboral\" class=\"wp-image-52906\" srcset=\"https:\/\/ccoo.app\/diputacio-de-barcelona\/wp-content\/blogs.dir\/6\/files\/sites\/186\/2023\/05\/04-pindola-informativa-reconeixement-accident-laboral-num.jpg 1024w, https:\/\/ccoo.app\/diputacio-de-barcelona\/wp-content\/blogs.dir\/6\/files\/sites\/186\/2023\/05\/04-pindola-informativa-reconeixement-accident-laboral-num-300x300.jpg 300w, https:\/\/ccoo.app\/diputacio-de-barcelona\/wp-content\/blogs.dir\/6\/files\/sites\/186\/2023\/05\/04-pindola-informativa-reconeixement-accident-laboral-num-150x150.jpg 150w, https:\/\/ccoo.app\/diputacio-de-barcelona\/wp-content\/blogs.dir\/6\/files\/sites\/186\/2023\/05\/04-pindola-informativa-reconeixement-accident-laboral-num-768x768.jpg 768w\" sizes=\"auto, (max-width: 1024px) 100vw, 1024px\" \/><\/figure>\n\n\n\n<div style=\"height:80px\" aria-hidden=\"true\" class=\"wp-block-spacer\"><\/div>\n<\/div>\n\n\n\n<div class=\"wp-block-column is-layout-flow wp-block-column-is-layout-flow\">\n<h4 class=\"gb-headline gb-headline-ac58a08b gb-headline-text\"><a href=\"https:\/\/ccoo.app\/diputacio-de-barcelona\/el-reconeixement-de-laccident-de-treball-o-malaltia-professional\/\" class=\"ek-link\">El reconeixement de l\u2019accident de treball o malaltia professional<\/a><\/h4>\n\n\n\n<p class=\"has-text-color\" style=\"color:#d42e12\"><strong>29 d&#8217;abril de 2022<\/strong><\/p>\n\n\n\n<div class=\"wp-block-buttons is-content-justification-left is-layout-flex wp-container-core-buttons-is-layout-fdcfc74e wp-block-buttons-is-layout-flex\">\n<div class=\"wp-block-button is-style-fill\" style=\"font-style:normal;font-weight:900\"><a class=\"wp-block-button__link wp-element-button\" href=\"https:\/\/ccoo.app\/diputacio-de-barcelona\/el-reconeixement-de-laccident-de-treball-o-malaltia-professional\/\" style=\"border-top-left-radius:3px;border-top-right-radius:3px;border-bottom-left-radius:3px;border-bottom-right-radius:3px\"><strong>ACCEDIR A LA P\u00cdNDOLA INFORMATIVA<\/strong><\/a><\/div>\n<\/div>\n\n\n\n<div style=\"height:10px\" aria-hidden=\"true\" class=\"wp-block-spacer\"><\/div>\n\n\n\n<p><a href=\"https:\/\/www.ccoo.cat\/wp-content\/uploads\/2022\/04\/el-reconeixement-de-laccident-de-treball-o-malaltia-professional.pdf\" class=\"ek-link\">[ PDF CATAL\u00c0 ]<\/a> <a href=\"https:\/\/www.ccoo.cat\/wp-content\/uploads\/2022\/05\/pildora-el-reconocimiento-del-accidente-de-trabajo-o-enfermedad-profesional.pdf\" class=\"ek-link\">[ PDF CASTELL\u00c0]<\/a><\/p>\n<\/div>\n<\/div>\n\n\n\n<div class=\"wp-block-columns is-layout-flex wp-container-core-columns-is-layout-9d6595d7 wp-block-columns-is-layout-flex\">\n<div class=\"wp-block-column is-vertically-aligned-top is-layout-flow wp-block-column-is-layout-flow\">\n<figure class=\"wp-block-image size-full\"><img loading=\"lazy\" decoding=\"async\" width=\"1024\" height=\"1024\" src=\"https:\/\/ccoo.app\/diputacio-de-barcelona\/wp-content\/blogs.dir\/6\/files\/sites\/186\/2023\/04\/03-pindola-informativa-gestio-baixes-mediques-num.jpg\" alt=\"Pindola Informativa Salut Laboral\" class=\"wp-image-52683\" srcset=\"https:\/\/ccoo.app\/diputacio-de-barcelona\/wp-content\/blogs.dir\/6\/files\/sites\/186\/2023\/04\/03-pindola-informativa-gestio-baixes-mediques-num.jpg 1024w, https:\/\/ccoo.app\/diputacio-de-barcelona\/wp-content\/blogs.dir\/6\/files\/sites\/186\/2023\/04\/03-pindola-informativa-gestio-baixes-mediques-num-300x300.jpg 300w, https:\/\/ccoo.app\/diputacio-de-barcelona\/wp-content\/blogs.dir\/6\/files\/sites\/186\/2023\/04\/03-pindola-informativa-gestio-baixes-mediques-num-150x150.jpg 150w, https:\/\/ccoo.app\/diputacio-de-barcelona\/wp-content\/blogs.dir\/6\/files\/sites\/186\/2023\/04\/03-pindola-informativa-gestio-baixes-mediques-num-768x768.jpg 768w\" sizes=\"auto, (max-width: 1024px) 100vw, 1024px\" \/><\/figure>\n\n\n\n<div style=\"height:80px\" aria-hidden=\"true\" class=\"wp-block-spacer\"><\/div>\n<\/div>\n\n\n\n<div class=\"wp-block-column is-layout-flow wp-block-column-is-layout-flow\">\n<h4 class=\"gb-headline gb-headline-857e7dac gb-headline-text\"><a href=\"https:\/\/ccoo.app\/diputacio-de-barcelona\/la-gestio-de-les-baixes-mediques\/\" class=\"ek-link\">La gesti\u00f3 de les baixes m\u00e8diques<\/a><\/h4>\n\n\n\n<p class=\"has-text-color\" style=\"color:#d42e12\"><strong>19 d&#8217;abril de 2023<\/strong><\/p>\n\n\n\n<div class=\"wp-block-buttons is-content-justification-left is-layout-flex wp-container-core-buttons-is-layout-fdcfc74e wp-block-buttons-is-layout-flex\">\n<div class=\"wp-block-button is-style-fill\" style=\"font-style:normal;font-weight:900\"><a class=\"wp-block-button__link wp-element-button\" href=\"https:\/\/ccoo.app\/diputacio-de-barcelona\/la-gestio-de-les-baixes-mediques\/\" style=\"border-top-left-radius:3px;border-top-right-radius:3px;border-bottom-left-radius:3px;border-bottom-right-radius:3px\"><strong>ACCEDIR A LA P\u00cdNDOLA INFORMATIVA<\/strong><\/a><\/div>\n<\/div>\n\n\n\n<div style=\"height:10px\" aria-hidden=\"true\" class=\"wp-block-spacer\"><\/div>\n\n\n\n<p><a href=\"https:\/\/ccoo.app\/diputacio-de-barcelona\/wp-content\/blogs.dir\/6\/files\/sites\/186\/2023\/04\/infografia-gestio-baixes-mediques.pdf\" class=\"ek-link\">[ PDF CATAL\u00c0 ]<\/a><a href=\"https:\/\/ccoo.app\/diputacio-de-barcelona\/wp-content\/blogs.dir\/6\/files\/sites\/186\/2023\/04\/infografia-gestion-bajas-medicas.pdf\" class=\"ek-link\"> [ PDF CASTELL\u00c0]<\/a><\/p>\n<\/div>\n<\/div>\n\n\n\n<div class=\"wp-block-columns is-layout-flex wp-container-core-columns-is-layout-9d6595d7 wp-block-columns-is-layout-flex\">\n<div class=\"wp-block-column is-layout-flow wp-block-column-is-layout-flow\">\n<figure class=\"wp-block-image size-full\"><img loading=\"lazy\" decoding=\"async\" width=\"1024\" height=\"1024\" src=\"https:\/\/ccoo.app\/diputacio-de-barcelona\/wp-content\/blogs.dir\/6\/files\/sites\/186\/2023\/02\/02-pindola-informativa-proteccio-empresa-num_500-1.jpg\" alt=\"Pindola Informativa Salut Laboral\" class=\"wp-image-51735\" srcset=\"https:\/\/ccoo.app\/diputacio-de-barcelona\/wp-content\/blogs.dir\/6\/files\/sites\/186\/2023\/02\/02-pindola-informativa-proteccio-empresa-num_500-1.jpg 1024w, https:\/\/ccoo.app\/diputacio-de-barcelona\/wp-content\/blogs.dir\/6\/files\/sites\/186\/2023\/02\/02-pindola-informativa-proteccio-empresa-num_500-1-300x300.jpg 300w, https:\/\/ccoo.app\/diputacio-de-barcelona\/wp-content\/blogs.dir\/6\/files\/sites\/186\/2023\/02\/02-pindola-informativa-proteccio-empresa-num_500-1-150x150.jpg 150w, https:\/\/ccoo.app\/diputacio-de-barcelona\/wp-content\/blogs.dir\/6\/files\/sites\/186\/2023\/02\/02-pindola-informativa-proteccio-empresa-num_500-1-768x768.jpg 768w\" sizes=\"auto, (max-width: 1024px) 100vw, 1024px\" \/><\/figure>\n\n\n\n<div style=\"height:80px\" aria-hidden=\"true\" class=\"wp-block-spacer\"><\/div>\n<\/div>\n\n\n\n<div class=\"wp-block-column is-layout-flow wp-block-column-is-layout-flow\">\n<h4 class=\"gb-headline gb-headline-1af33670 gb-headline-text\"><a href=\"https:\/\/ccoo.app\/diputacio-de-barcelona\/com-ha-de-protegir-lempresa-la-meva-salut-en-el-treball\/\" class=\"ek-link\">Com ha de protegir l\u2019empresa la meva salut en el treball?<\/a><\/h4>\n\n\n\n<p class=\"has-text-color\" style=\"color:#d42e12\"><strong>21 de febrer de 2023<\/strong><\/p>\n\n\n\n<div class=\"wp-block-buttons is-content-justification-left is-layout-flex wp-container-core-buttons-is-layout-fdcfc74e wp-block-buttons-is-layout-flex\">\n<div class=\"wp-block-button is-style-fill\" style=\"font-style:normal;font-weight:900\"><a class=\"wp-block-button__link wp-element-button\" href=\"https:\/\/ccoo.app\/diputacio-de-barcelona\/com-ha-de-protegir-lempresa-la-meva-salut-en-el-treball\/\" style=\"border-top-left-radius:3px;border-top-right-radius:3px;border-bottom-left-radius:3px;border-bottom-right-radius:3px\"><strong>ACCEDIR A LA P\u00cdNDOLA INFORMATIVA<\/strong><\/a><\/div>\n<\/div>\n\n\n\n<div style=\"height:10px\" aria-hidden=\"true\" class=\"wp-block-spacer\"><\/div>\n\n\n\n<p><a href=\"https:\/\/www.ccoo.cat\/wp-content\/uploads\/2022\/02\/pindola-com-ha-de-protegir-empresa-la-meva-salut-en-el-treball.pdf\" rel=\"nofollow\" class=\"ek-link\">[ PDF CATAL\u00c0 ]<\/a> <a href=\"https:\/\/www.ccoo.cat\/wp-content\/uploads\/2022\/05\/pildora-como-debe-proteger-la-empresa-mi-salud-en-el-trabajo.pdf\" rel=\"nofollow\" class=\"ek-link\">[ PDF CASTELL\u00c0]<\/a><\/p>\n<\/div>\n<\/div>\n\n\n\n<div class=\"wp-block-columns is-layout-flex wp-container-core-columns-is-layout-9d6595d7 wp-block-columns-is-layout-flex\">\n<div class=\"wp-block-column is-layout-flow wp-block-column-is-layout-flow\">\n<figure class=\"wp-block-image size-full\"><img loading=\"lazy\" decoding=\"async\" width=\"1024\" height=\"1024\" src=\"https:\/\/ccoo.app\/diputacio-de-barcelona\/wp-content\/blogs.dir\/6\/files\/sites\/186\/2023\/02\/01_pindola-informativa-salut-laboral-els-nostres-drets-en-salut-laboral-num_500-1.jpg\" alt=\"Pindola Informativa Salut Laboral\" class=\"wp-image-51734\" srcset=\"https:\/\/ccoo.app\/diputacio-de-barcelona\/wp-content\/blogs.dir\/6\/files\/sites\/186\/2023\/02\/01_pindola-informativa-salut-laboral-els-nostres-drets-en-salut-laboral-num_500-1.jpg 1024w, https:\/\/ccoo.app\/diputacio-de-barcelona\/wp-content\/blogs.dir\/6\/files\/sites\/186\/2023\/02\/01_pindola-informativa-salut-laboral-els-nostres-drets-en-salut-laboral-num_500-1-300x300.jpg 300w, https:\/\/ccoo.app\/diputacio-de-barcelona\/wp-content\/blogs.dir\/6\/files\/sites\/186\/2023\/02\/01_pindola-informativa-salut-laboral-els-nostres-drets-en-salut-laboral-num_500-1-150x150.jpg 150w, https:\/\/ccoo.app\/diputacio-de-barcelona\/wp-content\/blogs.dir\/6\/files\/sites\/186\/2023\/02\/01_pindola-informativa-salut-laboral-els-nostres-drets-en-salut-laboral-num_500-1-768x768.jpg 768w\" sizes=\"auto, (max-width: 1024px) 100vw, 1024px\" \/><\/figure>\n\n\n\n<div style=\"height:80px\" aria-hidden=\"true\" class=\"wp-block-spacer\"><\/div>\n<\/div>\n\n\n\n<div class=\"wp-block-column is-layout-flow wp-block-column-is-layout-flow\">\n<h4 class=\"gb-headline gb-headline-7f6abd77 gb-headline-text\"><a href=\"https:\/\/ccoo.app\/diputacio-de-barcelona\/els-nostres-drets-en-salut-laboral\/\" class=\"ek-link\">Els nostres drets en salut laboral<\/a><\/h4>\n\n\n\n<p class=\"has-text-color\" style=\"color:#d42e12\"><strong>20 de gener de 2023<\/strong><\/p>\n\n\n\n<div class=\"wp-block-buttons is-content-justification-left is-layout-flex wp-container-core-buttons-is-layout-fdcfc74e wp-block-buttons-is-layout-flex\">\n<div class=\"wp-block-button is-style-fill\" style=\"font-style:normal;font-weight:900\"><a class=\"wp-block-button__link wp-element-button\" href=\"https:\/\/ccoo.app\/diputacio-de-barcelona\/els-nostres-drets-en-salut-laboral\/\" style=\"border-top-left-radius:3px;border-top-right-radius:3px;border-bottom-left-radius:3px;border-bottom-right-radius:3px\"><strong>ACCEDIR A LA P\u00cdNDOLA INFORMATIVA<\/strong><\/a><\/div>\n<\/div>\n\n\n\n<div style=\"height:10px\" aria-hidden=\"true\" class=\"wp-block-spacer\"><\/div>\n\n\n\n<p><a href=\"https:\/\/www.ccoo.cat\/wp-content\/uploads\/2022\/01\/pindola-els-nostres-drets-en-salut-laboral.pdf\" rel=\"nofollow\" class=\"ek-link\">[ PDF CATAL\u00c0 ]<\/a> <a href=\"https:\/\/www.ccoo.cat\/wp-content\/uploads\/2022\/05\/pildora-nuestros-derechos-en-salud-laboral.pdf\" class=\"ek-link\">[ PDF CASTELL\u00c0]<\/a><\/p>\n<\/div>\n<\/div>\n\n\n\n<div style=\"height:80px\" aria-hidden=\"true\" class=\"wp-block-spacer\"><\/div>\n","protected":false},"excerpt":{"rendered":"<p>SALUT LABORAL Algorismes i salut laboral 19 de desembre de 2022 [ PDF CATAL\u00c0 ] [ PDF CASTELL\u00c0] Incident de treball o accident de treball? 29 de novembre de 2022 &#8230; <\/p>\n<p class=\"read-more-container\"><a title=\"P\u00edndoles informatives\" class=\"read-more button\" href=\"https:\/\/ccoo.app\/diputacio-de-barcelona\/pindoles-informatives\/#more-51130\" aria-label=\"Leer m\u00e1s sobre P\u00edndoles informatives\">Continuar llegint<\/a><\/p>\n","protected":false},"author":34224,"featured_media":0,"parent":0,"menu_order":0,"comment_status":"closed","ping_status":"closed","template":"","meta":{"footnotes":""},"class_list":["post-51130","page","type-page","status-publish"],"_links":{"self":[{"href":"https:\/\/ccoo.app\/diputacio-de-barcelona\/wp-json\/wp\/v2\/pages\/51130","targetHints":{"allow":["GET"]}}],"collection":[{"href":"https:\/\/ccoo.app\/diputacio-de-barcelona\/wp-json\/wp\/v2\/pages"}],"about":[{"href":"https:\/\/ccoo.app\/diputacio-de-barcelona\/wp-json\/wp\/v2\/types\/page"}],"author":[{"embeddable":true,"href":"https:\/\/ccoo.app\/diputacio-de-barcelona\/wp-json\/wp\/v2\/users\/34224"}],"replies":[{"embeddable":true,"href":"https:\/\/ccoo.app\/diputacio-de-barcelona\/wp-json\/wp\/v2\/comments?post=51130"}],"version-history":[{"count":5,"href":"https:\/\/ccoo.app\/diputacio-de-barcelona\/wp-json\/wp\/v2\/pages\/51130\/revisions"}],"predecessor-version":[{"id":53493,"href":"https:\/\/ccoo.app\/diputacio-de-barcelona\/wp-json\/wp\/v2\/pages\/51130\/revisions\/53493"}],"wp:attachment":[{"href":"https:\/\/ccoo.app\/diputacio-de-barcelona\/wp-json\/wp\/v2\/media?parent=51130"}],"curies":[{"name":"wp","href":"https:\/\/api.w.org\/{rel}","templated":true}]}}