{"id":25,"date":"2020-02-13T13:17:50","date_gmt":"2020-02-13T12:17:50","guid":{"rendered":"https:\/\/gpsites.co\/read\/?page_id=25"},"modified":"2025-10-10T11:51:28","modified_gmt":"2025-10-10T09:51:28","slug":"home","status":"publish","type":"page","link":"https:\/\/ccoo.app\/diputacio-de-barcelona\/","title":{"rendered":"Inici"},"content":{"rendered":"\n<figure class=\"gb-block-image gb-block-image-93d0175a\"><img loading=\"lazy\" decoding=\"async\" width=\"1419\" height=\"934\" class=\"gb-image gb-image-93d0175a\" src=\"https:\/\/ccoo.app\/diputacio-de-barcelona\/wp-content\/blogs.dir\/6\/files\/sites\/186\/2023\/05\/el-poder-de-canviar-les-coses-7.png\" alt=\"El Poder De Canviar Les Coses 7\" title=\"El Poder De Canviar Les Coses 7\" srcset=\"https:\/\/ccoo.app\/diputacio-de-barcelona\/wp-content\/blogs.dir\/6\/files\/sites\/186\/2023\/05\/el-poder-de-canviar-les-coses-7.png 1419w, https:\/\/ccoo.app\/diputacio-de-barcelona\/wp-content\/blogs.dir\/6\/files\/sites\/186\/2023\/05\/el-poder-de-canviar-les-coses-7-300x197.png 300w, https:\/\/ccoo.app\/diputacio-de-barcelona\/wp-content\/blogs.dir\/6\/files\/sites\/186\/2023\/05\/el-poder-de-canviar-les-coses-7-1024x674.png 1024w, https:\/\/ccoo.app\/diputacio-de-barcelona\/wp-content\/blogs.dir\/6\/files\/sites\/186\/2023\/05\/el-poder-de-canviar-les-coses-7-768x506.png 768w\" sizes=\"auto, (max-width: 1419px) 100vw, 1419px\" \/><\/figure>\n\n\n\n<div style=\"height:10px\" aria-hidden=\"true\" class=\"wp-block-spacer\"><\/div>\n\n\n\n<h4 class=\"gb-headline gb-headline-c89048c9 gb-headline-text\">\u00daLTIMES NOT\u00cdCIES<\/h4>\n\n\n\n<div class=\"wp-block-query is-layout-flow wp-block-query-is-layout-flow\">\n<div class=\"wp-block-group has-base-background-color has-background\"><div class=\"wp-block-group__inner-container is-layout-flow wp-block-group-is-layout-flow\"><ul class=\"wp-block-post-template has-small-font-size is-layout-flow wp-block-post-template-is-layout-flow\"><li class=\"wp-block-post post-57607 post type-post status-publish format-standard has-post-thumbnail hentry category-a-tot-el-personal category-comunicats generate-columns tablet-grid-50 mobile-grid-100 grid-parent grid-50\">\n\n<div class=\"wp-block-columns is-style-default is-layout-flex wp-container-core-columns-is-layout-9d6595d7 wp-block-columns-is-layout-flex\" style=\"font-size:10px\">\n<div class=\"wp-block-column is-layout-flow wp-block-column-is-layout-flow\" style=\"flex-basis:32%\">\n<div style=\"height:15px\" aria-hidden=\"true\" class=\"wp-block-spacer\"><\/div>\n\n\n<figure class=\"aligncenter wp-block-post-featured-image\"><a href=\"https:\/\/ccoo.app\/diputacio-de-barcelona\/informacions-mesa-general-de-negociacio-4\/\" target=\"_self\"  ><img loading=\"lazy\" decoding=\"async\" width=\"390\" height=\"390\" src=\"https:\/\/ccoo.app\/diputacio-de-barcelona\/wp-content\/blogs.dir\/6\/files\/sites\/186\/2025\/03\/informacio-mesa-de-negociacio.png\" class=\"attachment-post-thumbnail size-post-thumbnail wp-post-image\" alt=\"INFORMACIONS MESA GENERAL DE NEGOCIACI\u00d3\" style=\"object-fit:contain;\" srcset=\"https:\/\/ccoo.app\/diputacio-de-barcelona\/wp-content\/blogs.dir\/6\/files\/sites\/186\/2025\/03\/informacio-mesa-de-negociacio.png 390w, https:\/\/ccoo.app\/diputacio-de-barcelona\/wp-content\/blogs.dir\/6\/files\/sites\/186\/2025\/03\/informacio-mesa-de-negociacio-300x300.png 300w, https:\/\/ccoo.app\/diputacio-de-barcelona\/wp-content\/blogs.dir\/6\/files\/sites\/186\/2025\/03\/informacio-mesa-de-negociacio-150x150.png 150w\" sizes=\"auto, (max-width: 390px) 100vw, 390px\" \/><\/a><\/figure><\/div>\n\n\n\n<div class=\"wp-block-column is-layout-flow wp-block-column-is-layout-flow\" style=\"flex-basis:30%\">\n<div style=\"height:15px\" aria-hidden=\"true\" class=\"wp-block-spacer\"><\/div>\n\n\n<div class=\"has-text-align-left wp-block-post-date has-small-font-size\"><time datetime=\"2026-04-22T13:40:23+02:00\">22 de abril de 2026<\/time><\/div>\n\n<h4 class=\"has-text-align-left wp-block-post-title has-large-font-size\"><a href=\"https:\/\/ccoo.app\/diputacio-de-barcelona\/informacions-mesa-general-de-negociacio-4\/\" target=\"_self\" >INFORMACIONS MESA GENERAL DE NEGOCIACI\u00d3<\/a><\/h4><\/div>\n\n\n\n<div class=\"wp-block-column has-medium-font-size is-layout-flow wp-block-column-is-layout-flow\" style=\"flex-basis:34%\">\n<div style=\"height:15px\" aria-hidden=\"true\" class=\"wp-block-spacer\"><\/div>\n\n\n<div class=\"wp-block-post-excerpt has-medium-font-size\"><p class=\"wp-block-post-excerpt__excerpt\">MESA GENERAL DE NEGOCIACI\u00d322 D&#8217;ABRIL DE 2026 MODIFICACI\u00d3 ACORD MILLORES SOCIALS 2025 Tal com us hem informat en comunicats anteriors,&nbsp;des de CCOO vam sol\u00b7licitar&nbsp;a la corporaci\u00f3 la convocat\u00f2ria de la &#8230; Continuar llegint <\/p><\/div><\/div>\n<\/div>\n\n<\/li><li class=\"wp-block-post post-57586 post type-post status-publish format-standard has-post-thumbnail hentry category-a-tot-el-personal category-comunicats generate-columns tablet-grid-50 mobile-grid-100 grid-parent grid-50\">\n\n<div class=\"wp-block-columns is-style-default is-layout-flex wp-container-core-columns-is-layout-9d6595d7 wp-block-columns-is-layout-flex\" style=\"font-size:10px\">\n<div class=\"wp-block-column is-layout-flow wp-block-column-is-layout-flow\" style=\"flex-basis:32%\">\n<div style=\"height:15px\" aria-hidden=\"true\" class=\"wp-block-spacer\"><\/div>\n\n\n<figure class=\"aligncenter wp-block-post-featured-image\"><a href=\"https:\/\/ccoo.app\/diputacio-de-barcelona\/avancem-en-el-grup-b-a-la-diputacio-de-barcelona\/\" target=\"_self\"  ><img loading=\"lazy\" decoding=\"async\" width=\"390\" height=\"390\" src=\"https:\/\/ccoo.app\/diputacio-de-barcelona\/wp-content\/blogs.dir\/6\/files\/sites\/186\/2026\/04\/informacio-comunicat-GRUP-B.jpg\" class=\"attachment-post-thumbnail size-post-thumbnail wp-post-image\" alt=\"AVANCEM EN EL GRUP B A LA DIPUTACI\u00d3 DE BARCELONA\" style=\"object-fit:contain;\" srcset=\"https:\/\/ccoo.app\/diputacio-de-barcelona\/wp-content\/blogs.dir\/6\/files\/sites\/186\/2026\/04\/informacio-comunicat-GRUP-B.jpg 390w, https:\/\/ccoo.app\/diputacio-de-barcelona\/wp-content\/blogs.dir\/6\/files\/sites\/186\/2026\/04\/informacio-comunicat-GRUP-B-300x300.jpg 300w, https:\/\/ccoo.app\/diputacio-de-barcelona\/wp-content\/blogs.dir\/6\/files\/sites\/186\/2026\/04\/informacio-comunicat-GRUP-B-150x150.jpg 150w\" sizes=\"auto, (max-width: 390px) 100vw, 390px\" \/><\/a><\/figure><\/div>\n\n\n\n<div class=\"wp-block-column is-layout-flow wp-block-column-is-layout-flow\" style=\"flex-basis:30%\">\n<div style=\"height:15px\" aria-hidden=\"true\" class=\"wp-block-spacer\"><\/div>\n\n\n<div class=\"has-text-align-left wp-block-post-date has-small-font-size\"><time datetime=\"2026-04-14T12:32:27+02:00\">14 de abril de 2026<\/time><\/div>\n\n<h4 class=\"has-text-align-left wp-block-post-title has-large-font-size\"><a href=\"https:\/\/ccoo.app\/diputacio-de-barcelona\/avancem-en-el-grup-b-a-la-diputacio-de-barcelona\/\" target=\"_self\" >AVANCEM EN EL GRUP B A LA DIPUTACI\u00d3 DE BARCELONA<\/a><\/h4><\/div>\n\n\n\n<div class=\"wp-block-column has-medium-font-size is-layout-flow wp-block-column-is-layout-flow\" style=\"flex-basis:34%\">\n<div style=\"height:15px\" aria-hidden=\"true\" class=\"wp-block-spacer\"><\/div>\n\n\n<div class=\"wp-block-post-excerpt has-medium-font-size\"><p class=\"wp-block-post-excerpt__excerpt\">Des de CCOO volem informar-vos de la creaci\u00f3 i posada en marxa del Grup B de classificaci\u00f3 professional: ja \u00e9s una realitat. Aquest assoliment no \u00e9s fruit de la casualitat. &#8230; Continuar llegint <\/p><\/div><\/div>\n<\/div>\n\n<\/li><li class=\"wp-block-post post-57571 post type-post status-publish format-standard has-post-thumbnail hentry category-a-tot-el-personal category-comunicats generate-columns tablet-grid-50 mobile-grid-100 grid-parent grid-50\">\n\n<div class=\"wp-block-columns is-style-default is-layout-flex wp-container-core-columns-is-layout-9d6595d7 wp-block-columns-is-layout-flex\" style=\"font-size:10px\">\n<div class=\"wp-block-column is-layout-flow wp-block-column-is-layout-flow\" style=\"flex-basis:32%\">\n<div style=\"height:15px\" aria-hidden=\"true\" class=\"wp-block-spacer\"><\/div>\n\n\n<figure class=\"aligncenter wp-block-post-featured-image\"><a href=\"https:\/\/ccoo.app\/diputacio-de-barcelona\/comunicat-biblioteques-%c2%b7-ccoo-ugt-intersindical\/\" target=\"_self\"  ><img loading=\"lazy\" decoding=\"async\" width=\"390\" height=\"390\" src=\"https:\/\/ccoo.app\/diputacio-de-barcelona\/wp-content\/blogs.dir\/6\/files\/sites\/186\/2026\/03\/informacio-comunicat-XMB.jpg\" class=\"attachment-post-thumbnail size-post-thumbnail wp-post-image\" alt=\"Comunicat Biblioteques \u00b7 CCOO, UGT, Intersindical\" style=\"object-fit:contain;\" srcset=\"https:\/\/ccoo.app\/diputacio-de-barcelona\/wp-content\/blogs.dir\/6\/files\/sites\/186\/2026\/03\/informacio-comunicat-XMB.jpg 390w, https:\/\/ccoo.app\/diputacio-de-barcelona\/wp-content\/blogs.dir\/6\/files\/sites\/186\/2026\/03\/informacio-comunicat-XMB-300x300.jpg 300w, https:\/\/ccoo.app\/diputacio-de-barcelona\/wp-content\/blogs.dir\/6\/files\/sites\/186\/2026\/03\/informacio-comunicat-XMB-150x150.jpg 150w\" sizes=\"auto, (max-width: 390px) 100vw, 390px\" \/><\/a><\/figure><\/div>\n\n\n\n<div class=\"wp-block-column is-layout-flow wp-block-column-is-layout-flow\" style=\"flex-basis:30%\">\n<div style=\"height:15px\" aria-hidden=\"true\" class=\"wp-block-spacer\"><\/div>\n\n\n<div class=\"has-text-align-left wp-block-post-date has-small-font-size\"><time datetime=\"2026-03-26T16:23:37+01:00\">26 de marzo de 2026<\/time><\/div>\n\n<h4 class=\"has-text-align-left wp-block-post-title has-large-font-size\"><a href=\"https:\/\/ccoo.app\/diputacio-de-barcelona\/comunicat-biblioteques-%c2%b7-ccoo-ugt-intersindical\/\" target=\"_self\" >Comunicat Biblioteques \u00b7 CCOO, UGT, Intersindical<\/a><\/h4><\/div>\n\n\n\n<div class=\"wp-block-column has-medium-font-size is-layout-flow wp-block-column-is-layout-flow\" style=\"flex-basis:34%\">\n<div style=\"height:15px\" aria-hidden=\"true\" class=\"wp-block-spacer\"><\/div>\n\n\n<div class=\"wp-block-post-excerpt has-medium-font-size\"><p class=\"wp-block-post-excerpt__excerpt\">REUNI\u00d3 AMB EL DIPUTAT DE CULTURA i GERENTA XBM (24\/3) REUNI\u00d3 INFORMATIVA BIBLIOTEQUES-RH (25\/3) Dimarts 24 vam reunir-nos amb el Diputat de Cultura, Pau Gonz\u00e1lez Val. Assistirem les tres seccions &#8230; Continuar llegint <\/p><\/div><\/div>\n<\/div>\n\n<\/li><\/ul>\n\n\n<div style=\"height:5px\" aria-hidden=\"true\" class=\"wp-block-spacer\"><\/div>\n\n\n<\/div><\/div>\n<\/div>\n\n\n\n<hr class=\"wp-block-separator has-text-color has-alpha-channel-opacity has-background is-style-default\" style=\"background-color:#d42e12;color:#d42e12\" \/>\n\n\n\n<div style=\"height:40px\" aria-hidden=\"true\" class=\"wp-block-spacer\"><\/div>\n\n\n\n<h4 class=\"gb-headline gb-headline-43c19ce5 gb-headline-text\">ELECCIONS SINDICALS 2023<\/h4>\n\n\n\n<figure class=\"gb-block-image gb-block-image-f76895e6\"><img loading=\"lazy\" decoding=\"async\" width=\"719\" height=\"11\" class=\"gb-image gb-image-f76895e6\" src=\"https:\/\/ccoo.app\/diputacio-de-barcelona\/wp-content\/blogs.dir\/6\/files\/sites\/186\/2023\/03\/fletxa-groga-llarga-3.png\" alt=\"Fletxa Groga Llarga 3\" title=\"Fletxa Groga Llarga 3\" srcset=\"https:\/\/ccoo.app\/diputacio-de-barcelona\/wp-content\/blogs.dir\/6\/files\/sites\/186\/2023\/03\/fletxa-groga-llarga-3.png 719w, https:\/\/ccoo.app\/diputacio-de-barcelona\/wp-content\/blogs.dir\/6\/files\/sites\/186\/2023\/03\/fletxa-groga-llarga-3-300x5.png 300w\" sizes=\"auto, (max-width: 719px) 100vw, 719px\" \/><\/figure>\n\n\n\n<div style=\"height:6px\" aria-hidden=\"true\" class=\"wp-block-spacer\"><\/div>\n\n\n\n<figure class=\"wp-block-embed is-type-video is-provider-youtube wp-block-embed-youtube wp-embed-aspect-16-9 wp-has-aspect-ratio\"><div class=\"wp-block-embed__wrapper\">\n<iframe loading=\"lazy\" title=\"Nous temps, nous reptes\" width=\"1200\" height=\"675\" src=\"https:\/\/www.youtube.com\/embed\/emUx7TXp3kQ?feature=oembed\" frameborder=\"0\" allow=\"accelerometer; autoplay; clipboard-write; encrypted-media; gyroscope; picture-in-picture; web-share\" referrerpolicy=\"strict-origin-when-cross-origin\" allowfullscreen><\/iframe>\n<\/div><\/figure>\n\n\n<div class=\"gb-grid-wrapper gb-grid-wrapper-6596d8de\">\n<div class=\"gb-grid-column gb-grid-column-a1c1971e\"><div class=\"gb-container gb-container-a1c1971e\">\n\n<figure class=\"gb-block-image gb-block-image-04125721\"><img loading=\"lazy\" decoding=\"async\" width=\"354\" height=\"11\" class=\"gb-image gb-image-04125721 alignwide\" src=\"https:\/\/ccoo.app\/diputacio-de-barcelona\/wp-content\/blogs.dir\/6\/files\/sites\/186\/2023\/03\/fletxa-groga-1.png\" alt=\"Fletxa Groga 1\" title=\"Fletxa Groga 1\" srcset=\"https:\/\/ccoo.app\/diputacio-de-barcelona\/wp-content\/blogs.dir\/6\/files\/sites\/186\/2023\/03\/fletxa-groga-1.png 354w, https:\/\/ccoo.app\/diputacio-de-barcelona\/wp-content\/blogs.dir\/6\/files\/sites\/186\/2023\/03\/fletxa-groga-1-300x9.png 300w\" sizes=\"auto, (max-width: 354px) 100vw, 354px\" \/><\/figure>\n\n\n\n<div style=\"height:6px\" aria-hidden=\"true\" class=\"wp-block-spacer\"><\/div>\n\n\n\n<figure class=\"wp-block-embed is-type-video is-provider-youtube wp-block-embed-youtube wp-embed-aspect-16-9 wp-has-aspect-ratio\"><div class=\"wp-block-embed__wrapper\">\n<iframe loading=\"lazy\" title=\"Eleccions sindicals a la Diputaci\u00f3 de Barcelona\" width=\"1200\" height=\"675\" src=\"https:\/\/www.youtube.com\/embed\/TEDytcCgBis?feature=oembed\" frameborder=\"0\" allow=\"accelerometer; autoplay; clipboard-write; encrypted-media; gyroscope; picture-in-picture; web-share\" referrerpolicy=\"strict-origin-when-cross-origin\" allowfullscreen><\/iframe>\n<\/div><\/figure>\n\n<\/div><\/div>\n\n<div class=\"gb-grid-column gb-grid-column-90d93ef3\"><div class=\"gb-container gb-container-90d93ef3\">\n\n<figure class=\"gb-block-image gb-block-image-87f7860b\"><img loading=\"lazy\" decoding=\"async\" width=\"354\" height=\"11\" class=\"gb-image gb-image-87f7860b alignwide\" src=\"https:\/\/ccoo.app\/diputacio-de-barcelona\/wp-content\/blogs.dir\/6\/files\/sites\/186\/2023\/03\/fletxa-groga-1.png\" alt=\"Fletxa Groga 1\" title=\"Fletxa Groga 1\" srcset=\"https:\/\/ccoo.app\/diputacio-de-barcelona\/wp-content\/blogs.dir\/6\/files\/sites\/186\/2023\/03\/fletxa-groga-1.png 354w, https:\/\/ccoo.app\/diputacio-de-barcelona\/wp-content\/blogs.dir\/6\/files\/sites\/186\/2023\/03\/fletxa-groga-1-300x9.png 300w\" sizes=\"auto, (max-width: 354px) 100vw, 354px\" \/><\/figure>\n\n\n\n<div style=\"height:6px\" aria-hidden=\"true\" class=\"wp-block-spacer\"><\/div>\n\n\n\n<figure class=\"wp-block-embed is-type-video is-provider-youtube wp-block-embed-youtube wp-embed-aspect-16-9 wp-has-aspect-ratio\"><div class=\"wp-block-embed__wrapper\">\n<iframe loading=\"lazy\" title=\"CCOO present a tots els col\u00b7lectius DIBA\" width=\"1200\" height=\"675\" src=\"https:\/\/www.youtube.com\/embed\/pO5Wfm5yMhg?feature=oembed\" frameborder=\"0\" allow=\"accelerometer; autoplay; clipboard-write; encrypted-media; gyroscope; picture-in-picture; web-share\" referrerpolicy=\"strict-origin-when-cross-origin\" allowfullscreen><\/iframe>\n<\/div><\/figure>\n\n<\/div><\/div>\n<\/div>\n\n\n<div style=\"height:20px\" aria-hidden=\"true\" class=\"wp-block-spacer\"><\/div>\n\n\n\n<div class=\"wp-block-buttons is-content-justification-center is-layout-flex wp-container-core-buttons-is-layout-16018d1d wp-block-buttons-is-layout-flex\">\n<div class=\"wp-block-button is-style-fill\"><a class=\"wp-block-button__link has-background wp-element-button\" href=\"https:\/\/ccoo.app\/diputacio-de-barcelona\/feina-feta-2019-2023\/\" style=\"border-radius:0px;background-color:#ffcc00\"><strong>FEINA FETA 2019-2023<\/strong><\/a><\/div>\n\n\n\n<div class=\"wp-block-button\"><a class=\"wp-block-button__link has-background wp-element-button\" href=\"https:\/\/ccoo.app\/diputacio-de-barcelona\/programa-electoral\/\" style=\"border-radius:0px;background-color:#ffcc00\"><strong>PROGRAMA ELECTORAL<\/strong><\/a><\/div>\n\n\n\n<div class=\"wp-block-button\"><a class=\"wp-block-button__link has-background wp-element-button\" href=\"https:\/\/ccoo.app\/diputacio-de-barcelona\/triptic-informatiu\/\" style=\"border-radius:0px;background-color:#ffcc00\"><strong>TR\u00cdPTIC<\/strong><\/a><\/div>\n\n\n\n<div class=\"wp-block-button\"><a class=\"wp-block-button__link has-background wp-element-button\" href=\"https:\/\/ccoo.app\/diputacio-de-barcelona\/gracies-el-vostre-suport-ens-ha-donat-la-majoria-a-la-diputacio-de-barcelona\/\" style=\"border-radius:0px;background-color:#ffcc00\"><strong>RESULTATS<\/strong><\/a><\/div>\n<\/div>\n\n\n\n<hr class=\"wp-block-separator has-text-color has-alpha-channel-opacity has-background is-style-default\" style=\"background-color:#ffcc00;color:#ffcc00\" \/>\n\n\n\n<div style=\"height:40px\" aria-hidden=\"true\" class=\"wp-block-spacer\"><\/div>\n\n\n\n<h4 class=\"gb-headline gb-headline-a7c9d7b3 gb-headline-text\">INSTAGRAM<\/h4>\n\n\n\n<div class=\"wp-block-columns is-layout-flex wp-container-core-columns-is-layout-9d6595d7 wp-block-columns-is-layout-flex\">\n<div class=\"wp-block-column is-layout-flow wp-block-column-is-layout-flow\" style=\"flex-basis:100%\"><div class=\"gb-grid-wrapper gb-grid-wrapper-6d6f9ae9\">\n<div class=\"gb-grid-column gb-grid-column-d1f07dcd\"><div class=\"gb-container gb-container-d1f07dcd\"><div class=\"gb-inside-container\">\n<div class=\"gb-container gb-container-ca8577f3\"><div class=\"gb-inside-container\">\n\n<figure class=\"gb-block-image gb-block-image-8a496cdf\"><img loading=\"lazy\" decoding=\"async\" width=\"234\" height=\"11\" class=\"gb-image gb-image-8a496cdf alignwide\" src=\"https:\/\/ccoo.app\/diputacio-de-barcelona\/wp-content\/blogs.dir\/6\/files\/sites\/186\/2023\/02\/fletxa-cap.png\" alt=\"Fletxa Cap\" title=\"Fletxa Cap\" \/><\/figure>\n\n\n\n<div style=\"height:6px\" aria-hidden=\"true\" class=\"wp-block-spacer\"><\/div>\n\n\n\n<figure class=\"gb-block-image gb-block-image-17e1c681\"><a href=\"https:\/\/www.instagram.com\/p\/DJICImnKmYG\/?utm_source=ig_web_copy_link&amp;igsh=MWxhcWkzNnV4cHpzag==\" target=\"_blank\" rel=\"noopener noreferrer\"><img loading=\"lazy\" decoding=\"async\" width=\"542\" height=\"911\" class=\"gb-image gb-image-17e1c681\" src=\"https:\/\/ccoo.app\/diputacio-de-barcelona\/wp-content\/blogs.dir\/6\/files\/sites\/186\/2025\/10\/Instagram_83.jpg\" alt=\"\" title=\"Instagram_83\" srcset=\"https:\/\/ccoo.app\/diputacio-de-barcelona\/wp-content\/blogs.dir\/6\/files\/sites\/186\/2025\/10\/Instagram_83.jpg 542w, https:\/\/ccoo.app\/diputacio-de-barcelona\/wp-content\/blogs.dir\/6\/files\/sites\/186\/2025\/10\/Instagram_83-178x300.jpg 178w\" sizes=\"auto, (max-width: 542px) 100vw, 542px\" \/><\/a>\n<figcaption class=\"gb-headline gb-headline-4ffb48ac gb-headline-text\"><\/figcaption>\n<\/figure>\n\n<\/div><\/div>\n<\/div><\/div><\/div>\n\n<div class=\"gb-grid-column gb-grid-column-2220ed11\"><div class=\"gb-container gb-container-2220ed11\"><div class=\"gb-inside-container\">\n<div class=\"gb-container gb-container-edc0dda8\"><div class=\"gb-inside-container\">\n\n<figure class=\"gb-block-image gb-block-image-87e2ea10\"><img loading=\"lazy\" decoding=\"async\" width=\"234\" height=\"11\" class=\"gb-image gb-image-87e2ea10 alignwide\" src=\"https:\/\/ccoo.app\/diputacio-de-barcelona\/wp-content\/blogs.dir\/6\/files\/sites\/186\/2023\/02\/fletxa-cap.png\" alt=\"Fletxa Cap\" title=\"Fletxa Cap\" \/><\/figure>\n\n\n\n<div style=\"height:6px\" aria-hidden=\"true\" class=\"wp-block-spacer\"><\/div>\n\n<\/div><\/div>\n\n\n<figure class=\"gb-block-image gb-block-image-36f5ea3a\"><a href=\"https:\/\/www.instagram.com\/p\/DIL8zb2qwyS\/?utm_source=ig_web_copy_link&amp;igsh=MTI3eGxnb3o5cW13ZQ==\" target=\"_blank\" rel=\"noopener noreferrer\"><img loading=\"lazy\" decoding=\"async\" width=\"542\" height=\"818\" class=\"gb-image gb-image-36f5ea3a\" src=\"https:\/\/ccoo.app\/diputacio-de-barcelona\/wp-content\/blogs.dir\/6\/files\/sites\/186\/2025\/10\/Instagram_82.jpg\" alt=\"\" title=\"Instagram_82\" srcset=\"https:\/\/ccoo.app\/diputacio-de-barcelona\/wp-content\/blogs.dir\/6\/files\/sites\/186\/2025\/10\/Instagram_82.jpg 542w, https:\/\/ccoo.app\/diputacio-de-barcelona\/wp-content\/blogs.dir\/6\/files\/sites\/186\/2025\/10\/Instagram_82-199x300.jpg 199w\" sizes=\"auto, (max-width: 542px) 100vw, 542px\" \/><\/a>\n<figcaption class=\"gb-headline gb-headline-15d376e4 gb-headline-text\"><\/figcaption>\n<\/figure>\n\n<\/div><\/div><\/div>\n\n<div class=\"gb-grid-column gb-grid-column-920c8f77\"><div class=\"gb-container gb-container-920c8f77\"><div class=\"gb-inside-container\">\n<div class=\"gb-container gb-container-cde5e0a6\"><div class=\"gb-inside-container\">\n\n<figure class=\"gb-block-image gb-block-image-f203194d\"><img loading=\"lazy\" decoding=\"async\" width=\"234\" height=\"11\" class=\"gb-image gb-image-f203194d alignwide\" src=\"https:\/\/ccoo.app\/diputacio-de-barcelona\/wp-content\/blogs.dir\/6\/files\/sites\/186\/2023\/02\/fletxa-cap.png\" alt=\"Fletxa Cap\" title=\"Fletxa Cap\" \/><\/figure>\n\n\n\n<div style=\"height:6px\" aria-hidden=\"true\" class=\"wp-block-spacer\"><\/div>\n\n<\/div><\/div>\n\n\n<figure class=\"gb-block-image gb-block-image-20898c01\"><a href=\"https:\/\/www.instagram.com\/p\/DGyeFNPo844\/?utm_source=ig_web_copy_link&amp;igsh=YWQ4a3M0d3BmZGw4\" target=\"_blank\" rel=\"noopener noreferrer\"><img loading=\"lazy\" decoding=\"async\" width=\"542\" height=\"704\" class=\"gb-image gb-image-20898c01\" src=\"https:\/\/ccoo.app\/diputacio-de-barcelona\/wp-content\/blogs.dir\/6\/files\/sites\/186\/2025\/10\/Instagram_81.jpg\" alt=\"\" title=\"Instagram_81\" srcset=\"https:\/\/ccoo.app\/diputacio-de-barcelona\/wp-content\/blogs.dir\/6\/files\/sites\/186\/2025\/10\/Instagram_81.jpg 542w, https:\/\/ccoo.app\/diputacio-de-barcelona\/wp-content\/blogs.dir\/6\/files\/sites\/186\/2025\/10\/Instagram_81-231x300.jpg 231w\" sizes=\"auto, (max-width: 542px) 100vw, 542px\" \/><\/a>\n<figcaption class=\"gb-headline gb-headline-2a42c52f gb-headline-text\"><\/figcaption>\n<\/figure>\n\n<\/div><\/div><\/div>\n<\/div><\/div>\n<\/div>\n\n\n\n<div style=\"height:40px\" aria-hidden=\"true\" class=\"wp-block-spacer\"><\/div>\n\n\n\n<h4 class=\"gb-headline gb-headline-e6acb3c2 gb-headline-text\">TWITTER<\/h4>\n\n\n\n<figure class=\"wp-block-embed is-type-rich is-provider-twitter wp-block-embed-twitter\"><div class=\"wp-block-embed__wrapper\">\n<a class=\"twitter-timeline\" data-width=\"1200\" data-height=\"1000\" data-dnt=\"true\" href=\"https:\/\/twitter.com\/CCOODiba?ref_src=twsrc%5Etfw\">Tweets by CCOODiba<\/a><script async src=\"https:\/\/platform.twitter.com\/widgets.js\" charset=\"utf-8\"><\/script>\n<\/div><\/figure>\n\n\n\n<div style=\"height:20px\" aria-hidden=\"true\" class=\"wp-block-spacer\"><\/div>\n\n\n<div class=\"gb-container gb-container-d4283c0a\">\n\n<div style=\"height:30px\" aria-hidden=\"true\" class=\"wp-block-spacer\"><\/div>\n\n\n<div class=\"wp-block-image\">\n<figure class=\"aligncenter size-full is-resized\"><img loading=\"lazy\" decoding=\"async\" width=\"512\" height=\"512\" src=\"https:\/\/ccoo.app\/diputacio-de-barcelona\/wp-content\/blogs.dir\/6\/files\/sites\/186\/2023\/04\/preguntes.png\" alt=\"Preguntes\" class=\"wp-image-52698\" style=\"width:128px;height:128px\" srcset=\"https:\/\/ccoo.app\/diputacio-de-barcelona\/wp-content\/blogs.dir\/6\/files\/sites\/186\/2023\/04\/preguntes.png 512w, https:\/\/ccoo.app\/diputacio-de-barcelona\/wp-content\/blogs.dir\/6\/files\/sites\/186\/2023\/04\/preguntes-300x300.png 300w, https:\/\/ccoo.app\/diputacio-de-barcelona\/wp-content\/blogs.dir\/6\/files\/sites\/186\/2023\/04\/preguntes-150x150.png 150w\" sizes=\"auto, (max-width: 512px) 100vw, 512px\" \/><\/figure>\n<\/div>\n\n\n<div style=\"height:60px\" aria-hidden=\"true\" class=\"wp-block-spacer\"><\/div>\n\n\n\n<h3 class=\"gb-headline gb-headline-c5bcf253 gb-headline-text\"><strong>Tens algun dubte o hi ha algun tema que et preocupa?<\/strong><br><strong>Des de CCOO DIBA, et podem ajudar&#8230;<\/strong><\/h3>\n\n\n\n<div class=\"wp-block-buttons is-content-justification-center is-layout-flex wp-container-core-buttons-is-layout-16018d1d wp-block-buttons-is-layout-flex\">\n<div class=\"wp-block-button is-style-fill\"><a class=\"wp-block-button__link has-base-3-color has-contrast-2-background-color has-text-color has-background wp-element-button\" href=\"https:\/\/ccoo.app\/diputacio-de-barcelona\/seccio-sindical-de-ccoo\/\" style=\"border-radius:0px\">CONTACTA&#8217;NS<\/a><\/div>\n<\/div>\n\n<\/div>\n\n\n<div style=\"height:150px\" aria-hidden=\"true\" class=\"wp-block-spacer\"><\/div>\n\n\n\n<p><\/p>\n","protected":false},"excerpt":{"rendered":"<p>\u00daLTIMES NOT\u00cdCIES ELECCIONS SINDICALS 2023 INSTAGRAM TWITTER Tens algun dubte o hi ha algun tema que et preocupa?Des de CCOO DIBA, et podem ajudar&#8230;<\/p>\n","protected":false},"author":6,"featured_media":0,"parent":0,"menu_order":0,"comment_status":"closed","ping_status":"closed","template":"","meta":{"footnotes":""},"class_list":["post-25","page","type-page","status-publish"],"_links":{"self":[{"href":"https:\/\/ccoo.app\/diputacio-de-barcelona\/wp-json\/wp\/v2\/pages\/25","targetHints":{"allow":["GET"]}}],"collection":[{"href":"https:\/\/ccoo.app\/diputacio-de-barcelona\/wp-json\/wp\/v2\/pages"}],"about":[{"href":"https:\/\/ccoo.app\/diputacio-de-barcelona\/wp-json\/wp\/v2\/types\/page"}],"author":[{"embeddable":true,"href":"https:\/\/ccoo.app\/diputacio-de-barcelona\/wp-json\/wp\/v2\/users\/6"}],"replies":[{"embeddable":true,"href":"https:\/\/ccoo.app\/diputacio-de-barcelona\/wp-json\/wp\/v2\/comments?post=25"}],"version-history":[{"count":4,"href":"https:\/\/ccoo.app\/diputacio-de-barcelona\/wp-json\/wp\/v2\/pages\/25\/revisions"}],"predecessor-version":[{"id":54258,"href":"https:\/\/ccoo.app\/diputacio-de-barcelona\/wp-json\/wp\/v2\/pages\/25\/revisions\/54258"}],"wp:attachment":[{"href":"https:\/\/ccoo.app\/diputacio-de-barcelona\/wp-json\/wp\/v2\/media?parent=25"}],"curies":[{"name":"wp","href":"https:\/\/api.w.org\/{rel}","templated":true}]}}