{"id":2826,"date":"2024-10-04T12:46:05","date_gmt":"2024-10-04T10:46:05","guid":{"rendered":"https:\/\/ccoo.app\/congres-fsc\/?page_id=2826"},"modified":"2025-03-05T07:52:08","modified_gmt":"2025-03-05T06:52:08","slug":"iv-congres","status":"publish","type":"page","link":"https:\/\/ccoo.app\/congres-fsc\/iv-congres\/","title":{"rendered":"IV Congr\u00e9s"},"content":{"rendered":"<div class=\"gb-container gb-container-0576785e\">\n\n<pre class=\"wp-block-preformatted\"><strong><a href=\"https:\/\/fsccongres.ccoo.cat\/wp-content\/uploads\/sites\/66\/2020\/12\/20201109-Normes-12congres-CONC-VDEF-aprov-3009-i-0511-mq-amb-annex.pdf\" target=\"_blank\" rel=\"noreferrer noopener\">Normes<\/a><\/strong><\/pre>\n\n\n\n<pre class=\"wp-block-preformatted\"><strong><a href=\"https:\/\/ccoo.app\/congres-fsc\/wp-content\/blogs.dir\/6\/files\/sites\/221\/2021\/03\/NIVELL-II-MARC-I-ABRIL.pdf\" class=\"ek-link\">Organitzaci\u00f3 i Calendaris<\/a><\/strong><\/pre>\n\n\n<div class=\"gb-container gb-container-8f63e1d9\">\n\n<pre class=\"wp-block-preformatted\"><strong>Documents<\/strong><\/pre>\n\n\n\n<details class=\"wp-block-details is-layout-flow wp-block-details-is-layout-flow\"><summary>FSC Catalunya<\/summary>\n<ul class=\"wp-block-list\">\n<li><a href=\"https:\/\/ccoo.app\/congres-fsc\/wp-content\/blogs.dir\/6\/files\/sites\/221\/2021\/04\/INFORME-BALANC-1.pdf\" target=\"_blank\" rel=\"noreferrer noopener\"><strong>Informe Balan\u00e7<\/strong><\/a>\n<ul class=\"wp-block-list\">\n<li><a href=\"https:\/\/ccoo.app\/congres-fsc\/wp-content\/blogs.dir\/6\/files\/sites\/221\/2021\/04\/ANEXO-EVOLUCIO-AFILIACIO-2017-1.pdf\" target=\"_blank\" rel=\"noreferrer noopener\">Annex afiliaci\u00f3<\/a><\/li>\n\n\n\n<li><a href=\"https:\/\/ccoo.app\/congres-fsc\/wp-content\/blogs.dir\/6\/files\/sites\/221\/2021\/04\/informe-eess-2017-2020-1.pdf\" target=\"_blank\" rel=\"noreferrer noopener\">Annex eleccions sindicals<\/a><\/li>\n\n\n\n<li><a href=\"https:\/\/ccoo.app\/congres-fsc\/wp-content\/blogs.dir\/6\/files\/sites\/221\/2021\/04\/MEMORIA-COMUNICACIO-1.pdf\" target=\"_blank\" rel=\"noreferrer noopener\">Annex comunicaci\u00f3<\/a><\/li>\n<\/ul>\n<\/li>\n\n\n\n<li><strong><a href=\"https:\/\/ccoo.app\/congres-fsc\/wp-content\/blogs.dir\/6\/files\/sites\/221\/2021\/03\/GUION-EIXOS-4-CONGRES.pdf\" target=\"_blank\" rel=\"noreferrer noopener\">Gui\u00f3 Ponencia<\/a><\/strong><\/li>\n\n\n\n<li><strong><a href=\"https:\/\/ccoo.app\/congres-fsc\/wp-content\/blogs.dir\/6\/files\/sites\/221\/2021\/04\/REGLAMENT-IV-CONGRES.pdf\" target=\"_blank\" rel=\"noreferrer noopener\">Reglament<\/a><\/strong><\/li>\n\n\n\n<li><strong><a href=\"https:\/\/ccoo.app\/congres-fsc\/wp-content\/blogs.dir\/6\/files\/sites\/221\/2021\/04\/HORARI-IV-CONGRES.pdf\" target=\"_blank\" rel=\"noreferrer noopener\">Horari<\/a><\/strong><\/li>\n\n\n\n<li><strong><a href=\"https:\/\/ccoo.app\/congres-fsc\/wp-content\/blogs.dir\/6\/files\/sites\/221\/2021\/04\/Ubicacio-IV-Congres-FSC.pdf\" target=\"_blank\" rel=\"noreferrer noopener\">Ubicaci\u00f3<\/a><\/strong><\/li>\n\n\n\n<li><strong>Aportacions<\/strong>\n<ul class=\"wp-block-list\">\n<li><a href=\"https:\/\/ccoo.app\/congres-fsc\/wp-content\/blogs.dir\/6\/files\/sites\/221\/2021\/05\/APORTACIONS-PLA-ACCIO-FSC-CATALUNYA.pdf\" target=\"_blank\" rel=\"noreferrer noopener\">Pla acci\u00f3 FSC Catalunya<\/a><\/li>\n\n\n\n<li><a href=\"https:\/\/ccoo.app\/congres-fsc\/wp-content\/blogs.dir\/6\/files\/sites\/221\/2021\/05\/APORTACIONS-PLA-ACCIO-CONC.pdf\" target=\"_blank\" rel=\"noreferrer noopener\">Pla acci\u00f3 CONC<\/a><\/li>\n<\/ul>\n<\/li>\n\n\n\n<li><strong>Esmenes<\/strong>\n<ul class=\"wp-block-list\">\n<li><a href=\"https:\/\/ccoo.app\/congres-fsc\/wp-content\/blogs.dir\/6\/files\/sites\/221\/2021\/05\/ESMENES-ESTATUTS-CONC.pdf\" target=\"_blank\" rel=\"noreferrer noopener\">Estatuts CONC<\/a><\/li>\n\n\n\n<li><a href=\"https:\/\/ccoo.app\/congres-fsc\/wp-content\/blogs.dir\/6\/files\/sites\/221\/2021\/05\/ENMIENDAS-FSC-ESTATAL.pdf\" target=\"_blank\" rel=\"noreferrer noopener\">FSC Estatal<\/a><\/li>\n\n\n\n<li><a href=\"https:\/\/ccoo.app\/congres-fsc\/wp-content\/blogs.dir\/6\/files\/sites\/221\/2021\/05\/ENMIENDAS-A-LOS-ESTATUTOS-4o-Congreso-de-FSC-CCOO.pdf\" target=\"_blank\" rel=\"noreferrer noopener\">Estatuts 4t Congr\u00e9s FSC-CCOO<\/a><\/li>\n\n\n\n<li><a class=\"ek-link\" href=\"https:\/\/ccoo.app\/congres-fsc\/wp-content\/blogs.dir\/6\/files\/sites\/221\/2021\/05\/ENMIENDAS-A-ESTATUTOS-12-CONFEDERAL.pdf\">Esta<\/a><a href=\"https:\/\/ccoo.app\/congres-fsc\/wp-content\/blogs.dir\/6\/files\/sites\/221\/2021\/05\/ENMIENDAS-A-ESTATUTOS-12-CONFEDERAL.pdf\" target=\"_blank\" rel=\"noreferrer noopener\">t<\/a><a class=\"ek-link\" href=\"https:\/\/ccoo.app\/congres-fsc\/wp-content\/blogs.dir\/6\/files\/sites\/221\/2021\/05\/ENMIENDAS-A-ESTATUTOS-12-CONFEDERAL.pdf\">uts 12 confederal<\/a><\/li>\n<\/ul>\n<\/li>\n<\/ul>\n<\/details>\n\n\n\n<details class=\"wp-block-details is-layout-flow wp-block-details-is-layout-flow\"><summary>Territoris<\/summary>\n<ul class=\"wp-block-list\">\n<li>Provincial\n<ul class=\"wp-block-list\">\n<li><a href=\"https:\/\/ccoo.app\/congres-fsc\/wp-content\/blogs.dir\/6\/files\/sites\/221\/2021\/03\/BALANC-DE-GESTIO.pdf\" target=\"_blank\" rel=\"noreferrer noopener\"><strong>Balan\u00e7 de gesti\u00f3 del IV Congr\u00e9s Comarques Tarragonines<\/strong><\/a>\n<ul class=\"wp-block-list\">\n<li><a href=\"https:\/\/ccoo.app\/congres-fsc\/wp-content\/blogs.dir\/6\/files\/sites\/221\/2021\/03\/PLA-DACCIO-2021-2025.pdf\" target=\"_blank\" rel=\"noreferrer noopener\">Pl\u00e0 d\u2019acci\u00f3 2021-2025<\/a><\/li>\n<\/ul>\n<\/li>\n\n\n\n<li><a href=\"https:\/\/ccoo.app\/congres-fsc\/wp-content\/blogs.dir\/6\/files\/sites\/221\/2021\/03\/BALANC-FSC-GIRONA-Cat.pdf\" target=\"_blank\" rel=\"noreferrer noopener\"><strong>Balan\u00e7 de gesti\u00f3 del IV Congr\u00e9s Comarques Gironines<\/strong><\/a>\n<ul class=\"wp-block-list\">\n<li><a href=\"https:\/\/ccoo.app\/congres-fsc\/wp-content\/blogs.dir\/6\/files\/sites\/221\/2021\/03\/Pla-daccio-catala.pdf\" target=\"_blank\" rel=\"noreferrer noopener\">Pl\u00e0 d\u2019acci\u00f3 2021-2025<\/a><\/li>\n<\/ul>\n<\/li>\n<\/ul>\n<\/li>\n\n\n\n<li>Intercomarcal\n<ul class=\"wp-block-list\">\n<li><strong><a href=\"https:\/\/ccoo.app\/congres-fsc\/wp-content\/blogs.dir\/6\/files\/sites\/221\/2021\/03\/PLA-DACCIO-3r-CONGRES-UNIO-VORMAROS.pdf\" target=\"_blank\" rel=\"noreferrer noopener\">Pla d\u2019acci\u00f3 3r congr\u00e9s FSC Vormaros<\/a><\/strong>\n<ul class=\"wp-block-list\">\n<li><a href=\"https:\/\/ccoo.app\/congres-fsc\/wp-content\/blogs.dir\/6\/files\/sites\/221\/2021\/03\/RESOLUCIO_CCOO-EN-DEFENSA-DRETS-CIVILS-I-DEMOCRATICS.pdf\" target=\"_blank\" rel=\"noreferrer noopener\">Resouci\u00f3 CCOO en defensa de drets civils i democr\u00e0tics<\/a><\/li>\n<\/ul>\n<\/li>\n\n\n\n<li><strong><a href=\"https:\/\/ccoo.app\/congres-fsc\/wp-content\/blogs.dir\/6\/files\/sites\/221\/2021\/03\/PLA-ACCIO-FSC-BLLAPAG-17-03-21.pdf\" target=\"_blank\" rel=\"noreferrer noopener\">Pla d\u2019acci\u00f3 3r congr\u00e9s FSC BLLAPAG<\/a><\/strong><\/li>\n\n\n\n<li><strong><a href=\"https:\/\/ccoo.app\/congres-fsc\/wp-content\/blogs.dir\/6\/files\/sites\/221\/2021\/03\/INFORME-GENERAL-3R-CONGRES-FSC-BLLAPAG-DEFINTIU.pdf\" target=\"_blank\" rel=\"noreferrer noopener\">Informe general 3r congr\u00e9s FSC-BLLAPAG<\/a><\/strong><\/li>\n<\/ul>\n<\/li>\n<\/ul>\n<\/details>\n\n\n\n<details class=\"wp-block-details is-layout-flow wp-block-details-is-layout-flow\"><summary>Sectors<\/summary>\n<ul class=\"wp-block-list\">\n<li><strong>Pla acci\u00f3 final Sector Generalitat 2021 \u2013 2024<\/strong><\/li>\n\n\n\n<li><a href=\"https:\/\/ccoo.app\/congres-fsc\/wp-content\/blogs.dir\/6\/files\/sites\/221\/2021\/03\/Ponencia-Sector-Ferroviari-CCOO-Catalunya-2021.pdf\" target=\"_blank\" rel=\"noreferrer noopener\"><strong>3\u00aa Confer\u00e8ncia del sector Ferroviari de CCOO de Catalunya<\/strong><\/a><\/li>\n\n\n\n<li><a href=\"https:\/\/ccoo.app\/congres-fsc\/wp-content\/blogs.dir\/6\/files\/sites\/221\/2021\/03\/III-conferencia-MItjans_Definitivo.pdf\" target=\"_blank\" rel=\"noreferrer noopener\"><strong>3\u00aa Confer\u00e8ncia del sector Mitjans de comunicaci\u00f3, oci, cultura i esports<\/strong><\/a><\/li>\n\n\n\n<li><a href=\"https:\/\/ccoo.app\/congres-fsc\/wp-content\/blogs.dir\/6\/files\/sites\/221\/2021\/03\/CONFERENCIA-PAPEL-GRAFICAS.pdf\" target=\"_blank\" rel=\"noreferrer noopener\"><strong>Pla d\u2019acci\u00f3 del sector de Gr\u00e0fiques, paper i fotografia<\/strong><\/a><\/li>\n\n\n\n<li><a href=\"https:\/\/ccoo.app\/congres-fsc\/wp-content\/blogs.dir\/6\/files\/sites\/221\/2021\/03\/PROPOSTA-PLA-DACCIO-V-CONFERENCIA-DEL-SAE-CAT-12032021.docx\" target=\"_blank\" rel=\"noreferrer noopener\"><strong>Pla d\u2019acci\u00f3 del sector d\u2019Administraci\u00f3 de l\u2019Estat de Catalunya<\/strong><\/a>\n<ul class=\"wp-block-list\">\n<li><a href=\"https:\/\/ccoo.app\/congres-fsc\/wp-content\/blogs.dir\/6\/files\/sites\/221\/2021\/03\/2021-proposta-informe-balanc-conferencia-SAE-CAT.docx\" target=\"_blank\" rel=\"noreferrer noopener\">Informe balan\u00e7<\/a><\/li>\n<\/ul>\n<\/li>\n\n\n\n<li><a href=\"https:\/\/ccoo.app\/congres-fsc\/wp-content\/blogs.dir\/6\/files\/sites\/221\/2021\/03\/Informe-congreso-Sector-Mar-Cat-2021.pdf\" target=\"_blank\" rel=\"noreferrer noopener\"><strong>Informe Sector del mar de Catalunya<\/strong><\/a><\/li>\n\n\n\n<li><a href=\"https:\/\/ccoo.app\/congres-fsc\/wp-content\/blogs.dir\/6\/files\/sites\/221\/2021\/03\/III-Conferencia-Sector-Postal.pdf\" target=\"_blank\" rel=\"noreferrer noopener\"><strong>Informe general Confer\u00e8ncia sector Postal<\/strong><\/a><\/li>\n\n\n\n<li><a href=\"https:\/\/ccoo.app\/congres-fsc\/wp-content\/blogs.dir\/6\/files\/sites\/221\/2021\/03\/pla_de_treball_accio_vfinal.pdf\" target=\"_blank\" rel=\"noreferrer noopener\"><strong>Pla d\u2019acci\u00f3 9a Confer\u00e8ncia Sector Administraci\u00f3 Local<\/strong><\/a>\n<ul class=\"wp-block-list\">\n<li><a href=\"https:\/\/ccoo.app\/congres-fsc\/wp-content\/blogs.dir\/6\/files\/sites\/221\/2021\/03\/informe_de_gestio_2017-2021_vfinal_opti3.docx\" target=\"_blank\" rel=\"noreferrer noopener\">Informe balan\u00e7<\/a><\/li>\n<\/ul>\n<\/li>\n\n\n\n<li><a href=\"https:\/\/ccoo.app\/congres-fsc\/wp-content\/blogs.dir\/6\/files\/sites\/221\/2021\/04\/Informe-Conferencia-sector-aereo-i-agencias.pdf\" target=\"_blank\" rel=\"noreferrer noopener\"><strong>Informe 4a Confer\u00e8ncia Sector Aeri i ag\u00e8ncies de viatge de Catalunya<\/strong><\/a><\/li>\n\n\n\n<li><a class=\"ek-link\" href=\"https:\/\/ccoo.app\/congres-fsc\/wp-content\/blogs.dir\/6\/files\/sites\/221\/2021\/04\/doc-III-CONFERENCIA-TELECOS-CAT-1.pdf\"><strong>Pla d\u2019acci\u00f3 3a Confer\u00e8n<\/strong><\/a><strong><a href=\"https:\/\/ccoo.app\/congres-fsc\/wp-content\/blogs.dir\/6\/files\/sites\/221\/2021\/04\/doc-III-CONFERENCIA-TELECOS-CAT-1.pdf\" target=\"_blank\" rel=\"noreferrer noopener\">c<\/a><\/strong><a class=\"ek-link\" href=\"https:\/\/ccoo.app\/congres-fsc\/wp-content\/blogs.dir\/6\/files\/sites\/221\/2021\/04\/doc-III-CONFERENCIA-TELECOS-CAT-1.pdf\"><strong>ia del sector de Telecomunicacions de Catalunya<\/strong><\/a><\/li>\n\n\n\n<li><a href=\"https:\/\/ccoo.app\/congres-fsc\/wp-content\/blogs.dir\/6\/files\/sites\/221\/2021\/04\/INFORME-DE-LA-VII-CONFERENCIA-VF.pdf\" target=\"_blank\" rel=\"noreferrer noopener\"><strong>Informe 7a Confer\u00e8ncia del sector de transport i log\u00edstica de Catalunya<\/strong><\/a><\/li>\n<\/ul>\n<\/details>\n\n\n\n<details class=\"wp-block-details is-layout-flow wp-block-details-is-layout-flow\"><summary>Agrupacions<\/summary>\n<ul class=\"wp-block-list\">\n<li><strong><a href=\"https:\/\/ccoo.app\/congres-fsc\/wp-content\/blogs.dir\/6\/files\/sites\/221\/2021\/03\/Document-Conferencia-Agrupacio-Justicia-2021-BALANC-I-PROPOSTES-DE-FUTUR1.doc\" target=\"_blank\" rel=\"noreferrer noopener\">Confer\u00e8ncia Agrupaci\u00f3 de Just\u00edcia la FSC de CCOO de Catalunya, balanc i propostes de futur<\/a><\/strong>\n<ul class=\"wp-block-list\">\n<li><a href=\"https:\/\/ccoo.app\/congres-fsc\/wp-content\/blogs.dir\/6\/files\/sites\/221\/2021\/03\/REGLAMENT-AGRUPACIO-JUSTICIA.pdf\" target=\"_blank\" rel=\"noreferrer noopener\">Reglament<\/a><\/li>\n<\/ul>\n<\/li>\n\n\n\n<li><strong><a href=\"https:\/\/ccoo.app\/congres-fsc\/wp-content\/blogs.dir\/6\/files\/sites\/221\/2021\/04\/Conferencia-AP-2021.pdf\" target=\"_blank\" rel=\"noreferrer noopener\">Informe 9a Confer\u00e8ncia de l\u2019agrupaci\u00f3 de personal penintenciari<\/a><\/strong><\/li>\n<\/ul>\n<\/details>\n\n\n\n<details class=\"wp-block-details is-layout-flow wp-block-details-is-layout-flow\"><summary>Documents assemblees 1r nivell<\/summary>\n<ul class=\"wp-block-list\">\n<li><a href=\"https:\/\/ccoo.app\/congres-fsc\/wp-content\/blogs.dir\/6\/files\/sites\/221\/2020\/12\/ACTA_12congres_assemblea_eleccio_directa_1niv_A1.docx\" class=\"ek-link\"><strong>Model A.1: <\/strong>Acta d\u2019assemblea congressual elecci\u00f3 directa d\u2019empresa nivell I<\/a><\/li>\n\n\n\n<li><a href=\"https:\/\/ccoo.app\/congres-fsc\/wp-content\/blogs.dir\/6\/files\/sites\/221\/2021\/02\/ACTA_12congres_assemblea_eleccio_directa_sector_1niv_A-1.docx\" class=\"ek-link\"><strong>Model A.1:&nbsp;<\/strong>Acta d\u2019assemblea congressual elecci\u00f3 directa d\u2019empresa nivell I (sector\/agrupaci\u00f3)<\/a><\/li>\n\n\n\n<li><a href=\"https:\/\/ccoo.app\/congres-fsc\/wp-content\/blogs.dir\/6\/files\/sites\/221\/2020\/12\/ACTA_12congres_assemblea_eleccio_directa_SECTOR_1niv_A2.docx\" class=\"ek-link\"><strong>Model A.2:<\/strong>&nbsp;Acta d\u2019assemblea congressual elecci\u00f3 directa d\u2019empresa amb SSE (relacionades a l\u2019annex 6 de les normes) nivell I<\/a><\/li>\n\n\n\n<li><a href=\"https:\/\/ccoo.app\/congres-fsc\/wp-content\/blogs.dir\/6\/files\/sites\/221\/2021\/02\/ACTA_12congres_assemblea_eleccio_directa__1niv_A2_consellFSC.docx\" class=\"ek-link\"><strong>Model A.2:&nbsp;<\/strong>Acta d\u2019assemblea congressual elecci\u00f3 directa d\u2019empresa amb SSE (consell FSC) nivell I<\/a><\/li>\n\n\n\n<li><a href=\"https:\/\/ccoo.app\/congres-fsc\/wp-content\/blogs.dir\/6\/files\/sites\/221\/2020\/12\/ACTA_12congres_assemblea-TRANSVERSALS_NIVELL_A3.doc\" class=\"ek-link\"><strong>Model A.3<\/strong>: Acta d\u2019assemblea congressual transversal (ram\/territori) &nbsp;nivell I<\/a><\/li>\n\n\n\n<li><a href=\"https:\/\/ccoo.app\/congres-fsc\/wp-content\/blogs.dir\/6\/files\/sites\/221\/2021\/02\/ACTA_12congres_assemblea-TRANSVERSALS_NIVELL_SECTOR-AGRUPACIO-A4.doc\" class=\"ek-link\"><strong>Model A.3:&nbsp;<\/strong>Acta d\u2019assemblea congressual transversal (sector\/agrupaci\u00f3)&nbsp;nivell I<\/a><\/li>\n\n\n\n<li><a href=\"https:\/\/ccoo.app\/congres-fsc\/wp-content\/blogs.dir\/6\/files\/sites\/221\/2020\/12\/ACTA_12congres_assemblea-TRANSVERSAL_NIVELL1-PPJJ_AJ16.docx\" class=\"ek-link\"><strong>Model A.J16<\/strong>: Acta d\u2019assemblea congressual transversal (ram\/territori) votaci\u00f3 per als delegats i delegades pensionistes i jubilats<\/a><\/li>\n\n\n\n<li><a href=\"https:\/\/ccoo.app\/congres-fsc\/wp-content\/blogs.dir\/6\/files\/sites\/221\/2020\/12\/CANDIDATURES_12CONGRES_assemb_transv_eleccio-directa_2nivell_c1.doc\" class=\"ek-link\"><strong>Model C.1<\/strong>: Llista de presentaci\u00f3 i acceptaci\u00f3 de candidats\/ates a la confer\u00e8ncia o congr\u00e9s del sindicat intercomarcal o confer\u00e8ncia de ram<\/a><\/li>\n\n\n\n<li><a href=\"https:\/\/ccoo.app\/congres-fsc\/wp-content\/blogs.dir\/6\/files\/sites\/221\/2020\/12\/CANDIDATURES_12CONGRES_eleccio-directa_CONSELL-CONC_c2.docx\" class=\"ek-link\"><strong>Model C.2<\/strong>: Llista de presentaci\u00f3 i acceptaci\u00f3 com a candidat\/a a membre del Consell Nacional de la CONC<\/a><\/li>\n\n\n\n<li><a href=\"https:\/\/ccoo.app\/congres-fsc\/wp-content\/blogs.dir\/6\/files\/sites\/221\/2021\/02\/CANDIDATURES_12CONGRES_eleccio-directa_CONSELL-CONSELL-FSC-CATALUNYA_c2f.docx\" class=\"ek-link\"><strong>Model C.2f:&nbsp;<\/strong>Llista de presentaci\u00f3 i acceptaci\u00f3 com a candidat\/ consell de la fsc de catalunya<\/a><\/li>\n\n\n\n<li><a href=\"https:\/\/ccoo.app\/congres-fsc\/wp-content\/blogs.dir\/6\/files\/sites\/221\/2020\/12\/CANDIDATURES_12CONGRES_eleccio-directa_CONSELL-CONSELL-FSC-CATALUNYA_c2.docx\" class=\"ek-link\"><strong>Model c.2<\/strong>: Llista de presentaci\u00f3 i acceptaci\u00f3 com a candidat\/ consell de la FSC de Catalunya. Assemblea elecci\u00f3 directa de l\u2019empresa (nivell I)<\/a><\/li>\n\n\n\n<li><a href=\"https:\/\/ccoo.app\/congres-fsc\/wp-content\/blogs.dir\/6\/files\/sites\/221\/2021\/02\/CANDIDATURES_12CONGRES_assemb_transv_eleccio-directa_2nivell_c3.doc\" class=\"ek-link\"><strong>Model C.3:<\/strong>&nbsp;Llista de presentaci\u00f3 i acceptaci\u00f3 de candidats\/ates a la confer\u00e8ncia del sector \/ agrupaci\u00f3. Assemblea de elecci\u00f3 directa de l\u2019empresa (Nivell I)<\/a><\/li>\n\n\n\n<li><a href=\"https:\/\/ccoo.app\/congres-fsc\/wp-content\/blogs.dir\/6\/files\/sites\/221\/2020\/12\/CANDIDATURES_12CONGRES_org_direc_sse_CS1.doc\" class=\"ek-link\"><strong>Model C.S1<\/strong>: Llista de presentaci\u00f3 i acceptaci\u00f3 de candidats\/ates als \u00f2rgans de direcci\u00f3 de la secci\u00f3 sindical d\u2019empresa<strong>.&nbsp;<\/strong>Assemblea empresa (nivell I)<\/a><\/li>\n\n\n\n<li><a href=\"https:\/\/ccoo.app\/congres-fsc\/wp-content\/blogs.dir\/6\/files\/sites\/221\/2020\/12\/ACTA_12congres_acta-constitucio-mesa_1niv_M1.docx\" class=\"ek-link\"><strong>Model M1<\/strong>: Acta de constituci\u00f3 de mesa electoral assemblea elecci\u00f3 directa d\u2019empresa\/assemblea transversal nivell I<\/a><\/li>\n\n\n\n<li><a href=\"https:\/\/ccoo.app\/congres-fsc\/wp-content\/blogs.dir\/6\/files\/sites\/221\/2020\/12\/ACTA_RENOVACIO_SSE_1rnivell_12congres_mod_S1.doc\" class=\"ek-link\"><strong>Model S.1:<\/strong>&nbsp;Acta de renovaci\u00f3 de la secci\u00f3 sindical d\u2019empresa i\/o elecci\u00f3 de delegats\/delegades LOLS<\/a><\/li>\n\n\n\n<li><a href=\"https:\/\/ccoo.app\/congres-fsc\/wp-content\/blogs.dir\/6\/files\/sites\/221\/2020\/12\/ACTA_SSE-CONSTITUCIO_1rnivell_12congres_mod_S2.docx\" class=\"ek-link\"><strong>Model S.2<\/strong>: Acta de constituci\u00f3 de la secci\u00f3 sindical d\u2019empresa i\/o elecci\u00f3 de delegats\/delegades LOLS<\/a><\/li>\n<\/ul>\n<\/details>\n\n\n\n<details class=\"wp-block-details is-layout-flow wp-block-details-is-layout-flow\"><summary>Documents assemblees 2n nivell<\/summary>\n<div style=\"height:30px\" aria-hidden=\"true\" class=\"wp-block-spacer\"><\/div>\n\n\n\n<p class=\"has-medium-font-size\"><strong>Documents Sectors<\/strong><\/p>\n\n\n\n<ul class=\"wp-block-list\">\n<li><a href=\"https:\/\/ccoo.app\/congres-fsc\/wp-content\/blogs.dir\/6\/files\/sites\/221\/2021\/03\/ACTA_CONFERENCIES_SECTOR_12cong_el_al-SECTOR-ESTATAL-nivell3_A4-C.doc\" class=\"ek-link\"><strong>Model A.4<\/strong>: ACTA D\u2019ASSEMBLEA CONGRESSUAL DEL SECTOR<\/a><\/li>\n\n\n\n<li><a href=\"https:\/\/ccoo.app\/congres-fsc\/wp-content\/blogs.dir\/6\/files\/sites\/221\/2021\/03\/ACTA_org_COORDINACIO_SECTORl_12congres-mod_a5-C.doc\" class=\"ek-link\"><strong>Model A.5<\/strong>&nbsp;: ACTA DE LA CONFER\u00c8NCIA DEL SECTOR<\/a><\/li>\n\n\n\n<li><a href=\"https:\/\/ccoo.app\/congres-fsc\/wp-content\/blogs.dir\/6\/files\/sites\/221\/2021\/03\/CANDIDATURES_CONGRES_SECTOR-ESTATAL_eleccio-al-NIVELL3_c4-C.doc\" class=\"ek-link\"><strong>Model C.4<\/strong>&nbsp;: LLISTA DE PRESENTACI\u00d3 I ACCEPTACI\u00d3 DE CANDIDATS\/ATES AL CONGR\u00c9S DE DEL SECTOR ESTATAL<\/a><\/li>\n\n\n\n<li><a href=\"https:\/\/ccoo.app\/congres-fsc\/wp-content\/blogs.dir\/6\/files\/sites\/221\/2021\/03\/CANDIDATURES_12CONGRES_CONC_org_COORDINACIO-SECTOR_si_c5-C.doc\" class=\"ek-link\"><strong>Model C.5<\/strong>&nbsp;: LLISTA DE PRESENTACI\u00d3 I ACCEPTACI\u00d3 DE CANDIDATS\/ATES ALS \u00d2RGANS DE COORDINACI\u00d3 DEL SECTOR<\/a><\/li>\n\n\n\n<li><a href=\"https:\/\/ccoo.app\/congres-fsc\/wp-content\/blogs.dir\/6\/files\/sites\/221\/2021\/03\/AVALS_CANDIDATURES_CONGRES-SECTOR-ESTATAL_al-NIVELL3_v-C.doc\" class=\"ek-link\"><strong>Model V.1<\/strong>&nbsp;: LLISTA D\u2019AVALS A CANDIDATS\/ATES A LA CONFER\u00c8NCIA DEL SECTOR ESTATAL<\/a><\/li>\n\n\n\n<li><a href=\"https:\/\/ccoo.app\/congres-fsc\/wp-content\/blogs.dir\/6\/files\/sites\/221\/2021\/03\/AVALS_CANDIDATURES_12CONGRES_CONC_ORGAN-DE-COORDINACIO-SECTOR_si_v3.doc\" class=\"ek-link\"><strong>Model V.2 :<\/strong>&nbsp;LLISTA D\u2019AVALS PER ALS CANDIDATS\/ATES ALS \u00d2RGANS DE COORDINACI\u00d3 DEL SECTOR<\/a><\/li>\n\n\n\n<li><a href=\"https:\/\/ccoo.app\/congres-fsc\/wp-content\/blogs.dir\/6\/files\/sites\/221\/2021\/03\/ACTA_SECTOR-l_consell-federacio-12congres_AF1-C.docx\" class=\"ek-link\"><strong>Model AF1<\/strong>&nbsp;: ACTA DE LA CONFER\u00c8NCIA DEL SECTOR: Elecci\u00f3 membres al consell de la Federaci\u00f3<\/a><\/li>\n\n\n\n<li><a href=\"https:\/\/ccoo.app\/congres-fsc\/wp-content\/blogs.dir\/6\/files\/sites\/221\/2021\/03\/CANDIDATURES_12CONGRES_eleccio-membres-consell-fed-per-SECTORi_CF1-C.docx\" class=\"ek-link\"><strong>Model CF1&nbsp;<\/strong>: LLISTA DE PRESENTACI\u00d3 I ACCEPTACI\u00d3 DE CANDIDATS\/CANDIDATES<\/a><\/li>\n\n\n\n<li><a href=\"https:\/\/ccoo.app\/congres-fsc\/wp-content\/blogs.dir\/6\/files\/sites\/221\/2021\/03\/AVALS_candidatures_12CONGRES_eleccio-membres-consell-FEDERAL-pel-SECTOR_VT2.docx\" class=\"ek-link\"><strong>Model VT1<\/strong>&nbsp;:<strong>&nbsp;<\/strong>LLISTA D\u2019AVALS PER A LA CANDIDATURA DELS MEMBRES<\/a><\/li>\n<\/ul>\n\n\n\n<p class=\"has-medium-font-size\"><strong>Documents Territoris<\/strong><\/p>\n\n\n\n<ul class=\"wp-block-list\">\n<li><a href=\"https:\/\/ccoo.app\/congres-fsc\/wp-content\/blogs.dir\/6\/files\/sites\/221\/2021\/03\/ACTA_CONFERENCIES_SECTOR_12cong_el_al-SECTOR-ESTATAL-nivell3_A4-C-1.doc\" class=\"ek-link\"><strong>Model A.4<\/strong>: ACTA D\u2019ASSEMBLEA CONGRESSUAL DEL SINDICAT INTERCOMARCAL O CONFER\u00c8NCIA DE RAM EN EL TERRITORI<\/a><\/li>\n\n\n\n<li><a href=\"https:\/\/ccoo.app\/congres-fsc\/wp-content\/blogs.dir\/6\/files\/sites\/221\/2021\/03\/ACTA_org_direccio_sindicat_comarcal_12congres-mod_a5.doc\" class=\"ek-link\"><strong>Model A.5:<\/strong>&nbsp;ACTA DE LA CONFER\u00c8NCIA DEL SINDICAT INTERCOMARCAL<\/a><\/li>\n\n\n\n<li><a href=\"https:\/\/ccoo.app\/congres-fsc\/wp-content\/blogs.dir\/6\/files\/sites\/221\/2021\/03\/ACTA_org_direccio_sindicat_comarcal_12congres-mod_a5b.docx\" class=\"ek-link\"><strong>Model A.5b<\/strong>: ACTA DE LA CONFER\u00c8NCIA DEL RAM AL TERRITORI<\/a><\/li>\n\n\n\n<li><a href=\"https:\/\/ccoo.app\/congres-fsc\/wp-content\/blogs.dir\/6\/files\/sites\/221\/2021\/03\/ACTA_sindicat_comarcal_consell-federacio-12congres_AF1.docx\" class=\"ek-link\"><strong>Model AF.1:<\/strong>&nbsp;ACTA DE LA CONFER\u00c8NCIA DEL SINDICAT INTERCOMARCAL: Elecci\u00f3 membres al consell de la Federaci\u00f3<\/a><\/li>\n\n\n\n<li><a href=\"https:\/\/ccoo.app\/congres-fsc\/wp-content\/blogs.dir\/6\/files\/sites\/221\/2021\/03\/ACTA_sindicat_comarcal_consell-unio-intercomarcal-12congres_AT1.docx\" class=\"ek-link\"><strong>Model AT1:&nbsp;<\/strong>ACTA DE LA CONFER\u00c8NCIA DEL SINDICAT INTERCOMARCAL: Elecci\u00f3 membres al consell de la uni\u00f3 intercomarcal<\/a><\/li>\n\n\n\n<li><a href=\"https:\/\/ccoo.app\/congres-fsc\/wp-content\/blogs.dir\/6\/files\/sites\/221\/2021\/03\/AVALS_CANDIDATURES_12CONGRES_CONC_al-NIVELL3_v1.doc\" class=\"ek-link\"><strong>Model V.1<\/strong>: LLISTA D\u2019AVALS A CANDIDATS\/ATES A LA CONFER\u00c8NCIA\/CONGR\u00c9S DE FEDERACI\u00d3 O UNI\u00d3 INTERCOMARCAL<\/a><\/li>\n\n\n\n<li><a href=\"https:\/\/ccoo.app\/congres-fsc\/wp-content\/blogs.dir\/6\/files\/sites\/221\/2021\/03\/AVALS_CANDIDATURES_12CONGRES_CONC_org_direc_si_v2.doc\" class=\"ek-link\"><strong>Model V.2<\/strong>: LLISTA D\u2019AVALS PER ALS CANDIDATS\/ATES ALS \u00d2RGANS DE DIRECCI\u00d3 DEL SINDICAT INTERCOMARCAL<\/a><\/li>\n\n\n\n<li><a href=\"https:\/\/ccoo.app\/congres-fsc\/wp-content\/blogs.dir\/6\/files\/sites\/221\/2021\/03\/AVALS_CANDIDATURES_12CONGRES_CONC_org_direc_si_v2b.docx\" class=\"ek-link\"><strong>Model V.2b<\/strong>: LLISTA D\u2019AVALS PER ALS CANDIDATS\/ATES A L\u2019ELECCI\u00d3 DEL COORDINADOR\/A O REFERENT O L\u2019ELECCI\u00d3 DE MEMBRE AL COMIT\u00c8 TERRITORIAL O FEDERATIU DE L\u2019\u00c0MBIT FUNCIONAL O \u00c0MBIT DEL RAM AL TERRITORI<\/a><\/li>\n\n\n\n<li><a href=\"https:\/\/ccoo.app\/congres-fsc\/wp-content\/blogs.dir\/6\/files\/sites\/221\/2021\/03\/AVALS_candidatures_12CONGRES_eleccio-membres-consell-fed-pel-SI_VF1.docx\" class=\"ek-link\"><strong>Model VF1<\/strong>: LLISTA D\u2019AVALS PER A LA CANDIDATURA DELS MEMBRES AL CONSELL DE LA FEDERACI\u00d3 PEL SINDICAT INTERCOMARCAL<\/a><\/li>\n\n\n\n<li><a href=\"https:\/\/ccoo.app\/congres-fsc\/wp-content\/blogs.dir\/6\/files\/sites\/221\/2021\/03\/AVALS_candidatures_12CONGRES_eleccio-membres-consell-unio-interc-pel-SI_VT1.docx\" class=\"ek-link\"><strong>Model VT1<\/strong>: LLISTA D\u2019AVALS PER A LA CANDIDATURA DELS MEMBRES AL CONSELL DE LA FEDERACI\u00d3 PEL SECTOR<\/a><\/li>\n\n\n\n<li><a href=\"https:\/\/ccoo.app\/congres-fsc\/wp-content\/blogs.dir\/6\/files\/sites\/221\/2021\/03\/CANDIDATURES_12CONGRES_CONC_eleccio-al-NIVELL3_c4.doc\" class=\"ek-link\"><strong>Model C.4:<\/strong>&nbsp;LLISTA DE PRESENTACI\u00d3 I ACCEPTACI\u00d3 DE CANDIDATS\/ATES A LA CONFER\u00c8NCIA\/CONGR\u00c9S DE LA FEDERACI\u00d3 O UNI\u00d3<\/a><\/li>\n\n\n\n<li><a href=\"https:\/\/ccoo.app\/congres-fsc\/wp-content\/blogs.dir\/6\/files\/sites\/221\/2021\/03\/CANDIDATURES_12CONGRES_CONC_org_direc_si_c5.doc\" class=\"ek-link\"><strong>Model C.5<\/strong>: LLISTA DE PRESENTACI\u00d3 I ACCEPTACI\u00d3 DE CANDIDATS\/ATES ALS \u00d2RGANS DE DIRECCI\u00d3 DEL SINDICAT INTERCOMARCAL<\/a><\/li>\n\n\n\n<li><a href=\"https:\/\/ccoo.app\/congres-fsc\/wp-content\/blogs.dir\/6\/files\/sites\/221\/2021\/03\/CANDIDATURES_12CONGRES_CONC_org_direc_si_c5b.docx\" class=\"ek-link\"><strong>Model C.5b<\/strong>: LLISTA DE PRESENTACI\u00d3 I ACCEPTACI\u00d3 DE CANDIDAT O CANDIDATA A L\u2019ELECCI\u00d3 DEL COORDINADOR\/A O REFERENT O L\u2019ELECCI\u00d3 DE MEMBRE AL COMIT\u00c8 TERRITORIAL O FEDERATIU DE L\u2019\u00c0MBIT FUNCIONAL O \u00c0MBIT DEL RAM AL TERRITORI<\/a><\/li>\n\n\n\n<li><a href=\"https:\/\/ccoo.app\/congres-fsc\/wp-content\/blogs.dir\/6\/files\/sites\/221\/2021\/03\/CANDIDATURES_12CONGRES_eleccio-membres-consell-fed-per-si_CF1.docx\" class=\"ek-link\"><strong>Model CF1:<\/strong>&nbsp;LLISTA DE PRESENTACI\u00d3 I ACCEPTACI\u00d3 DE CANDIDATS\/CANDIDATES ELECCI\u00d3 DELS MEMBRES AL CONSELL DE LA FEDERACI\u00d3 PEL SINDICAT INTERCOMARCAL<\/a><\/li>\n\n\n\n<li><a href=\"https:\/\/ccoo.app\/congres-fsc\/wp-content\/blogs.dir\/6\/files\/sites\/221\/2021\/03\/CANDIDATURES_12CONGRES_eleccio-membres-consell-unio-intercomarcal-per-si_CT1.docx\" class=\"ek-link\"><strong>Model CT1:<\/strong>&nbsp;LLISTA DE PRESENTACI\u00d3 I ACCEPTACI\u00d3 DE CANDIDATS\/CANDIDATES ELECCI\u00d3 DELS MEMBRES AL CONSELL DE LA UNI\u00d3 INTERCOMARCAL PEL SINDICAT INTERCOMARCAL<\/a><\/li>\n<\/ul>\n<\/details>\n\n\n\n<details class=\"wp-block-details is-layout-flow wp-block-details-is-layout-flow\"><summary>Documents congressuals 3r nivell<\/summary>\n<ul class=\"wp-block-list\">\n<li><a href=\"https:\/\/ccoo.app\/congres-fsc\/wp-content\/blogs.dir\/6\/files\/sites\/221\/2021\/04\/CANDIDATURES_12CONGRES_eleccio-membres-consell-conc_fedunio_CC3.pdf\" target=\"_blank\" rel=\"noreferrer noopener\">CANDIDATURES_12CONGRES_elecci\u00f3 membres consell conc_fed-unio_CC3<\/a><\/li>\n\n\n\n<li><a href=\"https:\/\/ccoo.app\/congres-fsc\/wp-content\/blogs.dir\/6\/files\/sites\/221\/2021\/04\/CANDIDATURES_12CONGRES_eleccio-membres-consell-conc_fedunio_CC3B.pdf\" target=\"_blank\" rel=\"noreferrer noopener\">CANDIDATURES_12CONGRES_elecci\u00f3 membres consell conc_fed-unio_CC3B<\/a><\/li>\n\n\n\n<li><a href=\"https:\/\/ccoo.app\/congres-fsc\/wp-content\/blogs.dir\/6\/files\/sites\/221\/2021\/04\/CANDIDATURES_12CONGRES_CONC_al-4NIVELL_c6.pdf\" target=\"_blank\" rel=\"noreferrer noopener\">CANDIDATURES_12CONGRES_CONC_al 4NIVELL_c6<\/a><\/li>\n\n\n\n<li><a href=\"https:\/\/ccoo.app\/congres-fsc\/wp-content\/blogs.dir\/6\/files\/sites\/221\/2021\/04\/CANDIDATURES_12CONGRES_CONC_al-4NIVELL-ESTATAL_c6B.pdf\" target=\"_blank\" rel=\"noreferrer noopener\">CANDIDATURES_12CONGRES_CONC_al 4NIVELL ESTATAL_c6B<\/a><\/li>\n\n\n\n<li><a href=\"https:\/\/ccoo.app\/congres-fsc\/wp-content\/blogs.dir\/6\/files\/sites\/221\/2021\/04\/CANDIDATURES_12CONGRES_CONC_org_direc_fedunio_c7.pdf\" target=\"_blank\" rel=\"noreferrer noopener\">CANDIDATURES_12CONGRES_CONC_org_direc_fed-unio_c7<\/a><\/li>\n\n\n\n<li><a href=\"https:\/\/ccoo.app\/congres-fsc\/wp-content\/blogs.dir\/6\/files\/sites\/221\/2021\/04\/AVALS_candidatures_12CONGRES_eleccio-membres-consell-DE-LA-FSC_VC3-b.pdf\" target=\"_blank\" rel=\"noreferrer noopener\">AVALS_candidatures_12CONGRES_eleccio membres consell DE LA FSC_VC3 b<\/a><\/li>\n\n\n\n<li><a href=\"https:\/\/ccoo.app\/congres-fsc\/wp-content\/blogs.dir\/6\/files\/sites\/221\/2021\/04\/AVALS_candidatures_12CONGRES_eleccio-membres-consell-conc_fedunio_VC3.pdf\" target=\"_blank\" rel=\"noreferrer noopener\">AVALS_candidatures_12CONGRES_eleccio membres consell conc_fedunio_VC3<\/a><\/li>\n\n\n\n<li><a href=\"https:\/\/ccoo.app\/congres-fsc\/wp-content\/blogs.dir\/6\/files\/sites\/221\/2021\/04\/AVALS_CANDIDATURES_12CONGRES_CONC_org_direc_fedunio_v4.pdf\" target=\"_blank\" rel=\"noreferrer noopener\">AVALS_CANDIDATURES_12CONGRES_CONC_org_direc_fed<\/a>\u2013<a href=\"https:\/\/ccoo.app\/congres-fsc\/wp-content\/blogs.dir\/6\/files\/sites\/221\/2021\/04\/AVALS_CANDIDATURES_12CONGRES_CONC_org_direc_fedunio_v4.pdf\" target=\"_blank\" rel=\"noreferrer noopener\">unio_v4<\/a><\/li>\n\n\n\n<li><a href=\"https:\/\/ccoo.app\/congres-fsc\/wp-content\/blogs.dir\/6\/files\/sites\/221\/2021\/04\/AVALS_CANDIDATURES_12CONGRES_CONC_al-4NIVELL_v3.pdf\" target=\"_blank\" rel=\"noreferrer noopener\">AVALS_CANDIDATURES_12CONGRES_CONC_al 4NIVELL_v3<\/a><\/li>\n\n\n\n<li><a href=\"https:\/\/ccoo.app\/congres-fsc\/wp-content\/blogs.dir\/6\/files\/sites\/221\/2021\/04\/AVALS_CANDIDATURES_12CONGRES_CONC_al-4NIVELL-FSC-ESTATAL-_v3b.pdf\" target=\"_blank\" rel=\"noreferrer noopener\">AVALS_CANDIDATURES_12CONGRES_CONC_al 4NIVELL FSC ESTATAL _v3b<\/a><\/li>\n<\/ul>\n<\/details>\n\n<\/div>\n\n\n<div style=\"height:50px\" aria-hidden=\"true\" class=\"wp-block-spacer\"><\/div>\n\n\n<div class=\"gb-container gb-container-4dd22df9\">\n\n<pre class=\"wp-block-preformatted\"><strong>Reglaments<\/strong><\/pre>\n\n\n\n<details class=\"wp-block-details is-layout-flow wp-block-details-is-layout-flow\"><summary>Territoris<\/summary>\n<div style=\"height:30px\" aria-hidden=\"true\" class=\"wp-block-spacer\"><\/div>\n\n\n\n<p class=\"has-medium-font-size\"><strong>Provincial<\/strong><\/p>\n\n\n\n<ul class=\"wp-block-list\">\n<li><strong><a href=\"https:\/\/ccoo.app\/congres-fsc\/wp-content\/blogs.dir\/6\/files\/sites\/221\/2021\/03\/REGLAMENT-CONFERENCIA-FSC-LLEIDA.pdf\" target=\"_blank\" rel=\"noreferrer noopener\">Reglament confer\u00e8ncia FSC LLeida<\/a><\/strong>\n<ul class=\"wp-block-list\">\n<li><a href=\"https:\/\/ccoo.app\/congres-fsc\/wp-content\/blogs.dir\/6\/files\/sites\/221\/2021\/03\/HORARI-CONFERENCIA-FSC-LLEIDA.pdf\" target=\"_blank\" rel=\"noreferrer noopener\">Horari<\/a><\/li>\n<\/ul>\n<\/li>\n\n\n\n<li><strong><a href=\"https:\/\/ccoo.app\/congres-fsc\/wp-content\/blogs.dir\/6\/files\/sites\/221\/2021\/03\/REGLAMENT-IV-CONGRES-DEL-SI.pdf\" target=\"_blank\" rel=\"noreferrer noopener\">Reglament i horari del IV Congr\u00e9s de les comarques Tarragonines<\/a><\/strong><\/li>\n\n\n\n<li><strong><a href=\"https:\/\/ccoo.app\/congres-fsc\/wp-content\/blogs.dir\/6\/files\/sites\/221\/2021\/03\/REGLAMENT-4t-CONGRES-FSC-GIRONA.pdf\" target=\"_blank\" rel=\"noreferrer noopener\">Reglament del IV Congr\u00e9s Comarques Gironines<\/a><\/strong>\n<ul class=\"wp-block-list\">\n<li><a href=\"https:\/\/ccoo.app\/congres-fsc\/wp-content\/blogs.dir\/6\/files\/sites\/221\/2021\/03\/HORARI-4T-CONGRES-2.0.pdf\" target=\"_blank\" rel=\"noreferrer noopener\">Horari<\/a><\/li>\n<\/ul>\n<\/li>\n<\/ul>\n\n\n\n<p class=\"has-medium-font-size\"><strong>Intercomarcal<\/strong><\/p>\n\n\n\n<ul class=\"wp-block-list\">\n<li><strong><a href=\"https:\/\/ccoo.app\/congres-fsc\/wp-content\/blogs.dir\/6\/files\/sites\/221\/2021\/03\/Reglament-III-Congres-FSC-VORMAROS.pdf\" target=\"_blank\" rel=\"noreferrer noopener\">Reglament III Congr\u00e9s FSC VORMAROS<\/a><\/strong>\n<ul class=\"wp-block-list\">\n<li><a href=\"https:\/\/ccoo.app\/congres-fsc\/wp-content\/blogs.dir\/6\/files\/sites\/221\/2021\/03\/HORARI-III-CONGRES-FSC-VORMAROS.pdf\" target=\"_blank\" rel=\"noreferrer noopener\">Horari<\/a><\/li>\n\n\n\n<li><a href=\"https:\/\/ccoo.app\/congres-fsc\/wp-content\/blogs.dir\/6\/files\/sites\/221\/2021\/03\/Modificacio-Reglament-i-Horari-del-Congres1.pdf\" target=\"_blank\" rel=\"noreferrer noopener\">Modificaci\u00f3 Reglament i horari del Congr\u00e9s<\/a><\/li>\n<\/ul>\n<\/li>\n\n\n\n<li><strong><a href=\"https:\/\/ccoo.app\/congres-fsc\/wp-content\/blogs.dir\/6\/files\/sites\/221\/2021\/03\/REGLAMENT-III-CONFERENCIA-DEL-BARCELONES-DE-LA-FSC.pdf\" target=\"_blank\" rel=\"noreferrer noopener\">Reglament i horari III Confer\u00e8ncia Barcelon\u00e8s<\/a><\/strong><\/li>\n\n\n\n<li><strong><a href=\"https:\/\/ccoo.app\/congres-fsc\/wp-content\/blogs.dir\/6\/files\/sites\/221\/2021\/03\/REGLAMENT-III-CONGRES-SI-BLLAPAG.pdf\" target=\"_blank\" rel=\"noreferrer noopener\">Reglament i horari III Confer\u00e8ncia FSC BLLAPAG<\/a><\/strong><\/li>\n<\/ul>\n<\/details>\n\n\n\n<details class=\"wp-block-details is-layout-flow wp-block-details-is-layout-flow\"><summary>Sectors<\/summary>\n<ul class=\"wp-block-list\">\n<li><strong><a href=\"https:\/\/ccoo.app\/congres-fsc\/wp-content\/blogs.dir\/6\/files\/sites\/221\/2021\/03\/Reglament-Sector-TELECOS.pdf\" target=\"_blank\" rel=\"noreferrer noopener\">Reglament Sector Telecomunicacions<\/a><\/strong><\/li>\n\n\n\n<li><strong><a href=\"https:\/\/ccoo.app\/congres-fsc\/wp-content\/blogs.dir\/6\/files\/sites\/221\/2021\/03\/REGLAMENT-DEL-SECTOR-POSTAL.pdf\" target=\"_blank\" rel=\"noreferrer noopener\">Reglament Sector Postal<\/a><\/strong><\/li>\n\n\n\n<li><strong><a href=\"https:\/\/ccoo.app\/congres-fsc\/wp-content\/blogs.dir\/6\/files\/sites\/221\/2021\/03\/REGLAMENT-SECTOR-DE-LA-ADMINISTRACIO-LOCAL.pdf\" target=\"_blank\" rel=\"noreferrer noopener\">Reglament Sector Administraci\u00f3 Local<\/a><\/strong><\/li>\n<\/ul>\n<\/details>\n\n<\/div>\n<\/div>\n\n\n<p><\/p>\n","protected":false},"excerpt":{"rendered":"<p>Normes Organitzaci\u00f3 i Calendaris Documents Reglaments<\/p>\n","protected":false},"author":92557,"featured_media":0,"parent":0,"menu_order":0,"comment_status":"closed","ping_status":"closed","template":"","meta":{"footnotes":""},"class_list":["post-2826","page","type-page","status-publish"],"_links":{"self":[{"href":"https:\/\/ccoo.app\/congres-fsc\/wp-json\/wp\/v2\/pages\/2826","targetHints":{"allow":["GET"]}}],"collection":[{"href":"https:\/\/ccoo.app\/congres-fsc\/wp-json\/wp\/v2\/pages"}],"about":[{"href":"https:\/\/ccoo.app\/congres-fsc\/wp-json\/wp\/v2\/types\/page"}],"author":[{"embeddable":true,"href":"https:\/\/ccoo.app\/congres-fsc\/wp-json\/wp\/v2\/users\/92557"}],"replies":[{"embeddable":true,"href":"https:\/\/ccoo.app\/congres-fsc\/wp-json\/wp\/v2\/comments?post=2826"}],"version-history":[{"count":5,"href":"https:\/\/ccoo.app\/congres-fsc\/wp-json\/wp\/v2\/pages\/2826\/revisions"}],"predecessor-version":[{"id":3154,"href":"https:\/\/ccoo.app\/congres-fsc\/wp-json\/wp\/v2\/pages\/2826\/revisions\/3154"}],"wp:attachment":[{"href":"https:\/\/ccoo.app\/congres-fsc\/wp-json\/wp\/v2\/media?parent=2826"}],"curies":[{"name":"wp","href":"https:\/\/api.w.org\/{rel}","templated":true}]}}