{"id":2810,"date":"2021-03-05T12:13:19","date_gmt":"2021-03-05T11:13:19","guid":{"rendered":"https:\/\/fsccongres.ccoo.cat\/?page_id=495"},"modified":"2025-03-26T09:10:48","modified_gmt":"2025-03-26T08:10:48","slug":"fsc-catalunya","status":"publish","type":"page","link":"https:\/\/ccoo.app\/congres-fsc\/fsc-catalunya\/","title":{"rendered":"FSC Catalunya"},"content":{"rendered":"\n<h3 class=\"wp-block-heading\">A continuaci\u00f3 tota la documentaci\u00f3 que configura el 5\u00e8 congr\u00e9s de la Federaci\u00f3 de Serveis a la Ciutadania de CCOO Catalunya previst per als dies 26 i 27 de mar\u00e7 de 2025 a la sala d&#8217;actes de la seu de CCOO Catalunya a via Laietana 16.<\/h3>\n\n\n\n<div style=\"height:59px\" aria-hidden=\"true\" class=\"wp-block-spacer\"><\/div>\n\n\n\n<h1 class=\"wp-block-heading has-text-align-center\">Documents congr\u00e9s<\/h1>\n\n\n\n<div style=\"height:59px\" aria-hidden=\"true\" class=\"wp-block-spacer\"><\/div>\n\n\n<div class=\"gb-container gb-container-bad0ce40\">\n<div class=\"gb-container gb-container-9834d2a3\">\n<div class=\"gb-container gb-container-9a9f28be\">\n\n<figure class=\"wp-block-table is-style-stripes\"><table class=\"has-background\" style=\"background-color:#fcf0ef\"><thead><tr><th class=\"has-text-align-left\" data-align=\"left\">T\u00edtol del document<\/th><th class=\"has-text-align-center\" data-align=\"center\">Arxiu <\/th><\/tr><\/thead><tbody><tr><td class=\"has-text-align-left\" data-align=\"left\"><br><br><strong>Informe Balan\u00e7<\/strong><br><br><\/td><td class=\"has-text-align-center\" data-align=\"center\">Obre <a href=\"http:\/\/ccoo.app\/congres-fsc\/wp-content\/blogs.dir\/6\/files\/sites\/221\/2025\/03\/Balanc-FSC.pdf\" data-type=\"link\" data-id=\"http:\/\/ccoo.app\/congres-fsc\/wp-content\/blogs.dir\/6\/files\/sites\/221\/2025\/03\/Balanc-FSC.pdf\">PDF informe balan\u00e7<\/a><\/td><\/tr><tr><td class=\"has-text-align-left\" data-align=\"left\">&#8211; Annex comunicaci\u00f3<br><br> <br><br><\/td><td class=\"has-text-align-center\" data-align=\"center\">Obre <a href=\"http:\/\/ccoo.app\/congres-fsc\/wp-content\/blogs.dir\/6\/files\/sites\/221\/2025\/03\/MEMORIA-COMUNICACIO-2025.pdf\" data-type=\"link\" data-id=\"http:\/\/ccoo.app\/congres-fsc\/wp-content\/blogs.dir\/6\/files\/sites\/221\/2025\/03\/MEMORIA-COMUNICACIO-2025.pdf\">PDF annex comunicaci\u00f3<\/a><\/td><\/tr><tr><td class=\"has-text-align-left\" data-align=\"left\"><br><strong>Pla d&#8217;acci\u00f3<\/strong><br><br> <br><br><\/td><td class=\"has-text-align-center\" data-align=\"center\"><a href=\"http:\/\/ccoo.app\/congres-fsc\/wp-content\/blogs.dir\/6\/files\/sites\/221\/2025\/01\/Pla-daccio-FSC.pdf\" target=\"_blank\" rel=\"noreferrer noopener\">Obre PDF Pla d&#8217;acci\u00f3<\/a><br><br><a href=\"http:\/\/ccoo.app\/congres-fsc\/wp-content\/blogs.dir\/6\/files\/sites\/221\/2025\/03\/Aportacions-Pla-dAccio.docx-Documents-de-Google.pdf\" data-type=\"link\" data-id=\"http:\/\/ccoo.app\/congres-fsc\/wp-content\/blogs.dir\/6\/files\/sites\/221\/2025\/03\/Aportacions-Pla-dAccio.docx-Documents-de-Google.pdf\">Esmenes al pla d&#8217;acci\u00f3<\/a><\/td><\/tr><tr><td class=\"has-text-align-left\" data-align=\"left\"><br><strong>Reglament<\/strong><br><br><br><br><\/td><td class=\"has-text-align-center\" data-align=\"center\"><a href=\"http:\/\/ccoo.app\/congres-fsc\/wp-content\/blogs.dir\/6\/files\/sites\/221\/2025\/03\/REGLAMENT-CONGRES-FSC-CAT.pdf\" data-type=\"link\" data-id=\"http:\/\/ccoo.app\/congres-fsc\/wp-content\/blogs.dir\/6\/files\/sites\/221\/2025\/03\/REGLAMENT-CONGRES-FSC-CAT.pdf\">Obre PDF reglament<\/a><\/td><\/tr><tr><td class=\"has-text-align-left\" data-align=\"left\"><br><strong>Horari<\/strong><br><br><\/td><td class=\"has-text-align-center\" data-align=\"center\"><a href=\"http:\/\/ccoo.app\/congres-fsc\/wp-content\/blogs.dir\/6\/files\/sites\/221\/2025\/03\/Horari-5e-congres-FSC-CCOO-Catalunya.pdf\" data-type=\"link\" data-id=\"http:\/\/ccoo.app\/congres-fsc\/wp-content\/blogs.dir\/6\/files\/sites\/221\/2025\/03\/Horari-5e-congres-FSC-CCOO-Catalunya.pdf\">Obre PDF Horari<\/a><\/td><\/tr><\/tbody><\/table><\/figure>\n\n<\/div>\n<\/div>\n<\/div>\n\n\n<div style=\"height:59px\" aria-hidden=\"true\" class=\"wp-block-spacer\"><\/div>\n\n\n\n<div style=\"height:57px\" aria-hidden=\"true\" class=\"wp-block-spacer\"><\/div>\n\n\n\n<p><\/p>\n","protected":false},"excerpt":{"rendered":"<p>A continuaci\u00f3 tota la documentaci\u00f3 que configura el 5\u00e8 congr\u00e9s de la Federaci\u00f3 de Serveis a la Ciutadania de CCOO Catalunya previst per als dies 26 i 27 de mar\u00e7 &#8230; <a title=\"FSC Catalunya\" class=\"read-more\" href=\"https:\/\/ccoo.app\/congres-fsc\/fsc-catalunya\/\" aria-label=\"Leer m\u00e1s sobre FSC Catalunya\">Leer m\u00e1s<\/a><\/p>\n","protected":false},"author":4519,"featured_media":0,"parent":0,"menu_order":0,"comment_status":"closed","ping_status":"closed","template":"","meta":{"footnotes":""},"class_list":["post-2810","page","type-page","status-publish"],"_links":{"self":[{"href":"https:\/\/ccoo.app\/congres-fsc\/wp-json\/wp\/v2\/pages\/2810","targetHints":{"allow":["GET"]}}],"collection":[{"href":"https:\/\/ccoo.app\/congres-fsc\/wp-json\/wp\/v2\/pages"}],"about":[{"href":"https:\/\/ccoo.app\/congres-fsc\/wp-json\/wp\/v2\/types\/page"}],"author":[{"embeddable":true,"href":"https:\/\/ccoo.app\/congres-fsc\/wp-json\/wp\/v2\/users\/4519"}],"replies":[{"embeddable":true,"href":"https:\/\/ccoo.app\/congres-fsc\/wp-json\/wp\/v2\/comments?post=2810"}],"version-history":[{"count":4,"href":"https:\/\/ccoo.app\/congres-fsc\/wp-json\/wp\/v2\/pages\/2810\/revisions"}],"predecessor-version":[{"id":3173,"href":"https:\/\/ccoo.app\/congres-fsc\/wp-json\/wp\/v2\/pages\/2810\/revisions\/3173"}],"wp:attachment":[{"href":"https:\/\/ccoo.app\/congres-fsc\/wp-json\/wp\/v2\/media?parent=2810"}],"curies":[{"name":"wp","href":"https:\/\/api.w.org\/{rel}","templated":true}]}}