{"id":2051,"date":"2023-12-26T15:28:23","date_gmt":"2023-12-26T15:28:23","guid":{"rendered":"https:\/\/ccoo.app\/ajviladecans\/?page_id=2051"},"modified":"2023-12-26T15:28:23","modified_gmt":"2023-12-26T15:28:23","slug":"llicencies-i-permisos","status":"publish","type":"page","link":"https:\/\/ccoo.app\/ajviladecans\/preguntes-frequents\/llicencies-i-permisos\/","title":{"rendered":"Permisos i llicencies"},"content":{"rendered":"\n<div class=\"wp-block-media-text alignwide is-stacked-on-mobile\" style=\"grid-template-columns:35% auto\"><figure class=\"wp-block-media-text__media\"><img loading=\"lazy\" decoding=\"async\" width=\"850\" height=\"638\" src=\"https:\/\/ccoo.app\/ajviladecans\/wp-content\/blogs.dir\/6\/files\/sites\/229\/2023\/12\/desktop-wallpaper-cartoon-press-under-question-mark-funny-question-mark-2.jpg\" alt=\"\" class=\"wp-image-2258 size-full\" srcset=\"https:\/\/ccoo.app\/ajviladecans\/wp-content\/blogs.dir\/6\/files\/sites\/229\/2023\/12\/desktop-wallpaper-cartoon-press-under-question-mark-funny-question-mark-2.jpg 850w, https:\/\/ccoo.app\/ajviladecans\/wp-content\/blogs.dir\/6\/files\/sites\/229\/2023\/12\/desktop-wallpaper-cartoon-press-under-question-mark-funny-question-mark-2-300x225.jpg 300w, https:\/\/ccoo.app\/ajviladecans\/wp-content\/blogs.dir\/6\/files\/sites\/229\/2023\/12\/desktop-wallpaper-cartoon-press-under-question-mark-funny-question-mark-2-768x576.jpg 768w\" sizes=\"auto, (max-width: 850px) 100vw, 850px\" \/><\/figure><div class=\"wp-block-media-text__content\"><form role=\"search\" method=\"get\" action=\"https:\/\/ccoo.app\/ajviladecans\/\" class=\"wp-block-search__button-outside wp-block-search__icon-button wp-block-search\"    ><label class=\"wp-block-search__label screen-reader-text\" for=\"wp-block-search__input-1\" >Cerca<\/label><div class=\"wp-block-search__inside-wrapper\" ><input class=\"wp-block-search__input\" id=\"wp-block-search__input-1\" placeholder=\"\" value=\"\" type=\"search\" name=\"s\" required \/><button aria-label=\"Cerca\" class=\"wp-block-search__button has-icon wp-element-button\" type=\"submit\" ><svg class=\"search-icon\" viewBox=\"0 0 24 24\" width=\"24\" height=\"24\">\n\t\t\t\t\t<path d=\"M13 5c-3.3 0-6 2.7-6 6 0 1.4.5 2.7 1.3 3.7l-3.8 3.8 1.1 1.1 3.8-3.8c1 .8 2.3 1.3 3.7 1.3 3.3 0 6-2.7 6-6S16.3 5 13 5zm0 10.5c-2.5 0-4.5-2-4.5-4.5s2-4.5 4.5-4.5 4.5 2 4.5 4.5-2 4.5-4.5 4.5z\"><\/path>\n\t\t\t\t<\/svg><\/button><\/div><\/form>\n\n\n<p class=\"has-white-color has-vivid-cyan-blue-background-color has-text-color has-background has-medium-font-size\">Com podem ajudar-te?<\/p>\n<\/div><\/div>\n\n\n\n<div class=\"wp-block-atomic-blocks-ab-accordion ab-block-accordion ab-font-size-16\"><details><summary class=\"ab-accordion-title\"><strong>Quants dies tinc per matrimoni?<\/strong><\/summary><div class=\"ab-accordion-text\">\n<p class=\"has-small-font-size\">Matrimoni, registre o parelles de fet, <strong>quinze dies naturals consecutius<\/strong>.<\/p>\n<\/div><\/details><\/div>\n\n\n\n<div class=\"wp-block-atomic-blocks-ab-accordion ab-block-accordion ab-font-size-16\"><details><summary class=\"ab-accordion-title\"><strong><strong>Quants dies tinc per matrimoni d\u2019un familiar?<\/strong><\/strong><\/summary><div class=\"ab-accordion-text\">\n<p class=\"has-small-font-size\">Matrimoni d&#8217;un familiar fins al segon grau de consanguinitat o afinitat, <strong>un dia d&#8217;abs\u00e8ncia<\/strong> del lloc de treball, <strong>dos dies<\/strong> si el matrimoni t\u00e9 lloc fora de Catalunya.<\/p>\n<\/div><\/details><\/div>\n\n\n\n<div class=\"wp-block-atomic-blocks-ab-accordion ab-block-accordion ab-font-size-16\"><details><summary class=\"ab-accordion-title\"><strong><strong><strong>Si estic embarassada tinc perm\u00eds per anar a revisions i preparaci\u00f3 al part? I si estic en proc\u00e9s d\u2019acollida o adopci\u00f3 tinc perm\u00eds per fer les gestions pertinents?<\/strong><\/strong><\/strong><\/summary><div class=\"ab-accordion-text\">\n<p class=\"has-small-font-size\">Pel <strong>temps indispensable<\/strong> per fer ex\u00e0mens prenatals i t\u00e8cniques de preparaci\u00f3 al part per les treballadores embarassades i, en els casos d&#8217;adopci\u00f3 o acolliment, o guarda amb fins d&#8217;adopci\u00f3, per a l&#8217;assist\u00e8ncia a les sessions preceptives d&#8217;informaci\u00f3 i preparaci\u00f3 i per a la realitzaci\u00f3 dels preceptius informes psicol\u00f2gics i socials previs a la declaraci\u00f3 d&#8217;idone\u00eftat, que s&#8217;hagin de fer dins de la jornada de treball.<\/p>\n\n\n\n<p class=\"has-small-font-size\">A efectes del que disposa aquest apartat, el terme de treballadores embarassades inclou tamb\u00e9 a les persones treballadores transgestants.<\/p>\n<\/div><\/details><\/div>\n\n\n\n<div class=\"wp-block-atomic-blocks-ab-accordion ab-block-accordion ab-font-size-16\"><details><summary class=\"ab-accordion-title\"><strong>Si tinc que presentar-me a ex\u00e0mens tinc perm\u00eds?<\/strong><\/summary><div class=\"ab-accordion-text\">\n<p class=\"has-small-font-size\">Per realitzar ex\u00e0mens finals, altres proves definitives d&#8217;aptitud i avaluaci\u00f3 en centres oficials homologats, proves selectives per a l&#8217;acc\u00e9s a places convocades per l&#8217;Ajuntament de Viladecans, <strong>els dies durant els quals tenen lloc<\/strong>.<\/p>\n\n\n\n<p class=\"has-small-font-size\">Per altres proves i ex\u00e0mens en centres oficial homologats, el temps indispensable per al despla\u00e7ament i la seva realitzaci\u00f3.<\/p>\n\n\n\n<p class=\"has-small-font-size\">Per a les proves o ex\u00e0mens en centres oficials que no tinguin el car\u00e0cter de finals, eliminatoris o definitius, gaudi d&#8217;aquest perm\u00eds es limita al <strong>temps indispensable<\/strong> per al despla\u00e7ament i realitzaci\u00f3 prova o examen, \u00e0mbit territorial de CCCA Catalunya.<\/p>\n\n\n\n<p class=\"has-small-font-size\">Aix\u00ed mateix, per la resta de proves selectives, diferents de les anteriors descrites, al gaudir dels perm\u00eds es veur\u00e0 afectat per les afectacions exposades:<\/p>\n\n\n\n<p class=\"has-small-font-size\">Per obtenir el carnet de conduir, nom\u00e9s per una sola vegada,&nbsp; es considerades el temps imprescindible per la seva realitzaci\u00f3.<\/p>\n<\/div><\/details><\/div>\n\n\n\n<div class=\"wp-block-atomic-blocks-ab-accordion ab-block-accordion ab-font-size-16\"><details><summary class=\"ab-accordion-title\"><strong><strong>Per lact\u00e0ncia quin perm\u00eds tinc?<\/strong><\/strong><\/summary><div class=\"ab-accordion-text\">\n<p class=\"has-small-font-size\">El perm\u00eds per lact\u00e0ncia \u00e9s <strong>d&#8217;una hora di\u00e0ria<\/strong> d&#8217;abs\u00e8ncia del lloc de treball, es pot dividir en dues fraccions de trenta minuts. en cas de part, adopci\u00f3 o acolliment m\u00faltiple el perm\u00eds \u00e9s de dues hores di\u00e0ries, es poden dividir en dues fraccions d&#8217;una hora.&nbsp;<\/p>\n\n\n\n<p class=\"has-small-font-size\">Aquest dret podr\u00e0 substituir-se per una <strong>reducci\u00f3 de la jornada normal en mitja hora a l&#8217;inici i al final de la jornada o, en una hora a l&#8217;inici o al final de la jornada<\/strong>. El per\u00edode del perm\u00eds s&#8217;inicia un cop finit el perm\u00eds per maternitat i fins que el fill o filla tingui <strong>dotze mesos.<\/strong><\/p>\n<\/div><\/details><\/div>\n\n\n\n<div class=\"wp-block-atomic-blocks-ab-accordion ab-block-accordion ab-font-size-16\"><details><summary class=\"ab-accordion-title\"><strong><strong><strong>Per naixement, acolliment o adopci\u00f3\u00a0 quin perm\u00eds tinc?<\/strong><\/strong><\/strong><\/summary><div class=\"ab-accordion-text\">\n<p class=\"has-small-font-size\">El perm\u00eds es de <strong>setze setmanes per ambd\u00f3s progenitors<\/strong> i es reconeix com a dret individual i no transferible. De les setze setmanes, sis d&#8217;elles s&#8217;hauran de gaudir obligat\u00f2riament, ininterrompudes i a jornada completa despr\u00e9s del naixement o resoluci\u00f3 judicial o administrativa en caso d&#8217;adopci\u00f3, guarda o acolliment.<\/p>\n<\/div><\/details><\/div>\n\n\n\n<div class=\"wp-block-atomic-blocks-ab-accordion ab-block-accordion ab-font-size-16\"><details><summary class=\"ab-accordion-title\"><strong>He tingut un fill o filla prematur\/a tinc perm\u00eds per atendre?\u00a0<\/strong><\/summary><div class=\"ab-accordion-text\">\n<p class=\"has-small-font-size\">En el cas de naixement d&#8217;un fill o filla prematur o que hagi d&#8217;\u00e9sser hospitalitzat a continuaci\u00f3 del part, s&#8217;atorga un <strong>perm\u00eds equivalent al temps d&#8217;hospitalitzaci\u00f3 fins a un m\u00e0xim de tretze setmanes.<\/strong> Aquest perm\u00eds s&#8217;inicia a partir del finiment del perm\u00eds per maternitat o de la setzena setmana posterior al part, l&#8217;adopci\u00f3 o l&#8217;acolliment.<\/p>\n\n\n\n<p class=\"has-small-font-size\">Per naixement de fills \/ es prematurs o que per qualsevol altra causa hagin de romandre hospitalitzats a continuaci\u00f3 del part, el treballador o la treballadora tindr\u00e0 dret a absentar-se del treball durant un m\u00e0xim de dos hores di\u00e0ries percebent les retribucions \u00edntegres. Aix\u00ed mateix, tindran dret a reduir la jornada de treball fins a un m\u00e0xim de dues hores, amb la disminuci\u00f3 proporcional de les seves retribucions.<\/p>\n<\/div><\/details><\/div>\n\n\n\n<div class=\"wp-block-atomic-blocks-ab-accordion ab-block-accordion ab-font-size-16\"><details><summary class=\"ab-accordion-title\"><strong><strong><strong><strong>Tinc perm\u00eds per atendre a fills i filles amb discapacitats?<\/strong><\/strong><\/strong><\/strong><\/summary><div class=\"ab-accordion-text\">\n<p class=\"has-small-font-size\">Els progenitors amb fills discapacitats tenen dret conjuntament a permisos d\u2019abs\u00e8ncia del lloc de treball per a poder assistir a reunions o visites en els centres educatius especials o sanitaris on rebin suport.<\/p>\n\n\n\n<p class=\"has-small-font-size\">Aix\u00ed mateix, tenen dret a dues hores de flexibilitat hor\u00e0ria di\u00e0ria per a poder conciliar els horaris dels centres d\u2019educaci\u00f3 especial o d\u2019altres centres on el fill o filla discapacitat rep atenci\u00f3.<\/p>\n<\/div><\/details><\/div>\n\n\n\n<div class=\"wp-block-atomic-blocks-ab-accordion ab-block-accordion ab-font-size-16\"><details><summary class=\"ab-accordion-title\"><strong><strong><strong><strong>Per mort, accident, hospitalitzaci\u00f3 o malaltia greu<\/strong><\/strong><\/strong><\/strong> <strong>d&#8217;un familiar quants dies tinc de perm\u00eds?<\/strong><\/summary><div class=\"ab-accordion-text\">\n<p class=\"has-small-font-size\"><strong>Cinc dies fins al primer grau<\/strong> <strong>de consanguinitat o afinitat:<\/strong> Per accident o malaltia greus, hospitalitzaci\u00f3 o intervenci\u00f3 quir\u00fargica sense hospitalitzaci\u00f3 que necessiti rep\u00f2s domiciliari, aix\u00ed com de qualsevol altra persona diferent de les anteriors que convisqui amb el treballador o treballadora en el mateix domicili i que en requereixi la cura efectiva.<\/p>\n<\/div><\/details><\/div>\n\n\n\n<div class=\"wp-block-atomic-blocks-ab-accordion ab-block-accordion ab-font-size-16\"><details><summary class=\"ab-accordion-title\"><strong><strong><strong><strong><strong>Quan tinc que agafar-me els dies per hospitalitzaci\u00f3 d\u2019un familiar?<\/strong><\/strong><\/strong><\/strong><\/strong><\/summary><div class=\"ab-accordion-text\">\n<p class=\"has-small-font-size\">En <strong>cas d\u2019hospitalitzaci\u00f3 o d\u2019intervenci\u00f3 <\/strong>quir\u00fargica, els dies es podran<strong> fer efectius dintre de les dues setmanes seg\u00fcents despr\u00e9s de la hospitalizaci\u00f3 o intervenci\u00f3 quir\u00fargica de forma continuada<\/strong> i a petici\u00f3 del treballador i treballadora. Si l\u2019estada del pacient al centre hospitalari es de cincs dies o m\u00e9s, el perm\u00eds es podr\u00e0 fer de forma fraccionada, tamb\u00e9 dintre de les dues primeres setmanes de l\u2019hospitalitzaci\u00f3 o intervenci\u00f3 quir\u00fargica.&nbsp;<\/p>\n<\/div><\/details><\/div>\n\n\n\n<div class=\"wp-block-atomic-blocks-ab-accordion ab-block-accordion ab-font-size-16\"><details><summary class=\"ab-accordion-title\"><strong><strong><strong><strong><strong><strong>Tinc un familiar de segon grau hospitalitzat tinc perm\u00eds?<\/strong><\/strong><\/strong><\/strong><\/strong><\/strong><\/summary><div class=\"ab-accordion-text\">\n<p class=\"has-small-font-size\">En cas de familiars fins al <strong>segon grau<\/strong> de consanguinitat o afinitat el perm\u00eds ser\u00e0 de <strong>quatre dies<\/strong>.<\/p>\n<\/div><\/details><\/div>\n\n\n\n<div class=\"wp-block-atomic-blocks-ab-accordion ab-block-accordion ab-font-size-16\"><details><summary class=\"ab-accordion-title\"><strong>En cas de mort d\u2019un familiar, quin perm\u00eds tinc?<\/strong><\/summary><div class=\"ab-accordion-text\">\n<p class=\"has-small-font-size\">Quan es tracti de <strong>mort <\/strong>del c\u00f2njuge, parella de fet o familiar dins del primer grau de consanguinitat o afinitat, <strong>tres dies h\u00e0bils (mateixa localitat), i cinc dies h\u00e0bils (quan sigui en diferent localitat)<\/strong>.&nbsp;En el cas de <strong>mort de familiar dins del segon grau<\/strong> de consanguinitat o afinitat, el perm\u00eds \u00e9s de <strong>dos dies h\u00e0bils<\/strong> quan es produeix a la mateixa localitat i de quatre dies h\u00e0bils quan sigui en diferent localitat.<\/p>\n<\/div><\/details><\/div>\n\n\n\n<div class=\"wp-block-atomic-blocks-ab-accordion ab-block-accordion ab-font-size-16\"><details><summary class=\"ab-accordion-title\"><strong>He de fer un trasllat de domicili, quin perm\u00eds tinc?<\/strong><\/summary><div class=\"ab-accordion-text\">\n<p class=\"has-small-font-size\">Sense canvi de resid\u00e8ncia, <strong>dos dies h\u00e0bils continuats<\/strong>,<\/p>\n\n\n\n<p class=\"has-small-font-size\">Altre localitat, <strong>quatre dies h\u00e0bils continuats<\/strong>.<\/p>\n<\/div><\/details><\/div>\n\n\n\n<div class=\"wp-block-atomic-blocks-ab-accordion ab-block-accordion ab-font-size-16\"><details><summary class=\"ab-accordion-title\"><strong>Tinc perm\u00eds\u00a0 per assistir a reunions de centre docents relatives a tutories dels meus fills i filles\u00a0 menors d\u2019edat?<\/strong><\/summary><div class=\"ab-accordion-text\">\n<p class=\"has-small-font-size\">El temps indispensable pel compliment.<\/p>\n<\/div><\/details><\/div>\n\n\n\n<div class=\"wp-block-atomic-blocks-ab-accordion ab-block-accordion ab-font-size-16\"><details><summary class=\"ab-accordion-title\"><strong><strong>Tinc perm\u00eds per acompanyar al metge als meus fills i filles menors d&#8217;edat?<\/strong><\/strong><\/summary><div class=\"ab-accordion-text\">\n<p class=\"has-small-font-size\">El temps indispensable pel compliment.<\/p>\n<\/div><\/details><\/div>\n\n\n\n<div class=\"wp-block-atomic-blocks-ab-accordion ab-block-accordion ab-font-size-16\"><details><summary class=\"ab-accordion-title\"><strong><strong><strong>Tinc perm\u00eds per acompanyar a persones majors o discapacitats?<\/strong><\/strong><\/strong><\/summary><div class=\"ab-accordion-text\">\n<p class=\"has-small-font-size\">El temps indispensable, fins al segon grau de consanguinitat o afinitat que estiguin al seu c\u00e0rrec.<\/p>\n<\/div><\/details><\/div>\n\n\n\n<div class=\"wp-block-atomic-blocks-ab-accordion ab-block-accordion ab-font-size-16\"><details><summary class=\"ab-accordion-title\"><strong>Si em truquem de l\u2019escola dels meus fills i filles per passar a recollir-los per malaltia o altre motiu justificat, tinc perm\u00eds?<\/strong><\/summary><div class=\"ab-accordion-text\">\n<p class=\"has-small-font-size\">El temps indispensable pel compliment.<\/p>\n<\/div><\/details><\/div>\n\n\n\n<div class=\"wp-block-atomic-blocks-ab-accordion ab-block-accordion ab-font-size-16\"><details><summary class=\"ab-accordion-title\"><strong>He patit una situaci\u00f3 de viol\u00e8ncia de g\u00e8nere, tinc dret alg\u00fa perm\u00eds?<\/strong><\/summary><div class=\"ab-accordion-text\">\n<p class=\"has-small-font-size\"><strong>Les dones v\u00edctimes de situaci\u00f3 de viol\u00e8ncia de g\u00e8nere<\/strong> que per aquest motiu s&#8217;han d&#8217;absentar del lloc de treball tenen dret que aquestes faltes es considerin justificades d&#8217;acord el que<strong> determinin serveis socials, policials o salut.<\/strong>&nbsp;<\/p>\n\n\n\n<p class=\"has-small-font-size\">Aix\u00ed mateix, tenen <strong>drets a les hores de flexibilitat hor\u00e0ria<\/strong> que, d\u2019acord a cada situaci\u00f3 concreta, siguin necess\u00e0ries per ajut, protecci\u00f3 o assist\u00e8ncia social.<\/p>\n<\/div><\/details><\/div>\n\n\n\n<div class=\"wp-block-atomic-blocks-ab-accordion ab-block-accordion ab-font-size-16\"><details><summary class=\"ab-accordion-title\"><strong>Perm\u00eds parental (NO retribu\u00efts), puc gaudir-ho?<\/strong><\/summary><div class=\"ab-accordion-text\">\n<p class=\"has-small-font-size\">Perm\u00eds parental <strong>no superior a vuit setmanes <\/strong>per a la cura de fill o filla o menor acollit fins l&#8217;edat de vuit anys, podent-se gaudir cont\u00ednues o discont\u00ednues a temps complet o parcial, comunicant-ho amb una antelaci\u00f3 m\u00ednima de 15 dies i especificant l&#8217;inici i la fi del gaudi.<\/p>\n<\/div><\/details><\/div>\n","protected":false},"excerpt":{"rendered":"","protected":false},"author":10,"featured_media":0,"parent":2072,"menu_order":0,"comment_status":"closed","ping_status":"closed","template":"","meta":{"footnotes":""},"class_list":["post-2051","page","type-page","status-publish"],"_links":{"self":[{"href":"https:\/\/ccoo.app\/ajviladecans\/wp-json\/wp\/v2\/pages\/2051","targetHints":{"allow":["GET"]}}],"collection":[{"href":"https:\/\/ccoo.app\/ajviladecans\/wp-json\/wp\/v2\/pages"}],"about":[{"href":"https:\/\/ccoo.app\/ajviladecans\/wp-json\/wp\/v2\/types\/page"}],"author":[{"embeddable":true,"href":"https:\/\/ccoo.app\/ajviladecans\/wp-json\/wp\/v2\/users\/10"}],"replies":[{"embeddable":true,"href":"https:\/\/ccoo.app\/ajviladecans\/wp-json\/wp\/v2\/comments?post=2051"}],"version-history":[{"count":0,"href":"https:\/\/ccoo.app\/ajviladecans\/wp-json\/wp\/v2\/pages\/2051\/revisions"}],"up":[{"embeddable":true,"href":"https:\/\/ccoo.app\/ajviladecans\/wp-json\/wp\/v2\/pages\/2072"}],"wp:attachment":[{"href":"https:\/\/ccoo.app\/ajviladecans\/wp-json\/wp\/v2\/media?parent=2051"}],"curies":[{"name":"wp","href":"https:\/\/api.w.org\/{rel}","templated":true}]}}