{"id":2926,"date":"2022-06-20T12:30:35","date_gmt":"2022-06-20T10:30:35","guid":{"rendered":"https:\/\/ccoo.app\/ajuntament-santa-coloma-de-gramanet\/?page_id=2926"},"modified":"2022-06-20T12:30:35","modified_gmt":"2022-06-20T10:30:35","slug":"el-cami-de-la-solidaritat","status":"publish","type":"page","link":"https:\/\/ccoo.app\/ajuntament-santa-coloma-de-gramanet\/el-cami-de-la-solidaritat\/","title":{"rendered":"El cam\u00ed de la Solidaritat"},"content":{"rendered":"\n<figure class=\"wp-block-image size-full is-resized\"><img loading=\"lazy\" decoding=\"async\" src=\"https:\/\/ccoo.app\/ajuntament-santa-coloma-de-gramanet\/wp-content\/blogs.dir\/6\/files\/sites\/179\/2022\/06\/descarga-1.png\" alt=\"Descarga 1\" class=\"wp-image-2927\" width=\"958\" height=\"269\" srcset=\"https:\/\/ccoo.app\/ajuntament-santa-coloma-de-gramanet\/wp-content\/blogs.dir\/6\/files\/sites\/179\/2022\/06\/descarga-1.png 424w, https:\/\/ccoo.app\/ajuntament-santa-coloma-de-gramanet\/wp-content\/blogs.dir\/6\/files\/sites\/179\/2022\/06\/descarga-1-300x84.png 300w\" sizes=\"auto, (max-width: 958px) 100vw, 958px\" \/><\/figure>\n\n\n\n<div class=\"wp-block-columns is-layout-flex wp-container-core-columns-is-layout-9d6595d7 wp-block-columns-is-layout-flex\">\n<div class=\"wp-block-column is-layout-flow wp-block-column-is-layout-flow\">\n<figure class=\"wp-block-image size-full\"><img loading=\"lazy\" decoding=\"async\" width=\"425\" height=\"196\" src=\"https:\/\/ccoo.app\/ajuntament-santa-coloma-de-gramanet\/wp-content\/blogs.dir\/6\/files\/sites\/179\/2022\/06\/pau_solidaritat-1.jpg\" alt=\"Pau Solidaritat 1\" class=\"wp-image-2928\" srcset=\"https:\/\/ccoo.app\/ajuntament-santa-coloma-de-gramanet\/wp-content\/blogs.dir\/6\/files\/sites\/179\/2022\/06\/pau_solidaritat-1.jpg 425w, https:\/\/ccoo.app\/ajuntament-santa-coloma-de-gramanet\/wp-content\/blogs.dir\/6\/files\/sites\/179\/2022\/06\/pau_solidaritat-1-300x138.jpg 300w\" sizes=\"auto, (max-width: 425px) 100vw, 425px\" \/><\/figure>\n<\/div>\n\n\n\n<div class=\"wp-block-column is-layout-flow wp-block-column-is-layout-flow\"><div class=\"wp-block-image\">\n<figure class=\"aligncenter size-full\"><img loading=\"lazy\" decoding=\"async\" width=\"229\" height=\"172\" src=\"https:\/\/ccoo.app\/ajuntament-santa-coloma-de-gramanet\/wp-content\/blogs.dir\/6\/files\/sites\/179\/2022\/06\/07-1.png\" alt=\"07 1\" class=\"wp-image-2929\" \/><\/figure>\n<\/div><\/div>\n<\/div>\n\n\n\n<div class=\"wp-block-columns is-layout-flex wp-container-core-columns-is-layout-9d6595d7 wp-block-columns-is-layout-flex\">\n<div class=\"wp-block-column is-layout-flow wp-block-column-is-layout-flow\" style=\"flex-basis:33.33%\">\n<figure class=\"wp-block-image size-full is-resized\"><img loading=\"lazy\" decoding=\"async\" src=\"https:\/\/ccoo.app\/ajuntament-santa-coloma-de-gramanet\/wp-content\/blogs.dir\/6\/files\/sites\/179\/2022\/06\/image-3-1.png\" alt=\"Image 3 1\" class=\"wp-image-2930\" width=\"340\" height=\"198\" srcset=\"https:\/\/ccoo.app\/ajuntament-santa-coloma-de-gramanet\/wp-content\/blogs.dir\/6\/files\/sites\/179\/2022\/06\/image-3-1.png 330w, https:\/\/ccoo.app\/ajuntament-santa-coloma-de-gramanet\/wp-content\/blogs.dir\/6\/files\/sites\/179\/2022\/06\/image-3-1-300x175.png 300w\" sizes=\"auto, (max-width: 340px) 100vw, 340px\" \/><\/figure>\n<\/div>\n\n\n\n<div class=\"wp-block-column is-layout-flow wp-block-column-is-layout-flow\" style=\"flex-basis:66.66%\">\n<div class=\"wp-block-group is-vertical is-layout-flex wp-container-core-group-is-layout-8cf370e7 wp-block-group-is-layout-flex\">\n<h2 class=\"has-text-color wp-block-heading\" style=\"color:#f80808\"><strong>EN SOLIDARITAT AMB LES V\u00cdCTIMES DE CONFLICTESARMATS INTERNACIONALS I PER LA CONSTRUCCI\u00d3 DE SOLUCIONS PAC\u00cdFIQUES BASADES EN EL DI\u00c0LEG I LA JUST\u00cdCIA SOCIAL<\/strong><\/h2>\n\n\n\n<p>Un dels documents aprovats en el darrer Congr\u00e9s de CCOO de Catalunya ha estat la resoluci\u00f3 denunciant els actuals conflictes armats internacionals i instant les autoritats internacionals a engegar processos de di\u00e0leg que, de manera pac\u00edfica, posin soluci\u00f3 a aquests conflictes.<\/p>\n\n\n\n<p>Aquesta resoluci\u00f3 se\u2019n fa ress\u00f2 dels, aproximadament, 32 enfrontaments armats que es calcula n\u2019hi ha al m\u00f3n, actualment. Sorpr\u00e8n l\u2019aparici\u00f3 limitada, en els mitjans d\u2019informaci\u00f3 i comunicaci\u00f3, de una bona part d\u2019aquests. Amb el silenci els conflicte no desapareixen sin\u00f3 que, al contrari, s\u2019accentuen \u201cja que persisteixen els interessos geopol\u00edtics de les elits econ\u00f2miques i la lluita pel control i l\u2019apropiaci\u00f3 de recursos clau per mantenir el model del capitalisme depredador imperant\u201d. Aquesta lluita pel poder sovint s\u2019oculta darrere de q\u00fcestions \u00e8tniques i religioses.<\/p>\n\n\n\n<p>Dins la situaci\u00f3 internacional, s\u2019analitza la responsabilitat de l\u2019expresident dels Estats Units, Donald Trump, en l\u2019eliminaci\u00f3 de grans espais de di\u00e0leg i consens internacional (multilateralisme) per a substituir-lo, sobre la base d\u2019interessos econ\u00f2mics de les elits nord-americanes, per a una guerra freda comercial amb la Xina i pel control de la digitalitzaci\u00f3 global.<\/p>\n\n\n\n<p>La resoluci\u00f3 realitza dues mencions especials als conflictes de Palestina i de Col\u00f2mbia. En el primer, tot recordant que en un parell d\u2019anys es celebrar\u00e0 el 75\u00e8 aniversari de l\u2019adopci\u00f3 de la Resoluci\u00f3 181 de les Nacions Unides sobre la partici\u00f3 de Palestina i l\u2019establiment de l\u2019Estat d\u2019Israel \u201cmentrestant, el poble palest\u00ed roman sota l\u2019ocupaci\u00f3 israeliana\u201d. Front a les noves formes d\u2019expansi\u00f3 territorial israeliana, que vulneren la convenci\u00f3 de Ginebra, i els assetjaments de la poblaci\u00f3 palestina es proposa, entre d\u2019altres, \u201cl\u2019oposici\u00f3 als assentaments israelians en territori palest\u00ed ocupat\u201d aix\u00ed com insta a \u201cla comunitat internacional i, en especial, la Uni\u00f3 Europea a assumir les seves responsabilitats i a exercir tota la seva influ\u00e8ncia sobre l\u2019Estat d\u2019Israel per afavorir espais reals de negociaci\u00f3 en el marc de les resolucions de les Nacions Unides\u201d aix\u00ed com, a l\u2019Estat Espanyol, a recon\u00e8ixer l\u2019Estat de palest\u00ed i a facilitat una via dialogada i pac\u00edfica de resoluci\u00f3.<\/p>\n\n\n\n<p>D\u2019altra banda, en la situaci\u00f3 colombiana, despr\u00e9s de la signatura dels tractats de Pau, s\u2019analitza la incapacitat de construir un Estat nou basat en la just\u00edcia social i un sistema de transici\u00f3 que tingui en consideraci\u00f3 criteris de veritat, just\u00edcia, reparaci\u00f3 i no repetici\u00f3, en relaci\u00f3 a la situaci\u00f3 anterior viscuda. Conjuntament a aquest aspecte el 2019, a iniciativa del moviment sindical i d\u2019organitzacions de la societat civil, van iniciar el&nbsp;<em>Paro Nacional<\/em>. S\u2019ha seguit un conjunt de protestes massives de la poblaci\u00f3 exigint la vida, la pau i unes condicions de vida dignes. \u201cEl Govern colombi\u00e0, per\u00f2, ha respost a les mobilitzacions amb una escalada de viol\u00e8ncia desmesurada i brutal en qu\u00e8 les diferents forces de seguretat han desplegat accions d\u2019intimidaci\u00f3, persecuci\u00f3, atac i repressi\u00f3 contra les persones manifestants\u201d. En aquest sentit s\u2019exigeix, entre d\u2019altres, la desmilitaritzaci\u00f3 i la fi de la persecuci\u00f3, els assassinats i la viol\u00e8ncia contra les persones que exerceixen el seu dret a la protesta pac\u00edfica, aix\u00ed com el seguit de mesures per part del Govern colombi\u00e0 que aturin les iniciatives i reformes laboral i tribut\u00e0ries que atempten contra la poblaci\u00f3.<\/p>\n\n\n\n<p>Tamb\u00e9 plateja el record i la visi\u00f3 i an\u00e0lisi cr\u00edtic de les situacions del Iemen, del S\u00e0hara, S\u00edria, Nig\u00e8ria, els segrestos, les violacions i la mercantilitzaci\u00f3 habituals de noies i dones, i qualsevol acci\u00f3 o omissi\u00f3 que violi els drets humans a qualsevol lloc i en qualsevol moment.<\/p>\n\n\n\n<p>Per a llegir la resoluci\u00f3 complerta<a href=\"https:\/\/www.google.com\/url?q=https%3A%2F%2Fwww.ccoo.cat%2Fnoticies%2Fen-solidaritat-amb-les-victimes-de-conflictes-armats-internacionals-i-per-la-construccio-de-solucions-pacifiques-basades-en-el-dialeg-i-la-justicia-social%2F&amp;sa=D&amp;sntz=1&amp;usg=AOvVaw2rehcbhuxScFrPpeEd9p4j\" target=\"_blank\" rel=\"noreferrer noopener\">&nbsp;<\/a><a href=\"https:\/\/www.google.com\/url?q=https%3A%2F%2Fwww.ccoo.cat%2Fnoticies%2Fen-solidaritat-amb-les-victimes-de-conflictes-armats-internacionals-i-per-la-construccio-de-solucions-pacifiques-basades-en-el-dialeg-i-la-justicia-social%2F&amp;sa=D&amp;sntz=1&amp;usg=AOvVaw2rehcbhuxScFrPpeEd9p4j\" target=\"_blank\" rel=\"noreferrer noopener\">https:\/\/www.ccoo.cat\/noticies\/en-solidaritat-amb-les-victimes-de-conflictes-armats-internacionals-i-per-la-construccio-de-solucions-pacifiques-basades-en-el-dialeg-i-la-justicia-social\/<\/a><\/p>\n\n\n\n<p><em>Il\u00b7lustraci\u00f3 de Joe Sacco sobre el conflicte palest\u00ed. Font: Joe Sacco<\/em><\/p>\n<\/div>\n<\/div>\n<\/div>\n\n\n\n<div class=\"wp-block-columns is-layout-flex wp-container-core-columns-is-layout-9d6595d7 wp-block-columns-is-layout-flex\">\n<div class=\"wp-block-column is-layout-flow wp-block-column-is-layout-flow\" style=\"flex-basis:33.33%\"><\/div>\n\n\n\n<div class=\"wp-block-column is-layout-flow wp-block-column-is-layout-flow\" style=\"flex-basis:66.66%\"><\/div>\n<\/div>\n","protected":false},"excerpt":{"rendered":"<p>EN SOLIDARITAT AMB LES V\u00cdCTIMES DE CONFLICTESARMATS INTERNACIONALS I PER &#8230; <a title=\"El cam\u00ed de la Solidaritat\" class=\"read-more\" href=\"https:\/\/ccoo.app\/ajuntament-santa-coloma-de-gramanet\/el-cami-de-la-solidaritat\/\" aria-label=\"Leer m\u00e1s sobre El cam\u00ed de la Solidaritat\">Leer m\u00e1s<\/a><\/p>\n","protected":false},"author":85552,"featured_media":0,"parent":0,"menu_order":0,"comment_status":"closed","ping_status":"closed","template":"","meta":{"footnotes":""},"class_list":["post-2926","page","type-page","status-publish"],"_links":{"self":[{"href":"https:\/\/ccoo.app\/ajuntament-santa-coloma-de-gramanet\/wp-json\/wp\/v2\/pages\/2926","targetHints":{"allow":["GET"]}}],"collection":[{"href":"https:\/\/ccoo.app\/ajuntament-santa-coloma-de-gramanet\/wp-json\/wp\/v2\/pages"}],"about":[{"href":"https:\/\/ccoo.app\/ajuntament-santa-coloma-de-gramanet\/wp-json\/wp\/v2\/types\/page"}],"author":[{"embeddable":true,"href":"https:\/\/ccoo.app\/ajuntament-santa-coloma-de-gramanet\/wp-json\/wp\/v2\/users\/85552"}],"replies":[{"embeddable":true,"href":"https:\/\/ccoo.app\/ajuntament-santa-coloma-de-gramanet\/wp-json\/wp\/v2\/comments?post=2926"}],"version-history":[{"count":1,"href":"https:\/\/ccoo.app\/ajuntament-santa-coloma-de-gramanet\/wp-json\/wp\/v2\/pages\/2926\/revisions"}],"predecessor-version":[{"id":2931,"href":"https:\/\/ccoo.app\/ajuntament-santa-coloma-de-gramanet\/wp-json\/wp\/v2\/pages\/2926\/revisions\/2931"}],"wp:attachment":[{"href":"https:\/\/ccoo.app\/ajuntament-santa-coloma-de-gramanet\/wp-json\/wp\/v2\/media?parent=2926"}],"curies":[{"name":"wp","href":"https:\/\/api.w.org\/{rel}","templated":true}]}}