{"id":2892,"date":"2022-06-20T12:06:42","date_gmt":"2022-06-20T10:06:42","guid":{"rendered":"https:\/\/ccoo.app\/ajuntament-santa-coloma-de-gramanet\/?page_id=2892"},"modified":"2022-06-20T12:06:43","modified_gmt":"2022-06-20T10:06:43","slug":"on-treballem","status":"publish","type":"page","link":"https:\/\/ccoo.app\/ajuntament-santa-coloma-de-gramanet\/on-treballem\/","title":{"rendered":"On Treballem"},"content":{"rendered":"\n<div class=\"wp-block-columns is-layout-flex wp-container-core-columns-is-layout-9d6595d7 wp-block-columns-is-layout-flex\">\n<div class=\"wp-block-column is-layout-flow wp-block-column-is-layout-flow\" style=\"flex-basis:33.33%\">\n<figure class=\"wp-block-image size-full\"><img loading=\"lazy\" decoding=\"async\" width=\"1024\" height=\"768\" src=\"https:\/\/ccoo.app\/ajuntament-santa-coloma-de-gramanet\/wp-content\/blogs.dir\/6\/files\/sites\/179\/2022\/06\/csm_la_ciba_1_96cc81144e.jpg\" alt=\"Csm La Ciba 1 96cc81144e\" class=\"wp-image-2893\" srcset=\"https:\/\/ccoo.app\/ajuntament-santa-coloma-de-gramanet\/wp-content\/blogs.dir\/6\/files\/sites\/179\/2022\/06\/csm_la_ciba_1_96cc81144e.jpg 1024w, https:\/\/ccoo.app\/ajuntament-santa-coloma-de-gramanet\/wp-content\/blogs.dir\/6\/files\/sites\/179\/2022\/06\/csm_la_ciba_1_96cc81144e-300x225.jpg 300w, https:\/\/ccoo.app\/ajuntament-santa-coloma-de-gramanet\/wp-content\/blogs.dir\/6\/files\/sites\/179\/2022\/06\/csm_la_ciba_1_96cc81144e-768x576.jpg 768w\" sizes=\"auto, (max-width: 1024px) 100vw, 1024px\" \/><\/figure>\n<\/div>\n\n\n\n<div class=\"wp-block-column is-layout-flow wp-block-column-is-layout-flow\" style=\"flex-basis:66.66%\">\n<div class=\"wp-block-group is-vertical is-layout-flex wp-container-core-group-is-layout-8cf370e7 wp-block-group-is-layout-flex\">\n<h2 class=\"has-text-color has-large-font-size wp-block-heading\" style=\"color:#f80808\">La CIBA<\/h2>\n\n\n\n<p class=\"has-text-color has-medium-font-size\" style=\"color:#f80808\"><strong>Visita de prevenci\u00f3 de riscos a la CIBA<\/strong><\/p>\n\n\n\n<p>El passat dijous 17 de juny vam fer, al costat dels companys de el servei de prevenci\u00f3 de riscos laborals, la visita a la CIBA.<\/p>\n\n\n\n<p>Vam visitar els espais de treball on trobem coses positives i altres una mica estranyes.<\/p>\n\n\n\n<p>L&#8217;espai \u00e9s enorme, per\u00f2 tot i aix\u00ed, amb la pand\u00e8mia, moment en el qual s&#8217;han de mantenir les dist\u00e0ncies, els despatxos es queden petits. Pel volum de personal que treballa, ja siguin treballadors municipals, aut\u00f2noms o plans d&#8217;ocupaci\u00f3 el volum de treballadors fa que els espai de treball s&#8217;hagin de doblar.<\/p>\n\n\n\n<p>Les treballadores de la sala \u00abla peixera\u00bb (anomenada aix\u00ed perqu\u00e8 estan darrere d&#8217;unes vidrieres sense ventilaci\u00f3), on treballen 4 persones, tenen un finestral de llum de qu\u00e8 es podia haver obert una finestra, on aquesta afavoriria la ventilaci\u00f3 de l&#8217;espai.<\/p>\n\n\n\n<p>El pati disponible est\u00e0 ben condicionat per sortir i airejar-se, fins i tot perqu\u00e8 les usu\u00e0ries puguin fumar-se una cigarreta per alleujar l&#8217;ansietat.<\/p>\n\n\n\n<p>\u00c9s un espai polivalent amb sales que es poden separar per a un \u00fas m\u00e9s privat.<\/p>\n\n\n\n<p>Les companyes de feina d&#8217;aquest espai estan contentes i orgulloses de treballar en un centre de refer\u00e8ncia de serveis a la dona.<\/p>\n\n\n\n<p>En qualsevol cas, s&#8217;han pres nota de diversos aspectes millorables que, sense gran inversi\u00f3, podran repercutir en unes millors condicions de seguretat i salut.<\/p>\n\n\n\n<p>Esperem que, en les posteriors intervencions previstes, es tinguin en compte els aspectes necessaris perqu\u00e8 els llocs de treball que s&#8217;ubiquen a la segona planta disposin de condicions de llum, ventilaci\u00f3 i espais adequats.<\/p>\n<\/div>\n<\/div>\n<\/div>\n\n\n\n<hr class=\"wp-block-separator has-text-color has-alpha-channel-opacity has-background\" style=\"background-color:#f80808;color:#f80808\" \/>\n\n\n\n<div class=\"wp-block-cover is-light\"><span aria-hidden=\"true\" class=\"wp-block-cover__background has-background-dim\"><\/span><img loading=\"lazy\" decoding=\"async\" width=\"1094\" height=\"599\" class=\"wp-block-cover__image-background wp-image-2894\" alt=\"Aj Sta Coloma Gramanet\" src=\"https:\/\/ccoo.app\/ajuntament-santa-coloma-de-gramanet\/wp-content\/blogs.dir\/6\/files\/sites\/179\/2022\/06\/aj-sta-coloma-gramanet.png\" data-object-fit=\"cover\" srcset=\"https:\/\/ccoo.app\/ajuntament-santa-coloma-de-gramanet\/wp-content\/blogs.dir\/6\/files\/sites\/179\/2022\/06\/aj-sta-coloma-gramanet.png 1094w, https:\/\/ccoo.app\/ajuntament-santa-coloma-de-gramanet\/wp-content\/blogs.dir\/6\/files\/sites\/179\/2022\/06\/aj-sta-coloma-gramanet-300x164.png 300w, https:\/\/ccoo.app\/ajuntament-santa-coloma-de-gramanet\/wp-content\/blogs.dir\/6\/files\/sites\/179\/2022\/06\/aj-sta-coloma-gramanet-1024x561.png 1024w, https:\/\/ccoo.app\/ajuntament-santa-coloma-de-gramanet\/wp-content\/blogs.dir\/6\/files\/sites\/179\/2022\/06\/aj-sta-coloma-gramanet-768x421.png 768w\" sizes=\"auto, (max-width: 1094px) 100vw, 1094px\" \/><div class=\"wp-block-cover__inner-container is-layout-flow wp-block-cover-is-layout-flow\">\n<div class=\"wp-block-group is-vertical is-layout-flex wp-container-core-group-is-layout-8cf370e7 wp-block-group-is-layout-flex\">\n<p class=\"has-text-align-center has-text-color has-large-font-size\" style=\"color:#f80808\">AJUNTAMENT EDIFICI PRINCIPAL<\/p>\n\n\n\n<p class=\"has-base-3-color has-text-color\">La pla\u00e7a de la Vila, amb la seva corresponent urbanitzaci\u00f3, sorgeix a la fi de la s. XIX en els terrenys de la desapareguda masia de Can Pascali.<\/p>\n\n\n\n<p class=\"has-base-3-color has-text-color\">El primer nucli d&#8217;edificis, conegut com Casa de la Vila o Ajuntament Nou, data de l&#8217;any 1886 i constava de les depend\u00e8ncies de govern municipal, juntament amb el jutjat pres\u00f3 i una escola.<\/p>\n\n\n\n<p class=\"has-base-3-color has-text-color\">Aqu\u00ed es trobem el gruix de la plantilla de l\u2019ajuntament. Us animer desgranant des de la part mes baixa fins a l\u2019ultima planta les persones que treballen aqu\u00ed.<\/p>\n\n\n\n<p><\/p>\n<\/div>\n<\/div><\/div>\n\n\n\n<div class=\"wp-block-cover is-light\"><span aria-hidden=\"true\" class=\"wp-block-cover__background has-background-dim\"><\/span><img loading=\"lazy\" decoding=\"async\" width=\"800\" height=\"463\" class=\"wp-block-cover__image-background wp-image-2895\" alt=\"058042\" src=\"https:\/\/ccoo.app\/ajuntament-santa-coloma-de-gramanet\/wp-content\/blogs.dir\/6\/files\/sites\/179\/2022\/06\/058042.png\" data-object-fit=\"cover\" srcset=\"https:\/\/ccoo.app\/ajuntament-santa-coloma-de-gramanet\/wp-content\/blogs.dir\/6\/files\/sites\/179\/2022\/06\/058042.png 800w, https:\/\/ccoo.app\/ajuntament-santa-coloma-de-gramanet\/wp-content\/blogs.dir\/6\/files\/sites\/179\/2022\/06\/058042-300x174.png 300w, https:\/\/ccoo.app\/ajuntament-santa-coloma-de-gramanet\/wp-content\/blogs.dir\/6\/files\/sites\/179\/2022\/06\/058042-768x444.png 768w\" sizes=\"auto, (max-width: 800px) 100vw, 800px\" \/><div class=\"wp-block-cover__inner-container is-layout-flow wp-block-cover-is-layout-flow\">\n<div class=\"wp-block-group is-vertical is-layout-flex wp-container-core-group-is-layout-8cf370e7 wp-block-group-is-layout-flex\">\n<p class=\"has-text-align-center has-text-color has-large-font-size\" style=\"color:#f80808\">BIBLIOTECA CENTRAL<\/p>\n\n\n\n<p class=\"has-base-3-color has-text-color\">L\u2019equipament es distribueix en tres plantes. A la planta baixa hi trobareu el pr\u00e9stec centralitzat, l\u2019\u00e0rea de m\u00fasica, revistes i diaris i la sala infantil. A les dues plantes superiors hi trobareu els ordinadors amb connexi\u00f3 a internet, llibres, DVD i material multim\u00e8dia sobre els temes m\u00e9s diversos per a ampliar coneixements i per al vostre lleure. A m\u00e9s, disposem d\u2019un fons especialitzat en solidaritat i cooperaci\u00f3, aix\u00ed com d\u2019una extensa i variada col\u00b7lecci\u00f3 d\u2019obres sobre la ciutat o creades per autors locals.<\/p>\n<\/div>\n<\/div><\/div>\n\n\n\n<div class=\"wp-block-cover is-light\"><span aria-hidden=\"true\" class=\"wp-block-cover__background has-background-dim\"><\/span><img loading=\"lazy\" decoding=\"async\" width=\"738\" height=\"471\" class=\"wp-block-cover__image-background wp-image-2896\" alt=\"Can Peixauet 1\" src=\"https:\/\/ccoo.app\/ajuntament-santa-coloma-de-gramanet\/wp-content\/blogs.dir\/6\/files\/sites\/179\/2022\/06\/can_peixauet_1.png\" data-object-fit=\"cover\" srcset=\"https:\/\/ccoo.app\/ajuntament-santa-coloma-de-gramanet\/wp-content\/blogs.dir\/6\/files\/sites\/179\/2022\/06\/can_peixauet_1.png 738w, https:\/\/ccoo.app\/ajuntament-santa-coloma-de-gramanet\/wp-content\/blogs.dir\/6\/files\/sites\/179\/2022\/06\/can_peixauet_1-300x191.png 300w\" sizes=\"auto, (max-width: 738px) 100vw, 738px\" \/><div class=\"wp-block-cover__inner-container is-layout-flow wp-block-cover-is-layout-flow\">\n<div class=\"wp-block-group is-vertical is-layout-flex wp-container-core-group-is-layout-8cf370e7 wp-block-group-is-layout-flex\">\n<p class=\"has-text-align-center has-text-color has-large-font-size\" style=\"color:#f80808\">BIBLIOTECA CAN PEIXAUET<\/p>\n\n\n\n<p class=\"has-base-3-color has-text-color\">Molt benvinguts a la Biblioteca Can Peixauet, la biblioteca del Districte V de Santa Coloma de Gramenet. La Biblioteca vol ser el centre d&#8217;informaci\u00f3 i formaci\u00f3 clau de l&#8217;entramat socio-cultural de la poblaci\u00f3 a la que serveix.<\/p>\n\n\n\n<p class=\"has-base-3-color has-text-color\">Per poder atendre la diversitat d&#8217;usuaris que hi arriben, intenta adaptar-se constantment a les noves necessitats que les persones li plantejen. La Biblioteca, amb absoluta prioritat, \u00e9s un centre orientat a les persones i aix\u00f2 li permet treballar per la cohesi\u00f3 social al barri.<\/p>\n<\/div>\n<\/div><\/div>\n\n\n\n<div class=\"wp-block-cover is-light\"><span aria-hidden=\"true\" class=\"wp-block-cover__background has-background-dim\"><\/span><img loading=\"lazy\" decoding=\"async\" width=\"1024\" height=\"768\" class=\"wp-block-cover__image-background wp-image-2897\" alt=\"Csm Biblioteca Del Fondo 01 03 9aad39c75b\" src=\"https:\/\/ccoo.app\/ajuntament-santa-coloma-de-gramanet\/wp-content\/blogs.dir\/6\/files\/sites\/179\/2022\/06\/csm_biblioteca_del_fondo_01___03_9aad39c75b.png\" data-object-fit=\"cover\" srcset=\"https:\/\/ccoo.app\/ajuntament-santa-coloma-de-gramanet\/wp-content\/blogs.dir\/6\/files\/sites\/179\/2022\/06\/csm_biblioteca_del_fondo_01___03_9aad39c75b.png 1024w, https:\/\/ccoo.app\/ajuntament-santa-coloma-de-gramanet\/wp-content\/blogs.dir\/6\/files\/sites\/179\/2022\/06\/csm_biblioteca_del_fondo_01___03_9aad39c75b-300x225.png 300w, https:\/\/ccoo.app\/ajuntament-santa-coloma-de-gramanet\/wp-content\/blogs.dir\/6\/files\/sites\/179\/2022\/06\/csm_biblioteca_del_fondo_01___03_9aad39c75b-768x576.png 768w\" sizes=\"auto, (max-width: 1024px) 100vw, 1024px\" \/><div class=\"wp-block-cover__inner-container is-layout-flow wp-block-cover-is-layout-flow\">\n<div class=\"wp-block-group is-vertical is-layout-flex wp-container-core-group-is-layout-8cf370e7 wp-block-group-is-layout-flex\">\n<p class=\"has-text-align-center has-text-color has-large-font-size\" style=\"color:#f80808\">BIBLIOTECA DEL FONDO<\/p>\n\n\n\n<p class=\"has-base-3-color has-text-color\">La Biblioteca del Fondo \u00e9s un servei p\u00fablic municipal obert a tothom. Forma part de la Xarxa de Biblioteques de Santa Coloma de Gramenet. Se situa en un edifici compartit amb el Mercat del Fondo, una escola bressol i un supermercat, i ocupa 1.950 m2. T\u00e9 un fons d&#8217;uns 32.500 documents i est\u00e0 especialitzada en cuines del m\u00f3n. La biblioteca dep\u00e8n de l&#8217;Ajuntament de Santa Coloma de Gramenet, que la gestiona en conveni amb la Diputaci\u00f3 de Barcelona.<\/p>\n\n\n\n<p class=\"has-base-3-color has-text-color\">Oferir\u00e0 servei al barri de Fondo (districte VI) per\u00f2 tamb\u00e9 a part dels barris de Can Mariner i Llat\u00ed.<\/p>\n\n\n\n<p class=\"has-base-3-color has-text-color\">L&#8217;espai Cuines del M\u00f3n \u00e9s un dels eixos vertebradors del programa de foment de la lectura al barri del Fondo, amb un fons espec\u00edfic dotat d&#8217;uns 500 volums sobre la gastronomia d&#8217;arreu del m\u00f3n i una cuina habilitada per a fer-hi demostracions, elements que es complementaran amb tallers, clubs de lectura i xerrades.<\/p>\n\n\n\n<p class=\"has-base-3-color has-text-color\">La Biblioteca del Fondo es coordina amb el Campus de l&#8217;Alimentaci\u00f3 de Torribera de la Universitat de Barcelona, a trav\u00e9s de la Biblioteca de l&#8217;Alimentaci\u00f3 (CRAI-UB), la Unitat UB-Bullip\u00e8dia i la Unitat d&#8217;Estudis i Recerca en Ci\u00e8ncia i Cuina del Campus de l&#8217;Alimentaci\u00f3.<\/p>\n<\/div>\n<\/div><\/div>\n\n\n\n<div class=\"wp-block-cover is-light\"><span aria-hidden=\"true\" class=\"wp-block-cover__background has-background-dim\"><\/span><img loading=\"lazy\" decoding=\"async\" width=\"1700\" height=\"935\" class=\"wp-block-cover__image-background wp-image-2898\" alt=\"Biblioteca Singuerlin Santa Coloma Codina Metal 4\" src=\"https:\/\/ccoo.app\/ajuntament-santa-coloma-de-gramanet\/wp-content\/blogs.dir\/6\/files\/sites\/179\/2022\/06\/biblioteca-singuerlin-santa-coloma-codina-metal-4.png\" data-object-fit=\"cover\" srcset=\"https:\/\/ccoo.app\/ajuntament-santa-coloma-de-gramanet\/wp-content\/blogs.dir\/6\/files\/sites\/179\/2022\/06\/biblioteca-singuerlin-santa-coloma-codina-metal-4.png 1700w, https:\/\/ccoo.app\/ajuntament-santa-coloma-de-gramanet\/wp-content\/blogs.dir\/6\/files\/sites\/179\/2022\/06\/biblioteca-singuerlin-santa-coloma-codina-metal-4-300x165.png 300w, https:\/\/ccoo.app\/ajuntament-santa-coloma-de-gramanet\/wp-content\/blogs.dir\/6\/files\/sites\/179\/2022\/06\/biblioteca-singuerlin-santa-coloma-codina-metal-4-1024x563.png 1024w, https:\/\/ccoo.app\/ajuntament-santa-coloma-de-gramanet\/wp-content\/blogs.dir\/6\/files\/sites\/179\/2022\/06\/biblioteca-singuerlin-santa-coloma-codina-metal-4-768x422.png 768w, https:\/\/ccoo.app\/ajuntament-santa-coloma-de-gramanet\/wp-content\/blogs.dir\/6\/files\/sites\/179\/2022\/06\/biblioteca-singuerlin-santa-coloma-codina-metal-4-1536x845.png 1536w\" sizes=\"auto, (max-width: 1700px) 100vw, 1700px\" \/><div class=\"wp-block-cover__inner-container is-layout-flow wp-block-cover-is-layout-flow\">\n<div class=\"wp-block-group is-vertical is-layout-flex wp-container-core-group-is-layout-8cf370e7 wp-block-group-is-layout-flex\">\n<p class=\"has-text-align-center has-text-color has-large-font-size\" style=\"color:#f80808\">BIBLIOTECA DE SINGUERL\u00cdN SALVADOR CABR\u00c9<\/p>\n\n\n\n<p class=\"has-base-3-color has-text-color\">La biblioteca Singuerl\u00edn-Salvador Cabr\u00e9 ocupa un espai de 1.750 metres quadrats, destaca pel seu disseny arquitect\u00f2nic singular i modern, d\u2019interiors di\u00e0fans, amb entrades de llum natural i amb una fa\u00e7ana molt atractiva i de gran personalitat. Compta amb una sala de cinema amb capacitat per a 250 persones per a actes adre\u00e7ats a la ciutadania, entre d\u2019altres. La biblioteca es distribueix en quatre zones principals: \u00e0rea d&#8217;acollida i promoci\u00f3, zona d&#8217;informaci\u00f3 i fons bibliogr\u00e0fic general, biblioteca infantil i \u00e0rea de treball intern. L\u2019equipament destaca per la seva sala de cinema i pel seu fons especial de cinema d\u2019autor i documental.<\/p>\n<\/div>\n<\/div><\/div>\n\n\n\n<div class=\"wp-block-cover is-light\"><span aria-hidden=\"true\" class=\"wp-block-cover__background has-background-dim\"><\/span><img loading=\"lazy\" decoding=\"async\" width=\"2048\" height=\"1120\" class=\"wp-block-cover__image-background wp-image-2899\" alt=\"Can Mariner\" src=\"https:\/\/ccoo.app\/ajuntament-santa-coloma-de-gramanet\/wp-content\/blogs.dir\/6\/files\/sites\/179\/2022\/06\/can_mariner.png\" data-object-fit=\"cover\" srcset=\"https:\/\/ccoo.app\/ajuntament-santa-coloma-de-gramanet\/wp-content\/blogs.dir\/6\/files\/sites\/179\/2022\/06\/can_mariner.png 2048w, https:\/\/ccoo.app\/ajuntament-santa-coloma-de-gramanet\/wp-content\/blogs.dir\/6\/files\/sites\/179\/2022\/06\/can_mariner-300x164.png 300w, https:\/\/ccoo.app\/ajuntament-santa-coloma-de-gramanet\/wp-content\/blogs.dir\/6\/files\/sites\/179\/2022\/06\/can_mariner-1024x560.png 1024w, https:\/\/ccoo.app\/ajuntament-santa-coloma-de-gramanet\/wp-content\/blogs.dir\/6\/files\/sites\/179\/2022\/06\/can_mariner-768x420.png 768w, https:\/\/ccoo.app\/ajuntament-santa-coloma-de-gramanet\/wp-content\/blogs.dir\/6\/files\/sites\/179\/2022\/06\/can_mariner-1536x840.png 1536w\" sizes=\"auto, (max-width: 2048px) 100vw, 2048px\" \/><div class=\"wp-block-cover__inner-container is-layout-flow wp-block-cover-is-layout-flow\">\n<div class=\"wp-block-group is-vertical is-layout-flex wp-container-core-group-is-layout-8cf370e7 wp-block-group-is-layout-flex\">\n<p class=\"has-text-align-center has-text-color has-large-font-size\" style=\"color:#f80808\">CENTRE C\u00cdVIC DE CAN MARINER<\/p>\n\n\n\n<p class=\"has-base-3-color has-text-color\">Can Mariner \u00e9s una casa de pag\u00e8s edificada durant el segle XVIII, amb diversos cossos afegits amb posterioritat. Actualment est\u00e0 destinada a centre c\u00edvic. El cos principal t\u00e9 planta baixa i pis, i coberta a dos vessants amb r\u00e0fec de teula sobreafegit. El portal adovellat i les finestres estan disposats a la fa\u00e7ana de forma asim\u00e8trica. La torre, de planta i dos pisos, i la resta de depend\u00e8ncies annexes, edificades m\u00e9s tard, li donen un aspecte at\u00edpic. A comen\u00e7ament del segle XIX era propietat de Francesc Salvatella, conegut per Mariner. Absorbida pel teixit urb\u00e0, va ser restaurada el 1985 per l&#8217;arquitecte Xavier Valls i al seu entorn s&#8217;hi va urbanitzar una pla\u00e7a, tancada amb una agosarada estructura de formig\u00f3.<\/p>\n\n\n\n<p class=\"has-base-3-color has-text-color\">L&#8217;espai compta amb 10 sales, una sala d&#8217;exposicions i zona de bar. El CC Can Mariner t\u00e9 a disposici\u00f3 de les entitats ciutadanes material audiovisual per poder fer xerrades, exposicions i cursos formatius.<\/p>\n<\/div>\n<\/div><\/div>\n\n\n\n<div class=\"wp-block-cover is-light\"><span aria-hidden=\"true\" class=\"wp-block-cover__background has-background-dim\"><\/span><img loading=\"lazy\" decoding=\"async\" width=\"3872\" height=\"2358\" class=\"wp-block-cover__image-background wp-image-2900\" alt=\"Gui 239\" src=\"https:\/\/ccoo.app\/ajuntament-santa-coloma-de-gramanet\/wp-content\/blogs.dir\/6\/files\/sites\/179\/2022\/06\/gui_239.png\" data-object-fit=\"cover\" srcset=\"https:\/\/ccoo.app\/ajuntament-santa-coloma-de-gramanet\/wp-content\/blogs.dir\/6\/files\/sites\/179\/2022\/06\/gui_239.png 3872w, https:\/\/ccoo.app\/ajuntament-santa-coloma-de-gramanet\/wp-content\/blogs.dir\/6\/files\/sites\/179\/2022\/06\/gui_239-300x183.png 300w, https:\/\/ccoo.app\/ajuntament-santa-coloma-de-gramanet\/wp-content\/blogs.dir\/6\/files\/sites\/179\/2022\/06\/gui_239-1024x624.png 1024w, https:\/\/ccoo.app\/ajuntament-santa-coloma-de-gramanet\/wp-content\/blogs.dir\/6\/files\/sites\/179\/2022\/06\/gui_239-768x468.png 768w, https:\/\/ccoo.app\/ajuntament-santa-coloma-de-gramanet\/wp-content\/blogs.dir\/6\/files\/sites\/179\/2022\/06\/gui_239-1536x935.png 1536w, https:\/\/ccoo.app\/ajuntament-santa-coloma-de-gramanet\/wp-content\/blogs.dir\/6\/files\/sites\/179\/2022\/06\/gui_239-2048x1247.png 2048w\" sizes=\"auto, (max-width: 3872px) 100vw, 3872px\" \/><div class=\"wp-block-cover__inner-container is-layout-flow wp-block-cover-is-layout-flow\">\n<div class=\"wp-block-group is-vertical is-layout-flex wp-container-core-group-is-layout-8cf370e7 wp-block-group-is-layout-flex\">\n<p class=\"has-text-align-center has-text-color has-large-font-size\" style=\"color:#f80808\">CAN SISTER\u00c9<\/p>\n\n\n\n<p class=\"has-base-3-color has-text-color\">El Centre Cultural Can Sister\u00e9 difon una diversitat de manifestacions d\u2019art contemporani, per tal d\u2019apropar-lo al p\u00fablic i familiaritzar els colomencs i colomenques amb els diferents continguts i llenguatges visuals i pl\u00e0stics emergents. Tamb\u00e9 procura ser un espai cultural per a la trobada, el debat i la reflexi\u00f3 ciutadana, i una eina per a la informaci\u00f3, l\u2019aprenentatge, la sensibilitzaci\u00f3 i el gaudi dels seus usuaris\/\u00e0ries.<\/p>\n<\/div>\n<\/div><\/div>\n\n\n\n<div class=\"wp-block-cover is-light\"><span aria-hidden=\"true\" class=\"wp-block-cover__background has-background-dim\"><\/span><img loading=\"lazy\" decoding=\"async\" width=\"2048\" height=\"1464\" class=\"wp-block-cover__image-background wp-image-2902\" alt=\"Can Roig I Torres\" src=\"https:\/\/ccoo.app\/ajuntament-santa-coloma-de-gramanet\/wp-content\/blogs.dir\/6\/files\/sites\/179\/2022\/06\/can_roig_i_torres.png\" data-object-fit=\"cover\" srcset=\"https:\/\/ccoo.app\/ajuntament-santa-coloma-de-gramanet\/wp-content\/blogs.dir\/6\/files\/sites\/179\/2022\/06\/can_roig_i_torres.png 2048w, https:\/\/ccoo.app\/ajuntament-santa-coloma-de-gramanet\/wp-content\/blogs.dir\/6\/files\/sites\/179\/2022\/06\/can_roig_i_torres-300x214.png 300w, https:\/\/ccoo.app\/ajuntament-santa-coloma-de-gramanet\/wp-content\/blogs.dir\/6\/files\/sites\/179\/2022\/06\/can_roig_i_torres-1024x732.png 1024w, https:\/\/ccoo.app\/ajuntament-santa-coloma-de-gramanet\/wp-content\/blogs.dir\/6\/files\/sites\/179\/2022\/06\/can_roig_i_torres-768x549.png 768w, https:\/\/ccoo.app\/ajuntament-santa-coloma-de-gramanet\/wp-content\/blogs.dir\/6\/files\/sites\/179\/2022\/06\/can_roig_i_torres-1536x1098.png 1536w\" sizes=\"auto, (max-width: 2048px) 100vw, 2048px\" \/><div class=\"wp-block-cover__inner-container is-layout-flow wp-block-cover-is-layout-flow\">\n<div class=\"wp-block-group is-vertical is-layout-flex wp-container-core-group-is-layout-8cf370e7 wp-block-group-is-layout-flex\">\n<p class=\"has-text-align-center has-text-color has-large-font-size\" style=\"color:#f80808\">CAN ROIG I TORRES<\/p>\n\n\n\n<p class=\"has-base-3-color has-text-color\">Va ser constru\u00efda entre el 1910 i el 1913 per iniciativa de&nbsp;Rafael Roig i Torres, c\u00f2nsol de l&#8217;Uruguai&nbsp;a&nbsp;Barcelona. La construcci\u00f3 va guanyar el premi de l&#8217;Ajuntament i la&nbsp;Diputaci\u00f3 de Barcelona.<\/p>\n\n\n\n<p class=\"has-base-3-color has-text-color\">Durant la Guerra va ser hospital, despr\u00e9s va ser seu de la&nbsp;Falange, m\u00e9s tard una escola.<\/p>\n\n\n\n<p class=\"has-base-3-color has-text-color\">L&#8217;any 1987 es remodel\u00e0 per a convertir-la en l&#8217;Escola Municipal de m\u00fasica. L&#8217;any 2007 es va inaugurar al subs\u00f2l de l&#8217;edifici el nou&nbsp;Auditori Can Roig i Torres.<\/p>\n<\/div>\n<\/div><\/div>\n","protected":false},"excerpt":{"rendered":"<p>La CIBA Visita de prevenci\u00f3 de riscos a la CIBA &#8230; <a title=\"On Treballem\" class=\"read-more\" href=\"https:\/\/ccoo.app\/ajuntament-santa-coloma-de-gramanet\/on-treballem\/\" aria-label=\"Leer m\u00e1s sobre On Treballem\">Leer m\u00e1s<\/a><\/p>\n","protected":false},"author":85552,"featured_media":0,"parent":0,"menu_order":0,"comment_status":"closed","ping_status":"closed","template":"","meta":{"footnotes":""},"class_list":["post-2892","page","type-page","status-publish"],"_links":{"self":[{"href":"https:\/\/ccoo.app\/ajuntament-santa-coloma-de-gramanet\/wp-json\/wp\/v2\/pages\/2892","targetHints":{"allow":["GET"]}}],"collection":[{"href":"https:\/\/ccoo.app\/ajuntament-santa-coloma-de-gramanet\/wp-json\/wp\/v2\/pages"}],"about":[{"href":"https:\/\/ccoo.app\/ajuntament-santa-coloma-de-gramanet\/wp-json\/wp\/v2\/types\/page"}],"author":[{"embeddable":true,"href":"https:\/\/ccoo.app\/ajuntament-santa-coloma-de-gramanet\/wp-json\/wp\/v2\/users\/85552"}],"replies":[{"embeddable":true,"href":"https:\/\/ccoo.app\/ajuntament-santa-coloma-de-gramanet\/wp-json\/wp\/v2\/comments?post=2892"}],"version-history":[{"count":2,"href":"https:\/\/ccoo.app\/ajuntament-santa-coloma-de-gramanet\/wp-json\/wp\/v2\/pages\/2892\/revisions"}],"predecessor-version":[{"id":2903,"href":"https:\/\/ccoo.app\/ajuntament-santa-coloma-de-gramanet\/wp-json\/wp\/v2\/pages\/2892\/revisions\/2903"}],"wp:attachment":[{"href":"https:\/\/ccoo.app\/ajuntament-santa-coloma-de-gramanet\/wp-json\/wp\/v2\/media?parent=2892"}],"curies":[{"name":"wp","href":"https:\/\/api.w.org\/{rel}","templated":true}]}}