{"id":2798,"date":"2023-05-24T11:06:20","date_gmt":"2023-05-24T09:06:20","guid":{"rendered":"https:\/\/ccoo.app\/ajuntament-de-granollers\/?page_id=2798"},"modified":"2024-05-03T11:56:46","modified_gmt":"2024-05-03T09:56:46","slug":"funcionaris","status":"publish","type":"page","link":"https:\/\/ccoo.app\/ajuntament-de-granollers\/funcionaris\/","title":{"rendered":"Funcionaris"},"content":{"rendered":"\n<div class=\"wp-block-columns is-layout-flex wp-container-core-columns-is-layout-9d6595d7 wp-block-columns-is-layout-flex\">\n<div class=\"wp-block-column is-layout-flow wp-block-column-is-layout-flow\" style=\"flex-basis:33.33%\">\n<figure class=\"wp-block-image size-full is-resized is-style-rounded\"><img loading=\"lazy\" decoding=\"async\" width=\"866\" height=\"813\" src=\"http:\/\/ccoo.app\/ajuntament-de-granollers\/wp-content\/blogs.dir\/6\/files\/sites\/209\/2024\/04\/Rafa-rotated-e1713882651541.jpg\" alt=\"\" class=\"wp-image-2952\" style=\"aspect-ratio:1;object-fit:cover;width:232px\" srcset=\"https:\/\/ccoo.app\/ajuntament-de-granollers\/wp-content\/blogs.dir\/6\/files\/sites\/209\/2024\/04\/Rafa-rotated-e1713882651541.jpg 866w, https:\/\/ccoo.app\/ajuntament-de-granollers\/wp-content\/blogs.dir\/6\/files\/sites\/209\/2024\/04\/Rafa-rotated-e1713882651541-300x282.jpg 300w, https:\/\/ccoo.app\/ajuntament-de-granollers\/wp-content\/blogs.dir\/6\/files\/sites\/209\/2024\/04\/Rafa-rotated-e1713882651541-768x721.jpg 768w\" sizes=\"auto, (max-width: 866px) 100vw, 866px\" \/><\/figure>\n<\/div>\n\n\n\n<div class=\"wp-block-column is-layout-flow wp-block-column-is-layout-flow\" style=\"flex-basis:66.66%\">\n<h2 class=\"wp-block-heading\">Delegat<\/h2>\n\n\n<div class=\"gb-container gb-container-1348cbe8\">\n\n<p><strong>Rafael Mart\u00edn <\/strong><\/p>\n\n<\/div>\n\n\n<p>Treballa com a X\u00f2fer de cami\u00f3 a transports de la (UOS) i \u00e9s nova incorporaci\u00f3 com a delegat de la secci\u00f3 sindical CCOO (de la que porta molts anys afiliat), Personal (funcionari) de l\u2019ajuntament de Granollers.<\/p>\n\n\n\n<p><em>Forma part de la Comissi\u00f3 de Valoraci\u00f3 de Llocs de Treballs i la Comissi\u00f3 de Prevenci\u00f3 de riscos laborals.<\/em><\/p>\n<\/div>\n<\/div>\n\n\n\n<div class=\"wp-block-columns is-layout-flex wp-container-core-columns-is-layout-9d6595d7 wp-block-columns-is-layout-flex\">\n<div class=\"wp-block-column is-layout-flow wp-block-column-is-layout-flow\" style=\"flex-basis:33.33%\">\n<figure class=\"wp-block-image size-full is-resized is-style-rounded\"><img loading=\"lazy\" decoding=\"async\" width=\"748\" height=\"696\" src=\"http:\/\/ccoo.app\/ajuntament-de-granollers\/wp-content\/blogs.dir\/6\/files\/sites\/209\/2024\/04\/Jesus-rotated-e1713882403289.jpg\" alt=\"\" class=\"wp-image-2951\" style=\"aspect-ratio:1;object-fit:cover;width:232px\" srcset=\"https:\/\/ccoo.app\/ajuntament-de-granollers\/wp-content\/blogs.dir\/6\/files\/sites\/209\/2024\/04\/Jesus-rotated-e1713882403289.jpg 748w, https:\/\/ccoo.app\/ajuntament-de-granollers\/wp-content\/blogs.dir\/6\/files\/sites\/209\/2024\/04\/Jesus-rotated-e1713882403289-300x279.jpg 300w\" sizes=\"auto, (max-width: 748px) 100vw, 748px\" \/><\/figure>\n<\/div>\n\n\n\n<div class=\"wp-block-column is-layout-flow wp-block-column-is-layout-flow\" style=\"flex-basis:66.66%\">\n<h2 class=\"wp-block-heading\">Delegat<\/h2>\n\n\n\n<p><strong>Jes\u00fas Fern\u00e0ndez<\/strong><\/p>\n\n\n\n<p>Delegat de la secci\u00f3 sindical de CCOO, formo part de les comissions de seguiment\/negociaci\u00f3, valoraci\u00f3 de llocs de treball i de l\u2019equip de PRL en l\u2019avaluaci\u00f2 de riscos psicosocials.<\/p>\n\n\n\n<p><em>Unitat Operativa de Serveis (UOS).<\/em><\/p>\n<\/div>\n<\/div>\n\n\n\n<div class=\"wp-block-columns is-layout-flex wp-container-core-columns-is-layout-9d6595d7 wp-block-columns-is-layout-flex\">\n<div class=\"wp-block-column is-layout-flow wp-block-column-is-layout-flow\" style=\"flex-basis:33.33%\">\n<figure class=\"wp-block-image size-full is-resized is-style-rounded\"><img loading=\"lazy\" decoding=\"async\" width=\"656\" height=\"763\" src=\"http:\/\/ccoo.app\/ajuntament-de-granollers\/wp-content\/blogs.dir\/6\/files\/sites\/209\/2024\/05\/Berta-rotated-e1714729835369.jpg\" alt=\"\" class=\"wp-image-3055\" style=\"aspect-ratio:1;object-fit:cover;width:232px\" srcset=\"https:\/\/ccoo.app\/ajuntament-de-granollers\/wp-content\/blogs.dir\/6\/files\/sites\/209\/2024\/05\/Berta-rotated-e1714729835369.jpg 656w, https:\/\/ccoo.app\/ajuntament-de-granollers\/wp-content\/blogs.dir\/6\/files\/sites\/209\/2024\/05\/Berta-rotated-e1714729835369-258x300.jpg 258w\" sizes=\"auto, (max-width: 656px) 100vw, 656px\" \/><\/figure>\n<\/div>\n\n\n\n<div class=\"wp-block-column is-layout-flow wp-block-column-is-layout-flow\" style=\"flex-basis:66.66%\">\n<h2 class=\"wp-block-heading\">Delegada<\/h2>\n\n\n\n<p><strong>Berta Castells <\/strong><\/p>\n\n\n\n<p>S\u00f3c la Berta Castells delegada de la junta de personal per CCOO.\u00a0 S\u00f3c treballadora social a serveis social i em podeu trobar a l\u2019edifici del carrer Portalet.\u00a0Actualment formo part de les comissions de Carrera professional i de la comissi\u00f3 negociadora del conveni col\u00b7lectiu.<\/p>\n\n\n\n<p><\/p>\n\n\n\n<p><\/p>\n<\/div>\n<\/div>\n","protected":false},"excerpt":{"rendered":"<p>Delegat Rafael Mart\u00edn Treballa com a X\u00f2fer de cami\u00f3 a transports de la (UOS) i \u00e9s nova incorporaci\u00f3 com a delegat de la secci\u00f3 sindical CCOO (de la que porta &#8230; <a title=\"Funcionaris\" class=\"read-more\" href=\"https:\/\/ccoo.app\/ajuntament-de-granollers\/funcionaris\/\" aria-label=\"Leer m\u00e1s sobre Funcionaris\">Llegir m\u00e9s<\/a><\/p>\n","protected":false},"author":4886,"featured_media":0,"parent":0,"menu_order":0,"comment_status":"closed","ping_status":"closed","template":"","meta":{"footnotes":""},"class_list":["post-2798","page","type-page","status-publish"],"_links":{"self":[{"href":"https:\/\/ccoo.app\/ajuntament-de-granollers\/wp-json\/wp\/v2\/pages\/2798","targetHints":{"allow":["GET"]}}],"collection":[{"href":"https:\/\/ccoo.app\/ajuntament-de-granollers\/wp-json\/wp\/v2\/pages"}],"about":[{"href":"https:\/\/ccoo.app\/ajuntament-de-granollers\/wp-json\/wp\/v2\/types\/page"}],"author":[{"embeddable":true,"href":"https:\/\/ccoo.app\/ajuntament-de-granollers\/wp-json\/wp\/v2\/users\/4886"}],"replies":[{"embeddable":true,"href":"https:\/\/ccoo.app\/ajuntament-de-granollers\/wp-json\/wp\/v2\/comments?post=2798"}],"version-history":[{"count":4,"href":"https:\/\/ccoo.app\/ajuntament-de-granollers\/wp-json\/wp\/v2\/pages\/2798\/revisions"}],"predecessor-version":[{"id":3057,"href":"https:\/\/ccoo.app\/ajuntament-de-granollers\/wp-json\/wp\/v2\/pages\/2798\/revisions\/3057"}],"wp:attachment":[{"href":"https:\/\/ccoo.app\/ajuntament-de-granollers\/wp-json\/wp\/v2\/media?parent=2798"}],"curies":[{"name":"wp","href":"https:\/\/api.w.org\/{rel}","templated":true}]}}