{"id":25,"date":"2020-02-13T13:17:50","date_gmt":"2020-02-13T18:17:50","guid":{"rendered":"https:\/\/gpsites.co\/read\/?page_id=25"},"modified":"2024-05-02T10:41:22","modified_gmt":"2024-05-02T08:41:22","slug":"home","status":"publish","type":"page","link":"https:\/\/ccoo.app\/ajuntament-de-granollers\/","title":{"rendered":"Inicio"},"content":{"rendered":"\n<div class=\"wp-block-cover alignfull is-light is-style-default\" style=\"min-height:400px;aspect-ratio:unset;\" id=\"http:\/\/ccoo.app\/ajuntament-de-granollers\/wp-content\/blogs.dir\/6\/files\/sites\/178\/2021\/01\/imagen-prueba-entradas.jpg\"><span aria-hidden=\"true\" class=\"wp-block-cover__background has-background-dim-0 has-background-dim\"><\/span><img loading=\"lazy\" decoding=\"async\" width=\"1600\" height=\"901\" class=\"wp-block-cover__image-background wp-image-2839\" alt=\"Portada Granollers\" src=\"https:\/\/ccoo.app\/ajuntament-de-granollers\/wp-content\/blogs.dir\/6\/files\/sites\/209\/2023\/09\/portada-granollers.jpg\" style=\"object-position:48% 0%\" data-object-fit=\"cover\" data-object-position=\"48% 0%\" srcset=\"https:\/\/ccoo.app\/ajuntament-de-granollers\/wp-content\/blogs.dir\/6\/files\/sites\/209\/2023\/09\/portada-granollers.jpg 1600w, https:\/\/ccoo.app\/ajuntament-de-granollers\/wp-content\/blogs.dir\/6\/files\/sites\/209\/2023\/09\/portada-granollers-300x169.jpg 300w, https:\/\/ccoo.app\/ajuntament-de-granollers\/wp-content\/blogs.dir\/6\/files\/sites\/209\/2023\/09\/portada-granollers-1024x577.jpg 1024w, https:\/\/ccoo.app\/ajuntament-de-granollers\/wp-content\/blogs.dir\/6\/files\/sites\/209\/2023\/09\/portada-granollers-768x432.jpg 768w, https:\/\/ccoo.app\/ajuntament-de-granollers\/wp-content\/blogs.dir\/6\/files\/sites\/209\/2023\/09\/portada-granollers-1536x865.jpg 1536w\" sizes=\"auto, (max-width: 1600px) 100vw, 1600px\" \/><div class=\"wp-block-cover__inner-container is-layout-flow wp-block-cover-is-layout-flow\">\n<div class=\"wp-block-cover\" style=\"min-height:300px;aspect-ratio:unset;\"><span aria-hidden=\"true\" class=\"wp-block-cover__background has-background-dim-0 has-background-dim\"><\/span><img decoding=\"async\" class=\"wp-block-cover__image-background wp-image-2343\" alt=\"\" src=\"http:\/\/ccoo.app\/wp-content\/blogs.dir\/6\/files\/2021\/01\/Elementos-CCOO-cabecera.png\" data-object-fit=\"cover\"\/><div class=\"wp-block-cover__inner-container is-layout-flow wp-block-cover-is-layout-flow\">\n<div class=\"wp-block-group\"><div class=\"wp-block-group__inner-container is-layout-flow wp-block-group-is-layout-flow\">\n<h1 class=\"wp-block-heading has-text-align-center has-black-color has-text-color\" id=\"seccion-sindical\" style=\"font-size:44px\">Secci\u00f3 Sindical <\/h1>\n\n\n\n<h1 class=\"wp-block-heading has-text-align-center has-black-color has-text-color\" id=\"seccion-sindical\" style=\"font-size:44px\">Ajuntament de Granollers<\/h1>\n\n\n\n<div class=\"wp-block-columns is-layout-flex wp-container-core-columns-is-layout-9d6595d7 wp-block-columns-is-layout-flex\">\n<div class=\"wp-block-column is-layout-flow wp-block-column-is-layout-flow\" style=\"flex-basis:15%\"><\/div>\n\n\n\n<div class=\"wp-block-column is-layout-flow wp-block-column-is-layout-flow\" style=\"flex-basis:70%\">\n<p><\/p>\n\n\n\n<p><mark style=\"background-color:rgba(0, 0, 0, 0)\" class=\"has-inline-color has-black-color\"><br><\/mark><\/p>\n<\/div>\n\n\n\n<div class=\"wp-block-column is-layout-flow wp-block-column-is-layout-flow\" style=\"flex-basis:15%\"><\/div>\n<\/div>\n<\/div><\/div>\n<\/div><\/div>\n<\/div><\/div>\n\n\n\n<div style=\"height:62px\" aria-hidden=\"true\" class=\"wp-block-spacer\"><\/div>\n\n\n\n<div class=\"wp-block-columns is-layout-flex wp-container-core-columns-is-layout-9d6595d7 wp-block-columns-is-layout-flex\">\n<div class=\"wp-block-column is-layout-flow wp-block-column-is-layout-flow\"><\/div>\n\n\n\n<div class=\"wp-block-column is-layout-flow wp-block-column-is-layout-flow\">\n<h2 class=\"wp-block-heading\">     Darreres not\u00edcies<\/h2>\n\n\n\n<figure class=\"wp-block-image size-large barra-decoracion\"><img decoding=\"async\" src=\"https:\/\/ccoo.app\/wp-content\/blogs.dir\/6\/files\/2021\/01\/Rectangle-126.svg\" alt=\"\" class=\"wp-image-2357\"\/><\/figure>\n<\/div>\n\n\n\n<div class=\"wp-block-column is-layout-flow wp-block-column-is-layout-flow\"><\/div>\n<\/div>\n\n\n\n<div style=\"height:27px\" aria-hidden=\"true\" class=\"wp-block-spacer\"><\/div>\n\n\n<ul class=\"wp-block-latest-posts__list wp-block-latest-posts\"><li><div class=\"wp-block-latest-posts__featured-image alignleft\"><img loading=\"lazy\" decoding=\"async\" width=\"150\" height=\"150\" src=\"https:\/\/ccoo.app\/ajuntament-de-granollers\/wp-content\/blogs.dir\/6\/files\/sites\/209\/2026\/04\/1maig-generic-petita-150x150.png\" class=\"attachment-thumbnail size-thumbnail wp-post-image\" alt=\"\" style=\"\" \/><\/div><a class=\"wp-block-latest-posts__post-title\" href=\"https:\/\/ccoo.app\/ajuntament-de-granollers\/primer-de-maig-del-2026\/\">Primer de Maig del 2026<\/a><div class=\"wp-block-latest-posts__post-excerpt\">Aquest divendres sortim arreu de Catalunya pel primer de maig a defensar la pau, un habitatge assequible i millors salaris. Mira quines mobilitzacions hi ha pel territori i apropa&#8217;t a la que et vagi millor! &#8230; <a title=\"Primer de Maig del 2026\" class=\"read-more\" href=\"https:\/\/ccoo.app\/ajuntament-de-granollers\/primer-de-maig-del-2026\/\" aria-label=\"Leer m\u00e1s sobre Primer de Maig del 2026\">Llegir m\u00e9s<\/a><\/div><\/li>\n<li><div class=\"wp-block-latest-posts__featured-image alignleft\"><img loading=\"lazy\" decoding=\"async\" width=\"150\" height=\"150\" src=\"https:\/\/ccoo.app\/ajuntament-de-granollers\/wp-content\/blogs.dir\/6\/files\/sites\/209\/2023\/09\/comunicats-150x150.jpg\" class=\"attachment-thumbnail size-thumbnail wp-post-image\" alt=\"Comunicats\" style=\"\" \/><\/div><a class=\"wp-block-latest-posts__post-title\" href=\"https:\/\/ccoo.app\/ajuntament-de-granollers\/nous-preus-hores-extraordinaries-2\/\">Nous preus hores extraordin\u00e0ries<\/a><div class=\"wp-block-latest-posts__post-excerpt\">Ja podeu disposar de la taula actualitzada del preu de les hores extraordin\u00e0ries pel 2026. Recordeu que s&#8217;ha creat el preu d&#8217;hora extra de grup B. BAIXA&#8217;T EL PDF Moltes gr\u00e0cies! CCOO de Catalunya Afilia\u2019t &#8230; <a title=\"Nous preus hores extraordin\u00e0ries\" class=\"read-more\" href=\"https:\/\/ccoo.app\/ajuntament-de-granollers\/nous-preus-hores-extraordinaries-2\/\" aria-label=\"Leer m\u00e1s sobre Nous preus hores extraordin\u00e0ries\">Llegir m\u00e9s<\/a><\/div><\/li>\n<li><div class=\"wp-block-latest-posts__featured-image alignleft\"><img loading=\"lazy\" decoding=\"async\" width=\"150\" height=\"150\" src=\"https:\/\/ccoo.app\/ajuntament-de-granollers\/wp-content\/blogs.dir\/6\/files\/sites\/209\/2026\/03\/cartell-dia-dona-treballadora-2026-150x150.png\" class=\"attachment-thumbnail size-thumbnail wp-post-image\" alt=\"\" style=\"\" \/><\/div><a class=\"wp-block-latest-posts__post-title\" href=\"https:\/\/ccoo.app\/ajuntament-de-granollers\/dia-internacional-de-les-dones-treballadores-2026\/\">Dia Internacional de les Dones Treballadores 2026<\/a><div class=\"wp-block-latest-posts__post-excerpt\">CCOO de Catalunya ens diu que aquest 8-M partim del marc te\u00f2ric de Carole Pateman i el seu concepte de contracte sexual, que assenyala que el contracte social modern \u2014presentat com a universal i igualitari\u2014 &#8230; <a title=\"Dia Internacional de les Dones Treballadores 2026\" class=\"read-more\" href=\"https:\/\/ccoo.app\/ajuntament-de-granollers\/dia-internacional-de-les-dones-treballadores-2026\/\" aria-label=\"Leer m\u00e1s sobre Dia Internacional de les Dones Treballadores 2026\">Llegir m\u00e9s<\/a><\/div><\/li>\n<li><div class=\"wp-block-latest-posts__featured-image alignleft\"><img loading=\"lazy\" decoding=\"async\" width=\"150\" height=\"150\" src=\"https:\/\/ccoo.app\/ajuntament-de-granollers\/wp-content\/blogs.dir\/6\/files\/sites\/209\/2025\/12\/Bones-festes-150x150.png\" class=\"attachment-thumbnail size-thumbnail wp-post-image\" alt=\"\" style=\"\" \/><\/div><a class=\"wp-block-latest-posts__post-title\" href=\"https:\/\/ccoo.app\/ajuntament-de-granollers\/la-seccio-sindical-de-ccoo-us-desitjem-bon-nadal\/\">La secci\u00f3 sindical de CCOO us desitjem Bon  Nadal<\/a><div class=\"wp-block-latest-posts__post-excerpt\">Junts i juntes, fem sentir la nostra veu! Afilia\u2019t ara! Cliqueu&nbsp;aqu\u00ed Som, de nou, PRIMER sindicat a les Administracions Locals!<\/div><\/li>\n<li><div class=\"wp-block-latest-posts__featured-image alignleft\"><img loading=\"lazy\" decoding=\"async\" width=\"150\" height=\"150\" src=\"https:\/\/ccoo.app\/ajuntament-de-granollers\/wp-content\/blogs.dir\/6\/files\/sites\/209\/2025\/12\/firma-acord-marc-scaled-e1764933571223-150x150.jpeg\" class=\"attachment-thumbnail size-thumbnail wp-post-image\" alt=\"\" style=\"\" \/><\/div><a class=\"wp-block-latest-posts__post-title\" href=\"https:\/\/ccoo.app\/ajuntament-de-granollers\/ccoo-signa-lacord-marc-per-a-la-millora-de-locupacio-publica-i-el-servei-a-la-ciutadania-que-recull-moltes-de-les-seves-propostes-i-romandra-vigilant-per-a-assegurar-el-seu-complimen\/\">CCOO signa l\u2019Acord marc per a la Millora de l\u2019Ocupaci\u00f3 P\u00fablica i el Servei a la Ciutadania que recull moltes de les seves propostes i romandr\u00e0 vigilant per a assegurar el seu compliment<\/a><div class=\"wp-block-latest-posts__post-excerpt\">El document est\u00e0 confeccionat en la seva major part amb les reivindicacions plantejades per CCOO, recull una pujada salarial global del 11,4% per al per\u00edode 2025-2028 i inclou reivindicacions hist\u00f2riques, com la implantaci\u00f3 d\u2019un model &#8230; <a title=\"CCOO signa l\u2019Acord marc per a la Millora de l\u2019Ocupaci\u00f3 P\u00fablica i el Servei a la Ciutadania que recull moltes de les seves propostes i romandr\u00e0 vigilant per a assegurar el seu compliment\" class=\"read-more\" href=\"https:\/\/ccoo.app\/ajuntament-de-granollers\/ccoo-signa-lacord-marc-per-a-la-millora-de-locupacio-publica-i-el-servei-a-la-ciutadania-que-recull-moltes-de-les-seves-propostes-i-romandra-vigilant-per-a-assegurar-el-seu-complimen\/\" aria-label=\"Leer m\u00e1s sobre CCOO signa l\u2019Acord marc per a la Millora de l\u2019Ocupaci\u00f3 P\u00fablica i el Servei a la Ciutadania que recull moltes de les seves propostes i romandr\u00e0 vigilant per a assegurar el seu compliment\">Llegir m\u00e9s<\/a><\/div><\/li>\n<\/ul>\n\n\n<div style=\"height:27px\" aria-hidden=\"true\" class=\"wp-block-spacer\"><\/div>\n\n\n\n<div class=\"wp-block-buttons is-content-justification-center is-layout-flex wp-container-core-buttons-is-layout-16018d1d wp-block-buttons-is-layout-flex\">\n<div class=\"wp-block-button\"><a class=\"wp-block-button__link wp-element-button\" href=\"https:\/\/ccoo.app\/ajuntament-de-granollers\/category\/noticies\/\">M\u00e9s not\u00edcies<\/a><\/div>\n<\/div>\n\n\n\n<div class=\"wp-block-cover alignfull is-light\" style=\"min-height:380px;aspect-ratio:unset;\"><span aria-hidden=\"true\" class=\"wp-block-cover__background has-background-dim-0 has-background-dim\"><\/span><img decoding=\"async\" class=\"wp-block-cover__image-background wp-image-2356\" alt=\"\" src=\"https:\/\/ccoo.app\/wp-content\/blogs.dir\/6\/files\/2021\/01\/fond-hero.svg\" data-object-fit=\"cover\"\/><div class=\"wp-block-cover__inner-container is-layout-flow wp-block-cover-is-layout-flow\">\n<div class=\"wp-block-group\"><div class=\"wp-block-group__inner-container is-layout-flow wp-block-group-is-layout-flow\">\n<div class=\"wp-block-columns is-layout-flex wp-container-core-columns-is-layout-9d6595d7 wp-block-columns-is-layout-flex\">\n<div class=\"wp-block-column is-layout-flow wp-block-column-is-layout-flow\"><div class=\"wp-block-image\">\n<figure class=\"aligncenter size-large is-resized\"><img decoding=\"async\" src=\"https:\/\/ccoo.app\/wp-content\/blogs.dir\/6\/files\/2021\/01\/noticias-ccoo.jpg\" alt=\"\" class=\"wp-image-2358\" style=\"width:397px;height:313px\"\/><\/figure>\n<\/div><\/div>\n\n\n\n<div class=\"wp-block-column is-layout-flow wp-block-column-is-layout-flow\">\n<h2 class=\"wp-block-heading titulo-noticias has-black-color has-text-color\" id=\"descubre-nuestrasultimas-noticias\">Actualitat <\/h2>\n\n\n\n<h2 class=\"wp-block-heading titulo-noticias has-black-color has-text-color\" id=\"descubre-nuestrasultimas-noticias\">administraci\u00f3 local<\/h2>\n\n\n\n<figure class=\"wp-block-image size-large is-resized barra-decoracion\"><img decoding=\"async\" src=\"https:\/\/ccoo.app\/wp-content\/blogs.dir\/6\/files\/2021\/01\/Rectangle-126.svg\" alt=\"\" class=\"wp-image-2357\" style=\"width:281px;height:6px\"\/><\/figure>\n\n\n\n<p class=\"has-black-color has-text-color\">Consulta les darreres noticies del m\u00f3n local a Catalunya<\/p>\n\n\n\n<div class=\"wp-block-buttons is-layout-flex wp-block-buttons-is-layout-flex\">\n<div class=\"wp-block-button\"><a class=\"wp-block-button__link has-white-color has-black-background-color has-text-color has-background no-border-radius wp-element-button\" href=\"http:\/\/fsc-local.ccoo.cat\" target=\"_blank\" rel=\"noreferrer noopener\">ACTUALITAT<\/a><\/div>\n<\/div>\n\n\n\n<p class=\"has-black-color has-text-color\"><br><\/p>\n<\/div>\n<\/div>\n<\/div><\/div>\n<\/div><\/div>\n\n\n\n<div style=\"height:40px\" aria-hidden=\"true\" class=\"wp-block-spacer\"><\/div>\n","protected":false},"excerpt":{"rendered":"<p>Darreres not\u00edcies<\/p>\n","protected":false},"author":6,"featured_media":0,"parent":0,"menu_order":0,"comment_status":"closed","ping_status":"closed","template":"","meta":{"footnotes":""},"class_list":["post-25","page","type-page","status-publish"],"_links":{"self":[{"href":"https:\/\/ccoo.app\/ajuntament-de-granollers\/wp-json\/wp\/v2\/pages\/25","targetHints":{"allow":["GET"]}}],"collection":[{"href":"https:\/\/ccoo.app\/ajuntament-de-granollers\/wp-json\/wp\/v2\/pages"}],"about":[{"href":"https:\/\/ccoo.app\/ajuntament-de-granollers\/wp-json\/wp\/v2\/types\/page"}],"author":[{"embeddable":true,"href":"https:\/\/ccoo.app\/ajuntament-de-granollers\/wp-json\/wp\/v2\/users\/6"}],"replies":[{"embeddable":true,"href":"https:\/\/ccoo.app\/ajuntament-de-granollers\/wp-json\/wp\/v2\/comments?post=25"}],"version-history":[{"count":5,"href":"https:\/\/ccoo.app\/ajuntament-de-granollers\/wp-json\/wp\/v2\/pages\/25\/revisions"}],"predecessor-version":[{"id":3036,"href":"https:\/\/ccoo.app\/ajuntament-de-granollers\/wp-json\/wp\/v2\/pages\/25\/revisions\/3036"}],"wp:attachment":[{"href":"https:\/\/ccoo.app\/ajuntament-de-granollers\/wp-json\/wp\/v2\/media?parent=25"}],"curies":[{"name":"wp","href":"https:\/\/api.w.org\/{rel}","templated":true}]}}