{"id":511,"date":"2018-03-21T17:20:54","date_gmt":"2018-03-21T16:20:54","guid":{"rendered":"http:\/\/agrupacio-policialocal.ccoo.cat\/?page_id=511"},"modified":"2024-02-13T19:06:15","modified_gmt":"2024-02-13T18:06:15","slug":"legislacio","status":"publish","type":"page","link":"https:\/\/ccoo.app\/agrupacio-policialocal\/legislacio\/","title":{"rendered":"Legislaci\u00f3"},"content":{"rendered":"\n<figure class=\"gb-block-image gb-block-image-9033c14f\"><img loading=\"lazy\" decoding=\"async\" width=\"2491\" height=\"695\" class=\"gb-image gb-image-9033c14f\" src=\"https:\/\/ccoo.app\/agrupacio-policialocal\/wp-content\/blogs.dir\/6\/files\/sites\/152\/2023\/09\/judge-gavel-with-justice-lawyers-having-team-meeti-2023-04-22-03-37-28-utc-scaled-e1693817439825.jpg\" alt=\"Judge Gavel With Justice Lawyers Having Team Meeting At Law Firm In Background. Concepts Of Law.\" title=\"Judge Gavel With Justice Lawyers Having Team Meeting At Law Firm In Background. Concepts Of Law.\" srcset=\"https:\/\/ccoo.app\/agrupacio-policialocal\/wp-content\/blogs.dir\/6\/files\/sites\/152\/2023\/09\/judge-gavel-with-justice-lawyers-having-team-meeti-2023-04-22-03-37-28-utc-scaled-e1693817439825.jpg 2491w, https:\/\/ccoo.app\/agrupacio-policialocal\/wp-content\/blogs.dir\/6\/files\/sites\/152\/2023\/09\/judge-gavel-with-justice-lawyers-having-team-meeti-2023-04-22-03-37-28-utc-scaled-e1693817439825-300x84.jpg 300w, https:\/\/ccoo.app\/agrupacio-policialocal\/wp-content\/blogs.dir\/6\/files\/sites\/152\/2023\/09\/judge-gavel-with-justice-lawyers-having-team-meeti-2023-04-22-03-37-28-utc-scaled-e1693817439825-1024x286.jpg 1024w, https:\/\/ccoo.app\/agrupacio-policialocal\/wp-content\/blogs.dir\/6\/files\/sites\/152\/2023\/09\/judge-gavel-with-justice-lawyers-having-team-meeti-2023-04-22-03-37-28-utc-scaled-e1693817439825-768x214.jpg 768w, https:\/\/ccoo.app\/agrupacio-policialocal\/wp-content\/blogs.dir\/6\/files\/sites\/152\/2023\/09\/judge-gavel-with-justice-lawyers-having-team-meeti-2023-04-22-03-37-28-utc-scaled-e1693817439825-1536x429.jpg 1536w, https:\/\/ccoo.app\/agrupacio-policialocal\/wp-content\/blogs.dir\/6\/files\/sites\/152\/2023\/09\/judge-gavel-with-justice-lawyers-having-team-meeti-2023-04-22-03-37-28-utc-scaled-e1693817439825-2048x571.jpg 2048w\" sizes=\"auto, (max-width: 2491px) 100vw, 2491px\" \/><\/figure>\n\n\n\n<div style=\"height:37px\" aria-hidden=\"true\" class=\"wp-block-spacer\"><\/div>\n\n\n<div class=\"gb-container gb-container-713d693a\">\n\n<p>1. Normativa General Policial<\/p>\n\n<\/div>\n\n<div class=\"gb-container gb-container-81f5746b\">\n\n<details class=\"wp-block-details is-layout-flow wp-block-details-is-layout-flow\"><summary>Desplega<\/summary>\n<ul class=\"wp-block-list\">\n<li>1.1 <a aria-label=\"Constituci\u00f3n Espa\u00f1ola (opens in a new tab)\" href=\"https:\/\/ccoo.app\/agrupacio-policialocal\/wp-content\/blogs.dir\/6\/files\/sites\/152\/2023\/08\/1-1--constitucion-espanola.pdf\" target=\"_blank\" rel=\"noreferrer noopener\" class=\"ek-link\">Constituci\u00f3n Espa\u00f1ola<\/a><\/li>\n\n\n\n<li>1.2 <a href=\"https:\/\/ccoo.app\/agrupacio-policialocal\/wp-content\/blogs.dir\/6\/files\/sites\/152\/2023\/08\/1-2--estatut-dautonomia-de-catalunya--lo-6-2006--.pdf\" target=\"_blank\" aria-label=\"Estatut d'autonomia de Catalunya (opens in a new tab)\" rel=\"noreferrer noopener\" class=\"ek-link\">Estatut d&#8217;autonomia de Catalunya<\/a><\/li>\n\n\n\n<li>1.3 <a href=\"https:\/\/ccoo.app\/agrupacio-policialocal\/wp-content\/blogs.dir\/6\/files\/sites\/152\/2023\/08\/1-3--llei-policies-locals-de-catalunya--16-1991.pdf\" target=\"_blank\" aria-label=\"Llei 16\/1991 De les Policies Locals (opens in a new tab)\" rel=\"noreferrer noopener\" class=\"ek-link\">Llei 16\/1991 De les Policies Locals<\/a><\/li>\n\n\n\n<li>1.4 <a aria-label=\"Fuerzas y Cuerpos de Seguridad (opens in a new tab)\" href=\"https:\/\/ccoo.app\/agrupacio-policialocal\/wp-content\/blogs.dir\/6\/files\/sites\/152\/2023\/08\/1-4--fuerzas-y-cuerpos-de-seguridad--lo-2-1986--csc4.pdf\" target=\"_blank\" rel=\"noreferrer noopener\" class=\"ek-link\">Fuerzas y Cuerpos de Seguridad<\/a><\/li>\n\n\n\n<li>1.5 <a href=\"https:\/\/ccoo.app\/agrupacio-policialocal\/wp-content\/blogs.dir\/6\/files\/sites\/152\/2023\/08\/1-5--ebep--texto-refundido--rdl-5-2015-cpl5.pdf\" target=\"_blank\" aria-label=\"Ley del Estatuto B\u00e1sico del Empleado P\u00fablico (opens in a new tab)\" rel=\"noreferrer noopener\" class=\"ek-link\">Ley del Estatuto B\u00e1sico del Empleado P\u00fablico<\/a><\/li>\n\n\n\n<li>1.6 <a href=\"https:\/\/ccoo.app\/agrupacio-policialocal\/wp-content\/blogs.dir\/6\/files\/sites\/152\/2023\/08\/1-6--incompatibilidades-personal-administraciones-publicas--ley-53-1984-cpl8.pdf\" target=\"_blank\" aria-label=\"Incompatibilidades del personal al servicio de las Administraciones P\u00fablicas (opens in a new tab)\" rel=\"noreferrer noopener\" class=\"ek-link\">Incompatibilidades del personal al servicio de las Administraciones P\u00fablicas<\/a><\/li>\n\n\n\n<li>1.7 <a aria-label=\"Las Retribuciones de los funcionarios en pr\u00e1cticas (opens in a new tab)\" href=\"https:\/\/ccoo.app\/agrupacio-policialocal\/wp-content\/blogs.dir\/6\/files\/sites\/152\/2023\/08\/1-7--retribuciones-funcionarios-en-practicas--rd-456-1986-cpl16.pdf\" target=\"_blank\" rel=\"noreferrer noopener\" class=\"ek-link\">Las Retribuciones de los funcionarios en pr\u00e1cticas<\/a><\/li>\n<\/ul>\n<\/details>\n\n<\/div>\n\n\n<div style=\"height:6px\" aria-hidden=\"true\" class=\"wp-block-spacer\"><\/div>\n\n\n<div class=\"gb-container gb-container-c03eebd6\">\n\n<p>2. Normativa de Seguretat Ciutadana<\/p>\n\n<\/div>\n\n\n<details class=\"wp-block-details is-layout-flow wp-block-details-is-layout-flow\"><summary>Desplega<\/summary>\n<ul class=\"wp-block-list\">\n<li><a aria-label=\"2.1. C\u00f3digo penal. Ley Org\u00e1nica 10_1995. (CPLC1) (opens in a new tab)\" href=\"https:\/\/ccoo.app\/agrupacio-policialocal\/wp-content\/blogs.dir\/6\/files\/sites\/152\/2023\/09\/2-1--codigo-penal--ley-organica-10_1995--cplc1.pdf\" target=\"_blank\" rel=\"noreferrer noopener\" class=\"ek-link\">2.1. C\u00f3digo penal. Ley Org\u00e1nica 10_1995<\/a><\/li>\n\n\n\n<li>2.2. <a href=\"https:\/\/ccoo.app\/agrupacio-policialocal\/wp-content\/blogs.dir\/6\/files\/sites\/152\/2023\/09\/2-2--ley-de-enjuiciamiento-criminal--real-decreto-14sep1882--cplc5.pdf\" target=\"_blank\" aria-label=\" (opens in a new tab)\" rel=\"noreferrer noopener\" class=\"ek-link\">Ley de Enjuiciamiento Criminal. Real Decreto 14Sep1882<\/a><\/li>\n\n\n\n<li>2.3. <a href=\"https:\/\/ccoo.app\/agrupacio-policialocal\/wp-content\/blogs.dir\/6\/files\/sites\/152\/2023\/09\/2-3--proteccio-seguretat-ciutadana--lo-4-2015--csc2.pdf\" target=\"_blank\" aria-label=\" (opens in a new tab)\" rel=\"noreferrer noopener\" class=\"ek-link\">Proteccio seguretat ciutadana. LO 4.2015<\/a><\/li>\n\n\n\n<li>2.4. <a href=\"https:\/\/ccoo.app\/agrupacio-policialocal\/wp-content\/blogs.dir\/6\/files\/sites\/152\/2023\/09\/2-4--alarma-excepcion-y-sitio--lo-4-1981--csc3.pdf\" target=\"_blank\" aria-label=\" (opens in a new tab)\" rel=\"noreferrer noopener\" class=\"ek-link\">Alarma, excepcion y sitio. LO 4.1981<\/a><\/li>\n\n\n\n<li>2.5. <a href=\"https:\/\/ccoo.app\/agrupacio-policialocal\/wp-content\/blogs.dir\/6\/files\/sites\/152\/2023\/09\/2-5--prodecimiento-habeas-corpus--lo-6-1984-cplc9.pdf\" class=\"ek-link\">Prodecimiento Habeas Corpus. LO <\/a><a href=\"https:\/\/ccoo.app\/agrupacio-policialocal\/wp-content\/blogs.dir\/6\/files\/sites\/152\/2023\/09\/2-5--prodecimiento-habeas-corpus--lo-6-1984-cplc9.pdf\" target=\"_blank\" aria-label=\"6 (opens in a new tab)\" rel=\"noreferrer noopener\" class=\"ek-link\">6<\/a><a href=\"https:\/\/ccoo.app\/agrupacio-policialocal\/wp-content\/blogs.dir\/6\/files\/sites\/152\/2023\/09\/2-5--prodecimiento-habeas-corpus--lo-6-1984-cplc9.pdf\" class=\"ek-link\">.1984<\/a><\/li>\n\n\n\n<li>2.6. <a href=\"https:\/\/ccoo.app\/agrupacio-policialocal\/wp-content\/blogs.dir\/6\/files\/sites\/152\/2023\/09\/2-6--tribunal-del-jurado--ley-organica-5-1995-cplc6.pdf\" class=\"ek-link\">Tribunal del Jurado. Ley Org\u00e1nica 5<\/a><a href=\"https:\/\/ccoo.app\/agrupacio-policialocal\/wp-content\/blogs.dir\/6\/files\/sites\/152\/2023\/09\/2-6--tribunal-del-jurado--ley-organica-5-1995-cplc6.pdf\" target=\"_blank\" aria-label=\". (opens in a new tab)\" rel=\"noreferrer noopener\" class=\"ek-link\">.<\/a><a href=\"https:\/\/ccoo.app\/agrupacio-policialocal\/wp-content\/blogs.dir\/6\/files\/sites\/152\/2023\/09\/2-6--tribunal-del-jurado--ley-organica-5-1995-cplc6.pdf\" class=\"ek-link\">1995<\/a><\/li>\n\n\n\n<li>2.7. <a href=\"https:\/\/ccoo.app\/agrupacio-policialocal\/wp-content\/blogs.dir\/6\/files\/sites\/152\/2023\/09\/2-7--menores--responsabilidad-penal-de-menores--lo--5-2000--cplc7.pdf\" target=\"_blank\" aria-label=\" (opens in a new tab)\" rel=\"noreferrer noopener\" class=\"ek-link\">Menores. Responsabilidad penal de menores. LO. 5.2000<\/a><\/li>\n\n\n\n<li>2.8. <a href=\"https:\/\/ccoo.app\/agrupacio-policialocal\/wp-content\/blogs.dir\/6\/files\/sites\/152\/2023\/09\/2-8--menores--reglamento-que-la-desarrolla-ley-anterior-cplc8.pdf\" target=\"_blank\" aria-label=\" (opens in a new tab)\" rel=\"noreferrer noopener\" class=\"ek-link\">Menores. Reglamento que la desarrolla ley anterior<\/a><\/li>\n\n\n\n<li>2.9. <a href=\"https:\/\/ccoo.app\/agrupacio-policialocal\/wp-content\/blogs.dir\/6\/files\/sites\/152\/2023\/09\/2-9--proteccion-de-testigos-y-peritos--lo-19-1984-cplc12.pdf\" target=\"_blank\" aria-label=\" (opens in a new tab)\" rel=\"noreferrer noopener\" class=\"ek-link\">Protecci\u00f3n de testigos y peritos. LO 19.1984<\/a><\/li>\n\n\n\n<li>2.10. <a href=\"https:\/\/ccoo.app\/agrupacio-policialocal\/wp-content\/blogs.dir\/6\/files\/sites\/152\/2023\/09\/2-10--viogen--medidas-de-proteccion-integral-contra-la-violencia-de-genero--lo-1-2004-cplc14.pdf\" target=\"_blank\" aria-label=\" (opens in a new tab)\" rel=\"noreferrer noopener\" class=\"ek-link\">VioGen. Medidas de Proteccion Integral contra la Violencia de G\u00e9nero. LO 1.2004<\/a><\/li>\n<\/ul>\n\n\n\n<p><\/p>\n<\/details>\n\n\n<div class=\"gb-container gb-container-8e1fdabc\">\n\n<p>3. Normativa de Tr\u00e0nsit i Seguretat Vial<\/p>\n\n<\/div>\n\n\n<details class=\"wp-block-details is-layout-flow wp-block-details-is-layout-flow\"><summary>Desplega<\/summary>\n<ul class=\"wp-block-list\">\n<li><a aria-label=\" (opens in a new tab)\" href=\"https:\/\/ccoo.app\/agrupacio-policialocal\/wp-content\/blogs.dir\/6\/files\/sites\/152\/2024\/02\/BOE-020_Codigo_de_Trafico_y_Seguridad_Vial.pdf\" target=\"_blank\" rel=\"noreferrer noopener\" class=\"ek-link\">3.0 Codi de Tr\u00e0nsit i Seguretat Vial <\/a>(Actualitzat a 1 de gener 2024)<\/li>\n\n\n\n<li><a aria-label=\"Ley sobre Tr\u00e1fico, Circulaci\u00f3n de Veh\u00edculos a Motor y Seguridad Vial (opens in a new tab)\" href=\"https:\/\/ccoo.app\/agrupacio-policialocal\/wp-content\/blogs.dir\/6\/files\/sites\/152\/2023\/08\/3-1--ley-trafico-circulacion-y-seguridad-vial--refundido--rd-legis--6-2015--ctsv1.pdf\" target=\"_blank\" rel=\"noreferrer noopener\" class=\"ek-link\">3.1 Ley sobre Tr\u00e1fico, Circulaci\u00f3n de Veh\u00edculos a Motor y Seguridad Vial<\/a><\/li>\n\n\n\n<li>3.2 <a aria-label=\"Reglamento General de Circulaci\u00f3n para la aplicaci\u00f3n y desarrollo del texto articulado de la Ley sobre tr\u00e1fico, circulaci\u00f3n de veh\u00edculos a motor y seguridad vial (opens in a new tab)\" href=\"https:\/\/ccoo.app\/agrupacio-policialocal\/wp-content\/blogs.dir\/6\/files\/sites\/152\/2023\/08\/3-2--reg--general-de-circulacion--rd-1428-2003--ctsv2.pdf\" target=\"_blank\" rel=\"noreferrer noopener\" class=\"ek-link\">Reglamento General de Circulaci\u00f3n para la aplicaci\u00f3n y desarrollo del texto articulado de la Ley sobre tr\u00e1fico, circulaci\u00f3n de veh\u00edculos a motor y seguridad vial<\/a><\/li>\n\n\n\n<li>3.3 <a href=\"https:\/\/ccoo.app\/agrupacio-policialocal\/wp-content\/blogs.dir\/6\/files\/sites\/152\/2023\/08\/3-3--servicios-auxilio-en-vias-publicas--rd-159-2021--ctsv8.pdf\" target=\"_blank\" aria-label=\"Servicios de auxilio en las v\u00edas p\u00fablicas (opens in a new tab)\" rel=\"noreferrer noopener\" class=\"ek-link\">Servicios de auxilio en las v\u00edas p\u00fablicas<\/a><\/li>\n\n\n\n<li>3.4 <a href=\"https:\/\/ccoo.app\/agrupacio-policialocal\/wp-content\/blogs.dir\/6\/files\/sites\/152\/2023\/08\/3-4--reg--general-de-conductores--rd-818-2009--ctsv9.pdf\" target=\"_blank\" aria-label=\"Reglamento General de Conductores (opens in a new tab)\" rel=\"noreferrer noopener\" class=\"ek-link\">Reglamento General de Conductores<\/a><\/li>\n\n\n\n<li>3.5 <a href=\"https:\/\/ccoo.app\/agrupacio-policialocal\/wp-content\/blogs.dir\/6\/files\/sites\/152\/2023\/08\/3-5--cursos-sensibilizacion-y-reeducacion--orden-int-2596-2005-ctsv12.pdf\" target=\"_blank\" aria-label=\"Cursos de sensibilizaci\u00f3n y reeducaci\u00f3n vial para los titulares de un permiso o licencia de conducci\u00f3n (opens in a new tab)\" rel=\"noreferrer noopener\" class=\"ek-link\">Cursos de sensibilizaci\u00f3n y reeducaci\u00f3n vial para los titulares de un permiso o licencia de conducci\u00f3n<\/a><\/li>\n\n\n\n<li>3.6 <a href=\"https:\/\/ccoo.app\/agrupacio-policialocal\/wp-content\/blogs.dir\/6\/files\/sites\/152\/2023\/08\/3-6--procedimiento-sancionador-materia-de-trafico--rd320-1994-ctsv14.pdf\" target=\"_blank\" aria-label=\"Reglamento de procedimiento sancionador en materia de tr\u00e1fico, circulaci\u00f3n de veh\u00edculos a motor y seguridad vial (opens in a new tab)\" rel=\"noreferrer noopener\" class=\"ek-link\">Reglamento de procedimiento sancionador en materia de tr\u00e1fico, circulaci\u00f3n de veh\u00edculos a motor y seguridad vial<\/a><\/li>\n\n\n\n<li>3.7 <a href=\"https:\/\/ccoo.app\/agrupacio-policialocal\/wp-content\/blogs.dir\/6\/files\/sites\/152\/2023\/08\/3-7--tablon-edictal-sanciones-de-trafico--orden-int-3022-2010-ctsv15.pdf\" target=\"_blank\" aria-label=\"Tabl\u00f3n Edictal de Sanciones de Tr\u00e1fico (opens in a new tab)\" rel=\"noreferrer noopener\" class=\"ek-link\">Tabl\u00f3n Edictal de Sanciones de Tr\u00e1fico<\/a><\/li>\n\n\n\n<li>3.8 <a href=\"https:\/\/ccoo.app\/agrupacio-policialocal\/wp-content\/blogs.dir\/6\/files\/sites\/152\/2023\/08\/3-8--resonsabilidad-civil-y-seguro--texto-refundido--rdl-8-2004-ctsv20.pdf\" target=\"_blank\" aria-label=\"Ley sobre responsabilidad civil y seguro en la circulaci\u00f3n de veh\u00edculos a motor (opens in a new tab)\" rel=\"noreferrer noopener\" class=\"ek-link\">Ley sobre responsabilidad civil y seguro en la circulaci\u00f3n de veh\u00edculos a motor<\/a><\/li>\n\n\n\n<li>3.9 <a href=\"https:\/\/ccoo.app\/agrupacio-policialocal\/wp-content\/blogs.dir\/6\/files\/sites\/152\/2023\/08\/3-9--reg--seguro-obligatorio-i-resp--civil--rd-1507-2008--ctsv21.pdf\" target=\"_blank\" aria-label=\"Reglamento del seguro obligatorio de responsabilidad civil en la circulaci\u00f3n de veh\u00edculos a motor (opens in a new tab)\" rel=\"noreferrer noopener\" class=\"ek-link\">Reglamento del seguro obligatorio de responsabilidad civil en la circulaci\u00f3n de veh\u00edculos a motor<\/a><\/li>\n\n\n\n<li>3.10 <a href=\"https:\/\/ccoo.app\/agrupacio-policialocal\/wp-content\/blogs.dir\/6\/files\/sites\/152\/2023\/08\/3-10--reg--general-de-vehiculos--rd-2822-1998-ctsv22.pdf\" target=\"_blank\" aria-label=\"Reglamento General de Veh\u00edculos (opens in a new tab)\" rel=\"noreferrer noopener\" class=\"ek-link\">Reglamento General de Veh\u00edculos<\/a><\/li>\n\n\n\n<li>3.11 <a href=\"https:\/\/ccoo.app\/agrupacio-policialocal\/wp-content\/blogs.dir\/6\/files\/sites\/152\/2023\/08\/3-11--reg--vehiculos-historicos-rd-1247-1995-ctsv23.pdf\" target=\"_blank\" aria-label=\"Reglamento de Veh\u00edculos Hist\u00f3ricos (opens in a new tab)\" rel=\"noreferrer noopener\" class=\"ek-link\">Reglamento de Veh\u00edculos Hist\u00f3ricos<\/a><\/li>\n\n\n\n<li>3.12 <a aria-label=\"procedimientos de homologaci\u00f3n de veh\u00edculos de motor y sus remolques, m\u00e1quinas autopropulsadas o remolcadas, veh\u00edculos agr\u00edcolas, as\u00ed como de sistemas, partes y piezas de dichos veh\u00edculos (opens in a new tab)\" href=\"https:\/\/ccoo.app\/agrupacio-policialocal\/wp-content\/blogs.dir\/6\/files\/sites\/152\/2023\/08\/3-12--procedimiento-homologacion-vehiculos-a-motor-remolques--rd750-2010-ctsv26.pdf\" target=\"_blank\" rel=\"noreferrer noopener\" class=\"ek-link\">Procedimientos de homologaci\u00f3n de veh\u00edculos de motor y sus remolques, m\u00e1quinas autopropulsadas o remolcadas, veh\u00edculos agr\u00edcolas, as\u00ed como de sistemas, partes y piezas de dichos veh\u00edculos<\/a><\/li>\n\n\n\n<li>3.13 <a href=\"https:\/\/ccoo.app\/agrupacio-policialocal\/wp-content\/blogs.dir\/6\/files\/sites\/152\/2023\/08\/3-13--tramitacion-reformas-vehiculos--rd-866-2010-ctsv27.pdf\" target=\"_blank\" aria-label=\"Tramitaci\u00f3n de las reformas de veh\u00edculos (opens in a new tab)\" rel=\"noreferrer noopener\" class=\"ek-link\">Tramitaci\u00f3n de las reformas de veh\u00edculos<\/a><\/li>\n\n\n\n<li>3.14 <a aria-label=\"inspecci\u00f3n t\u00e9cnica de veh\u00edculos (opens in a new tab)\" href=\"https:\/\/ccoo.app\/agrupacio-policialocal\/wp-content\/blogs.dir\/6\/files\/sites\/152\/2023\/08\/3-14--inspeccion-tecnica-de-vehiculos--rd-920-2017-ctsv28.pdf\" target=\"_blank\" rel=\"noreferrer noopener\" class=\"ek-link\">inspecci\u00f3n t\u00e9cnica de veh\u00edculos<\/a><\/li>\n<\/ul>\n<\/details>\n\n\n<div class=\"gb-container gb-container-7b693013\">\n\n<p>4. Normativa d&#8217;Armes i Explosius<\/p>\n\n<\/div>\n\n\n<details class=\"wp-block-details is-layout-flow wp-block-details-is-layout-flow\"><summary>Desplega<\/summary>\n<ul class=\"wp-block-list\">\n<li><a aria-label=\"4.1. Reglamento de armas (parcial). RD 137.1993. (CSC5) (opens in a new tab)\" href=\"https:\/\/ccoo.app\/agrupacio-policialocal\/wp-content\/blogs.dir\/6\/files\/sites\/152\/2023\/09\/4-1--reglamento-de-armas-parcial--rd-137-1993--csc5.pdf\" target=\"_blank\" rel=\"noreferrer noopener\" class=\"ek-link\">4.1. Reglamento de armas (parcial). RD 137.1993<\/a><\/li>\n\n\n\n<li>4.2. <a href=\"https:\/\/ccoo.app\/agrupacio-policialocal\/wp-content\/blogs.dir\/6\/files\/sites\/152\/2023\/09\/4-2--reglamento-de-explosivos-parcial--rd-130-2917--csc6.pdf\" target=\"_blank\" aria-label=\" (opens in a new tab)\" rel=\"noreferrer noopener\" class=\"ek-link\">Reglamento de explosivos (parcial). RD 130.2917<\/a><\/li>\n<\/ul>\n<\/details>\n\n\n<div class=\"gb-container gb-container-bac0cf46\">\n\n<p>5. Normativa d&#8217;Espectacles P\u00fablics<\/p>\n\n<\/div>\n\n\n<details class=\"wp-block-details is-layout-flow wp-block-details-is-layout-flow\"><summary>Desplega<\/summary>\n<ul class=\"wp-block-list\">\n<li><a aria-label=\"5.1. Contra la violencia, el racismo, la xenofobia y la intolerancia en el deporte. Ley 19.2007. (CSC8) (opens in a new tab)\" href=\"https:\/\/ccoo.app\/agrupacio-policialocal\/wp-content\/blogs.dir\/6\/files\/sites\/152\/2023\/09\/5-1--contra-la-violencia-el-racismo-la-xenofobia-y-la-intolerancia-en-el-deporte--ley-19-2007--csc8.pdf\" target=\"_blank\" rel=\"noreferrer noopener\" class=\"ek-link\">5.1. Contra la violencia, el racismo, la xenofobia y la intolerancia en el deporte. Ley 19.2007<\/a><\/li>\n\n\n\n<li>5.2. <a href=\"https:\/\/ccoo.app\/agrupacio-policialocal\/wp-content\/blogs.dir\/6\/files\/sites\/152\/2023\/09\/5-2--reglamento-prevencion-violencia---en-el-deporte--rd-203-2010--csc9.pdf\" target=\"_blank\" aria-label=\" (opens in a new tab)\" rel=\"noreferrer noopener\" class=\"ek-link\">Reglamento prevencion violencia (\u2026) en el deporte. RD 203.2010<\/a><\/li>\n<\/ul>\n<\/details>\n\n\n<div class=\"gb-container gb-container-2b3938aa\">\n\n<p>6. Normativa d&#8217;Administraci\u00f3 Local<\/p>\n\n<\/div>\n\n\n<details class=\"wp-block-details is-layout-flow wp-block-details-is-layout-flow\"><summary>Desplega<\/summary>\n<ul class=\"wp-block-list\">\n<li><a href=\"https:\/\/ccoo.app\/agrupacio-policialocal\/wp-content\/blogs.dir\/6\/files\/sites\/152\/2023\/09\/6-1--bases-regimen-local--ley-7-1985--crl2.pdf\" target=\"_blank\" aria-label=\"6.1. Bases Regimen Local. Ley 7.1985 (opens in a new tab)\" rel=\"noreferrer noopener\" class=\"ek-link\">6.1. Bases Regimen Local. Ley 7.1985<\/a><\/li>\n\n\n\n<li>6.2. <a href=\"https:\/\/ccoo.app\/agrupacio-policialocal\/wp-content\/blogs.dir\/6\/files\/sites\/152\/2023\/09\/6-2--texto-refundido-disposiciones-regimen-local--rd-legislativo-781-1986--crl3-1.pdf\" class=\"ek-link\">Texto refundido disposiciones Regimen local. RD Legislat<\/a><a href=\"https:\/\/ccoo.app\/agrupacio-policialocal\/wp-content\/blogs.dir\/6\/files\/sites\/152\/2023\/09\/6-2--texto-refundido-disposiciones-regimen-local--rd-legislativo-781-1986--crl3-1.pdf\" target=\"_blank\" aria-label=\"i (opens in a new tab)\" rel=\"noreferrer noopener\" class=\"ek-link\">i<\/a><a href=\"https:\/\/ccoo.app\/agrupacio-policialocal\/wp-content\/blogs.dir\/6\/files\/sites\/152\/2023\/09\/6-2--texto-refundido-disposiciones-regimen-local--rd-legislativo-781-1986--crl3-1.pdf\" class=\"ek-link\">vo <\/a><a href=\"https:\/\/ccoo.app\/agrupacio-policialocal\/wp-content\/blogs.dir\/6\/files\/sites\/152\/2023\/09\/6-2--texto-refundido-disposiciones-regimen-local--rd-legislativo-781-1986--crl3-1.pdf\" target=\"_blank\" aria-label=\"7 (opens in a new tab)\" rel=\"noreferrer noopener\" class=\"ek-link\">7<\/a><a href=\"https:\/\/ccoo.app\/agrupacio-policialocal\/wp-content\/blogs.dir\/6\/files\/sites\/152\/2023\/09\/6-2--texto-refundido-disposiciones-regimen-local--rd-legislativo-781-1986--crl3-1.pdf\" class=\"ek-link\">81<\/a><a href=\"https:\/\/ccoo.app\/agrupacio-policialocal\/wp-content\/blogs.dir\/6\/files\/sites\/152\/2023\/09\/6-2--texto-refundido-disposiciones-regimen-local--rd-legislativo-781-1986--crl3-1.pdf\" target=\"_blank\" aria-label=\". (opens in a new tab)\" rel=\"noreferrer noopener\" class=\"ek-link\">.<\/a><a href=\"https:\/\/ccoo.app\/agrupacio-policialocal\/wp-content\/blogs.dir\/6\/files\/sites\/152\/2023\/09\/6-2--texto-refundido-disposiciones-regimen-local--rd-legislativo-781-1986--crl3-1.pdf\" class=\"ek-link\">1986<\/a><\/li>\n\n\n\n<li>6.3. <a href=\"https:\/\/ccoo.app\/agrupacio-policialocal\/wp-content\/blogs.dir\/6\/files\/sites\/152\/2023\/09\/6-3--reglamento-organizacion-funcionamiento-y-regimen-juridico-de-las-entidades-locales--rd-2568-1986--crl5.pdf\" target=\"_blank\" aria-label=\" (opens in a new tab)\" rel=\"noreferrer noopener\" class=\"ek-link\">Reglamento Organizacion, Funcionamiento y Regimen Juridico de las Entidades Locales. RD 2568.1986<\/a><\/li>\n\n\n\n<li>6.4. <a href=\"https:\/\/ccoo.app\/agrupacio-policialocal\/wp-content\/blogs.dir\/6\/files\/sites\/152\/2023\/09\/6-4--regimen-de-las-retribuciones-de-funcionarios-de-la-administracion-local--rd-861-1986--crl15.pdf\" target=\"_blank\" aria-label=\" (opens in a new tab)\" rel=\"noreferrer noopener\" class=\"ek-link\">Regimen de las retribuciones de funcionarios de la Administracion Local. RD 861.1986<\/a><\/li>\n\n\n\n<li>6.5. <a href=\"https:\/\/ccoo.app\/agrupacio-policialocal\/wp-content\/blogs.dir\/6\/files\/sites\/152\/2023\/09\/6-5--reglas-basicas-procedimiento-seleccion-funcionarios-administracion-local--rd-896-1991--crl16.pdf\" target=\"_blank\" aria-label=\" (opens in a new tab)\" rel=\"noreferrer noopener\" class=\"ek-link\">Reglas b\u00e1sicas procedimiento seleccion funcionarios Administracion Local. RD 896.1991<\/a><\/li>\n\n\n\n<li>6.6. <a href=\"https:\/\/ccoo.app\/agrupacio-policialocal\/wp-content\/blogs.dir\/6\/files\/sites\/152\/2023\/09\/6-6--estructura-de-los-presupuestos-de-las-entidades-locales--orden-eha-3565-2008--crl27.pdf\" target=\"_blank\" aria-label=\" (opens in a new tab)\" rel=\"noreferrer noopener\" class=\"ek-link\">Estructura de los presupuestos de las entidades locales. Orden EHA.3565.2008<\/a><\/li>\n<\/ul>\n<\/details>\n","protected":false},"excerpt":{"rendered":"<p>1. Normativa General Policial 2. Normativa de Seguretat Ciutadana 3. Normativa de Tr\u00e0nsit i Seguretat Vial 4. Normativa d&#8217;Armes i Explosius 5. Normativa d&#8217;Espectacles P\u00fablics 6. Normativa d&#8217;Administraci\u00f3 Local<\/p>\n","protected":false},"author":4063,"featured_media":0,"parent":0,"menu_order":0,"comment_status":"closed","ping_status":"closed","template":"","meta":{"footnotes":""},"class_list":["post-511","page","type-page","status-publish"],"_links":{"self":[{"href":"https:\/\/ccoo.app\/agrupacio-policialocal\/wp-json\/wp\/v2\/pages\/511","targetHints":{"allow":["GET"]}}],"collection":[{"href":"https:\/\/ccoo.app\/agrupacio-policialocal\/wp-json\/wp\/v2\/pages"}],"about":[{"href":"https:\/\/ccoo.app\/agrupacio-policialocal\/wp-json\/wp\/v2\/types\/page"}],"author":[{"embeddable":true,"href":"https:\/\/ccoo.app\/agrupacio-policialocal\/wp-json\/wp\/v2\/users\/4063"}],"replies":[{"embeddable":true,"href":"https:\/\/ccoo.app\/agrupacio-policialocal\/wp-json\/wp\/v2\/comments?post=511"}],"version-history":[{"count":4,"href":"https:\/\/ccoo.app\/agrupacio-policialocal\/wp-json\/wp\/v2\/pages\/511\/revisions"}],"predecessor-version":[{"id":3462,"href":"https:\/\/ccoo.app\/agrupacio-policialocal\/wp-json\/wp\/v2\/pages\/511\/revisions\/3462"}],"wp:attachment":[{"href":"https:\/\/ccoo.app\/agrupacio-policialocal\/wp-json\/wp\/v2\/media?parent=511"}],"curies":[{"name":"wp","href":"https:\/\/api.w.org\/{rel}","templated":true}]}}