{"id":404,"date":"2018-02-14T10:08:48","date_gmt":"2018-02-14T09:08:48","guid":{"rendered":"http:\/\/agrupacio-policialocal.ccoo.cat\/?page_id=404"},"modified":"2018-02-14T10:08:48","modified_gmt":"2018-02-14T09:08:48","slug":"documents","status":"publish","type":"page","link":"https:\/\/ccoo.app\/agrupacio-policialocal\/documents\/","title":{"rendered":"Documents"},"content":{"rendered":"<div id=\"pl-404\" class=\"panel-layout\">\n<div id=\"pg-404-0\" class=\"panel-grid panel-no-style\">\n<div id=\"pgc-404-0-0\" class=\"panel-grid-cell\">\n<div id=\"panel-404-0-0-0\" class=\"so-panel widget widget_sow-editor panel-first-child panel-last-child\">\n<div class=\"so-widget-sow-editor so-widget-sow-editor-base\">\n<h3 class=\"widget-title\">Centre d&#8217;Estudis i Recerca Sindical<\/h3>\n<div class=\"siteorigin-widget-tinymce textwidget\">\n<p><img loading=\"lazy\" decoding=\"async\" class=\" wp-image-915 alignleft\" src=\"https:\/\/ccoo.app\/agrupacio-policialocal\/wp-content\/blogs.dir\/6\/files\/sites\/152\/2019\/08\/ceres_e_80.jpg\" alt=\"\" width=\"101\" height=\"98\" \/>\u00a0El\u00a0<strong>Centre d&#8217;Estudis i Recerca Sindicals (CERES)<\/strong>\u00a0\u00e9s un associaci\u00f3 interdisciplinar d&#8217;estudis, investigacions i assessorament en mat\u00e8ries com l&#8217;economia, el dret laboral i la sociologia del treball.<\/p>\n<p>El CERES est\u00e0 integrat per Lloren\u00e7 Serrano (Responsable del CERES), Dani Garrell (soci\u00f2leg) i David Monsergas (bibliotecari-documentalista). Actualment, la seva responsable sindical \u00e9s Dolors Llobet i Maria,\u00a0Secret\u00e0ria d&#8217;Afiliaci\u00f3, Estudis i Coordinaci\u00f3 dels \u00d2rgans de Direcci\u00f3 de CCOO de Catalunya.<\/p>\n<p>Visita la seva p\u00e0gina web del <a href=\"https:\/\/www.ccoo.cat\/ceres\/index.aspx\" target=\"_blank\" rel=\"noopener noreferrer\">CERES<\/a>.<\/p>\n<hr \/>\n<h3>Manual d&#8217;aplicaci\u00f3 policial<br \/>\n<span id=\"ctl00_ContentPlaceHolder1_noticia1_lbSotstitular\"><\/span><\/h3>\n<h3><img loading=\"lazy\" decoding=\"async\" class=\"size-full wp-image-1052 alignleft\" src=\"https:\/\/ccoo.app\/agrupacio-policialocal\/wp-content\/blogs.dir\/6\/files\/sites\/152\/2020\/01\/manual_aplicacio_policial_.png\" alt=\"\" width=\"225\" height=\"300\" \/><\/h3>\n<p><strong><span id=\"ctl00_ContentPlaceHolder1_noticia1_lbSotstitular\">Manual d&#8217;intervenci\u00f3 operativa policial en aplicaci\u00f3 de la Llei org\u00e0nica 4\/2015, de protecci\u00f3 de la seguretat ciutadana<\/span><\/strong><\/p>\n<p>La reforma del Codi penal i la mateixa llei de seguretat ciutadana introdueixen modificacions importants. El que hauria de ser un text clarificador de les conductes tipificades de vegades es converteix en un text ambigu, sobretot per a aquells que comencen al m\u00f3n policial. La multitud de conceptes que aglutinen ambdues normes dificulten encara m\u00e9s la interpretaci\u00f3, i tant la doctrina com la jurisprud\u00e8ncia ens poden ajudar a resoldre&#8217;ls.<\/p>\n<p>Aquest manual policial pret\u00e9n ser una ajuda per a tots els agents de policia, independentment del cos policial on es trobin. Per fer-ho, s&#8217;han incorporat exemples jur\u00eddics que s&#8217;han anat afegint en el dia a dia dels tribunals i que ens podran ser de gran ajuda per a aquelles actuacions policials que, encara que s&#8217;apliqui el text literal del Codi penal o de la Llei de seguretat ciutadana, no quedin del tot resolts.<\/p>\n<p>&#8211;\u00a0<a href=\"https:\/\/www.ccoo.cat\/pdf_documents\/2016\/manual_aplicacio_policial.pdf\" target=\"_blank\" rel=\"noopener noreferrer\">Manual d&#8217;intervenci\u00f3 operativa policial en aplicaci\u00f3 de la Llei de protecci\u00f3 de la seguretat ciutadana<\/a>\u00a0(en catal\u00e0)<br \/>\n&#8211;\u00a0<a href=\"https:\/\/www.ccoo.cat\/pdf_documents\/2016\/manual_aplicacion_policial.pdf\" target=\"_blank\" rel=\"noopener noreferrer\">Manual de intervenci\u00f3n operativa policial en aplicaci\u00f3n de la Ley de Protecci\u00f3n de la Seguridad Ciudadana<\/a>\u00a0(en castell\u00e0)<\/p>\n<hr \/>\n<p>&nbsp;<\/p>\n<\/div>\n<\/div>\n<\/div>\n<\/div>\n<\/div>\n<\/div>\n","protected":false},"excerpt":{"rendered":"<p>Centre d&#8217;Estudis i Recerca Sindical \u00a0El\u00a0Centre d&#8217;Estudis i Recerca Sindicals (CERES)\u00a0\u00e9s un associaci\u00f3 interdisciplinar d&#8217;estudis, investigacions i assessorament en mat\u00e8ries com l&#8217;economia, el dret laboral i la sociologia del treball. &#8230; <a title=\"Documents\" class=\"read-more\" href=\"https:\/\/ccoo.app\/agrupacio-policialocal\/documents\/\" aria-label=\"Leer m\u00e1s sobre Documents\">Leer m\u00e1s<\/a><\/p>\n","protected":false},"author":4063,"featured_media":0,"parent":0,"menu_order":0,"comment_status":"closed","ping_status":"closed","template":"","meta":{"footnotes":""},"class_list":["post-404","page","type-page","status-publish"],"_links":{"self":[{"href":"https:\/\/ccoo.app\/agrupacio-policialocal\/wp-json\/wp\/v2\/pages\/404","targetHints":{"allow":["GET"]}}],"collection":[{"href":"https:\/\/ccoo.app\/agrupacio-policialocal\/wp-json\/wp\/v2\/pages"}],"about":[{"href":"https:\/\/ccoo.app\/agrupacio-policialocal\/wp-json\/wp\/v2\/types\/page"}],"author":[{"embeddable":true,"href":"https:\/\/ccoo.app\/agrupacio-policialocal\/wp-json\/wp\/v2\/users\/4063"}],"replies":[{"embeddable":true,"href":"https:\/\/ccoo.app\/agrupacio-policialocal\/wp-json\/wp\/v2\/comments?post=404"}],"version-history":[{"count":0,"href":"https:\/\/ccoo.app\/agrupacio-policialocal\/wp-json\/wp\/v2\/pages\/404\/revisions"}],"wp:attachment":[{"href":"https:\/\/ccoo.app\/agrupacio-policialocal\/wp-json\/wp\/v2\/media?parent=404"}],"curies":[{"name":"wp","href":"https:\/\/api.w.org\/{rel}","templated":true}]}}