{"id":3490,"date":"2024-05-10T10:45:39","date_gmt":"2024-05-10T08:45:39","guid":{"rendered":"https:\/\/ccoo.app\/agrupacio-policialocal\/?page_id=3490"},"modified":"2025-03-10T13:00:29","modified_gmt":"2025-03-10T12:00:29","slug":"asseguranca-nomina","status":"publish","type":"page","link":"https:\/\/ccoo.app\/agrupacio-policialocal\/asseguranca-nomina\/","title":{"rendered":"Asseguran\u00e7a n\u00f2mina 2025"},"content":{"rendered":"\n<h2 class=\"wp-block-heading\">Asseguran\u00e7a de defensa jur\u00eddica ARAG<\/h2>\n\n\n\n<figure class=\"wp-block-image size-full is-resized\"><img loading=\"lazy\" decoding=\"async\" width=\"224\" height=\"224\" src=\"https:\/\/ccoo.app\/agrupacio-policialocal\/wp-content\/blogs.dir\/6\/files\/sites\/152\/2024\/05\/ARAG.jpg\" alt=\"\" class=\"wp-image-3492\" style=\"width:131px;height:auto\" srcset=\"https:\/\/ccoo.app\/agrupacio-policialocal\/wp-content\/blogs.dir\/6\/files\/sites\/152\/2024\/05\/ARAG.jpg 224w, https:\/\/ccoo.app\/agrupacio-policialocal\/wp-content\/blogs.dir\/6\/files\/sites\/152\/2024\/05\/ARAG-150x150.jpg 150w\" sizes=\"auto, (max-width: 224px) 100vw, 224px\" \/><\/figure>\n\n\n\n<h3 class=\"wp-block-heading\">En qu\u00e8 consisteix aquest tipus d&#8217;asseguran\u00e7a?<\/h3>\n\n\n\n<p>Prestar als assegurats els serveis d&#8217;assist\u00e8ncia extrajudicial i a fer-se c\u00e0rrec de les despeses en qu\u00e8 puguin inc\u00f3rrer els mateixos, a conseq\u00fc\u00e8ncia de la seva intervenci\u00f3 en un procediment judicial, administratiu, arbitral o mediaci\u00f3, derivats de la cobertura de l&#8217;asseguran\u00e7a. Tamb\u00e9 pot ser objecte de l&#8217;asseguran\u00e7a la prestaci\u00f3 de determinats serveis o el pagament d&#8217;aquests, relacionats amb les cobertures de la p\u00f2lissa.<\/p>\n\n\n\n<h3 class=\"wp-block-heading\">Qu\u00e8 s&#8217;assegura?<\/h3>\n\n\n\n<ul class=\"wp-block-list\">\n<li>Assist\u00e8ncia Jur\u00eddica Telef\u00f2nica<\/li>\n\n\n\n<li>Defensa Responsabilitat Penal<\/li>\n\n\n\n<li>Reclamaci\u00f3 extracontractual de danys corporals<\/li>\n\n\n\n<li>Subsidi per suspensi\u00f3 temporal d&#8217;ocupaci\u00f3 i sou.<\/li>\n<\/ul>\n\n\n\n<h3 class=\"wp-block-heading\">Quina \u00e9s la suma assegurada?<\/h3>\n\n\n\n<ul class=\"wp-block-list\">\n<li>Suma assegurat defensa jur\u00eddica: 6.000\u20ac (Lletrat de lliure elecci\u00f3 3.000 euros).<\/li>\n\n\n\n<li>Subsidi: 2.400 euros mes m\u00e0xim 12 mesos<\/li>\n<\/ul>\n\n\n\n<h3 class=\"wp-block-heading\">Quins costos s&#8217;assumeixen?<\/h3>\n\n\n\n<ul class=\"wp-block-list\">\n<li>Les taxes, drets i costes judicials derivades de la tramitaci\u00f3 dels procediments coberts.<\/li>\n\n\n\n<li>Els honoraris de professionals intervinents (advocats, perits, procuradors)<\/li>\n\n\n\n<li>Despeses notarials i d&#8217;atorgament de poders<\/li>\n\n\n\n<li>Constituci\u00f3 de fiances.<\/li>\n<\/ul>\n\n\n\n<h3 class=\"wp-block-heading\">Qu\u00e8 no est\u00e0 assegurat?<\/h3>\n\n\n\n<ul class=\"wp-block-list\">\n<li>Les indemnitzacions i els seus interessos, les multes i les sancions que se li imposin a l&#8217;assegurat.<\/li>\n\n\n\n<li>Els impostos i altres pagaments de car\u00e0cter fiscal.<\/li>\n\n\n\n<li>Les despeses procedents d&#8217;una acumulaci\u00f3 o reconvenci\u00f3 judicial referida a mat\u00e8ries no compreses en les garanties de l&#8217;asseguran\u00e7a.<\/li>\n<\/ul>\n\n\n\n<div class=\"wp-block-buttons is-layout-flex wp-block-buttons-is-layout-flex\">\n<div class=\"wp-block-button\"><a class=\"wp-block-button__link wp-element-button\" href=\"https:\/\/ccoo.app\/agrupacio-policialocal\/wp-content\/blogs.dir\/6\/files\/sites\/152\/2025\/03\/B.-Hoja-Seguro-Defensa-Juridica.pdf\" target=\"_blank\" rel=\"noreferrer noopener\">M\u00e9s informaci\u00f3<\/a><\/div>\n<\/div>\n\n\n\n<h3 class=\"wp-block-heading\">Pots descarregar la fitxa de recollida de dades aqu\u00ed:<\/h3>\n\n\n\n<div class=\"wp-block-buttons is-layout-flex wp-block-buttons-is-layout-flex\">\n<div class=\"wp-block-button\"><a class=\"wp-block-button__link wp-element-button\" href=\"https:\/\/ccoo.app\/agrupacio-policialocal\/wp-content\/blogs.dir\/6\/files\/sites\/152\/2025\/03\/A.-Recogida-datos.pdf\" target=\"_blank\" rel=\"noreferrer noopener\">  Fitxa de dades   <\/a><\/div>\n<\/div>\n\n\n\n<h3 class=\"wp-block-heading\">Coneix l&#8217;asseguran\u00e7a detalladament aqu\u00ed:<\/h3>\n\n\n\n<div class=\"wp-block-buttons is-layout-flex wp-block-buttons-is-layout-flex\">\n<div class=\"wp-block-button\"><a class=\"wp-block-button__link wp-element-button\" href=\"https:\/\/ccoo.app\/agrupacio-policialocal\/wp-content\/blogs.dir\/6\/files\/sites\/152\/2025\/03\/C.-Seguro-Defensa-Juridica.pdf\" target=\"_blank\" rel=\"noreferrer noopener\">Condicions generals<\/a><\/div>\n<\/div>\n\n\n\n<p><strong>Llistat de tel\u00e8fons d&#8217;Atlantis a tot el territori i correu electr\u00f2nic aqu\u00ed:<\/strong><\/p>\n\n\n\n<a class=\"gb-button gb-button-71962d92 gb-button-text\" href=\"https:\/\/ccoo.app\/agrupacio-policialocal\/wp-content\/blogs.dir\/6\/files\/sites\/152\/2024\/05\/OFICINES-ATLANTIS-CATALUNYA.pdf\">Llistat tel\u00e8fons  Atlantis<\/a>\n","protected":false},"excerpt":{"rendered":"<p>Asseguran\u00e7a de defensa jur\u00eddica ARAG En qu\u00e8 consisteix aquest tipus d&#8217;asseguran\u00e7a? Prestar als assegurats els serveis d&#8217;assist\u00e8ncia extrajudicial i a fer-se c\u00e0rrec de les despeses en qu\u00e8 puguin inc\u00f3rrer els &#8230; <a title=\"Asseguran\u00e7a n\u00f2mina 2025\" class=\"read-more\" href=\"https:\/\/ccoo.app\/agrupacio-policialocal\/asseguranca-nomina\/\" aria-label=\"Leer m\u00e1s sobre Asseguran\u00e7a n\u00f2mina 2025\">Leer m\u00e1s<\/a><\/p>\n","protected":false},"author":4519,"featured_media":0,"parent":0,"menu_order":0,"comment_status":"closed","ping_status":"closed","template":"","meta":{"footnotes":""},"class_list":["post-3490","page","type-page","status-publish"],"_links":{"self":[{"href":"https:\/\/ccoo.app\/agrupacio-policialocal\/wp-json\/wp\/v2\/pages\/3490","targetHints":{"allow":["GET"]}}],"collection":[{"href":"https:\/\/ccoo.app\/agrupacio-policialocal\/wp-json\/wp\/v2\/pages"}],"about":[{"href":"https:\/\/ccoo.app\/agrupacio-policialocal\/wp-json\/wp\/v2\/types\/page"}],"author":[{"embeddable":true,"href":"https:\/\/ccoo.app\/agrupacio-policialocal\/wp-json\/wp\/v2\/users\/4519"}],"replies":[{"embeddable":true,"href":"https:\/\/ccoo.app\/agrupacio-policialocal\/wp-json\/wp\/v2\/comments?post=3490"}],"version-history":[{"count":5,"href":"https:\/\/ccoo.app\/agrupacio-policialocal\/wp-json\/wp\/v2\/pages\/3490\/revisions"}],"predecessor-version":[{"id":3562,"href":"https:\/\/ccoo.app\/agrupacio-policialocal\/wp-json\/wp\/v2\/pages\/3490\/revisions\/3562"}],"wp:attachment":[{"href":"https:\/\/ccoo.app\/agrupacio-policialocal\/wp-json\/wp\/v2\/media?parent=3490"}],"curies":[{"name":"wp","href":"https:\/\/api.w.org\/{rel}","templated":true}]}}