{"id":1133,"date":"2020-05-04T05:51:56","date_gmt":"2020-05-04T03:51:56","guid":{"rendered":"http:\/\/agrupacio-policialocal.ccoo.cat\/?page_id=1133"},"modified":"2022-03-28T12:20:50","modified_gmt":"2022-03-28T10:20:50","slug":"missio","status":"publish","type":"page","link":"https:\/\/ccoo.app\/agrupacio-policialocal\/missio\/","title":{"rendered":"Missi\u00f3 de l&#8217;APL"},"content":{"rendered":"<p><img loading=\"lazy\" decoding=\"async\" class=\" wp-image-897 alignright\" src=\"https:\/\/ccoo.app\/agrupacio-policialocal\/wp-content\/blogs.dir\/6\/files\/sites\/152\/2019\/08\/logo-agrupacio_300.jpg\" alt=\"\" width=\"330\" height=\"330\" srcset=\"https:\/\/ccoo.app\/agrupacio-policialocal\/wp-content\/blogs.dir\/6\/files\/sites\/152\/2019\/08\/logo-agrupacio_300.jpg 300w, https:\/\/ccoo.app\/agrupacio-policialocal\/wp-content\/blogs.dir\/6\/files\/sites\/152\/2019\/08\/logo-agrupacio_300-150x150.jpg 150w\" sizes=\"auto, (max-width: 330px) 100vw, 330px\" \/><\/p>\n<p>L\u2019Agrupaci\u00f3 de Policies Locals de Catalunya, com a part integrant de CCOO, un sindicat de classe amb una clara identificaci\u00f3 socio-pol\u00edtica, volem defensar els drets col\u00b7lectius, fomentar la participaci\u00f3 de les nostres afiliades i afiliats i ens comprometem a ser transparents, \u00e8tics i a traslladar tota la informaci\u00f3 a totes i a tots els nostres integrants.<\/p>\n<p>Tamb\u00e9 lluitarem per la igualtat entre dones i homes, la millora de la qualitat de vida i una major just\u00edcia social.<\/p>\n<p>Lluitarem per aconseguir m\u00e9s afiliaci\u00f3, ja que aquesta \u00e9s la nostra for\u00e7a i ens ha fet ser el que som avui en dia, el sindicat majoritari a Catalunya.<\/p>\n<p>En especial lluitarem pels Policies Locals i Vigilants de Catalunya, entenent la particularitat de la nostra feina i el nostre territori, no entrant en q\u00fcestions pol\u00edtiques, ja que aquesta no \u00e9s la nostra feina.<\/p>\n<p>Aix\u00ed mateix defensarem als gu\u00e0rdies, vigilants, agents, agutzils o similars com a membres del nostre col\u00b7lectiu per aconseguir que tinguin els mateixos drets i deures.<\/p>\n","protected":false},"excerpt":{"rendered":"<p>L\u2019Agrupaci\u00f3 de Policies Locals de Catalunya, com a part integrant de CCOO, un sindicat de classe amb una clara identificaci\u00f3 socio-pol\u00edtica, volem defensar els drets col\u00b7lectius, fomentar la participaci\u00f3 de &#8230; <a title=\"Missi\u00f3 de l&#8217;APL\" class=\"read-more\" href=\"https:\/\/ccoo.app\/agrupacio-policialocal\/missio\/\" aria-label=\"Leer m\u00e1s sobre Missi\u00f3 de l&#8217;APL\">Leer m\u00e1s<\/a><\/p>\n","protected":false},"author":5301,"featured_media":0,"parent":0,"menu_order":0,"comment_status":"closed","ping_status":"closed","template":"","meta":{"footnotes":""},"class_list":["post-1133","page","type-page","status-publish"],"_links":{"self":[{"href":"https:\/\/ccoo.app\/agrupacio-policialocal\/wp-json\/wp\/v2\/pages\/1133","targetHints":{"allow":["GET"]}}],"collection":[{"href":"https:\/\/ccoo.app\/agrupacio-policialocal\/wp-json\/wp\/v2\/pages"}],"about":[{"href":"https:\/\/ccoo.app\/agrupacio-policialocal\/wp-json\/wp\/v2\/types\/page"}],"author":[{"embeddable":true,"href":"https:\/\/ccoo.app\/agrupacio-policialocal\/wp-json\/wp\/v2\/users\/5301"}],"replies":[{"embeddable":true,"href":"https:\/\/ccoo.app\/agrupacio-policialocal\/wp-json\/wp\/v2\/comments?post=1133"}],"version-history":[{"count":1,"href":"https:\/\/ccoo.app\/agrupacio-policialocal\/wp-json\/wp\/v2\/pages\/1133\/revisions"}],"predecessor-version":[{"id":3086,"href":"https:\/\/ccoo.app\/agrupacio-policialocal\/wp-json\/wp\/v2\/pages\/1133\/revisions\/3086"}],"wp:attachment":[{"href":"https:\/\/ccoo.app\/agrupacio-policialocal\/wp-json\/wp\/v2\/media?parent=1133"}],"curies":[{"name":"wp","href":"https:\/\/api.w.org\/{rel}","templated":true}]}}