{"id":1113,"date":"2020-05-03T21:00:28","date_gmt":"2020-05-03T19:00:28","guid":{"rendered":"http:\/\/agrupacio-policialocal.ccoo.cat\/?page_id=1113"},"modified":"2026-02-26T16:09:19","modified_gmt":"2026-02-26T15:09:19","slug":"qui-som","status":"publish","type":"page","link":"https:\/\/ccoo.app\/agrupacio-policialocal\/qui-som\/","title":{"rendered":"Organigrama APL"},"content":{"rendered":"\n<p><\/p>\n\n\n\n<div class=\"wp-block-group\"><div class=\"wp-block-group__inner-container is-layout-constrained wp-block-group-is-layout-constrained\">\n<div class=\"wp-block-columns is-layout-flex wp-container-core-columns-is-layout-9d6595d7 wp-block-columns-is-layout-flex\">\n<div class=\"wp-block-column is-layout-flow wp-block-column-is-layout-flow\" style=\"flex-basis:100%\">\n<figure class=\"wp-block-image size-medium is-style-rounded\"><img loading=\"lazy\" decoding=\"async\" width=\"300\" height=\"300\" src=\"https:\/\/ccoo.app\/agrupacio-policialocal\/wp-content\/blogs.dir\/6\/files\/sites\/152\/2020\/05\/002-300x300.png\" alt=\"\" class=\"wp-image-1140\" srcset=\"https:\/\/ccoo.app\/agrupacio-policialocal\/wp-content\/blogs.dir\/6\/files\/sites\/152\/2020\/05\/002-300x300.png 300w, https:\/\/ccoo.app\/agrupacio-policialocal\/wp-content\/blogs.dir\/6\/files\/sites\/152\/2020\/05\/002-150x150.png 150w, https:\/\/ccoo.app\/agrupacio-policialocal\/wp-content\/blogs.dir\/6\/files\/sites\/152\/2020\/05\/002-768x768.png 768w, https:\/\/ccoo.app\/agrupacio-policialocal\/wp-content\/blogs.dir\/6\/files\/sites\/152\/2020\/05\/002.png 985w\" sizes=\"auto, (max-width: 300px) 100vw, 300px\" \/><\/figure>\n\n\n\n<p><\/p>\n\n\n\n<h2 class=\"wp-block-heading has-accent-color has-text-color has-link-color has-x-large-font-size wp-elements-e94b5a3c648700d5352cf23e0b4a614f\">Coordinador APL<\/h2>\n\n\n\n<h2 class=\"wp-block-heading\">Jordi Gallart Fernandez<\/h2>\n\n\n\n<p class=\"has-medium-font-size\"><br>Agent de la Gu\u00e0rdia Urbana de Barcelona<br>686159349<br>jordigallart@ccoo.cat<\/p>\n\n\n\n<div style=\"height:1px\" aria-hidden=\"true\" class=\"wp-block-spacer\"><\/div>\n\n\n\n<figure class=\"wp-block-image size-medium is-resized is-style-rounded\"><img loading=\"lazy\" decoding=\"async\" width=\"240\" height=\"300\" src=\"https:\/\/ccoo.app\/agrupacio-policialocal\/wp-content\/blogs.dir\/6\/files\/sites\/152\/2026\/02\/Foto-Xavi-Molina1-240x300.jpg\" alt=\"\" class=\"wp-image-6658\" style=\"aspect-ratio:1;width:294px;height:auto\" srcset=\"https:\/\/ccoo.app\/agrupacio-policialocal\/wp-content\/blogs.dir\/6\/files\/sites\/152\/2026\/02\/Foto-Xavi-Molina1-240x300.jpg 240w, https:\/\/ccoo.app\/agrupacio-policialocal\/wp-content\/blogs.dir\/6\/files\/sites\/152\/2026\/02\/Foto-Xavi-Molina1.jpg 640w\" sizes=\"auto, (max-width: 240px) 100vw, 240px\" \/><\/figure>\n\n\n\n<p><\/p>\n\n\n\n<h2 class=\"wp-block-heading has-accent-color has-text-color has-link-color has-x-large-font-size wp-elements-b384406b9ecdce0a7bd80374539fd1ec\">Responsable d&#8217;Organitzaci\u00f3 i Formaci\u00f3<\/h2>\n\n\n\n<h2 class=\"wp-block-heading\"><strong>Xavier Molina Ripoll<\/strong><\/h2>\n\n\n\n<p class=\"has-medium-font-size\"><br>Agent de la Gu\u00e0rdia Urbana de Barcelona<br>xmolina@ccoo.cat<\/p>\n\n\n\n<div style=\"height:0px\" aria-hidden=\"true\" class=\"wp-block-spacer\"><\/div>\n\n\n\n<div style=\"height:7px\" aria-hidden=\"true\" class=\"wp-block-spacer\"><\/div>\n\n\n\n<figure class=\"wp-block-image size-medium is-resized is-style-editorskit-circular is-style-rounded\"><img loading=\"lazy\" decoding=\"async\" width=\"265\" height=\"300\" src=\"https:\/\/ccoo.app\/agrupacio-policialocal\/wp-content\/blogs.dir\/6\/files\/sites\/152\/2026\/02\/Foto-Montse-Guardia1-265x300.jpg\" alt=\"\" class=\"wp-image-6664\" style=\"aspect-ratio:1;object-fit:cover;width:263px;height:auto\" srcset=\"https:\/\/ccoo.app\/agrupacio-policialocal\/wp-content\/blogs.dir\/6\/files\/sites\/152\/2026\/02\/Foto-Montse-Guardia1-265x300.jpg 265w, https:\/\/ccoo.app\/agrupacio-policialocal\/wp-content\/blogs.dir\/6\/files\/sites\/152\/2026\/02\/Foto-Montse-Guardia1-904x1024.jpg 904w, https:\/\/ccoo.app\/agrupacio-policialocal\/wp-content\/blogs.dir\/6\/files\/sites\/152\/2026\/02\/Foto-Montse-Guardia1-768x870.jpg 768w, https:\/\/ccoo.app\/agrupacio-policialocal\/wp-content\/blogs.dir\/6\/files\/sites\/152\/2026\/02\/Foto-Montse-Guardia1.jpg 1312w\" sizes=\"auto, (max-width: 265px) 100vw, 265px\" \/><\/figure>\n\n\n\n<h2 class=\"wp-block-heading has-accent-color has-text-color has-link-color has-x-large-font-size wp-elements-0fc2c279394754b3cf94d10e7910a702\">Responsable de Relacions Institucionals i Igualtat<\/h2>\n\n\n\n<h2 class=\"wp-block-heading\"><strong>Montse Guardi\u00e0 Ferran<\/strong><\/h2>\n\n\n\n<p class=\"has-medium-font-size\"><br>Agent de la Policia Local de la Palma de Cervell\u00f3<br>mguardia@ccoo.cat<br><em>Grau en psicolog\u00eda i m\u00e0ster en Direcci\u00f3 i Gesti\u00f3 d&#8217;Empreses&nbsp;\/ Representant dels funcionaris<\/em><\/p>\n\n\n\n<p><\/p>\n\n\n\n<div style=\"height:0px\" aria-hidden=\"true\" class=\"wp-block-spacer\"><\/div>\n\n\n\n<figure class=\"wp-block-image size-medium is-resized is-style-editorskit-circular is-style-rounded\"><img loading=\"lazy\" decoding=\"async\" width=\"240\" height=\"300\" src=\"https:\/\/ccoo.app\/agrupacio-policialocal\/wp-content\/blogs.dir\/6\/files\/sites\/152\/2026\/02\/Foto-Jordi-Villares1-240x300.jpg\" alt=\"\" class=\"wp-image-6659\" style=\"aspect-ratio:1;width:272px;height:auto\" srcset=\"https:\/\/ccoo.app\/agrupacio-policialocal\/wp-content\/blogs.dir\/6\/files\/sites\/152\/2026\/02\/Foto-Jordi-Villares1-240x300.jpg 240w, https:\/\/ccoo.app\/agrupacio-policialocal\/wp-content\/blogs.dir\/6\/files\/sites\/152\/2026\/02\/Foto-Jordi-Villares1.jpg 640w\" sizes=\"auto, (max-width: 240px) 100vw, 240px\" \/><\/figure>\n\n\n\n<p><\/p>\n\n\n\n<h2 class=\"wp-block-heading has-accent-color has-text-color has-link-color has-x-large-font-size wp-elements-f619829e3820ca79b73c504a73a28310\">Responsable de Log\u00edstica i Suport d&#8217;Organitzaci\u00f3<\/h2>\n\n\n\n<h2 class=\"wp-block-heading\"><strong>Jordi Villares<\/strong> Pajuela<br><\/h2>\n\n\n\n<p class=\"has-medium-font-size\">Agent de la Gu\u00e0rdia Urbana de Barcelona<br>jordi.villares@ccoo.cat<\/p>\n\n\n\n<hr class=\"wp-block-separator has-alpha-channel-opacity\" \/>\n\n\n\n<figure class=\"wp-block-image size-medium is-resized is-style-rounded\"><img loading=\"lazy\" decoding=\"async\" width=\"300\" height=\"300\" src=\"https:\/\/ccoo.app\/agrupacio-policialocal\/wp-content\/blogs.dir\/6\/files\/sites\/152\/2020\/05\/alberto-rubio_web-scaled-1-300x300.jpg\" alt=\"Alberto Rubio Web\" class=\"wp-image-1126\" style=\"object-fit:cover;width:266px;height:auto\" srcset=\"https:\/\/ccoo.app\/agrupacio-policialocal\/wp-content\/blogs.dir\/6\/files\/sites\/152\/2020\/05\/alberto-rubio_web-scaled-1-300x300.jpg 300w, https:\/\/ccoo.app\/agrupacio-policialocal\/wp-content\/blogs.dir\/6\/files\/sites\/152\/2020\/05\/alberto-rubio_web-scaled-1-1024x1024.jpg 1024w, https:\/\/ccoo.app\/agrupacio-policialocal\/wp-content\/blogs.dir\/6\/files\/sites\/152\/2020\/05\/alberto-rubio_web-scaled-1-150x150.jpg 150w, https:\/\/ccoo.app\/agrupacio-policialocal\/wp-content\/blogs.dir\/6\/files\/sites\/152\/2020\/05\/alberto-rubio_web-scaled-1-768x768.jpg 768w, https:\/\/ccoo.app\/agrupacio-policialocal\/wp-content\/blogs.dir\/6\/files\/sites\/152\/2020\/05\/alberto-rubio_web-scaled-1-1536x1536.jpg 1536w, https:\/\/ccoo.app\/agrupacio-policialocal\/wp-content\/blogs.dir\/6\/files\/sites\/152\/2020\/05\/alberto-rubio_web-scaled-1-2048x2048.jpg 2048w\" sizes=\"auto, (max-width: 300px) 100vw, 300px\" \/><\/figure>\n\n\n\n<h2 class=\"wp-block-heading has-accent-color has-text-color has-link-color has-x-large-font-size wp-elements-907bbf0e4eae6a756fcdd1c2321ae294\">Responsable de les Terres de Lleida<\/h2>\n\n\n\n<h2 class=\"wp-block-heading\"><strong>Alberto Jos\u00e9 Rubio Alc\u00e1ntara<\/strong><\/h2>\n\n\n\n<p class=\"has-medium-font-size\"><br>Agent de la Gu\u00e0rdia Urbana de Lleida de de l&#8217;any 1992<br><a href=\"tel:616742765\" class=\"ek-link\">616742765<\/a><br><a href=\"mailto:ajrubio@ccoo.cat\" target=\"_blank\" rel=\"noreferrer noopener\">ajrubio@ccoo.cat<\/a><br><em>Diplomat en Relacions Laborals, Curs d\u2019adaptaci\u00f3 pedag\u00f2gica i Seguretat Vial. Agent en actiu des del 1992<\/em><\/p>\n\n\n\n<p><\/p>\n\n\n\n<div style=\"height:0px\" aria-hidden=\"true\" class=\"wp-block-spacer\"><\/div>\n\n\n\n<figure class=\"wp-block-image size-medium is-resized is-style-rounded\"><img loading=\"lazy\" decoding=\"async\" width=\"294\" height=\"300\" src=\"https:\/\/ccoo.app\/agrupacio-policialocal\/wp-content\/blogs.dir\/6\/files\/sites\/152\/2023\/10\/foto-pau-escudero-294x300.jpg\" alt=\"Foto Pau Escudero\" class=\"wp-image-3433\" style=\"width:253px;height:258px\" srcset=\"https:\/\/ccoo.app\/agrupacio-policialocal\/wp-content\/blogs.dir\/6\/files\/sites\/152\/2023\/10\/foto-pau-escudero-294x300.jpg 294w, https:\/\/ccoo.app\/agrupacio-policialocal\/wp-content\/blogs.dir\/6\/files\/sites\/152\/2023\/10\/foto-pau-escudero-1003x1024.jpg 1003w, https:\/\/ccoo.app\/agrupacio-policialocal\/wp-content\/blogs.dir\/6\/files\/sites\/152\/2023\/10\/foto-pau-escudero-768x784.jpg 768w, https:\/\/ccoo.app\/agrupacio-policialocal\/wp-content\/blogs.dir\/6\/files\/sites\/152\/2023\/10\/foto-pau-escudero-1504x1536.jpg 1504w, https:\/\/ccoo.app\/agrupacio-policialocal\/wp-content\/blogs.dir\/6\/files\/sites\/152\/2023\/10\/foto-pau-escudero.jpg 1727w\" sizes=\"auto, (max-width: 294px) 100vw, 294px\" \/><\/figure>\n\n\n\n<h2 class=\"wp-block-heading has-accent-color has-text-color has-link-color has-x-large-font-size wp-elements-024fd2a139b900ea241c89ec69f02e4c\">Responsable de Relacions Institucionals i Representaci\u00f3<\/h2>\n\n\n\n<h2 class=\"wp-block-heading\"><strong>Pau Escudero Navarro<\/strong><\/h2>\n\n\n\n<p class=\"has-medium-font-size\"><br>Agent de la Policia Local de Sant Cugat<br>pescudero@ccoo.cat<\/p>\n\n\n\n<figure class=\"wp-block-image size-medium is-style-rounded\"><img loading=\"lazy\" decoding=\"async\" width=\"240\" height=\"300\" src=\"https:\/\/ccoo.app\/agrupacio-policialocal\/wp-content\/blogs.dir\/6\/files\/sites\/152\/2026\/02\/Foto-Sergi-Lopez1-240x300.jpg\" alt=\"\" class=\"wp-image-6660\" srcset=\"https:\/\/ccoo.app\/agrupacio-policialocal\/wp-content\/blogs.dir\/6\/files\/sites\/152\/2026\/02\/Foto-Sergi-Lopez1-240x300.jpg 240w, https:\/\/ccoo.app\/agrupacio-policialocal\/wp-content\/blogs.dir\/6\/files\/sites\/152\/2026\/02\/Foto-Sergi-Lopez1.jpg 640w\" sizes=\"auto, (max-width: 240px) 100vw, 240px\" \/><\/figure>\n\n\n\n<h2 class=\"wp-block-heading has-accent-color has-text-color has-link-color has-x-large-font-size wp-elements-9cd12bf4f4fbf3d9fd970abb324b0546\">Responsable de Comunicaci\u00f3 i Igualtat<\/h2>\n\n\n\n<h2 class=\"wp-block-heading\"><strong>Sergi L\u00f3pez<\/strong><\/h2>\n\n\n\n<p class=\"has-medium-font-size\"><br>Agent de la Gu\u00e0rdia Urbana de Barcelona<br>sergi.lopez@ccoo.cat<\/p>\n\n\n\n<p><\/p>\n\n\n\n<div style=\"height:0px\" aria-hidden=\"true\" class=\"wp-block-spacer\"><\/div>\n\n\n\n<figure class=\"gb-block-image gb-block-image-26467deb\"><img loading=\"lazy\" decoding=\"async\" width=\"300\" height=\"300\" class=\"gb-image gb-image-26467deb\" src=\"https:\/\/ccoo.app\/agrupacio-policialocal\/wp-content\/blogs.dir\/6\/files\/sites\/152\/2023\/09\/avatar-300x300.jpg\" alt=\"Avatar\" title=\"Avatar\" srcset=\"https:\/\/ccoo.app\/agrupacio-policialocal\/wp-content\/blogs.dir\/6\/files\/sites\/152\/2023\/09\/avatar-300x300.jpg 300w, https:\/\/ccoo.app\/agrupacio-policialocal\/wp-content\/blogs.dir\/6\/files\/sites\/152\/2023\/09\/avatar-150x150.jpg 150w, https:\/\/ccoo.app\/agrupacio-policialocal\/wp-content\/blogs.dir\/6\/files\/sites\/152\/2023\/09\/avatar.jpg 450w\" sizes=\"auto, (max-width: 300px) 100vw, 300px\" \/><\/figure>\n\n\n\n<p><\/p>\n\n\n\n<h2 class=\"wp-block-heading has-accent-color has-text-color has-link-color has-x-large-font-size wp-elements-5fa0968811ca59f23fb767e438ec6f54\">Responsable de la prov\u00edncia de Tarragona<\/h2>\n\n\n\n<h2 class=\"wp-block-heading\"><strong>Eduard Fernandez<\/strong><\/h2>\n\n\n\n<p class=\"has-medium-font-size\"><br>Agent de la Policia Local de La R\u00e0pita<br>wedufercost@gmail.com<\/p>\n\n\n\n<p><\/p>\n\n\n\n<figure class=\"wp-block-image size-medium is-resized is-style-rounded\"><img loading=\"lazy\" decoding=\"async\" width=\"236\" height=\"300\" src=\"https:\/\/ccoo.app\/agrupacio-policialocal\/wp-content\/blogs.dir\/6\/files\/sites\/152\/2026\/02\/Foto-Juanjo-236x300.jpg\" alt=\"\" class=\"wp-image-6677\" style=\"width:241px;height:246px\" srcset=\"https:\/\/ccoo.app\/agrupacio-policialocal\/wp-content\/blogs.dir\/6\/files\/sites\/152\/2026\/02\/Foto-Juanjo-236x300.jpg 236w, https:\/\/ccoo.app\/agrupacio-policialocal\/wp-content\/blogs.dir\/6\/files\/sites\/152\/2026\/02\/Foto-Juanjo-804x1024.jpg 804w, https:\/\/ccoo.app\/agrupacio-policialocal\/wp-content\/blogs.dir\/6\/files\/sites\/152\/2026\/02\/Foto-Juanjo-768x978.jpg 768w, https:\/\/ccoo.app\/agrupacio-policialocal\/wp-content\/blogs.dir\/6\/files\/sites\/152\/2026\/02\/Foto-Juanjo-1207x1536.jpg 1207w, https:\/\/ccoo.app\/agrupacio-policialocal\/wp-content\/blogs.dir\/6\/files\/sites\/152\/2026\/02\/Foto-Juanjo.jpg 1257w\" sizes=\"auto, (max-width: 236px) 100vw, 236px\" \/><\/figure>\n\n\n\n<h2 class=\"wp-block-heading has-accent-color has-text-color has-link-color has-x-large-font-size wp-elements-dc19a35f48d526956bd261ac69155c98\">Responsable de Salud Laboral<\/h2>\n\n\n\n<h2 class=\"wp-block-heading\"><strong>Juan Jos\u00e9 G\u00f3mez <\/strong><\/h2>\n\n\n\n<p><\/p>\n\n\n\n<p>Agent de la Policia Local de Sant Boi de Llobregat<br>jjgomez@ccoo.cat<\/p>\n<\/div>\n<\/div>\n<\/div><\/div>\n\n\n\n<h2 class=\"wp-block-heading has-x-large-font-size\"><\/h2>\n","protected":false},"excerpt":{"rendered":"<p>Coordinador APL Jordi Gallart Fernandez Agent de la Gu\u00e0rdia Urbana de Barcelona686159349jordigallart@ccoo.cat Responsable d&#8217;Organitzaci\u00f3 i Formaci\u00f3 Xavier Molina Ripoll Agent de la Gu\u00e0rdia Urbana de Barcelonaxmolina@ccoo.cat Responsable de Relacions Institucionals &#8230; <a title=\"Organigrama APL\" class=\"read-more\" href=\"https:\/\/ccoo.app\/agrupacio-policialocal\/qui-som\/\" aria-label=\"Leer m\u00e1s sobre Organigrama APL\">Leer m\u00e1s<\/a><\/p>\n","protected":false},"author":5301,"featured_media":0,"parent":0,"menu_order":0,"comment_status":"closed","ping_status":"closed","template":"","meta":{"footnotes":""},"class_list":["post-1113","page","type-page","status-publish"],"_links":{"self":[{"href":"https:\/\/ccoo.app\/agrupacio-policialocal\/wp-json\/wp\/v2\/pages\/1113","targetHints":{"allow":["GET"]}}],"collection":[{"href":"https:\/\/ccoo.app\/agrupacio-policialocal\/wp-json\/wp\/v2\/pages"}],"about":[{"href":"https:\/\/ccoo.app\/agrupacio-policialocal\/wp-json\/wp\/v2\/types\/page"}],"author":[{"embeddable":true,"href":"https:\/\/ccoo.app\/agrupacio-policialocal\/wp-json\/wp\/v2\/users\/5301"}],"replies":[{"embeddable":true,"href":"https:\/\/ccoo.app\/agrupacio-policialocal\/wp-json\/wp\/v2\/comments?post=1113"}],"version-history":[{"count":4,"href":"https:\/\/ccoo.app\/agrupacio-policialocal\/wp-json\/wp\/v2\/pages\/1113\/revisions"}],"predecessor-version":[{"id":6679,"href":"https:\/\/ccoo.app\/agrupacio-policialocal\/wp-json\/wp\/v2\/pages\/1113\/revisions\/6679"}],"wp:attachment":[{"href":"https:\/\/ccoo.app\/agrupacio-policialocal\/wp-json\/wp\/v2\/media?parent=1113"}],"curies":[{"name":"wp","href":"https:\/\/api.w.org\/{rel}","templated":true}]}}